{"id":1157,"date":"2019-02-13T09:29:23","date_gmt":"2019-02-13T08:29:23","guid":{"rendered":"https:\/\/www.cercledecompetences.org\/?page_id=1157"},"modified":"2019-05-14T16:15:09","modified_gmt":"2019-05-14T14:15:09","slug":"psychotraumatologie-centree-competences-module-2","status":"publish","type":"page","link":"https:\/\/www.cercledecompetences.org\/index.php\/psychotraumatologie-centree-competences-module-2\/","title":{"rendered":"Psychotraumatologie centr\u00e9e comp\u00e9tences &#8211; Module 2"},"content":{"rendered":"<p>[et_pb_section fb_built=\u00a0\u00bb1&Prime; _builder_version=\u00a0\u00bb3.19&Prime; background_color=\u00a0\u00bbrgba(0,83,83,0.45)\u00a0\u00bb use_background_color_gradient=\u00a0\u00bbon\u00a0\u00bb background_image=\u00a0\u00bbhttps:\/\/www.cercledecompetences.org\/wp-content\/uploads\/2019\/01\/flower-3876195_1920-1.jpg\u00a0\u00bb parallax=\u00a0\u00bbon\u00a0\u00bb custom_padding=\u00a0\u00bb66px|0px|66px|0px|true|false\u00a0\u00bb][et_pb_row custom_padding=\u00a0\u00bb18px|0px|150px|0px|false|false\u00a0\u00bb _builder_version=\u00a0\u00bb3.19&Prime;][et_pb_column type=\u00a0\u00bb4_4&Prime; _builder_version=\u00a0\u00bb3.19&Prime;][\/et_pb_column][\/et_pb_row][\/et_pb_section][et_pb_section fb_built=\u00a0\u00bb1&Prime; _builder_version=\u00a0\u00bb3.19&Prime;][et_pb_row custom_padding=\u00a0\u00bb0|0px|27px|0px|false|false\u00a0\u00bb _builder_version=\u00a0\u00bb3.19&Prime;][et_pb_column type=\u00a0\u00bb4_4&Prime; _builder_version=\u00a0\u00bb3.19&Prime;][et_pb_text _builder_version=\u00a0\u00bb3.19&Prime; text_font=\u00a0\u00bbCabin Sketch||||||||\u00a0\u00bb text_text_color=\u00a0\u00bb#c94626&Prime; header_font=\u00a0\u00bb|||on|||||\u00a0\u00bb header_3_font=\u00a0\u00bb|||on|||||\u00a0\u00bb inline_fonts=\u00a0\u00bbArial\u00a0\u00bb]<\/p>\n<h1 style=\"text-align: center;\"><span style=\"color: #c94626;\"><strong>Psychotraumatologie centr\u00e9e comp\u00e9tences -module 2<\/p>\n<p><\/strong><\/span><\/h1>\n<p><span style=\"color: #c94626;\"><strong><\/strong><\/span><\/p>\n<p><span style=\"color: #c94626;\"><strong><\/strong><\/span><\/p>\n<h3><span style=\"font-family: Open Sans; font-weight: normal; color: #c94626;\"><strong>Travailler le traumatisme aupr\u00e8s de groupes, familles et couples en toute s\u00e9curit\u00e9<\/strong><\/span><\/h3>\n<p>[\/et_pb_text][\/et_pb_column][\/et_pb_row][\/et_pb_section][et_pb_section fb_built=\u00a0\u00bb1&Prime; use_custom_width=\u00a0\u00bbon\u00a0\u00bb width_unit=\u00a0\u00bboff\u00a0\u00bb custom_width_percent=\u00a0\u00bb73%\u00a0\u00bb use_custom_gutter=\u00a0\u00bbon\u00a0\u00bb gutter_width=\u00a0\u00bb4&Prime; specialty=\u00a0\u00bbon\u00a0\u00bb _builder_version=\u00a0\u00bb3.19&Prime; custom_padding=\u00a0\u00bb0|0px|76px|0px|false|false\u00a0\u00bb][et_pb_column type=\u00a0\u00bb1_2&Prime; _builder_version=\u00a0\u00bb3.0.47&Prime; parallax__hover=\u00a0\u00bboff\u00a0\u00bb parallax_method__hover=\u00a0\u00bbon\u00a0\u00bb][et_pb_text _builder_version=\u00a0\u00bb3.19&Prime; text_font=\u00a0\u00bb||||||||\u00a0\u00bb text_orientation=\u00a0\u00bbjustified\u00a0\u00bb inline_fonts=\u00a0\u00bbABeeZee,Arvo,Montserrat,Open Sans,Georgia,Times New Roman\u00a0\u00bb]<\/p>\n<div style=\"left: 60.1733px; top: 128.91px; font-size: 14px; font-family: sans-serif; transform: scaleX(0.968364); text-align: justify;\">\n<p style=\"text-align: justify;\"><span style=\"font-size: large; font-family: Montserrat Alternates; font-weight: normal;\"><strong><span style=\"color: #c94626;\"><span style=\"font-size: medium;\">Descriptif de la formation :<\/span> <\/span><br \/> <\/strong><\/span><\/p>\n<p><span style=\"font-family: Open Sans; font-weight: normal;\">Comment accompagner les personnes traumatis\u00e9es qui souhaitent se d\u00e9barrasser de leurs souffrances sans en causer davantage\u00a0? Comment \u00e9valuer correctement le risque de d\u00e9stabilisation, s\u2019ajuster tout en restant dans une fen\u00eatre de tol\u00e9rance o\u00f9 le travail est efficace\u00a0?Ce second module abordera des outils de confrontations simples et non d\u00e9stabilisants afin de travailler le traumatisme en toute s\u00e9curit\u00e9.Nous aborderons les sp\u00e9cificit\u00e9s du travail lors de situations aigues apr\u00e8s un \u00e9v\u00e9nement majeur, en particulier aupr\u00e8s de groupes, familles, ou couples<\/span><\/p>\n<\/div>\n<p>&nbsp;<\/p>\n<p style=\"text-align: justify;\"><span style=\"font-family: Montserrat Alternates; font-weight: normal;\"><span style=\"font-size: medium; color: #c94626;\"><strong>Pr\u00e9-requis :<\/strong> <\/span><\/span>Avoir suivi le module Psychotraumatologie Centr\u00e9e Comp\u00e9tences (Module 1).<\/p>\n<p style=\"text-align: justify;\"><span style=\"font-size: large; color: #1aa8b7; font-family: Montserrat Alternates; font-weight: normal;\"><strong><\/strong><\/span><\/p>\n<p style=\"text-align: justify;\"><span style=\"font-family: Montserrat Alternates; font-weight: normal;\"><span style=\"font-size: medium; color: #c94626;\"><strong>Personnes concern\u00e9es :<\/strong> <\/span><span style=\"font-family: Open Sans;\">Psychoth\u00e9rapeutes, Psychologues, Psychiatres, Soignants, Professionnels en lien avec des publics fragilis\u00e9s.<\/span><\/span><\/p>\n<p style=\"text-align: justify;\"><span style=\"color: #bd2929; font-family: Montserrat Alternates; font-weight: normal; font-size: medium;\"><\/span><\/p>\n<p style=\"text-align: justify;\"><span style=\"color: #1aa8b7; font-family: Montserrat Alternates; font-weight: normal; font-size: large;\"><span style=\"font-size: medium;\"><strong><span style=\"color: #c94626;\"><\/span><\/strong><\/span><\/span><\/p>\n<p style=\"text-align: justify;\"><span style=\"color: #1aa8b7; font-family: Montserrat Alternates; font-weight: normal; font-size: large;\"><span style=\"font-size: medium;\"><strong><span style=\"color: #c94626;\">Objectifs :<\/span><\/strong><\/span><strong><br \/> <\/strong><\/span><br \/> <span style=\"font-family: inherit; font-weight: normal;\"><strong> Apr\u00e8s la formation, les professionnels devraient \u00eatre en mesure de :<\/strong><\/span><\/p>\n<ul>\n<li style=\"text-align: justify;\">Comprendre les interactions syst\u00e8me et trauma et \u00eatre en mesure de hi\u00e9rarchiser les interventions\n<ul>\n<li>Articuler les notions d\u2019attachement dans la stabilisation, le traitement et la pr\u00e9vention des traumatismes psychiques<\/li>\n<li>Diff\u00e9rencier et conna\u00eetre les m\u00e9thodes de stabilisation aupr\u00e8s des enfants et des adultes<\/li>\n<li>Conna\u00eetre des outils d\u2019interventions simples et s\u00e9curis\u00e9s permettant d\u2019aborder des contenus traumatiques<\/li>\n<li>Comprendre les principaux axes de pr\u00e9vention de l\u2019installation traumatique apr\u00e8s des \u00e9v\u00e9nements r\u00e9cents<\/li>\n<\/ul>\n<\/li>\n<\/ul>\n<p><span style=\"font-size: large; color: #1aa8b7; font-family: Montserrat Alternates; font-weight: normal;\"><strong><\/strong><\/span><\/p>\n<p style=\"text-align: justify;\"><span style=\"color: #c94626; font-family: Montserrat Alternates; font-weight: normal; font-size: medium;\"><strong>Contenus :<\/strong><\/span><\/p>\n<ul>\n<li>Accueil de participants et recueil de leurs attentes<\/li>\n<li>Bref rappel et mise \u00e0 jour des concepts\n<ul>\n<li>Traumatisme psychique,<\/li>\n<li>La r\u00e9action de stress aigu<\/li>\n<li>Le TSPT simple, multiple et complexe<\/li>\n<\/ul>\n<\/li>\n<li>Dynamique familiale \u00e0 l\u2019\u0153uvre\n<ul>\n<li>En cas de TSPT simple, complexe<\/li>\n<li>Lorsque les traumatismes sont g\u00e9n\u00e9r\u00e9s de mani\u00e8re intrafamiliale<\/li>\n<li>Dans des cas de transmission traumatique transg\u00e9n\u00e9rationnelle<\/li>\n<\/ul>\n<\/li>\n<li>Les 4 diff\u00e9rents niveaux de communication et les diff\u00e9rentes strat\u00e9gies d\u2019intervention correspondantes<\/li>\n<li>Rappel concernant la hi\u00e9rarchisation des niveaux d\u2019intervention : de l\u2019int\u00e9grit\u00e9 physique \u00e0 la s\u00e9curisation des liens d\u2019attachement<\/li>\n<li>Outils de stabilisation et restabilisation collectifs\n<ul>\n<li>Les exercices somatoformes<\/li>\n<li>Le partage de la pleine conscience<\/li>\n<li>Les strat\u00e9gies de confinement et d\u2019apaisement chez les enfants<\/li>\n<\/ul>\n<\/li>\n<li>La psychop\u00e9dagogie au service de la stabilit\u00e9 familiale<\/li>\n<li>Les m\u00e9thodes simples pour aborder ad minima des contenus traumatiques<\/li>\n<li>Le d\u00e9briefing centr\u00e9 comp\u00e9tences<\/li>\n<li>La technique des 4 champs<\/li>\n<li>Le protocole des lettres\u00a0: traiter les affaires relationnelles non termin\u00e9es<\/li>\n<li>Accompagnement vers une int\u00e9gration\n<ul>\n<li>Chez la personne individuelle, dans son contexte familial<\/li>\n<li>Dans le couple, la famille, une \u00e9quipe<\/li>\n<\/ul>\n<\/li>\n<li>Conclusion<\/li>\n<\/ul>\n<p><span style=\"font-family: Montserrat Alternates; font-weight: normal;\"><\/span><\/p>\n<p><span style=\"font-family: Montserrat Alternates; font-weight: normal;\"><\/span><\/p>\n<p><span style=\"font-family: Montserrat Alternates; font-weight: normal;\"><\/span><\/p>\n<p><span style=\"font-family: Montserrat Alternates; font-weight: normal;\"><\/span><\/p>\n<h4 style=\"text-align: justify;\"><span style=\"color: #c94626; font-family: Montserrat Alternates; font-weight: normal; font-size: medium;\"><strong>M\u00e9thodes p\u00e9dagogiques :<\/strong> <\/span><\/h4>\n<ul>\n<li style=\"text-align: justify;\"><span style=\"font-family: inherit; font-weight: normal;\">Apports de contenus th\u00e9oriques.<\/span><\/li>\n<li style=\"text-align: justify;\"><span style=\"font-family: inherit; font-weight: normal;\">P\u00e9dagogie active : le participant est au c\u0153ur et acteur de sa formation. Il est invit\u00e9 \u00e0 exp\u00e9rimenter les outils pratiques afin de mieux se les approprier. <\/span><\/li>\n<li style=\"text-align: justify;\"><span style=\"font-family: inherit; font-weight: normal;\">P\u00e9dagogie interactive et ludique, pour s\u2019adapter aux diff\u00e9rents modes d\u2019apprentissage des participants.<\/span><\/li>\n<li style=\"text-align: justify;\"><span style=\"font-family: inherit; font-weight: normal;\">R\u00e9flexions en groupe sur l\u2019exp\u00e9rience professionnelle des participants.<\/span><\/li>\n<\/ul>\n<p>[\/et_pb_text][\/et_pb_column][et_pb_column type=\u00a0\u00bb1_2&Prime; specialty_columns=\u00a0\u00bb2&Prime; _builder_version=\u00a0\u00bb3.0.47&Prime; parallax__hover=\u00a0\u00bboff\u00a0\u00bb parallax_method__hover=\u00a0\u00bbon\u00a0\u00bb][et_pb_row_inner custom_padding=\u00a0\u00bb21px|0px|17px|0px|false|false\u00a0\u00bb use_custom_gutter=\u00a0\u00bbon\u00a0\u00bb gutter_width=\u00a0\u00bb4&Prime; make_equal=\u00a0\u00bbon\u00a0\u00bb _builder_version=\u00a0\u00bb3.19&Prime; background_color=\u00a0\u00bbrgba(0,0,0,0.09)\u00a0\u00bb border_radii=\u00a0\u00bbon|21px|21px|21px|21px\u00a0\u00bb border_width_all=\u00a0\u00bb14px\u00a0\u00bb border_color_all=\u00a0\u00bbrgba(0,0,0,0)\u00a0\u00bb module_alignment=\u00a0\u00bbright\u00a0\u00bb][et_pb_column_inner type=\u00a0\u00bb4_4&Prime; saved_specialty_column_type=\u00a0\u00bb1_2&Prime; _builder_version=\u00a0\u00bb3.0.47&Prime; parallax__hover=\u00a0\u00bboff\u00a0\u00bb parallax_method__hover=\u00a0\u00bbon\u00a0\u00bb][et_pb_text _builder_version=\u00a0\u00bb3.19&Prime; text_font=\u00a0\u00bb||||||||\u00a0\u00bb inline_fonts=\u00a0\u00bbTimes New Roman,Montserrat Alternates\u00a0\u00bb]<\/p>\n<p style=\"text-align: left;\"><span style=\"font-family: Montserrat Alternates;\"><strong><span style=\"color: #004b5e; font-size: medium;\"><g class=\"gr_ gr_9 gr-alert gr_gramm gr_inline_cards gr_run_anim Grammar multiReplace\" id=\"9\" data-gr-id=\"9\"><g class=\"gr_ gr_9 gr-alert gr_gramm gr_inline_cards gr_run_anim Grammar multiReplace\" id=\"9\" data-gr-id=\"9\"><g class=\"gr_ gr_9 gr-alert gr_gramm gr_inline_cards gr_run_anim Grammar multiReplace\" id=\"9\" data-gr-id=\"9\">Informations<\/g><\/g><\/g> pratiques<\/span><br \/> <\/strong><\/span><\/p>\n<p style=\"margin-bottom: 0cm; text-align: justify;\" align=\"JUSTIFY\"><span style=\"font-family: Montserrat Alternates;\"><span style=\"color: #ffffff;\"><span style=\"color: #005353;\"><span style=\"color: #c94626;\"><strong><\/strong><\/span><\/span><\/span><\/span><\/p>\n<p align=\"JUSTIFY\"><span><strong><span style=\"color: #004b5e;\">Dates et horaires : 20, 21 et 22\u00a0 juin\u00a02019.<\/span><br \/><span style=\"color: #c94626;\">Jeudi 20 : 9h30 \u2013 18h00<\/span><br \/><span style=\"color: #c94626;\">vendredi 21 : 9h00\u201317h30<\/span><br \/><span style=\"color: #c94626;\">samedi 22 : 9h00\u201316h00<\/span><\/strong><\/span><\/p>\n<p align=\"JUSTIFY\"><span><span style=\"color: #004b5e;\"><strong>Lieu :<\/strong><\/span> <strong>Oullins Lyon sud.<\/strong><br \/> <em>Cette formation peut \u00e9galement \u00eatre donn\u00e9e en Institution <\/em><\/span><\/p>\n<p class=\"western\"><span style=\"color: #004b5e; font-family: Montserrat Alternates; font-weight: normal;\"><strong>Modalit\u00e9s financi\u00e8res<\/strong><\/span><\/p>\n<p><span><strong>Inscription individuelle : <\/strong><strong>480 \u20ac,<\/strong> payable \u00e0 l\u2019inscription<\/span><\/p>\n<p><span><strong>Formation continue avec signature d\u2019une convention : <\/strong><strong>660 \u20ac<\/strong><\/span><\/p>\n<p><span><strong>Demandeur d\u2019emploi, \u00e9tudiant, retrait\u00e9 sans activit\u00e9 r\u00e9mun\u00e9r\u00e9e<br \/> <\/strong><strong>:<\/strong> <strong>300 \u20ac<\/strong><\/span><\/p>\n<p style=\"margin-bottom: 0cm; text-align: justify;\" align=\"JUSTIFY\"><span style=\"font-family: Montserrat Alternates;\"><span style=\"color: #ffffff;\"><span style=\"color: #005353;\"><span style=\"color: #c94626;\"><strong><\/strong><\/span><\/span><\/span><\/span><\/p>\n<p style=\"margin-bottom: 0cm; text-align: justify;\" align=\"JUSTIFY\"><span style=\"font-family: Montserrat Alternates; color: #004b5e;\"><strong>Intervenantes :<\/strong> <\/span><\/p>\n<p style=\"margin-bottom: 0cm; text-align: justify;\" align=\"JUSTIFY\"><span style=\"font-family: Montserrat Alternates;\"><span style=\"color: #ffffff;\"><span style=\"color: #005353;\"><span style=\"color: #c94626;\"><strong><img loading=\"lazy\" decoding=\"async\" src=\"https:\/\/www.cercledecompetences.org\/wp-content\/uploads\/2019\/02\/Capture-d\u2019e\u0301cran-2019-02-07-a\u0300-10.20.47.png\" alt=\"\" class=\"wp-image-743 alignnone size-full\" width=\"144\" height=\"190\" \/>\u00a0 \u00a0 \u00a0 \u00a0\u00a0<img loading=\"lazy\" decoding=\"async\" src=\"https:\/\/www.cercledecompetences.org\/wp-content\/uploads\/2019\/02\/Capture-d\u2019e\u0301cran-2015-01-20-a\u0300-09.44.20-221x300.png\" alt=\"\" class=\"wp-image-971 alignnone size-medium\" width=\"141\" height=\"191\" srcset=\"https:\/\/www.cercledecompetences.org\/wp-content\/uploads\/2019\/02\/Capture-d\u2019e\u0301cran-2015-01-20-a\u0300-09.44.20-221x300.png 221w, https:\/\/www.cercledecompetences.org\/wp-content\/uploads\/2019\/02\/Capture-d\u2019e\u0301cran-2015-01-20-a\u0300-09.44.20-600x814.png 600w, https:\/\/www.cercledecompetences.org\/wp-content\/uploads\/2019\/02\/Capture-d\u2019e\u0301cran-2015-01-20-a\u0300-09.44.20.png 676w\" sizes=\"(max-width: 141px) 100vw, 141px\" \/><\/strong><\/span><\/span><\/span><\/span><\/p>\n<p style=\"margin-bottom: 0cm; text-align: justify;\" align=\"JUSTIFY\"><span style=\"font-family: inherit; font-weight: normal;\"><span style=\"color: #ffffff;\"><span style=\"color: #005353;\"><span style=\"color: #c94626;\"><strong><\/strong><\/span><\/span><\/span><\/span><\/p>\n<p style=\"margin-bottom: 0cm; text-align: justify;\" align=\"JUSTIFY\"><span style=\"font-family: inherit; color: #666666; font-weight: normal;\"><span style=\"color: #c94626;\"><strong>Catherine Jobin,<\/strong><\/span> psychologue psychoth\u00e9rapeute d\u2019orientation syst\u00e9mique et orient\u00e9e comp\u00e9tences, intervenant dans le domaine de la clinique, de la supervision et de la formation. Formation en EMDR en cours. Exp\u00e9rience dans le domaine de la maltraitance intrafamiliale, en particulier pour les questions d\u2019agression sexuelle, ainsi que dans les soins palliatifs (psychologue \u00e0 l\u2019\u00e9quipe mobile de SP au CHUV \u00e0 Lausanne, CH). Anime en tant que co-formatrice un module de formation \u00e0 la psychotraumatologie au Cerfasy \u00e0 Neuch\u00e2tel (CH).<\/span><\/p>\n<p style=\"margin-bottom: 0cm; text-align: justify;\" align=\"JUSTIFY\"><span style=\"font-family: Montserrat Alternates;\"><span style=\"color: #ffffff;\"><span style=\"color: #005353;\"><span style=\"color: #004b5e;\"><\/span><\/span><\/span><\/span><\/p>\n<p><span style=\"color: #c94626;\"><strong>Laetitia de Schoutheete<\/strong>,<\/span> psychologue clinicienne, praticienne EMDR et formatrice en TAT (Psychologie Energ\u00e9tique). Elle a d\u00e9but\u00e9 sa pratique de psychoth\u00e9rapeute avec des personnes en situations de traumas complexes lors de ses missions humanitaires avec M\u00e9decins Sans Fronti\u00e8res. Depuis 10 ans, elle travaille en lib\u00e9ral avec l\u2019EMDR et la Psychologie Energ\u00e9tique, toujours \u00e0 la recherche de ce qui permet aux personnes de rebondir plus facilement et d\u2019aligner leur vie avec ce qui leur tient v\u00e9ritablement \u00e0 c\u0153ur.<\/p>\n<p style=\"margin-left: 0.01cm; margin-bottom: 0cm; text-align: left;\"><span style=\"color: #005353;\"><span style=\"font-family: Montserrat Alternates;\"><span style=\"color: #004b5e;\"><strong><\/strong><\/span><\/span><\/span><\/p>\n<p class=\"western\" style=\"margin-left: 0.01cm; text-align: left;\"><span style=\"color: #004b5e; font-size: medium;\"><strong><span style=\"font-family: Montserrat Alternates;\"><strong>Inscription<\/strong><\/span><\/strong><\/span><\/p>\n<p style=\"margin-left: 0.01cm; margin-bottom: 0cm; text-align: left;\"><span style=\"color: #c94626; font-family: inherit; font-weight: normal;\"><strong><strong>Nombre de places limit\u00e9es<\/strong><\/strong><\/span><\/p>\n<p style=\"margin-left: 0.01cm; margin-bottom: 0cm; text-align: left;\"><span style=\"color: #004b5e; font-size: medium;\"><strong><span style=\"font-family: Montserrat Alternates;\"><strong>Renseignements : <\/strong><\/span><\/strong><\/span><\/p>\n<p style=\"margin-left: 0.01cm; margin-bottom: 0cm; text-align: left;\"><span style=\"color: #666666; font-family: inherit; font-weight: normal;\"><strong>Catherine Jobin <\/strong> cjobin26@gmail.com<\/span><\/p>\n<p style=\"margin-left: 0.01cm; margin-bottom: 0cm; text-align: left;\"><span color=\"#004b5e\" face=\"Montserrat Alternates\" style=\"color: #666666; font-family: inherit; font-weight: normal;\"><strong>Laetitia de Schoutheete\u00a0<\/strong> laetitiapsycho@gmail.com<\/span><\/p>\n<p>[\/et_pb_text][et_pb_button button_url=\u00a0\u00bbhttps:\/\/www.cercledecompetences.org\/index.php\/demande-de-devis\/\u00a0\u00bb button_text=\u00a0\u00bbS&rsquo;inscrire \u00e0 cette formation\u00a0\u00bb button_alignment=\u00a0\u00bbleft\u00a0\u00bb _builder_version=\u00a0\u00bb3.19&Prime; custom_button=\u00a0\u00bbon\u00a0\u00bb button_text_size=\u00a0\u00bb17px\u00a0\u00bb button_text_color=\u00a0\u00bb#FFFFFF\u00a0\u00bb button_bg_color=\u00a0\u00bb#c94626&Prime; button_border_width=\u00a0\u00bb10px\u00a0\u00bb button_border_color=\u00a0\u00bbrgba(43,118,223,0)\u00a0\u00bb button_border_radius=\u00a0\u00bb100px\u00a0\u00bb button_font=\u00a0\u00bbRubik|700|||||||\u00a0\u00bb button_use_icon=\u00a0\u00bboff\u00a0\u00bb background_layout=\u00a0\u00bbdark\u00a0\u00bb button_bg_color_hover=\u00a0\u00bb#4f8bdd\u00a0\u00bb locked=\u00a0\u00bboff\u00a0\u00bb button_text_size__hover_enabled=\u00a0\u00bboff\u00a0\u00bb button_one_text_size__hover_enabled=\u00a0\u00bboff\u00a0\u00bb button_two_text_size__hover_enabled=\u00a0\u00bboff\u00a0\u00bb button_text_color__hover_enabled=\u00a0\u00bboff\u00a0\u00bb button_one_text_color__hover_enabled=\u00a0\u00bboff\u00a0\u00bb button_two_text_color__hover_enabled=\u00a0\u00bboff\u00a0\u00bb button_border_width__hover_enabled=\u00a0\u00bboff\u00a0\u00bb button_one_border_width__hover_enabled=\u00a0\u00bboff\u00a0\u00bb button_two_border_width__hover_enabled=\u00a0\u00bboff\u00a0\u00bb button_border_color__hover_enabled=\u00a0\u00bboff\u00a0\u00bb button_one_border_color__hover_enabled=\u00a0\u00bboff\u00a0\u00bb button_two_border_color__hover_enabled=\u00a0\u00bboff\u00a0\u00bb button_border_radius__hover_enabled=\u00a0\u00bboff\u00a0\u00bb button_one_border_radius__hover_enabled=\u00a0\u00bboff\u00a0\u00bb button_two_border_radius__hover_enabled=\u00a0\u00bboff\u00a0\u00bb button_letter_spacing__hover_enabled=\u00a0\u00bboff\u00a0\u00bb button_one_letter_spacing__hover_enabled=\u00a0\u00bboff\u00a0\u00bb button_two_letter_spacing__hover_enabled=\u00a0\u00bboff\u00a0\u00bb button_bg_color__hover_enabled=\u00a0\u00bbon\u00a0\u00bb button_bg_color__hover=\u00a0\u00bb#004b5e\u00a0\u00bb button_one_bg_color__hover_enabled=\u00a0\u00bboff\u00a0\u00bb button_two_bg_color__hover_enabled=\u00a0\u00bboff\u00a0\u00bb][\/et_pb_button][et_pb_button button_url=\u00a0\u00bbhttps:\/\/www.cercledecompetences.org\/index.php\/650-2\/\u00a0\u00bb button_text=\u00a0\u00bbConditions g\u00e9n\u00e9rales de vente\u00a0\u00bb button_alignment=\u00a0\u00bbleft\u00a0\u00bb _builder_version=\u00a0\u00bb3.19&Prime; custom_button=\u00a0\u00bbon\u00a0\u00bb button_text_size=\u00a0\u00bb14px\u00a0\u00bb button_text_color=\u00a0\u00bb#FFFFFF\u00a0\u00bb button_bg_color=\u00a0\u00bb#003366&Prime; button_border_width=\u00a0\u00bb10px\u00a0\u00bb button_border_color=\u00a0\u00bbrgba(43,118,223,0)\u00a0\u00bb button_border_radius=\u00a0\u00bb100px\u00a0\u00bb button_font=\u00a0\u00bbRubik|700|||||||\u00a0\u00bb button_use_icon=\u00a0\u00bboff\u00a0\u00bb background_layout=\u00a0\u00bbdark\u00a0\u00bb button_bg_color_hover=\u00a0\u00bb#4f8bdd\u00a0\u00bb locked=\u00a0\u00bboff\u00a0\u00bb button_text_size__hover_enabled=\u00a0\u00bboff\u00a0\u00bb button_one_text_size__hover_enabled=\u00a0\u00bboff\u00a0\u00bb button_two_text_size__hover_enabled=\u00a0\u00bboff\u00a0\u00bb button_text_color__hover_enabled=\u00a0\u00bboff\u00a0\u00bb button_one_text_color__hover_enabled=\u00a0\u00bboff\u00a0\u00bb button_two_text_color__hover_enabled=\u00a0\u00bboff\u00a0\u00bb button_border_width__hover_enabled=\u00a0\u00bboff\u00a0\u00bb button_one_border_width__hover_enabled=\u00a0\u00bboff\u00a0\u00bb button_two_border_width__hover_enabled=\u00a0\u00bboff\u00a0\u00bb button_border_color__hover_enabled=\u00a0\u00bboff\u00a0\u00bb button_one_border_color__hover_enabled=\u00a0\u00bboff\u00a0\u00bb button_two_border_color__hover_enabled=\u00a0\u00bboff\u00a0\u00bb button_border_radius__hover_enabled=\u00a0\u00bboff\u00a0\u00bb button_one_border_radius__hover_enabled=\u00a0\u00bboff\u00a0\u00bb button_two_border_radius__hover_enabled=\u00a0\u00bboff\u00a0\u00bb button_letter_spacing__hover_enabled=\u00a0\u00bboff\u00a0\u00bb button_one_letter_spacing__hover_enabled=\u00a0\u00bboff\u00a0\u00bb button_two_letter_spacing__hover_enabled=\u00a0\u00bboff\u00a0\u00bb button_bg_color__hover_enabled=\u00a0\u00bbon\u00a0\u00bb button_bg_color__hover=\u00a0\u00bb#004b5e\u00a0\u00bb button_one_bg_color__hover_enabled=\u00a0\u00bboff\u00a0\u00bb button_two_bg_color__hover_enabled=\u00a0\u00bboff\u00a0\u00bb][\/et_pb_button][\/et_pb_column_inner][\/et_pb_row_inner][et_pb_row_inner custom_padding=\u00a0\u00bb34px|0px|11px|0px|false|false\u00a0\u00bb _builder_version=\u00a0\u00bb3.19&Prime;][et_pb_column_inner type=\u00a0\u00bb4_4&Prime; saved_specialty_column_type=\u00a0\u00bb1_2&Prime; _builder_version=\u00a0\u00bb3.0.47&Prime; parallax__hover=\u00a0\u00bboff\u00a0\u00bb parallax_method__hover=\u00a0\u00bbon\u00a0\u00bb][et_pb_image src=\u00a0\u00bbhttps:\/\/www.cercledecompetences.org\/wp-content\/uploads\/2019\/01\/logo-rond-2.gif\u00a0\u00bb _builder_version=\u00a0\u00bb3.19&Prime; max_width=\u00a0\u00bb27%\u00a0\u00bb module_alignment=\u00a0\u00bbcenter\u00a0\u00bb][\/et_pb_image][\/et_pb_column_inner][\/et_pb_row_inner][\/et_pb_column][\/et_pb_section]<\/p>\n","protected":false},"excerpt":{"rendered":"<p>Psychotraumatologie centr\u00e9e comp\u00e9tences -module 2 Travailler le traumatisme aupr\u00e8s de groupes, familles et couples en toute s\u00e9curit\u00e9 Descriptif de la formation : Comment accompagner les personnes traumatis\u00e9es qui souhaitent se d\u00e9barrasser de leurs souffrances sans en causer davantage\u00a0? Comment \u00e9valuer correctement le risque de d\u00e9stabilisation, s\u2019ajuster tout en restant dans une fen\u00eatre de tol\u00e9rance o\u00f9 [&hellip;]<\/p>\n","protected":false},"author":3,"featured_media":0,"parent":0,"menu_order":0,"comment_status":"closed","ping_status":"closed","template":"","meta":{"_et_pb_use_builder":"on","_et_pb_old_content":"<!-- wp:divi\/placeholder \/-->","_et_gb_content_width":"","_glsr_average":0,"_glsr_ranking":0,"_glsr_reviews":0,"footnotes":""},"class_list":["post-1157","page","type-page","status-publish","hentry"],"yoast_head":"<!-- This site is optimized with the Yoast SEO plugin v27.0 - https:\/\/yoast.com\/product\/yoast-seo-wordpress\/ -->\n<title>Psychotraumatologie centr\u00e9e comp\u00e9tences - Module 2 - Cercle de comp\u00e9tences<\/title>\n<meta name=\"robots\" content=\"index, follow, max-snippet:-1, max-image-preview:large, max-video-preview:-1\" \/>\n<link rel=\"canonical\" href=\"https:\/\/www.cercledecompetences.org\/index.php\/psychotraumatologie-centree-competences-module-2\/\" \/>\n<meta property=\"og:locale\" content=\"fr_FR\" \/>\n<meta property=\"og:type\" content=\"article\" \/>\n<meta property=\"og:title\" content=\"Psychotraumatologie centr\u00e9e comp\u00e9tences - Module 2 - Cercle de comp\u00e9tences\" \/>\n<meta property=\"og:description\" content=\"Psychotraumatologie centr\u00e9e comp\u00e9tences -module 2 Travailler le traumatisme aupr\u00e8s de groupes, familles et couples en toute s\u00e9curit\u00e9 Descriptif de la formation : Comment accompagner les personnes traumatis\u00e9es qui souhaitent se d\u00e9barrasser de leurs souffrances sans en causer davantage\u00a0? Comment \u00e9valuer correctement le risque de d\u00e9stabilisation, s\u2019ajuster tout en restant dans une fen\u00eatre de tol\u00e9rance o\u00f9 [&hellip;]\" \/>\n<meta property=\"og:url\" content=\"https:\/\/www.cercledecompetences.org\/index.php\/psychotraumatologie-centree-competences-module-2\/\" \/>\n<meta property=\"og:site_name\" content=\"Cercle de comp\u00e9tences\" \/>\n<meta property=\"article:publisher\" content=\"https:\/\/www.facebook.com\/cercledecompetences.Bretagne.et.Lyon\/\" \/>\n<meta property=\"article:modified_time\" content=\"2019-05-14T14:15:09+00:00\" \/>\n<meta name=\"twitter:card\" content=\"summary_large_image\" \/>\n<meta name=\"twitter:label1\" content=\"Dur\u00e9e de lecture estim\u00e9e\" \/>\n\t<meta name=\"twitter:data1\" content=\"8 minutes\" \/>\n<script type=\"application\/ld+json\" class=\"yoast-schema-graph\">{\"@context\":\"https:\/\/schema.org\",\"@graph\":[{\"@type\":\"WebPage\",\"@id\":\"https:\/\/www.cercledecompetences.org\/index.php\/psychotraumatologie-centree-competences-module-2\/\",\"url\":\"https:\/\/www.cercledecompetences.org\/index.php\/psychotraumatologie-centree-competences-module-2\/\",\"name\":\"Psychotraumatologie centr\u00e9e comp\u00e9tences - Module 2 - Cercle de comp\u00e9tences\",\"isPartOf\":{\"@id\":\"https:\/\/www.cercledecompetences.org\/#website\"},\"datePublished\":\"2019-02-13T08:29:23+00:00\",\"dateModified\":\"2019-05-14T14:15:09+00:00\",\"breadcrumb\":{\"@id\":\"https:\/\/www.cercledecompetences.org\/index.php\/psychotraumatologie-centree-competences-module-2\/#breadcrumb\"},\"inLanguage\":\"fr-FR\",\"potentialAction\":[{\"@type\":\"ReadAction\",\"target\":[\"https:\/\/www.cercledecompetences.org\/index.php\/psychotraumatologie-centree-competences-module-2\/\"]}]},{\"@type\":\"BreadcrumbList\",\"@id\":\"https:\/\/www.cercledecompetences.org\/index.php\/psychotraumatologie-centree-competences-module-2\/#breadcrumb\",\"itemListElement\":[{\"@type\":\"ListItem\",\"position\":1,\"name\":\"Accueil\",\"item\":\"https:\/\/www.cercledecompetences.org\/\"},{\"@type\":\"ListItem\",\"position\":2,\"name\":\"Psychotraumatologie centr\u00e9e comp\u00e9tences &#8211; Module 2\"}]},{\"@type\":\"WebSite\",\"@id\":\"https:\/\/www.cercledecompetences.org\/#website\",\"url\":\"https:\/\/www.cercledecompetences.org\/\",\"name\":\"Cercle de comp\u00e9tences\",\"description\":\"Organisme de formation associatif\",\"publisher\":{\"@id\":\"https:\/\/www.cercledecompetences.org\/#organization\"},\"potentialAction\":[{\"@type\":\"SearchAction\",\"target\":{\"@type\":\"EntryPoint\",\"urlTemplate\":\"https:\/\/www.cercledecompetences.org\/?s={search_term_string}\"},\"query-input\":{\"@type\":\"PropertyValueSpecification\",\"valueRequired\":true,\"valueName\":\"search_term_string\"}}],\"inLanguage\":\"fr-FR\"},{\"@type\":\"Organization\",\"@id\":\"https:\/\/www.cercledecompetences.org\/#organization\",\"name\":\"Cercle de comp\u00e9tences\",\"url\":\"https:\/\/www.cercledecompetences.org\/\",\"logo\":{\"@type\":\"ImageObject\",\"inLanguage\":\"fr-FR\",\"@id\":\"https:\/\/www.cercledecompetences.org\/#\/schema\/logo\/image\/\",\"url\":\"https:\/\/www.cercledecompetences.org\/wp-content\/uploads\/2019\/01\/logo-rond.gif\",\"contentUrl\":\"https:\/\/www.cercledecompetences.org\/wp-content\/uploads\/2019\/01\/logo-rond.gif\",\"width\":863,\"height\":1137,\"caption\":\"Cercle de comp\u00e9tences\"},\"image\":{\"@id\":\"https:\/\/www.cercledecompetences.org\/#\/schema\/logo\/image\/\"},\"sameAs\":[\"https:\/\/www.facebook.com\/cercledecompetences.Bretagne.et.Lyon\/\",\"https:\/\/www.linkedin.com\/company\/cercle-de-competences\/\"]}]}<\/script>\n<!-- \/ Yoast SEO plugin. -->","yoast_head_json":{"title":"Psychotraumatologie centr\u00e9e comp\u00e9tences - Module 2 - Cercle de comp\u00e9tences","robots":{"index":"index","follow":"follow","max-snippet":"max-snippet:-1","max-image-preview":"max-image-preview:large","max-video-preview":"max-video-preview:-1"},"canonical":"https:\/\/www.cercledecompetences.org\/index.php\/psychotraumatologie-centree-competences-module-2\/","og_locale":"fr_FR","og_type":"article","og_title":"Psychotraumatologie centr\u00e9e comp\u00e9tences - Module 2 - Cercle de comp\u00e9tences","og_description":"Psychotraumatologie centr\u00e9e comp\u00e9tences -module 2 Travailler le traumatisme aupr\u00e8s de groupes, familles et couples en toute s\u00e9curit\u00e9 Descriptif de la formation : Comment accompagner les personnes traumatis\u00e9es qui souhaitent se d\u00e9barrasser de leurs souffrances sans en causer davantage\u00a0? Comment \u00e9valuer correctement le risque de d\u00e9stabilisation, s\u2019ajuster tout en restant dans une fen\u00eatre de tol\u00e9rance o\u00f9 [&hellip;]","og_url":"https:\/\/www.cercledecompetences.org\/index.php\/psychotraumatologie-centree-competences-module-2\/","og_site_name":"Cercle de comp\u00e9tences","article_publisher":"https:\/\/www.facebook.com\/cercledecompetences.Bretagne.et.Lyon\/","article_modified_time":"2019-05-14T14:15:09+00:00","twitter_card":"summary_large_image","twitter_misc":{"Dur\u00e9e de lecture estim\u00e9e":"8 minutes"},"schema":{"@context":"https:\/\/schema.org","@graph":[{"@type":"WebPage","@id":"https:\/\/www.cercledecompetences.org\/index.php\/psychotraumatologie-centree-competences-module-2\/","url":"https:\/\/www.cercledecompetences.org\/index.php\/psychotraumatologie-centree-competences-module-2\/","name":"Psychotraumatologie centr\u00e9e comp\u00e9tences - Module 2 - Cercle de comp\u00e9tences","isPartOf":{"@id":"https:\/\/www.cercledecompetences.org\/#website"},"datePublished":"2019-02-13T08:29:23+00:00","dateModified":"2019-05-14T14:15:09+00:00","breadcrumb":{"@id":"https:\/\/www.cercledecompetences.org\/index.php\/psychotraumatologie-centree-competences-module-2\/#breadcrumb"},"inLanguage":"fr-FR","potentialAction":[{"@type":"ReadAction","target":["https:\/\/www.cercledecompetences.org\/index.php\/psychotraumatologie-centree-competences-module-2\/"]}]},{"@type":"BreadcrumbList","@id":"https:\/\/www.cercledecompetences.org\/index.php\/psychotraumatologie-centree-competences-module-2\/#breadcrumb","itemListElement":[{"@type":"ListItem","position":1,"name":"Accueil","item":"https:\/\/www.cercledecompetences.org\/"},{"@type":"ListItem","position":2,"name":"Psychotraumatologie centr\u00e9e comp\u00e9tences &#8211; Module 2"}]},{"@type":"WebSite","@id":"https:\/\/www.cercledecompetences.org\/#website","url":"https:\/\/www.cercledecompetences.org\/","name":"Cercle de comp\u00e9tences","description":"Organisme de formation associatif","publisher":{"@id":"https:\/\/www.cercledecompetences.org\/#organization"},"potentialAction":[{"@type":"SearchAction","target":{"@type":"EntryPoint","urlTemplate":"https:\/\/www.cercledecompetences.org\/?s={search_term_string}"},"query-input":{"@type":"PropertyValueSpecification","valueRequired":true,"valueName":"search_term_string"}}],"inLanguage":"fr-FR"},{"@type":"Organization","@id":"https:\/\/www.cercledecompetences.org\/#organization","name":"Cercle de comp\u00e9tences","url":"https:\/\/www.cercledecompetences.org\/","logo":{"@type":"ImageObject","inLanguage":"fr-FR","@id":"https:\/\/www.cercledecompetences.org\/#\/schema\/logo\/image\/","url":"https:\/\/www.cercledecompetences.org\/wp-content\/uploads\/2019\/01\/logo-rond.gif","contentUrl":"https:\/\/www.cercledecompetences.org\/wp-content\/uploads\/2019\/01\/logo-rond.gif","width":863,"height":1137,"caption":"Cercle de comp\u00e9tences"},"image":{"@id":"https:\/\/www.cercledecompetences.org\/#\/schema\/logo\/image\/"},"sameAs":["https:\/\/www.facebook.com\/cercledecompetences.Bretagne.et.Lyon\/","https:\/\/www.linkedin.com\/company\/cercle-de-competences\/"]}]}},"_links":{"self":[{"href":"https:\/\/www.cercledecompetences.org\/index.php\/wp-json\/wp\/v2\/pages\/1157","targetHints":{"allow":["GET"]}}],"collection":[{"href":"https:\/\/www.cercledecompetences.org\/index.php\/wp-json\/wp\/v2\/pages"}],"about":[{"href":"https:\/\/www.cercledecompetences.org\/index.php\/wp-json\/wp\/v2\/types\/page"}],"author":[{"embeddable":true,"href":"https:\/\/www.cercledecompetences.org\/index.php\/wp-json\/wp\/v2\/users\/3"}],"replies":[{"embeddable":true,"href":"https:\/\/www.cercledecompetences.org\/index.php\/wp-json\/wp\/v2\/comments?post=1157"}],"version-history":[{"count":7,"href":"https:\/\/www.cercledecompetences.org\/index.php\/wp-json\/wp\/v2\/pages\/1157\/revisions"}],"predecessor-version":[{"id":2230,"href":"https:\/\/www.cercledecompetences.org\/index.php\/wp-json\/wp\/v2\/pages\/1157\/revisions\/2230"}],"wp:attachment":[{"href":"https:\/\/www.cercledecompetences.org\/index.php\/wp-json\/wp\/v2\/media?parent=1157"}],"curies":[{"name":"wp","href":"https:\/\/api.w.org\/{rel}","templated":true}]}}