{"id":1164,"date":"2019-02-13T09:32:52","date_gmt":"2019-02-13T08:32:52","guid":{"rendered":"https:\/\/www.cercledecompetences.org\/?page_id=1164"},"modified":"2022-01-26T19:17:36","modified_gmt":"2022-01-26T18:17:36","slug":"la-tat-tapas-acupressure-technique-module-1","status":"publish","type":"page","link":"https:\/\/www.cercledecompetences.org\/index.php\/la-tat-tapas-acupressure-technique-module-1\/","title":{"rendered":"La TAT &#8211; Tapas Acupressure Technique \u2013 Module 1"},"content":{"rendered":"<p>[et_pb_section fb_built=\u00a0\u00bb1&Prime; _builder_version=\u00a0\u00bb3.22.3&Prime; background_color=\u00a0\u00bbrgba(0,83,83,0.45)\u00a0\u00bb use_background_color_gradient=\u00a0\u00bbon\u00a0\u00bb background_image=\u00a0\u00bbhttps:\/\/www.cercledecompetences.org\/wp-content\/uploads\/2019\/02\/psychotrauma-2-larch-163340_1920.jpg\u00a0\u00bb custom_padding=\u00a0\u00bb47px|0px|47px|0px|true|false\u00a0\u00bb][et_pb_row _builder_version=\u00a0\u00bb3.25&Prime; custom_padding=\u00a0\u00bb37px|0px|150px|0px|false|false\u00a0\u00bb][et_pb_column type=\u00a0\u00bb4_4&Prime; _builder_version=\u00a0\u00bb3.25&Prime; custom_padding=\u00a0\u00bb|||\u00a0\u00bb custom_padding__hover=\u00a0\u00bb|||\u00a0\u00bb][\/et_pb_column][\/et_pb_row][\/et_pb_section][et_pb_section fb_built=\u00a0\u00bb1&Prime; _builder_version=\u00a0\u00bb3.22.3&Prime; parallax=\u00a0\u00bbon\u00a0\u00bb custom_padding=\u00a0\u00bb0|0px|0|0px|true|false\u00a0\u00bb][et_pb_row _builder_version=\u00a0\u00bb3.25&Prime; custom_padding=\u00a0\u00bb68px|0px|69px|0px|false|false\u00a0\u00bb][et_pb_column type=\u00a0\u00bb4_4&Prime; _builder_version=\u00a0\u00bb3.25&Prime; custom_padding=\u00a0\u00bb|||\u00a0\u00bb custom_padding__hover=\u00a0\u00bb|||\u00a0\u00bb][et_pb_text _builder_version=\u00a0\u00bb3.27.4&Prime; header_font=\u00a0\u00bb|800||on|||||\u00a0\u00bb header_text_color=\u00a0\u00bb#c94626&Prime; header_2_font=\u00a0\u00bb||||||||\u00a0\u00bb header_3_font=\u00a0\u00bbCabin Sketch|600|||||||\u00a0\u00bb header_3_text_color=\u00a0\u00bb#ffffff\u00a0\u00bb inline_fonts=\u00a0\u00bbCabin Sketch,Open Sans\u00a0\u00bb]<\/p>\n<h1 style=\"text-align: center;\"><span style=\"color: #005353;\"><span style=\"font-family: Cabin Sketch; font-weight: normal; font-size: xx-large; color: #c94626;\"><strong> La TAT (Tapas Acupressure Technique)\u00a0 &#8211; Module 1<\/strong><\/span><span style=\"font-family: Cabin Sketch; font-weight: normal; font-size: xx-large;\"><strong><\/strong><\/span><\/span><\/h1>\n<h1 style=\"text-align: center;\"><\/h1>\n<h1 style=\"text-align: center;\"><\/h1>\n<h1 style=\"text-align: center;\"><span style=\"font-size: x-large;\"><strong><span style=\"color: #c94626; font-family: Open Sans;\">La Psychologie Energ\u00e9tique au service de la th\u00e9rapie<\/span><\/strong><\/span><\/h1>\n<p>[\/et_pb_text][\/et_pb_column][\/et_pb_row][\/et_pb_section][et_pb_section fb_built=\u00a0\u00bb1&Prime; use_custom_gutter=\u00a0\u00bbon\u00a0\u00bb gutter_width=\u00a0\u00bb4&Prime; specialty=\u00a0\u00bbon\u00a0\u00bb _builder_version=\u00a0\u00bb3.22.3&Prime; inner_width=\u00a0\u00bb73%\u00a0\u00bb inner_max_width=\u00a0\u00bb73%\u00a0\u00bb custom_padding=\u00a0\u00bb0|0px|76px|0px|false|false\u00a0\u00bb use_custom_width=\u00a0\u00bbon\u00a0\u00bb width_unit=\u00a0\u00bboff\u00a0\u00bb custom_width_percent=\u00a0\u00bb73%\u00a0\u00bb][et_pb_column type=\u00a0\u00bb1_2&Prime; _builder_version=\u00a0\u00bb3.25&Prime; custom_padding=\u00a0\u00bb|||\u00a0\u00bb parallax__hover=\u00a0\u00bboff\u00a0\u00bb parallax_method__hover=\u00a0\u00bbon\u00a0\u00bb custom_padding__hover=\u00a0\u00bb|||\u00a0\u00bb][et_pb_text _builder_version=\u00a0\u00bb3.27.4&Prime; text_font=\u00a0\u00bb||||||||\u00a0\u00bb text_font_size=\u00a0\u00bb13px\u00a0\u00bb text_orientation=\u00a0\u00bbjustified\u00a0\u00bb inline_fonts=\u00a0\u00bbABeeZee,Arvo,Montserrat,Open Sans,Montserrat Alternates\u00a0\u00bb]<\/p>\n<div style=\"left: 60.1733px; top: 128.91px; font-size: 14px; font-family: sans-serif; transform: scaleX(0.968364); text-align: justify;\">\n<ul>\n<li><span style=\"font-family: Open Sans; font-weight: normal;\">Le protocole sp\u00e9cifique \u00abdes parts\u00bb en TAT.<\/span><\/li>\n<\/ul>\n<p><span><span style=\"font-size: large; color: #c94626;\"><strong><span style=\"font-family: Montserrat Alternates;\">Descriptif de la formation :<\/span><\/strong><\/span><strong><br \/><\/strong><\/span><\/p>\n<p><span style=\"font-family: Open Sans; font-weight: normal;\">La TAT (Tapas Acupressure Technique) conceptualis\u00e9e par Tapas Fleming, est une technique de psychologie \u00e9nerg\u00e9tique qui comme l&rsquo;EFT, utilise des points d\u2019acupuncture. La personne touche son visage d\u2019une mani\u00e8re particuli\u00e8re (en prenant une pause de yoga) et ainsi stimule un lieu o\u00f9 convergent diff\u00e9rents m\u00e9ridiens. En gardant la pause, elle r\u00e9p\u00e8te alors plusieurs phrases pr\u00e9cises (9 \u00e9tapes) en \u00e9tant dans l\u2019intention de gu\u00e9rir. L\u2019int\u00e9r\u00eat principal de cette technique, outre le fait qu\u2019elle permet \u00e0 la personne d&rsquo;entrer directement dans un \u00e9tat m\u00e9ditatif, est aussi qu\u2019elle permet de r\u00e9soudre rapidement des \u00e9motions et croyances n\u00e9gatives tenaces sans n\u00e9cessairement en conna\u00eetre tous les d\u00e9tails, ni leurs causes ni leurs origines.<br \/>La TAT, \u00e9tant une m\u00e9thode douce et particuli\u00e8rement respectueuse, est souvent utilis\u00e9e lors du traitement de traumatismes violents. Ceci permet \u00e0 la personne de ne jamais avoir \u00e0 revivre \u00e9motionnellement ce qui s\u2019est pass\u00e9. La nature m\u00e9ditative du TAT s\u2019adresse bien souvent \u00e0 des personnes ayant envie de toucher des niveaux de conscience approfondis.<\/span><\/p>\n<p>&nbsp;<\/p>\n<p><iframe loading=\"lazy\" src=\"https:\/\/www.youtube.com\/embed\/TSJrfKvQiTw\" allow=\"accelerometer; autoplay; encrypted-media; gyroscope; picture-in-picture\" allowfullscreen=\"\" width=\"560\" height=\"315\" frameborder=\"0\"><\/iframe>http:\/\/[\/embed]<\/p>\n<\/div>\n<p>&nbsp;<\/p>\n<p style=\"text-align: justify;\"><span style=\"font-family: Montserrat Alternates; font-weight: normal;\"><span style=\"font-size: medium; color: #c94626;\"><strong>Pr\u00e9-requis :<\/strong> <\/span>aucun<\/span><\/p>\n<p style=\"text-align: justify;\"><span style=\"font-size: large; color: #1aa8b7; font-family: Montserrat Alternates; font-weight: normal;\"><strong><\/strong><\/span><\/p>\n<p style=\"text-align: justify;\"><span style=\"font-family: Montserrat Alternates; font-weight: normal;\"><span style=\"font-size: medium; color: #c94626;\"><strong>Personnes concern\u00e9es :<\/strong> <\/span><span style=\"font-family: Open Sans;\">Psychologues, Psychoth\u00e9rapeutes, Psychopraticiens, M\u00e9decins, Travailleurs sociaux, Soignants, Cadres de sant\u00e9, Etudiants.<\/span><\/span><\/p>\n<p style=\"text-align: justify;\"><span style=\"color: #bd2929; font-family: Montserrat Alternates; font-weight: normal; font-size: medium;\"><\/span><\/p>\n<p style=\"text-align: justify;\"><span style=\"color: #1aa8b7; font-family: Montserrat Alternates; font-weight: normal; font-size: large;\"><span style=\"font-size: medium;\"><strong><span style=\"color: #c94626;\">Objectifs :<\/span><\/strong><\/span><strong> <\/strong><\/span><\/p>\n<ul>\n<li style=\"text-align: justify;\"><span style=\"font-family: Open Sans;\">Conna\u00eetre en profondeur la technique TAT et pouvoir l\u2019utiliser sur soi.<\/span><\/li>\n<li style=\"text-align: justify;\"><span style=\"font-family: Open Sans;\">Comprendre le processus th\u00e9rapeutique de la TAT.<\/span><\/li>\n<li style=\"text-align: justify;\"><span style=\"font-family: Open Sans;\">Savoir quels protocoles utiliser et \u00e0 quel moment.<\/span><\/li>\n<li style=\"text-align: justify;\"><span style=\"font-family: Open Sans;\">Proposer la TAT aux adultes, enfants et adolescents qui sont stabilis\u00e9s.<\/span><\/li>\n<\/ul>\n<p><strong><span style=\"font-size: large; color: #1aa8b7; font-family: Montserrat Alternates; font-weight: normal;\"><strong><\/strong><\/span><\/strong><\/p>\n<p style=\"text-align: justify;\"><strong><span style=\"color: #c94626; font-family: Montserrat Alternates; font-weight: normal; font-size: medium;\"><strong>Contenus :<\/strong><\/span><\/strong><\/p>\n<p style=\"text-align: justify;\"><strong><span style=\"color: #c94626; font-family: Montserrat Alternates; font-weight: normal; font-size: medium;\"><strong><\/strong><\/span><\/strong><\/p>\n<p style=\"text-align: justify;\"><strong><span style=\"color: #c94626; font-family: Montserrat Alternates; font-weight: normal; font-size: medium;\"><strong>jour 1<\/strong><\/span><\/strong><\/p>\n<ul>\n<li style=\"text-align: justify;\"><span style=\"font-family: Open Sans; font-weight: normal;\">La routine \u00e9nerg\u00e9tique. <\/span><\/li>\n<li style=\"text-align: justify;\"><span style=\"font-family: Open Sans; font-weight: normal;\">Les diff\u00e9rentes \u00e9tapes du protocole TAT standard.<\/span><span style=\"font-family: Open Sans; font-weight: normal;\"><\/span><\/li>\n<li style=\"text-align: justify;\"><span style=\"font-family: Open Sans; font-weight: normal;\">Le cadre th\u00e9rapeutique de la TAT.<br \/>&#8211; Quand proposer cette technique?<br \/>&#8211; Comment faire \u00e9voluer le protocole en fonction des besoins de la personne?<br \/>&#8211; Que faire quand \u00e7a ne marche pas ?<\/span><\/li>\n<\/ul>\n<p><span style=\"font-family: Open Sans; font-weight: normal;\"><\/span><\/p>\n<p><span style=\"font-family: Open Sans; font-weight: normal;\"><strong><span style=\"color: #c94626; font-family: Montserrat Alternates; font-weight: normal; font-size: medium;\"><strong>jour 2<\/strong><br \/><\/span><\/strong><\/span><\/p>\n<ul>\n<li><span style=\"font-family: Open Sans; font-weight: normal;\">Le protocole sp\u00e9cifique \u00abdes parts\u00bb en TAT.<\/span><\/li>\n<li style=\"text-align: justify;\"><span style=\"font-family: Open Sans; font-weight: normal;\">La TAT et les traumas simples et complexes.<\/span><\/li>\n<li style=\"text-align: justify;\"><span style=\"font-family: Open Sans; font-weight: normal;\">La TAT sur les enfants et sur les adolescents.<\/span><\/li>\n<\/ul>\n<p><strong><span style=\"font-family: Montserrat Alternates; font-weight: normal;\"><\/span><\/strong><\/p>\n<p><strong><span style=\"font-family: Montserrat Alternates; font-weight: normal;\"><\/span><\/strong><\/p>\n<p><strong><span style=\"font-family: Montserrat Alternates; font-weight: normal;\"><\/span><\/strong><\/p>\n<h4 style=\"text-align: justify;\"><strong><span style=\"color: #c94626; font-family: Montserrat Alternates; font-weight: normal; font-size: medium;\"><strong>M\u00e9thodes p\u00e9dagogiques :<\/strong> <\/span><\/strong><\/h4>\n<ul>\n<li style=\"text-align: justify;\"><span style=\"font-family: Open Sans; font-weight: normal;\">Pr\u00e9sentations th\u00e9oriques br\u00e8ves.<\/span><\/li>\n<li style=\"text-align: justify;\"><span style=\"font-family: Open Sans; font-weight: normal;\">Pratique de la TAT en groupe. <\/span><\/li>\n<li style=\"text-align: justify;\"><span style=\"font-family: Open Sans; font-weight: normal;\">Exercices pratiques en bin\u00f4me .<\/span><\/li>\n<li style=\"text-align: justify;\"><span style=\"font-family: Open Sans; font-weight: normal;\">D\u00e9monstrations.<\/span><\/li>\n<li style=\"text-align: justify;\"><span style=\"font-family: Open Sans; font-weight: normal;\">Vignettes cliniques amen\u00e9es par les participants.<\/span><\/li>\n<\/ul>\n<p><strong><span style=\"font-family: Montserrat Alternates; font-weight: normal;\"><\/span><\/strong><\/p>\n<p><strong><span style=\"font-family: Montserrat Alternates; font-weight: normal;\"><\/span><\/strong><\/p>\n<h4 style=\"text-align: justify;\"><\/h4>\n<h4 style=\"text-align: justify;\"><strong><span style=\"color: #c94626; font-family: Montserrat Alternates; font-weight: normal; font-size: medium;\"><strong>Que retenir de ce s\u00e9minaire?<\/strong> <\/span><\/strong><\/h4>\n<ul>\n<li style=\"text-align: justify;\"><span style=\"font-family: Open Sans; font-weight: normal;\">Une technique qui permet de dissoudre des chocs \u00e9motionnels rapidement tout en apportant un cadre s\u00e9curis\u00e9.<\/span><\/li>\n<li style=\"text-align: justify;\"><span style=\"font-family: Open Sans; font-weight: normal;\">Une technique simple pour s\u2019auto-apaiser en 20 minutes. <\/span><\/li>\n<li style=\"text-align: justify;\"><span style=\"font-weight: normal; font-family: Open Sans;\">Des possibilit\u00e9s d\u2019intervention en th\u00e9rapie, dans d\u2019autres contextes, avec les adultes, les enfants, l\u00e9s adolescents et les couples. <\/span><\/li>\n<\/ul>\n<p>[\/et_pb_text][\/et_pb_column][et_pb_column type=\u00a0\u00bb1_2&Prime; specialty_columns=\u00a0\u00bb2&Prime; _builder_version=\u00a0\u00bb3.25&Prime; custom_padding=\u00a0\u00bb|||\u00a0\u00bb parallax__hover=\u00a0\u00bboff\u00a0\u00bb parallax_method__hover=\u00a0\u00bbon\u00a0\u00bb custom_padding__hover=\u00a0\u00bb|||\u00a0\u00bb][et_pb_row_inner use_custom_gutter=\u00a0\u00bbon\u00a0\u00bb gutter_width=\u00a0\u00bb4&Prime; make_equal=\u00a0\u00bbon\u00a0\u00bb _builder_version=\u00a0\u00bb3.25&Prime; background_color=\u00a0\u00bbrgba(0,0,0,0.09)\u00a0\u00bb module_alignment=\u00a0\u00bbright\u00a0\u00bb custom_padding=\u00a0\u00bb21px|0px|17px|0px|false|false\u00a0\u00bb border_radii=\u00a0\u00bbon|21px|21px|21px|21px\u00a0\u00bb border_width_all=\u00a0\u00bb14px\u00a0\u00bb border_color_all=\u00a0\u00bbrgba(0,0,0,0)\u00a0\u00bb][et_pb_column_inner saved_specialty_column_type=\u00a0\u00bb1_2&Prime; _builder_version=\u00a0\u00bb3.25&Prime; custom_padding=\u00a0\u00bb|||\u00a0\u00bb parallax__hover=\u00a0\u00bboff\u00a0\u00bb parallax_method__hover=\u00a0\u00bbon\u00a0\u00bb custom_padding__hover=\u00a0\u00bb|||\u00a0\u00bb][et_pb_text _builder_version=\u00a0\u00bb3.27.4&Prime; text_font=\u00a0\u00bb||||||||\u00a0\u00bb text_font_size=\u00a0\u00bb13px\u00a0\u00bb inline_fonts=\u00a0\u00bbMontserrat Alternates,Times New Roman,Georgia\u00a0\u00bb]<\/p>\n<p style=\"text-align: left;\"><span style=\"font-family: Montserrat Alternates;\"><strong><span style=\"color: #004b5e; font-size: medium;\">\u00a0Informations pratiques<\/span><br \/><\/strong><\/span><\/p>\n<p align=\"JUSTIFY\"><span><strong><span style=\"color: #004b5e;\">Dates et horaires : pas de session programm\u00e9e<br \/><\/span><\/strong><\/span><\/p>\n<p>&nbsp;<\/p>\n<p align=\"JUSTIFY\"><span><span style=\"color: #004b5e;\"><strong>Lieu :<\/strong> <\/span><strong>Oullins Lyon sud.<\/strong><br \/><em>Cette formation peut \u00e9galement \u00eatre donn\u00e9e en Institution <\/em><\/span><\/p>\n<p style=\"margin-bottom: 0cm; text-align: justify;\" align=\"JUSTIFY\"><span style=\"font-family: Montserrat Alternates; color: #004b5e;\"><strong>Intervenante :<\/strong> <\/span><\/p>\n<p style=\"margin-bottom: 0cm; text-align: justify;\" align=\"JUSTIFY\"><span style=\"font-family: Montserrat Alternates; color: #004b5e;\"><strong><\/strong><\/span><\/p>\n<p style=\"margin-bottom: 0cm; text-align: center;\" align=\"JUSTIFY\"><span style=\"color: #074b5f;\"><strong><span style=\"font-family: Montserrat Alternates;\"><span style=\"font-family: inherit;\">Laetitia de Schoutheete<\/span><\/span><\/strong><\/span><\/p>\n<p style=\"margin-bottom: 0cm;\" align=\"JUSTIFY\"><span style=\"font-family: Montserrat Alternates;\"><span style=\"color: #ffffff;\"><span style=\"color: #005353;\"><span style=\"color: #004b5e;\"><strong><img loading=\"lazy\" decoding=\"async\" src=\"https:\/\/www.cercledecompetences.org\/wp-content\/uploads\/2019\/02\/Capture-d\u2019e\u0301cran-2015-01-20-a\u0300-09.44.20-221x300.png\" alt=\"\" class=\"wp-image-971 alignnone size-medium\" style=\"display: block; margin-left: auto; margin-right: auto;\" width=\"117\" height=\"159\" srcset=\"https:\/\/www.cercledecompetences.org\/wp-content\/uploads\/2019\/02\/Capture-d\u2019e\u0301cran-2015-01-20-a\u0300-09.44.20-221x300.png 221w, https:\/\/www.cercledecompetences.org\/wp-content\/uploads\/2019\/02\/Capture-d\u2019e\u0301cran-2015-01-20-a\u0300-09.44.20-600x814.png 600w, https:\/\/www.cercledecompetences.org\/wp-content\/uploads\/2019\/02\/Capture-d\u2019e\u0301cran-2015-01-20-a\u0300-09.44.20.png 676w\" sizes=\"(max-width: 117px) 100vw, 117px\" \/><\/strong><\/span><\/span><\/span><\/span><\/p>\n<p style=\"margin-bottom: 0cm; text-align: justify;\" align=\"JUSTIFY\"><span style=\"font-family: inherit; font-weight: normal; color: #666666;\">Psychologue clinicienne, praticienne EMDR et formatrice en TAT (Psychologie Energ\u00e9tique). Elle a d\u00e9but\u00e9 sa pratique de psychoth\u00e9rapeute avec des personnes en situations de traumas complexes lors de ses missions humanitaires avec M\u00e9decins Sans Fronti\u00e8res. Depuis 10 ans, elle travaille en lib\u00e9ral avec l\u2019EMDR et la Psychologie Energ\u00e9tique, toujours \u00e0 la recherche de ce qui permet aux personnes de rebondir plus facilement et d\u2019aligner leur vie avec ce qui leur tient v\u00e9ritablement \u00e0 c\u0153ur.<\/span><\/p>\n<p class=\"western\" style=\"margin-left: 0.01cm; text-align: left;\"><span style=\"color: #c94626; font-size: medium;\"><strong><span style=\"font-family: Montserrat Alternates;\"><strong><\/strong><\/span><\/strong><\/span><\/p>\n<p class=\"western\" style=\"margin-left: 0.01cm; text-align: left;\"><span style=\"color: #c94626; font-size: medium;\"><strong><span style=\"font-family: Montserrat Alternates;\"><strong><\/strong><\/span><\/strong><\/span><\/p>\n<p class=\"western\" style=\"margin-left: 0.01cm; text-align: left;\"><span style=\"color: #004b5e; font-size: medium;\"><strong><span style=\"font-family: Montserrat Alternates;\"><strong>Modalit\u00e9s financi\u00e8res<\/strong><\/span><\/strong><\/span><\/p>\n<p style=\"margin-left: 0.01cm; margin-bottom: 0cm; text-align: left;\"><span style=\"color: #666666; font-family: inherit; font-weight: normal;\"><strong><strong>Inscription individuelle : <\/strong><\/strong><strong>340 \u20ac,<\/strong> payable \u00e0 l\u2019inscription<\/span><\/p>\n<p style=\"margin-left: 0.01cm; margin-bottom: 0cm; text-align: left;\"><span style=\"color: #666666; font-family: inherit; font-weight: normal;\"><strong><strong>Formation continue avec signature d\u2019une convention : <\/strong><\/strong><strong>470 \u20ac<\/strong><\/span><\/p>\n<p style=\"margin-left: 0.01cm; margin-bottom: 0cm; text-align: left;\"><span style=\"color: #666666; font-family: inherit; font-weight: normal;\"><strong><strong>Demandeur d\u2019emploi, \u00e9tudiant, retrait\u00e9 sans activit\u00e9 r\u00e9mun\u00e9r\u00e9e <\/strong><\/strong><strong>:<\/strong> <strong>220 \u20ac<\/strong><\/span><\/p>\n<p class=\"western\" style=\"margin-left: 0.01cm; text-align: left;\"><span style=\"color: #c94626; font-size: medium;\"><strong><span style=\"font-family: Montserrat Alternates;\"><strong><\/strong><\/span><\/strong><\/span><\/p>\n<p class=\"western\" style=\"margin-left: 0.01cm; text-align: left;\"><span style=\"color: #c94626; font-size: medium;\"><strong><span style=\"font-family: Montserrat Alternates;\"><strong><\/strong><\/span><\/strong><\/span><\/p>\n<p class=\"western\" style=\"margin-left: 0.01cm; text-align: left;\"><span style=\"color: #004b5e; font-size: medium;\"><strong><span style=\"font-family: Montserrat Alternates;\"><strong>Inscription<\/strong><\/span><\/strong><\/span><\/p>\n<p style=\"margin-left: 0.01cm; margin-bottom: 0cm; text-align: left;\"><span style=\"color: #005353; font-family: inherit; font-weight: normal;\"><span style=\"color: #c94626;\"><strong><strong><\/strong><\/strong><\/span><\/span><\/p>\n<p style=\"margin-left: 0.01cm; margin-bottom: 0cm; text-align: left;\"><span style=\"color: #005353; font-family: inherit; font-weight: normal;\"><span style=\"color: #c94626;\"><strong><strong><\/strong><\/strong><\/span><\/span><\/p>\n<p style=\"margin-left: 0.01cm; margin-bottom: 0cm; text-align: left;\"><span style=\"color: #005353; font-family: inherit; font-weight: normal;\"><span style=\"color: #c94626;\"><strong><span style=\"color: #004b5e; font-family: Montserrat Alternates; font-size: large;\">Renseignements<\/span><\/strong><\/span><\/span><\/p>\n<div class=\"et_pb_module et_pb_text et_pb_text_0 et_pb_text_align_left et_pb_bg_layout_light\">\n<div class=\"et_pb_text_inner\">\n<p class=\"font_8\"><span style=\"font-size: x-large;\"><strong><\/strong><a href=\"https:\/\/www.cercledecompetences.org\/index.php\/lart-therapie-et-psychotrauma\/suivi.formations@cercledecompetences.org\"><span style=\"font-size: medium;\">suivi.formations@cercledecompetences.org<\/span><\/a><\/span><\/p>\n<p class=\"font_8\"><span><span class=\"color_15\"><span class=\"CSS1Compat\"><\/span><\/span><\/span><\/p>\n<p>&nbsp;<\/p>\n<\/div>\n<\/div>\n<div class=\"et_pb_module et_pb_text et_pb_text_1 et_pb_text_align_left et_pb_bg_layout_light\">\n<div class=\"et_pb_text_inner\">\n<h3><\/h3>\n<\/div>\n<\/div>\n<p style=\"margin-left: 0.01cm; margin-bottom: 0cm; text-align: left;\"><span style=\"color: #005353; font-family: inherit; font-weight: normal;\"><span style=\"color: #c94626;\"><strong><span style=\"color: #004b5e; font-family: Montserrat Alternates; font-size: large;\">\u00a0<\/span><\/strong><\/span><\/span><\/p>\n<p>[\/et_pb_text][et_pb_button button_url=\u00a0\u00bbhttps:\/\/www.cercledecompetences.org\/index.php\/inscription\/\u00a0\u00bb button_text=\u00a0\u00bbS&rsquo;inscrire \u00e0 cette formation\u00a0\u00bb button_alignment=\u00a0\u00bbcenter\u00a0\u00bb _builder_version=\u00a0\u00bb4.9.10&Prime; custom_button=\u00a0\u00bbon\u00a0\u00bb button_text_size=\u00a0\u00bb17px\u00a0\u00bb button_text_color=\u00a0\u00bb#FFFFFF\u00a0\u00bb button_bg_color=\u00a0\u00bb#c94626&Prime; button_border_width=\u00a0\u00bb10px\u00a0\u00bb button_border_color=\u00a0\u00bbrgba(43,118,223,0)\u00a0\u00bb button_border_radius=\u00a0\u00bb100px\u00a0\u00bb button_font=\u00a0\u00bbRubik|700|||||||\u00a0\u00bb button_use_icon=\u00a0\u00bboff\u00a0\u00bb background_layout=\u00a0\u00bbdark\u00a0\u00bb button_bg_color_hover=\u00a0\u00bb#4f8bdd\u00a0\u00bb locked=\u00a0\u00bboff\u00a0\u00bb button_text_size__hover_enabled=\u00a0\u00bboff\u00a0\u00bb button_one_text_size__hover_enabled=\u00a0\u00bboff\u00a0\u00bb button_two_text_size__hover_enabled=\u00a0\u00bboff\u00a0\u00bb button_text_color__hover_enabled=\u00a0\u00bboff\u00a0\u00bb button_one_text_color__hover_enabled=\u00a0\u00bboff\u00a0\u00bb button_two_text_color__hover_enabled=\u00a0\u00bboff\u00a0\u00bb button_border_width__hover_enabled=\u00a0\u00bboff\u00a0\u00bb button_one_border_width__hover_enabled=\u00a0\u00bboff\u00a0\u00bb button_two_border_width__hover_enabled=\u00a0\u00bboff\u00a0\u00bb button_border_color__hover_enabled=\u00a0\u00bboff\u00a0\u00bb button_one_border_color__hover_enabled=\u00a0\u00bboff\u00a0\u00bb button_two_border_color__hover_enabled=\u00a0\u00bboff\u00a0\u00bb button_border_radius__hover_enabled=\u00a0\u00bboff\u00a0\u00bb button_one_border_radius__hover_enabled=\u00a0\u00bboff\u00a0\u00bb button_two_border_radius__hover_enabled=\u00a0\u00bboff\u00a0\u00bb button_letter_spacing__hover_enabled=\u00a0\u00bboff\u00a0\u00bb button_one_letter_spacing__hover_enabled=\u00a0\u00bboff\u00a0\u00bb button_two_letter_spacing__hover_enabled=\u00a0\u00bboff\u00a0\u00bb button_bg_color__hover_enabled=\u00a0\u00bbon\u00a0\u00bb button_bg_color__hover=\u00a0\u00bb#004b5e\u00a0\u00bb button_one_bg_color__hover_enabled=\u00a0\u00bboff\u00a0\u00bb button_two_bg_color__hover_enabled=\u00a0\u00bboff\u00a0\u00bb][\/et_pb_button][et_pb_button button_url=\u00a0\u00bbhttps:\/\/www.cercledecompetences.org\/index.php\/650-2\/\u00a0\u00bb button_text=\u00a0\u00bbConditions g\u00e9n\u00e9rales de vente\u00a0\u00bb button_alignment=\u00a0\u00bbcenter\u00a0\u00bb _builder_version=\u00a0\u00bb4.9.10&Prime; custom_button=\u00a0\u00bbon\u00a0\u00bb button_text_size=\u00a0\u00bb14px\u00a0\u00bb button_text_color=\u00a0\u00bb#FFFFFF\u00a0\u00bb button_bg_color=\u00a0\u00bb#083e75&Prime; button_border_width=\u00a0\u00bb10px\u00a0\u00bb button_border_color=\u00a0\u00bbrgba(43,118,223,0)\u00a0\u00bb button_border_radius=\u00a0\u00bb100px\u00a0\u00bb button_font=\u00a0\u00bbRubik|700|||||||\u00a0\u00bb button_use_icon=\u00a0\u00bboff\u00a0\u00bb background_layout=\u00a0\u00bbdark\u00a0\u00bb button_bg_color_hover=\u00a0\u00bb#4f8bdd\u00a0\u00bb locked=\u00a0\u00bboff\u00a0\u00bb button_text_size__hover_enabled=\u00a0\u00bboff\u00a0\u00bb button_one_text_size__hover_enabled=\u00a0\u00bboff\u00a0\u00bb button_two_text_size__hover_enabled=\u00a0\u00bboff\u00a0\u00bb button_text_color__hover_enabled=\u00a0\u00bboff\u00a0\u00bb button_one_text_color__hover_enabled=\u00a0\u00bboff\u00a0\u00bb button_two_text_color__hover_enabled=\u00a0\u00bboff\u00a0\u00bb button_border_width__hover_enabled=\u00a0\u00bboff\u00a0\u00bb button_one_border_width__hover_enabled=\u00a0\u00bboff\u00a0\u00bb button_two_border_width__hover_enabled=\u00a0\u00bboff\u00a0\u00bb button_border_color__hover_enabled=\u00a0\u00bboff\u00a0\u00bb button_one_border_color__hover_enabled=\u00a0\u00bboff\u00a0\u00bb button_two_border_color__hover_enabled=\u00a0\u00bboff\u00a0\u00bb button_border_radius__hover_enabled=\u00a0\u00bboff\u00a0\u00bb button_one_border_radius__hover_enabled=\u00a0\u00bboff\u00a0\u00bb button_two_border_radius__hover_enabled=\u00a0\u00bboff\u00a0\u00bb button_letter_spacing__hover_enabled=\u00a0\u00bboff\u00a0\u00bb button_one_letter_spacing__hover_enabled=\u00a0\u00bboff\u00a0\u00bb button_two_letter_spacing__hover_enabled=\u00a0\u00bboff\u00a0\u00bb button_bg_color__hover_enabled=\u00a0\u00bbon\u00a0\u00bb button_bg_color__hover=\u00a0\u00bb#004b5e\u00a0\u00bb button_one_bg_color__hover_enabled=\u00a0\u00bboff\u00a0\u00bb button_two_bg_color__hover_enabled=\u00a0\u00bboff\u00a0\u00bb][\/et_pb_button][\/et_pb_column_inner][\/et_pb_row_inner][et_pb_row_inner _builder_version=\u00a0\u00bb3.25&Prime; custom_padding=\u00a0\u00bb27px|0px|13px|0px|false|false\u00a0\u00bb][et_pb_column_inner saved_specialty_column_type=\u00a0\u00bb1_2&Prime; _builder_version=\u00a0\u00bb3.25&Prime; custom_padding=\u00a0\u00bb|||\u00a0\u00bb parallax__hover=\u00a0\u00bboff\u00a0\u00bb parallax_method__hover=\u00a0\u00bbon\u00a0\u00bb custom_padding__hover=\u00a0\u00bb|||\u00a0\u00bb][et_pb_image src=\u00a0\u00bbhttps:\/\/www.cercledecompetences.org\/wp-content\/uploads\/2019\/01\/logo-rond-2.gif\u00a0\u00bb align_tablet=\u00a0\u00bbcenter\u00a0\u00bb align_phone=\u00a0\u00bb\u00a0\u00bb align_last_edited=\u00a0\u00bbon|desktop\u00a0\u00bb _builder_version=\u00a0\u00bb3.23&Prime; max_width=\u00a0\u00bb27%\u00a0\u00bb module_alignment=\u00a0\u00bbcenter\u00a0\u00bb][\/et_pb_image][\/et_pb_column_inner][\/et_pb_row_inner][\/et_pb_column][\/et_pb_section]<\/p>\n","protected":false},"excerpt":{"rendered":"<p>La TAT (Tapas Acupressure Technique)\u00a0 &#8211; Module 1 La Psychologie Energ\u00e9tique au service de la th\u00e9rapie Le protocole sp\u00e9cifique \u00abdes parts\u00bb en TAT. Descriptif de la formation : La TAT (Tapas Acupressure Technique) conceptualis\u00e9e par Tapas Fleming, est une technique de psychologie \u00e9nerg\u00e9tique qui comme l&rsquo;EFT, utilise des points d\u2019acupuncture. La personne touche son visage [&hellip;]<\/p>\n","protected":false},"author":3,"featured_media":0,"parent":0,"menu_order":0,"comment_status":"closed","ping_status":"closed","template":"","meta":{"_et_pb_use_builder":"on","_et_pb_old_content":"<!-- wp:divi\/placeholder \/-->","_et_gb_content_width":"","_glsr_average":0,"_glsr_ranking":0,"_glsr_reviews":0,"footnotes":""},"class_list":["post-1164","page","type-page","status-publish","hentry"],"yoast_head":"<!-- This site is optimized with the Yoast SEO plugin v27.0 - https:\/\/yoast.com\/product\/yoast-seo-wordpress\/ -->\n<title>La TAT - Tapas Acupressure Technique \u2013 Module 1 - Cercle de comp\u00e9tences<\/title>\n<meta name=\"robots\" content=\"index, follow, max-snippet:-1, max-image-preview:large, max-video-preview:-1\" \/>\n<link rel=\"canonical\" href=\"https:\/\/www.cercledecompetences.org\/index.php\/la-tat-tapas-acupressure-technique-module-1\/\" \/>\n<meta property=\"og:locale\" content=\"fr_FR\" \/>\n<meta property=\"og:type\" content=\"article\" \/>\n<meta property=\"og:title\" content=\"La TAT - Tapas Acupressure Technique \u2013 Module 1 - Cercle de comp\u00e9tences\" \/>\n<meta property=\"og:description\" content=\"La TAT (Tapas Acupressure Technique)\u00a0 - Module 1 La Psychologie Energ\u00e9tique au service de la th\u00e9rapie Le protocole sp\u00e9cifique \u00abdes parts\u00bb en TAT. Descriptif de la formation : La TAT (Tapas Acupressure Technique) conceptualis\u00e9e par Tapas Fleming, est une technique de psychologie \u00e9nerg\u00e9tique qui comme l&#039;EFT, utilise des points d\u2019acupuncture. La personne touche son visage [&hellip;]\" \/>\n<meta property=\"og:url\" content=\"https:\/\/www.cercledecompetences.org\/index.php\/la-tat-tapas-acupressure-technique-module-1\/\" \/>\n<meta property=\"og:site_name\" content=\"Cercle de comp\u00e9tences\" \/>\n<meta property=\"article:publisher\" content=\"https:\/\/www.facebook.com\/cercledecompetences.Bretagne.et.Lyon\/\" \/>\n<meta property=\"article:modified_time\" content=\"2022-01-26T18:17:36+00:00\" \/>\n<meta name=\"twitter:card\" content=\"summary_large_image\" \/>\n<meta name=\"twitter:label1\" content=\"Dur\u00e9e de lecture estim\u00e9e\" \/>\n\t<meta name=\"twitter:data1\" content=\"7 minutes\" \/>\n<script type=\"application\/ld+json\" class=\"yoast-schema-graph\">{\"@context\":\"https:\/\/schema.org\",\"@graph\":[{\"@type\":\"WebPage\",\"@id\":\"https:\/\/www.cercledecompetences.org\/index.php\/la-tat-tapas-acupressure-technique-module-1\/\",\"url\":\"https:\/\/www.cercledecompetences.org\/index.php\/la-tat-tapas-acupressure-technique-module-1\/\",\"name\":\"La TAT - Tapas Acupressure Technique \u2013 Module 1 - Cercle de comp\u00e9tences\",\"isPartOf\":{\"@id\":\"https:\/\/www.cercledecompetences.org\/#website\"},\"datePublished\":\"2019-02-13T08:32:52+00:00\",\"dateModified\":\"2022-01-26T18:17:36+00:00\",\"breadcrumb\":{\"@id\":\"https:\/\/www.cercledecompetences.org\/index.php\/la-tat-tapas-acupressure-technique-module-1\/#breadcrumb\"},\"inLanguage\":\"fr-FR\",\"potentialAction\":[{\"@type\":\"ReadAction\",\"target\":[\"https:\/\/www.cercledecompetences.org\/index.php\/la-tat-tapas-acupressure-technique-module-1\/\"]}]},{\"@type\":\"BreadcrumbList\",\"@id\":\"https:\/\/www.cercledecompetences.org\/index.php\/la-tat-tapas-acupressure-technique-module-1\/#breadcrumb\",\"itemListElement\":[{\"@type\":\"ListItem\",\"position\":1,\"name\":\"Accueil\",\"item\":\"https:\/\/www.cercledecompetences.org\/\"},{\"@type\":\"ListItem\",\"position\":2,\"name\":\"La TAT &#8211; Tapas Acupressure Technique \u2013 Module 1\"}]},{\"@type\":\"WebSite\",\"@id\":\"https:\/\/www.cercledecompetences.org\/#website\",\"url\":\"https:\/\/www.cercledecompetences.org\/\",\"name\":\"Cercle de comp\u00e9tences\",\"description\":\"Organisme de formation associatif\",\"publisher\":{\"@id\":\"https:\/\/www.cercledecompetences.org\/#organization\"},\"potentialAction\":[{\"@type\":\"SearchAction\",\"target\":{\"@type\":\"EntryPoint\",\"urlTemplate\":\"https:\/\/www.cercledecompetences.org\/?s={search_term_string}\"},\"query-input\":{\"@type\":\"PropertyValueSpecification\",\"valueRequired\":true,\"valueName\":\"search_term_string\"}}],\"inLanguage\":\"fr-FR\"},{\"@type\":\"Organization\",\"@id\":\"https:\/\/www.cercledecompetences.org\/#organization\",\"name\":\"Cercle de comp\u00e9tences\",\"url\":\"https:\/\/www.cercledecompetences.org\/\",\"logo\":{\"@type\":\"ImageObject\",\"inLanguage\":\"fr-FR\",\"@id\":\"https:\/\/www.cercledecompetences.org\/#\/schema\/logo\/image\/\",\"url\":\"https:\/\/www.cercledecompetences.org\/wp-content\/uploads\/2019\/01\/logo-rond.gif\",\"contentUrl\":\"https:\/\/www.cercledecompetences.org\/wp-content\/uploads\/2019\/01\/logo-rond.gif\",\"width\":863,\"height\":1137,\"caption\":\"Cercle de comp\u00e9tences\"},\"image\":{\"@id\":\"https:\/\/www.cercledecompetences.org\/#\/schema\/logo\/image\/\"},\"sameAs\":[\"https:\/\/www.facebook.com\/cercledecompetences.Bretagne.et.Lyon\/\",\"https:\/\/www.linkedin.com\/company\/cercle-de-competences\/\"]}]}<\/script>\n<!-- \/ Yoast SEO plugin. -->","yoast_head_json":{"title":"La TAT - Tapas Acupressure Technique \u2013 Module 1 - Cercle de comp\u00e9tences","robots":{"index":"index","follow":"follow","max-snippet":"max-snippet:-1","max-image-preview":"max-image-preview:large","max-video-preview":"max-video-preview:-1"},"canonical":"https:\/\/www.cercledecompetences.org\/index.php\/la-tat-tapas-acupressure-technique-module-1\/","og_locale":"fr_FR","og_type":"article","og_title":"La TAT - Tapas Acupressure Technique \u2013 Module 1 - Cercle de comp\u00e9tences","og_description":"La TAT (Tapas Acupressure Technique)\u00a0 - Module 1 La Psychologie Energ\u00e9tique au service de la th\u00e9rapie Le protocole sp\u00e9cifique \u00abdes parts\u00bb en TAT. Descriptif de la formation : La TAT (Tapas Acupressure Technique) conceptualis\u00e9e par Tapas Fleming, est une technique de psychologie \u00e9nerg\u00e9tique qui comme l'EFT, utilise des points d\u2019acupuncture. La personne touche son visage [&hellip;]","og_url":"https:\/\/www.cercledecompetences.org\/index.php\/la-tat-tapas-acupressure-technique-module-1\/","og_site_name":"Cercle de comp\u00e9tences","article_publisher":"https:\/\/www.facebook.com\/cercledecompetences.Bretagne.et.Lyon\/","article_modified_time":"2022-01-26T18:17:36+00:00","twitter_card":"summary_large_image","twitter_misc":{"Dur\u00e9e de lecture estim\u00e9e":"7 minutes"},"schema":{"@context":"https:\/\/schema.org","@graph":[{"@type":"WebPage","@id":"https:\/\/www.cercledecompetences.org\/index.php\/la-tat-tapas-acupressure-technique-module-1\/","url":"https:\/\/www.cercledecompetences.org\/index.php\/la-tat-tapas-acupressure-technique-module-1\/","name":"La TAT - Tapas Acupressure Technique \u2013 Module 1 - Cercle de comp\u00e9tences","isPartOf":{"@id":"https:\/\/www.cercledecompetences.org\/#website"},"datePublished":"2019-02-13T08:32:52+00:00","dateModified":"2022-01-26T18:17:36+00:00","breadcrumb":{"@id":"https:\/\/www.cercledecompetences.org\/index.php\/la-tat-tapas-acupressure-technique-module-1\/#breadcrumb"},"inLanguage":"fr-FR","potentialAction":[{"@type":"ReadAction","target":["https:\/\/www.cercledecompetences.org\/index.php\/la-tat-tapas-acupressure-technique-module-1\/"]}]},{"@type":"BreadcrumbList","@id":"https:\/\/www.cercledecompetences.org\/index.php\/la-tat-tapas-acupressure-technique-module-1\/#breadcrumb","itemListElement":[{"@type":"ListItem","position":1,"name":"Accueil","item":"https:\/\/www.cercledecompetences.org\/"},{"@type":"ListItem","position":2,"name":"La TAT &#8211; Tapas Acupressure Technique \u2013 Module 1"}]},{"@type":"WebSite","@id":"https:\/\/www.cercledecompetences.org\/#website","url":"https:\/\/www.cercledecompetences.org\/","name":"Cercle de comp\u00e9tences","description":"Organisme de formation associatif","publisher":{"@id":"https:\/\/www.cercledecompetences.org\/#organization"},"potentialAction":[{"@type":"SearchAction","target":{"@type":"EntryPoint","urlTemplate":"https:\/\/www.cercledecompetences.org\/?s={search_term_string}"},"query-input":{"@type":"PropertyValueSpecification","valueRequired":true,"valueName":"search_term_string"}}],"inLanguage":"fr-FR"},{"@type":"Organization","@id":"https:\/\/www.cercledecompetences.org\/#organization","name":"Cercle de comp\u00e9tences","url":"https:\/\/www.cercledecompetences.org\/","logo":{"@type":"ImageObject","inLanguage":"fr-FR","@id":"https:\/\/www.cercledecompetences.org\/#\/schema\/logo\/image\/","url":"https:\/\/www.cercledecompetences.org\/wp-content\/uploads\/2019\/01\/logo-rond.gif","contentUrl":"https:\/\/www.cercledecompetences.org\/wp-content\/uploads\/2019\/01\/logo-rond.gif","width":863,"height":1137,"caption":"Cercle de comp\u00e9tences"},"image":{"@id":"https:\/\/www.cercledecompetences.org\/#\/schema\/logo\/image\/"},"sameAs":["https:\/\/www.facebook.com\/cercledecompetences.Bretagne.et.Lyon\/","https:\/\/www.linkedin.com\/company\/cercle-de-competences\/"]}]}},"_links":{"self":[{"href":"https:\/\/www.cercledecompetences.org\/index.php\/wp-json\/wp\/v2\/pages\/1164","targetHints":{"allow":["GET"]}}],"collection":[{"href":"https:\/\/www.cercledecompetences.org\/index.php\/wp-json\/wp\/v2\/pages"}],"about":[{"href":"https:\/\/www.cercledecompetences.org\/index.php\/wp-json\/wp\/v2\/types\/page"}],"author":[{"embeddable":true,"href":"https:\/\/www.cercledecompetences.org\/index.php\/wp-json\/wp\/v2\/users\/3"}],"replies":[{"embeddable":true,"href":"https:\/\/www.cercledecompetences.org\/index.php\/wp-json\/wp\/v2\/comments?post=1164"}],"version-history":[{"count":27,"href":"https:\/\/www.cercledecompetences.org\/index.php\/wp-json\/wp\/v2\/pages\/1164\/revisions"}],"predecessor-version":[{"id":4845,"href":"https:\/\/www.cercledecompetences.org\/index.php\/wp-json\/wp\/v2\/pages\/1164\/revisions\/4845"}],"wp:attachment":[{"href":"https:\/\/www.cercledecompetences.org\/index.php\/wp-json\/wp\/v2\/media?parent=1164"}],"curies":[{"name":"wp","href":"https:\/\/api.w.org\/{rel}","templated":true}]}}