{"id":3165,"date":"2020-08-25T22:32:06","date_gmt":"2020-08-25T20:32:06","guid":{"rendered":"https:\/\/www.cercledecompetences.org\/?page_id=3165"},"modified":"2022-04-13T12:15:44","modified_gmt":"2022-04-13T10:15:44","slug":"la-sante-mentale-communautaire","status":"publish","type":"page","link":"https:\/\/www.cercledecompetences.org\/index.php\/la-sante-mentale-communautaire\/","title":{"rendered":"La sant\u00e9 mentale communautaire"},"content":{"rendered":"<p>[et_pb_section fb_built=\u00a0\u00bb1&Prime; _builder_version=\u00a0\u00bb3.23.2&Prime; background_color=\u00a0\u00bbrgba(0,83,83,0.45)\u00a0\u00bb use_background_color_gradient=\u00a0\u00bbon\u00a0\u00bb background_image=\u00a0\u00bbhttps:\/\/www.cercledecompetences.org\/wp-content\/uploads\/2020\/08\/circle-312343_1280.png\u00a0\u00bb parallax=\u00a0\u00bbon\u00a0\u00bb custom_padding=\u00a0\u00bb147px|0px|147px|0px|true|false\u00a0\u00bb][\/et_pb_section][et_pb_section fb_built=\u00a0\u00bb1&Prime; _builder_version=\u00a0\u00bb3.22.3&Prime; custom_padding=\u00a0\u00bb57px|0px|57px|0px|false|false\u00a0\u00bb][et_pb_row _builder_version=\u00a0\u00bb3.25&Prime; custom_padding=\u00a0\u00bb26px|0px|10px|0px|false|false\u00a0\u00bb][et_pb_column type=\u00a0\u00bb4_4&Prime; _builder_version=\u00a0\u00bb3.25&Prime; custom_padding=\u00a0\u00bb|||\u00a0\u00bb custom_padding__hover=\u00a0\u00bb|||\u00a0\u00bb][et_pb_text _builder_version=\u00a0\u00bb3.27.4&Prime; header_font=\u00a0\u00bb|800||on|||||\u00a0\u00bb header_text_color=\u00a0\u00bb#004b5e\u00a0\u00bb header_2_font=\u00a0\u00bb||||||||\u00a0\u00bb header_3_font=\u00a0\u00bb|600||on|||||\u00a0\u00bb header_3_text_color=\u00a0\u00bb#ffffff\u00a0\u00bb inline_fonts=\u00a0\u00bbCabin Sketch\u00a0\u00bb]<\/p>\n<h1 style=\"text-align: center;\"><span style=\"color: #ffffff; font-size: xx-large;\"><span style=\"font-family: 'Cabin Sketch'; font-weight: normal;\"><strong><span style=\"color: #e02b20;\"><span style=\"color: #ff0000;\"><span style=\"color: #c94626;\">La sant\u00e9 mentale communautaire<br \/><\/span><\/span><\/span><\/strong><\/span><\/span><\/h1>\n<h1 style=\"text-align: center;\"><\/h1>\n<h1 style=\"text-align: center;\"><\/h1>\n<h3 style=\"text-align: center;\"><span style=\"color: #c94626;\"><strong>comment se relever apr\u00e8s un drame, un effondrement en s\u2019appuyant sur les ressources de la communaut\u00e9\u00a0<\/strong><\/span><\/h3>\n<h3 style=\"text-align: center;\"><span style=\"color: #e02b20;\"><\/span><\/h3>\n<p>[\/et_pb_text][\/et_pb_column][\/et_pb_row][\/et_pb_section][et_pb_section fb_built=\u00a0\u00bb1&Prime; use_custom_gutter=\u00a0\u00bbon\u00a0\u00bb gutter_width=\u00a0\u00bb4&Prime; specialty=\u00a0\u00bbon\u00a0\u00bb _builder_version=\u00a0\u00bb4.9.10&Prime; inner_width=\u00a0\u00bb73%\u00a0\u00bb inner_max_width=\u00a0\u00bb73%\u00a0\u00bb custom_padding=\u00a0\u00bb0|0px|76px|0px|false|false\u00a0\u00bb use_custom_width=\u00a0\u00bbon\u00a0\u00bb width_unit=\u00a0\u00bboff\u00a0\u00bb custom_width_percent=\u00a0\u00bb73%\u00a0\u00bb][et_pb_column type=\u00a0\u00bb1_2&Prime; _builder_version=\u00a0\u00bb3.25&Prime; custom_padding=\u00a0\u00bb|||\u00a0\u00bb parallax__hover=\u00a0\u00bboff\u00a0\u00bb parallax_method__hover=\u00a0\u00bbon\u00a0\u00bb custom_padding__hover=\u00a0\u00bb|||\u00a0\u00bb][et_pb_text _builder_version=\u00a0\u00bb3.27.4&Prime; text_font=\u00a0\u00bb||||||||\u00a0\u00bb text_font_size=\u00a0\u00bb13px\u00a0\u00bb text_orientation=\u00a0\u00bbjustified\u00a0\u00bb inline_fonts=\u00a0\u00bbABeeZee,Arvo,Montserrat,Open Sans\u00a0\u00bb]<\/p>\n<div style=\"left: 60.1733px; top: 128.91px; font-size: 14px; font-family: sans-serif; transform: scaleX(0.968364); text-align: justify;\">\n<p style=\"text-align: justify;\"><span style=\"font-size: large; font-family: Montserrat Alternates; font-weight: normal;\"><strong><span style=\"color: #c94626;\"><span style=\"font-size: medium;\">\u00a0Descriptif de la formation :<\/span> <\/span><br \/><\/strong><\/span><\/p>\n<p>Suite au drame du g\u00e9nocide rwandais, Simon Gasibirege, psychologue rwandais, a mis en place des ateliers de sant\u00e9 mentale communautaire o\u00f9 bourreaux et victimes se retrouvaient ensemble pour gu\u00e9rir des blessures de la vie.<\/p>\n<p>Cette approche novatrice a permis de recr\u00e9er des dynamiques communautaires mises \u00e0 terre par les horreurs du g\u00e9nocide et recr\u00e9er de l\u2019espoir et de la vie chez des personnes tellement meurtries par le pass\u00e9.<\/p>\n<p>La communaut\u00e9 a ses propres ressources en sant\u00e9 mentale et peut faire face \u00e0 un effondrement si les structures de communication, les structures de solidarit\u00e9 et les m\u00e9canismes de gestion des conflits sont remis sur pied au sein des communaut\u00e9s \u00e0 travers un travail commun o\u00f9 chacun ose aller explorer ses blessures, ensemble.<\/p>\n<p>Simon Gasibirege vous propose d\u2019<strong>exp\u00e9rimenter de l\u2019int\u00e9rieur<\/strong> les m\u00e9canismes de gu\u00e9rison propos\u00e9s sur les collines du Rwanda.<\/p>\n<p><span style=\"font-family: Open Sans; font-weight: normal;\">\u00a0<\/span><\/p>\n<p><span style=\"font-family: Open Sans; font-weight: normal;\"><\/span><\/p>\n<p><span style=\"font-family: Open Sans; font-weight: normal;\"><\/span><\/p>\n<\/div>\n<p style=\"text-align: justify;\"><span style=\"font-family: Montserrat Alternates; font-weight: normal;\"><span style=\"font-size: medium; color: #c94626;\"><strong>Pr\u00e9-requis :<\/strong> <\/span><span style=\"font-family: Open Sans;\">aucun<\/span><\/span><\/p>\n<p style=\"text-align: justify;\"><span style=\"font-family: Montserrat Alternates; font-weight: normal;\"><span style=\"font-size: medium; color: #c94626;\"><strong><\/strong><\/span><\/span><\/p>\n<p style=\"text-align: justify;\"><span style=\"font-family: Montserrat Alternates; font-weight: normal;\"><span style=\"font-size: medium; color: #c94626;\"><strong><\/strong><\/span><\/span><\/p>\n<p style=\"text-align: justify;\"><span style=\"font-family: Montserrat Alternates; font-weight: normal;\"><span style=\"font-size: medium; color: #c94626;\"><strong>Personnes concern\u00e9es :<\/strong> <\/span><span style=\"font-family: Open Sans;\">Psychologues, Psychoth\u00e9rapeutes, Psychopraticiens, M\u00e9decins, Travailleurs sociaux, Soignants, Cadres de sant\u00e9, \u00c9tudiants.<\/span><\/span><\/p>\n<p style=\"text-align: justify;\"><span style=\"color: #1aa8b7; font-family: Montserrat Alternates; font-weight: normal; font-size: large;\"><span style=\"font-size: medium;\"><strong><span style=\"color: #c94626;\"><\/span><\/strong><\/span><\/span><\/p>\n<p style=\"text-align: justify;\"><span style=\"color: #1aa8b7; font-family: Montserrat Alternates; font-weight: normal; font-size: large;\"><span style=\"font-size: medium;\"><strong><span style=\"color: #c94626;\">Objectifs <\/span><\/strong><\/span><\/span><\/p>\n<p>Apr\u00e8s la formation, les personnes devraient \u00eatre en mesure de :<\/p>\n<ul>\n<li>Comprendre les m\u00e9canismes de la sant\u00e9 mentale communautaire<\/li>\n<li>Identifier les ressources de la personne, du collectif\u00a0et savoir les mobiliser<\/li>\n<li>Identifier les m\u00e9canismes gu\u00e9rissants au sein d\u2019une communaut\u00e9<\/li>\n<li>Travailler avec des groupes h\u00e9t\u00e9rog\u00e8nes<\/li>\n<\/ul>\n<p>&nbsp;<\/p>\n<p><span style=\"font-family: Open Sans; font-weight: normal;\"><\/span><\/p>\n<p style=\"text-align: justify;\"><strong><span style=\"color: #c94626; font-family: Montserrat Alternates; font-weight: normal; font-size: medium;\"><strong>Contenus\u00a0<\/strong><\/span><\/strong><\/p>\n<p><strong>Jour 1\u00a0: \u00a0La pratique en sant\u00e9 mentale communautaire\u00a0: mode d\u2019emploi<\/strong><\/p>\n<ul>\n<li>La sant\u00e9 mentale communautaire pour face aux drames humains (guerre, violences sexuelles, maltraitance infantile,..).<\/li>\n<li>De la th\u00e9orie \u00e0 la pratique de la sant\u00e9 mentale communautaire<\/li>\n<li>Le cadre th\u00e9rapeutique de la sant\u00e9 mentale communautaire<\/li>\n<li>Comment cr\u00e9er un espace de communication prot\u00e9g\u00e9\u00a0: les r\u00e8gles de protection<\/li>\n<li>De la prise en charge individuelle (individuo-centration) \u00e0 la prise en charge socio-centr\u00e9e (socio-centration)<\/li>\n<li>les ateliers de gu\u00e9rison\u00a0: description et mise en pratique<\/li>\n<\/ul>\n<p>&nbsp;<\/p>\n<p>En soir\u00e9e (vers 18H30), une <strong>projection du documentaire <a href=\"https:\/\/vimeo.com\/509446893\">les cornes de la vache<\/a><\/strong> autour des processus de justice restorative communautaire sur les collines du Rwanda aura lieu en pr\u00e9sence de Simon Gasibirege, H\u00e9l\u00e8ne Dellucci et Salom\u00e9 Van Billoen (co-r\u00e9alisatrice du documentaire).<\/p>\n<p>&nbsp;<\/p>\n<p><strong>\u00a0<\/strong><\/p>\n<p><strong>Jour 2\u00a0: Les cycles et les outils de gu\u00e9rison en sant\u00e9 mentale communautaire<\/strong><\/p>\n<p><strong>\u00a0<\/strong>Les cheminements d\u2019un groupe avec diff\u00e9rents ateliers propos\u00e9s<\/p>\n<ul>\n<li>gu\u00e9rir la mort\u00a0: l\u2019atelier sur le deuil<\/li>\n<li>Traverser des \u00e9motions\u00a0intenses : l\u2019atelier sur la gestion des \u00e9motions<\/li>\n<li>Recouvrer la relation pacifi\u00e9e avec soi-m\u00eame et autrui : l\u2019atelier sur le pardon et la r\u00e9conciliation<\/li>\n<li>Devenir pilote de sa vie\u00a0: l\u2019atelier sur le projet de vie<\/li>\n<li>Comment r\u00e9parer l\u2019irr\u00e9parable : l\u2019exemple de la justice restaurative sur les collines du Rwanda<\/li>\n<\/ul>\n<p>&nbsp;<\/p>\n<h4 style=\"text-align: justify;\"><strong><span style=\"color: #c94626; font-family: Montserrat Alternates; font-weight: normal; font-size: medium;\"><strong>M\u00e9thodes p\u00e9dagogiques :<\/strong><\/span><\/strong><\/h4>\n<ul>\n<li>Apports de contenus th\u00e9oriques<\/li>\n<li>R\u00e9flexion en groupe sur l\u2019exp\u00e9rience professionnelle des participants<\/li>\n<li>Exercices, mises en situation, exp\u00e9rimentation des outils pratiques (photolangage, rituels)<\/li>\n<li>Apports visuels : film sur la justice r\u00e9paratrice telle que pratiqu\u00e9e dans le contexte rwandais<\/li>\n<\/ul>\n<p><strong><span style=\"color: #c94626; font-family: Montserrat Alternates; font-weight: normal; font-size: medium;\"><strong><\/strong><\/span><\/strong><\/p>\n<p>&nbsp;<\/p>\n<p>[\/et_pb_text][\/et_pb_column][et_pb_column type=\u00a0\u00bb1_2&Prime; specialty_columns=\u00a0\u00bb2&Prime; _builder_version=\u00a0\u00bb3.25&Prime; custom_padding=\u00a0\u00bb|||\u00a0\u00bb parallax__hover=\u00a0\u00bboff\u00a0\u00bb parallax_method__hover=\u00a0\u00bbon\u00a0\u00bb custom_padding__hover=\u00a0\u00bb|||\u00a0\u00bb][et_pb_row_inner use_custom_gutter=\u00a0\u00bbon\u00a0\u00bb gutter_width=\u00a0\u00bb4&Prime; make_equal=\u00a0\u00bbon\u00a0\u00bb _builder_version=\u00a0\u00bb3.25&Prime; background_color=\u00a0\u00bbrgba(0,0,0,0.09)\u00a0\u00bb module_alignment=\u00a0\u00bbright\u00a0\u00bb custom_margin=\u00a0\u00bb|||-46px||\u00a0\u00bb custom_padding=\u00a0\u00bb0px|0px|17px|0px|false|false\u00a0\u00bb border_radii=\u00a0\u00bbon|21px|21px|21px|21px\u00a0\u00bb border_width_all=\u00a0\u00bb14px\u00a0\u00bb border_color_all=\u00a0\u00bbrgba(0,0,0,0)\u00a0\u00bb][et_pb_column_inner saved_specialty_column_type=\u00a0\u00bb1_2&Prime; _builder_version=\u00a0\u00bb3.25&Prime; custom_padding=\u00a0\u00bb|||\u00a0\u00bb parallax__hover=\u00a0\u00bboff\u00a0\u00bb parallax_method__hover=\u00a0\u00bbon\u00a0\u00bb custom_padding__hover=\u00a0\u00bb|||\u00a0\u00bb][et_pb_text _builder_version=\u00a0\u00bb4.9.10&Prime; text_font=\u00a0\u00bb||||||||\u00a0\u00bb text_font_size=\u00a0\u00bb13px\u00a0\u00bb custom_padding=\u00a0\u00bb||10px|||\u00a0\u00bb inline_fonts=\u00a0\u00bbOpen Sans\u00a0\u00bb]<\/p>\n<p style=\"text-align: center;\"><span style=\"font-family: Montserrat Alternates;\"><strong><span style=\"color: #004b5e; font-size: medium;\">\u00a0<span style=\"font-size: x-large;\">Informations pratiques<\/span><\/span><\/strong><\/span><\/p>\n<p align=\"JUSTIFY\"><span style=\"font-family: Open Sans; font-weight: normal;\"><strong><br \/><span style=\"color: #c94626; font-size: medium;\">Vendredi 29 avril 2022 : 9h00-17h30<\/span><br \/><span style=\"color: #c94626; font-size: medium;\"> Samedi 30 avril 2022 : 8h30-16h00<\/span><\/strong><\/span><\/p>\n<p>\u00a0<span style=\"font-family: Open Sans; font-weight: normal;\"><span style=\"color: #004b5e;\"><strong>Lieu :<\/strong><\/span> <strong>Universit\u00e9 Lyon 1- Facult\u00e9 de M\u00e9decine<br \/><\/strong><\/span><\/p>\n<p><span style=\"font-family: Open Sans; font-weight: normal;\"><strong>8 av. Rockfeller<\/strong><\/span><\/p>\n<p><span style=\"font-family: Open Sans; font-weight: normal;\"><strong>69737 Lyon Cedex 08<\/strong><\/span><\/p>\n<p><span style=\"font-family: Open Sans; font-weight: normal;\"><strong><\/strong><\/span><\/p>\n<p><span style=\"font-family: Open Sans; font-weight: normal;\"><strong><\/strong><\/span><\/p>\n<p><span style=\"font-family: Open Sans; font-weight: normal;\"><strong><\/strong><\/span><\/p>\n<p><span style=\"font-family: Montserrat Alternates; color: #004b5e; font-size: medium;\"><strong>Intervenant<\/strong><\/span><\/p>\n<p><span style=\"font-family: Montserrat Alternates; color: #004b5e; font-size: medium;\"><strong><\/strong><\/span><\/p>\n<p style=\"text-align: center;\"><span style=\"font-family: Montserrat Alternates; color: #004b5e; font-size: medium;\"><strong>Simon Gasibirege<\/strong><\/span><\/p>\n<p><span style=\"text-decoration: underline;\"><img loading=\"lazy\" decoding=\"async\" src=\"https:\/\/www.cercledecompetences.org\/wp-content\/uploads\/2020\/08\/Capture-d\u2019e\u0301cran-2020-08-25-a\u0300-22.40.35-232x300.png\" alt=\"\" class=\"wp-image-3171 alignnone size-medium\" style=\"display: block; margin-left: auto; margin-right: auto;\" width=\"232\" height=\"300\" srcset=\"https:\/\/www.cercledecompetences.org\/wp-content\/uploads\/2020\/08\/Capture-d\u2019e\u0301cran-2020-08-25-a\u0300-22.40.35-232x300.png 232w, https:\/\/www.cercledecompetences.org\/wp-content\/uploads\/2020\/08\/Capture-d\u2019e\u0301cran-2020-08-25-a\u0300-22.40.35.png 235w\" sizes=\"(max-width: 232px) 100vw, 232px\" \/><\/span><span style=\"font-family: Open Sans; font-weight: normal; color: #666666;\"><span style=\"font-size: 13px; text-align: justify;\">\u00a0<\/span><span style=\"font-size: 13px; text-align: justify;\"><\/span><\/span><\/p>\n<p>Docteur en <span>Psychologie, ancien professeur \u00e0 l\u2019universit\u00e9 de Butare, a impuls\u00e9 une approche novatrice de la sant\u00e9 mentale sur les collines du Rwanda meurtries par le g\u00e9nocide. Depuis 94, il travaille sans rel\u00e2che pour recr\u00e9er des tissus de sant\u00e9 mentale au sein des communaut\u00e9s. Il a cr\u00e9\u00e9 l\u2019association LIHOWA qui propose des ateliers de sant\u00e9 mentale communautaire, des pratiques de justices restauratives et des ateliers r\u00e9cr\u00e9atifs pour remettre du lien et de la vie dans des communaut\u00e9s ayant surv\u00e9cu \u00e0 l\u2019inhumain.<\/span><\/p>\n<p>&nbsp;<\/p>\n<p class=\"western\"><span style=\"font-family: Montserrat Alternates; color: #004b5e; font-size: medium;\"><strong>Modalit\u00e9s financi\u00e8res<\/strong>\u00a0<\/span><\/p>\n<p><span style=\"font-family: Open Sans; font-weight: normal; font-size: small;\">I<strong>nscription individuelle<\/strong> :<strong> 340 \u20ac , arrhes 170 euros<\/strong><br \/><\/span><\/p>\n<p><span style=\"font-family: Open Sans; font-weight: normal; font-size: small;\"><strong>Formation continue avec signature d\u2019une convention :<\/strong> <strong>460 \u20ac , arrhes 170 euros<\/strong><br \/><\/span><\/p>\n<p><span style=\"font-family: Open Sans; font-weight: normal; font-size: small;\"><strong>Demandeur d\u2019emploi, \u00e9tudiant, retrait\u00e9 sans activit\u00e9 r\u00e9mun\u00e9r\u00e9e<\/strong>: <strong>220 \u20ac, arrhes 170 euros<\/strong><\/span><\/p>\n<p><strong>Renseignements : <\/strong><a href=\"https:\/\/www.cercledecompetences.org\/index.php\/lart-therapie-et-psychotrauma\/suivi.formations@cercledecompetences.org\">suivi.formations@cercledecompetences.org<\/a><\/p>\n<p>[\/et_pb_text][et_pb_button button_url=\u00a0\u00bbhttps:\/\/www.cercledecompetences.org\/index.php\/inscription\/\u00a0\u00bb button_text=\u00a0\u00bbS&rsquo;inscrire \u00e0 cette formation\u00a0\u00bb button_alignment=\u00a0\u00bbcenter\u00a0\u00bb _builder_version=\u00a0\u00bb4.9.10&Prime; custom_button=\u00a0\u00bbon\u00a0\u00bb button_text_size=\u00a0\u00bb17px\u00a0\u00bb button_text_color=\u00a0\u00bb#FFFFFF\u00a0\u00bb button_bg_color=\u00a0\u00bb#c94626&Prime; button_border_width=\u00a0\u00bb10px\u00a0\u00bb button_border_color=\u00a0\u00bbrgba(43,118,223,0)\u00a0\u00bb button_border_radius=\u00a0\u00bb100px\u00a0\u00bb button_font=\u00a0\u00bbRubik|700|||||||\u00a0\u00bb button_use_icon=\u00a0\u00bboff\u00a0\u00bb background_layout=\u00a0\u00bbdark\u00a0\u00bb button_bg_color_hover=\u00a0\u00bb#4f8bdd\u00a0\u00bb locked=\u00a0\u00bboff\u00a0\u00bb button_text_size__hover_enabled=\u00a0\u00bboff\u00a0\u00bb button_one_text_size__hover_enabled=\u00a0\u00bboff\u00a0\u00bb button_two_text_size__hover_enabled=\u00a0\u00bboff\u00a0\u00bb button_text_color__hover_enabled=\u00a0\u00bboff\u00a0\u00bb button_one_text_color__hover_enabled=\u00a0\u00bboff\u00a0\u00bb button_two_text_color__hover_enabled=\u00a0\u00bboff\u00a0\u00bb button_border_width__hover_enabled=\u00a0\u00bboff\u00a0\u00bb button_one_border_width__hover_enabled=\u00a0\u00bboff\u00a0\u00bb button_two_border_width__hover_enabled=\u00a0\u00bboff\u00a0\u00bb button_border_color__hover_enabled=\u00a0\u00bboff\u00a0\u00bb button_one_border_color__hover_enabled=\u00a0\u00bboff\u00a0\u00bb button_two_border_color__hover_enabled=\u00a0\u00bboff\u00a0\u00bb button_border_radius__hover_enabled=\u00a0\u00bboff\u00a0\u00bb button_one_border_radius__hover_enabled=\u00a0\u00bboff\u00a0\u00bb button_two_border_radius__hover_enabled=\u00a0\u00bboff\u00a0\u00bb button_letter_spacing__hover_enabled=\u00a0\u00bboff\u00a0\u00bb button_one_letter_spacing__hover_enabled=\u00a0\u00bboff\u00a0\u00bb button_two_letter_spacing__hover_enabled=\u00a0\u00bboff\u00a0\u00bb button_bg_color__hover_enabled=\u00a0\u00bbon\u00a0\u00bb button_bg_color__hover=\u00a0\u00bb#004b5e\u00a0\u00bb button_one_bg_color__hover_enabled=\u00a0\u00bboff\u00a0\u00bb button_two_bg_color__hover_enabled=\u00a0\u00bboff\u00a0\u00bb][\/et_pb_button][et_pb_button button_url=\u00a0\u00bbhttps:\/\/www.cercledecompetences.org\/index.php\/650-2\/\u00a0\u00bb button_text=\u00a0\u00bbconditions g\u00e9n\u00e9rales de vente\u00a0\u00bb button_alignment=\u00a0\u00bbcenter\u00a0\u00bb _builder_version=\u00a0\u00bb4.9.10&Prime; custom_button=\u00a0\u00bbon\u00a0\u00bb button_text_size=\u00a0\u00bb13px\u00a0\u00bb button_text_color=\u00a0\u00bb#FFFFFF\u00a0\u00bb button_bg_color=\u00a0\u00bb#02387a\u00a0\u00bb button_border_width=\u00a0\u00bb10px\u00a0\u00bb button_border_color=\u00a0\u00bbrgba(43,118,223,0)\u00a0\u00bb button_border_radius=\u00a0\u00bb100px\u00a0\u00bb button_font=\u00a0\u00bbRubik|700|||||||\u00a0\u00bb button_use_icon=\u00a0\u00bboff\u00a0\u00bb background_layout=\u00a0\u00bbdark\u00a0\u00bb button_bg_color_hover=\u00a0\u00bb#4f8bdd\u00a0\u00bb locked=\u00a0\u00bboff\u00a0\u00bb button_text_size__hover_enabled=\u00a0\u00bboff\u00a0\u00bb button_one_text_size__hover_enabled=\u00a0\u00bboff\u00a0\u00bb button_two_text_size__hover_enabled=\u00a0\u00bboff\u00a0\u00bb button_text_color__hover_enabled=\u00a0\u00bboff\u00a0\u00bb button_one_text_color__hover_enabled=\u00a0\u00bboff\u00a0\u00bb button_two_text_color__hover_enabled=\u00a0\u00bboff\u00a0\u00bb button_border_width__hover_enabled=\u00a0\u00bboff\u00a0\u00bb button_one_border_width__hover_enabled=\u00a0\u00bboff\u00a0\u00bb button_two_border_width__hover_enabled=\u00a0\u00bboff\u00a0\u00bb button_border_color__hover_enabled=\u00a0\u00bboff\u00a0\u00bb button_one_border_color__hover_enabled=\u00a0\u00bboff\u00a0\u00bb button_two_border_color__hover_enabled=\u00a0\u00bboff\u00a0\u00bb button_border_radius__hover_enabled=\u00a0\u00bboff\u00a0\u00bb button_one_border_radius__hover_enabled=\u00a0\u00bboff\u00a0\u00bb button_two_border_radius__hover_enabled=\u00a0\u00bboff\u00a0\u00bb button_letter_spacing__hover_enabled=\u00a0\u00bboff\u00a0\u00bb button_one_letter_spacing__hover_enabled=\u00a0\u00bboff\u00a0\u00bb button_two_letter_spacing__hover_enabled=\u00a0\u00bboff\u00a0\u00bb button_bg_color__hover_enabled=\u00a0\u00bbon\u00a0\u00bb button_bg_color__hover=\u00a0\u00bb#004b5e\u00a0\u00bb button_one_bg_color__hover_enabled=\u00a0\u00bboff\u00a0\u00bb button_two_bg_color__hover_enabled=\u00a0\u00bboff\u00a0\u00bb][\/et_pb_button][\/et_pb_column_inner][\/et_pb_row_inner][et_pb_row_inner _builder_version=\u00a0\u00bb3.25&Prime; custom_padding=\u00a0\u00bb126px|0px|123px|0px|false|false\u00a0\u00bb][et_pb_column_inner saved_specialty_column_type=\u00a0\u00bb1_2&Prime; _builder_version=\u00a0\u00bb3.25&Prime; custom_padding=\u00a0\u00bb|||\u00a0\u00bb parallax__hover=\u00a0\u00bboff\u00a0\u00bb parallax_method__hover=\u00a0\u00bbon\u00a0\u00bb custom_padding__hover=\u00a0\u00bb|||\u00a0\u00bb][et_pb_image src=\u00a0\u00bbhttps:\/\/www.cercledecompetences.org\/wp-content\/uploads\/2019\/01\/logo-rond-2.gif\u00a0\u00bb align_tablet=\u00a0\u00bbcenter\u00a0\u00bb align_phone=\u00a0\u00bb\u00a0\u00bb align_last_edited=\u00a0\u00bbon|desktop\u00a0\u00bb _builder_version=\u00a0\u00bb3.23&Prime; max_width=\u00a0\u00bb27%\u00a0\u00bb module_alignment=\u00a0\u00bbcenter\u00a0\u00bb][\/et_pb_image][\/et_pb_column_inner][\/et_pb_row_inner][\/et_pb_column][\/et_pb_section]<\/p>\n","protected":false},"excerpt":{"rendered":"<p>La sant\u00e9 mentale communautaire comment se relever apr\u00e8s un drame, un effondrement en s\u2019appuyant sur les ressources de la communaut\u00e9\u00a0 \u00a0Descriptif de la formation : Suite au drame du g\u00e9nocide rwandais, Simon Gasibirege, psychologue rwandais, a mis en place des ateliers de sant\u00e9 mentale communautaire o\u00f9 bourreaux et victimes se retrouvaient ensemble pour gu\u00e9rir des [&hellip;]<\/p>\n","protected":false},"author":3,"featured_media":0,"parent":0,"menu_order":0,"comment_status":"closed","ping_status":"closed","template":"","meta":{"_et_pb_use_builder":"on","_et_pb_old_content":"","_et_gb_content_width":"","_glsr_average":0,"_glsr_ranking":0,"_glsr_reviews":0,"footnotes":""},"class_list":["post-3165","page","type-page","status-publish","hentry"],"yoast_head":"<!-- This site is optimized with the Yoast SEO plugin v27.0 - https:\/\/yoast.com\/product\/yoast-seo-wordpress\/ -->\n<title>La sant\u00e9 mentale communautaire - Cercle de comp\u00e9tences<\/title>\n<meta name=\"robots\" content=\"index, follow, max-snippet:-1, max-image-preview:large, max-video-preview:-1\" \/>\n<link rel=\"canonical\" href=\"https:\/\/www.cercledecompetences.org\/index.php\/la-sante-mentale-communautaire\/\" \/>\n<meta property=\"og:locale\" content=\"fr_FR\" \/>\n<meta property=\"og:type\" content=\"article\" \/>\n<meta property=\"og:title\" content=\"La sant\u00e9 mentale communautaire - Cercle de comp\u00e9tences\" \/>\n<meta property=\"og:description\" content=\"La sant\u00e9 mentale communautaire comment se relever apr\u00e8s un drame, un effondrement en s\u2019appuyant sur les ressources de la communaut\u00e9\u00a0 \u00a0Descriptif de la formation : Suite au drame du g\u00e9nocide rwandais, Simon Gasibirege, psychologue rwandais, a mis en place des ateliers de sant\u00e9 mentale communautaire o\u00f9 bourreaux et victimes se retrouvaient ensemble pour gu\u00e9rir des [&hellip;]\" \/>\n<meta property=\"og:url\" content=\"https:\/\/www.cercledecompetences.org\/index.php\/la-sante-mentale-communautaire\/\" \/>\n<meta property=\"og:site_name\" content=\"Cercle de comp\u00e9tences\" \/>\n<meta property=\"article:publisher\" content=\"https:\/\/www.facebook.com\/cercledecompetences.Bretagne.et.Lyon\/\" \/>\n<meta property=\"article:modified_time\" content=\"2022-04-13T10:15:44+00:00\" \/>\n<meta name=\"twitter:card\" content=\"summary_large_image\" \/>\n<meta name=\"twitter:label1\" content=\"Dur\u00e9e de lecture estim\u00e9e\" \/>\n\t<meta name=\"twitter:data1\" content=\"8 minutes\" \/>\n<script type=\"application\/ld+json\" class=\"yoast-schema-graph\">{\"@context\":\"https:\/\/schema.org\",\"@graph\":[{\"@type\":\"WebPage\",\"@id\":\"https:\/\/www.cercledecompetences.org\/index.php\/la-sante-mentale-communautaire\/\",\"url\":\"https:\/\/www.cercledecompetences.org\/index.php\/la-sante-mentale-communautaire\/\",\"name\":\"La sant\u00e9 mentale communautaire - Cercle de comp\u00e9tences\",\"isPartOf\":{\"@id\":\"https:\/\/www.cercledecompetences.org\/#website\"},\"datePublished\":\"2020-08-25T20:32:06+00:00\",\"dateModified\":\"2022-04-13T10:15:44+00:00\",\"breadcrumb\":{\"@id\":\"https:\/\/www.cercledecompetences.org\/index.php\/la-sante-mentale-communautaire\/#breadcrumb\"},\"inLanguage\":\"fr-FR\",\"potentialAction\":[{\"@type\":\"ReadAction\",\"target\":[\"https:\/\/www.cercledecompetences.org\/index.php\/la-sante-mentale-communautaire\/\"]}]},{\"@type\":\"BreadcrumbList\",\"@id\":\"https:\/\/www.cercledecompetences.org\/index.php\/la-sante-mentale-communautaire\/#breadcrumb\",\"itemListElement\":[{\"@type\":\"ListItem\",\"position\":1,\"name\":\"Accueil\",\"item\":\"https:\/\/www.cercledecompetences.org\/\"},{\"@type\":\"ListItem\",\"position\":2,\"name\":\"La sant\u00e9 mentale communautaire\"}]},{\"@type\":\"WebSite\",\"@id\":\"https:\/\/www.cercledecompetences.org\/#website\",\"url\":\"https:\/\/www.cercledecompetences.org\/\",\"name\":\"Cercle de comp\u00e9tences\",\"description\":\"Organisme de formation associatif\",\"publisher\":{\"@id\":\"https:\/\/www.cercledecompetences.org\/#organization\"},\"potentialAction\":[{\"@type\":\"SearchAction\",\"target\":{\"@type\":\"EntryPoint\",\"urlTemplate\":\"https:\/\/www.cercledecompetences.org\/?s={search_term_string}\"},\"query-input\":{\"@type\":\"PropertyValueSpecification\",\"valueRequired\":true,\"valueName\":\"search_term_string\"}}],\"inLanguage\":\"fr-FR\"},{\"@type\":\"Organization\",\"@id\":\"https:\/\/www.cercledecompetences.org\/#organization\",\"name\":\"Cercle de comp\u00e9tences\",\"url\":\"https:\/\/www.cercledecompetences.org\/\",\"logo\":{\"@type\":\"ImageObject\",\"inLanguage\":\"fr-FR\",\"@id\":\"https:\/\/www.cercledecompetences.org\/#\/schema\/logo\/image\/\",\"url\":\"https:\/\/www.cercledecompetences.org\/wp-content\/uploads\/2019\/01\/logo-rond.gif\",\"contentUrl\":\"https:\/\/www.cercledecompetences.org\/wp-content\/uploads\/2019\/01\/logo-rond.gif\",\"width\":863,\"height\":1137,\"caption\":\"Cercle de comp\u00e9tences\"},\"image\":{\"@id\":\"https:\/\/www.cercledecompetences.org\/#\/schema\/logo\/image\/\"},\"sameAs\":[\"https:\/\/www.facebook.com\/cercledecompetences.Bretagne.et.Lyon\/\",\"https:\/\/www.linkedin.com\/company\/cercle-de-competences\/\"]}]}<\/script>\n<!-- \/ Yoast SEO plugin. -->","yoast_head_json":{"title":"La sant\u00e9 mentale communautaire - Cercle de comp\u00e9tences","robots":{"index":"index","follow":"follow","max-snippet":"max-snippet:-1","max-image-preview":"max-image-preview:large","max-video-preview":"max-video-preview:-1"},"canonical":"https:\/\/www.cercledecompetences.org\/index.php\/la-sante-mentale-communautaire\/","og_locale":"fr_FR","og_type":"article","og_title":"La sant\u00e9 mentale communautaire - Cercle de comp\u00e9tences","og_description":"La sant\u00e9 mentale communautaire comment se relever apr\u00e8s un drame, un effondrement en s\u2019appuyant sur les ressources de la communaut\u00e9\u00a0 \u00a0Descriptif de la formation : Suite au drame du g\u00e9nocide rwandais, Simon Gasibirege, psychologue rwandais, a mis en place des ateliers de sant\u00e9 mentale communautaire o\u00f9 bourreaux et victimes se retrouvaient ensemble pour gu\u00e9rir des [&hellip;]","og_url":"https:\/\/www.cercledecompetences.org\/index.php\/la-sante-mentale-communautaire\/","og_site_name":"Cercle de comp\u00e9tences","article_publisher":"https:\/\/www.facebook.com\/cercledecompetences.Bretagne.et.Lyon\/","article_modified_time":"2022-04-13T10:15:44+00:00","twitter_card":"summary_large_image","twitter_misc":{"Dur\u00e9e de lecture estim\u00e9e":"8 minutes"},"schema":{"@context":"https:\/\/schema.org","@graph":[{"@type":"WebPage","@id":"https:\/\/www.cercledecompetences.org\/index.php\/la-sante-mentale-communautaire\/","url":"https:\/\/www.cercledecompetences.org\/index.php\/la-sante-mentale-communautaire\/","name":"La sant\u00e9 mentale communautaire - Cercle de comp\u00e9tences","isPartOf":{"@id":"https:\/\/www.cercledecompetences.org\/#website"},"datePublished":"2020-08-25T20:32:06+00:00","dateModified":"2022-04-13T10:15:44+00:00","breadcrumb":{"@id":"https:\/\/www.cercledecompetences.org\/index.php\/la-sante-mentale-communautaire\/#breadcrumb"},"inLanguage":"fr-FR","potentialAction":[{"@type":"ReadAction","target":["https:\/\/www.cercledecompetences.org\/index.php\/la-sante-mentale-communautaire\/"]}]},{"@type":"BreadcrumbList","@id":"https:\/\/www.cercledecompetences.org\/index.php\/la-sante-mentale-communautaire\/#breadcrumb","itemListElement":[{"@type":"ListItem","position":1,"name":"Accueil","item":"https:\/\/www.cercledecompetences.org\/"},{"@type":"ListItem","position":2,"name":"La sant\u00e9 mentale communautaire"}]},{"@type":"WebSite","@id":"https:\/\/www.cercledecompetences.org\/#website","url":"https:\/\/www.cercledecompetences.org\/","name":"Cercle de comp\u00e9tences","description":"Organisme de formation associatif","publisher":{"@id":"https:\/\/www.cercledecompetences.org\/#organization"},"potentialAction":[{"@type":"SearchAction","target":{"@type":"EntryPoint","urlTemplate":"https:\/\/www.cercledecompetences.org\/?s={search_term_string}"},"query-input":{"@type":"PropertyValueSpecification","valueRequired":true,"valueName":"search_term_string"}}],"inLanguage":"fr-FR"},{"@type":"Organization","@id":"https:\/\/www.cercledecompetences.org\/#organization","name":"Cercle de comp\u00e9tences","url":"https:\/\/www.cercledecompetences.org\/","logo":{"@type":"ImageObject","inLanguage":"fr-FR","@id":"https:\/\/www.cercledecompetences.org\/#\/schema\/logo\/image\/","url":"https:\/\/www.cercledecompetences.org\/wp-content\/uploads\/2019\/01\/logo-rond.gif","contentUrl":"https:\/\/www.cercledecompetences.org\/wp-content\/uploads\/2019\/01\/logo-rond.gif","width":863,"height":1137,"caption":"Cercle de comp\u00e9tences"},"image":{"@id":"https:\/\/www.cercledecompetences.org\/#\/schema\/logo\/image\/"},"sameAs":["https:\/\/www.facebook.com\/cercledecompetences.Bretagne.et.Lyon\/","https:\/\/www.linkedin.com\/company\/cercle-de-competences\/"]}]}},"_links":{"self":[{"href":"https:\/\/www.cercledecompetences.org\/index.php\/wp-json\/wp\/v2\/pages\/3165","targetHints":{"allow":["GET"]}}],"collection":[{"href":"https:\/\/www.cercledecompetences.org\/index.php\/wp-json\/wp\/v2\/pages"}],"about":[{"href":"https:\/\/www.cercledecompetences.org\/index.php\/wp-json\/wp\/v2\/types\/page"}],"author":[{"embeddable":true,"href":"https:\/\/www.cercledecompetences.org\/index.php\/wp-json\/wp\/v2\/users\/3"}],"replies":[{"embeddable":true,"href":"https:\/\/www.cercledecompetences.org\/index.php\/wp-json\/wp\/v2\/comments?post=3165"}],"version-history":[{"count":21,"href":"https:\/\/www.cercledecompetences.org\/index.php\/wp-json\/wp\/v2\/pages\/3165\/revisions"}],"predecessor-version":[{"id":5254,"href":"https:\/\/www.cercledecompetences.org\/index.php\/wp-json\/wp\/v2\/pages\/3165\/revisions\/5254"}],"wp:attachment":[{"href":"https:\/\/www.cercledecompetences.org\/index.php\/wp-json\/wp\/v2\/media?parent=3165"}],"curies":[{"name":"wp","href":"https:\/\/api.w.org\/{rel}","templated":true}]}}