{"id":3212,"date":"2020-08-26T09:26:23","date_gmt":"2020-08-26T07:26:23","guid":{"rendered":"https:\/\/www.cercledecompetences.org\/?page_id=3212"},"modified":"2022-10-10T18:34:38","modified_gmt":"2022-10-10T16:34:38","slug":"psychologie-positive-et-croissance-post-traumatique","status":"publish","type":"page","link":"https:\/\/www.cercledecompetences.org\/index.php\/psychologie-positive-et-croissance-post-traumatique\/","title":{"rendered":"Psychologie positive et croissance post-traumatique"},"content":{"rendered":"<p>[et_pb_section fb_built=\u00a0\u00bb1&Prime; _builder_version=\u00a0\u00bb3.23.2&Prime; background_color=\u00a0\u00bbrgba(0,83,83,0.45)\u00a0\u00bb use_background_color_gradient=\u00a0\u00bbon\u00a0\u00bb background_image=\u00a0\u00bbhttps:\/\/www.cercledecompetences.org\/wp-content\/uploads\/2020\/08\/lotus-flower-216119_1280.jpg\u00a0\u00bb custom_padding=\u00a0\u00bb68px|0px|68px|0px|true|false\u00a0\u00bb][et_pb_row _builder_version=\u00a0\u00bb3.25&Prime; custom_padding=\u00a0\u00bb18px|0px|150px|0px|false|false\u00a0\u00bb][et_pb_column type=\u00a0\u00bb4_4&Prime; _builder_version=\u00a0\u00bb3.25&Prime; custom_padding=\u00a0\u00bb|||\u00a0\u00bb custom_padding__hover=\u00a0\u00bb|||\u00a0\u00bb][et_pb_text _builder_version=\u00a0\u00bb3.27.4&Prime; header_font=\u00a0\u00bb|800||on|||||\u00a0\u00bb header_text_color=\u00a0\u00bb#004b5e\u00a0\u00bb header_2_font=\u00a0\u00bb||||||||\u00a0\u00bb header_3_font=\u00a0\u00bb|600||on|||||\u00a0\u00bb header_3_text_color=\u00a0\u00bb#ffffff\u00a0\u00bb inline_fonts=\u00a0\u00bbCabin Sketch\u00a0\u00bb]<\/p>\n<h1 style=\"text-align: center;\"><span style=\"color: #ffffff;\"><span style=\"font-family: Cabin Sketch; font-weight: normal; font-size: xx-large;\"><strong>\u00a0<\/strong><\/span><\/span><\/h1>\n<p>[\/et_pb_text][\/et_pb_column][\/et_pb_row][\/et_pb_section][et_pb_section fb_built=\u00a0\u00bb1&Prime; _builder_version=\u00a0\u00bb3.22.3&Prime; parallax=\u00a0\u00bbon\u00a0\u00bb custom_padding=\u00a0\u00bb0px|0px|0px|0px|true|false\u00a0\u00bb][et_pb_row _builder_version=\u00a0\u00bb4.9.10&Prime; custom_padding=\u00a0\u00bb18px|0px|9px|0px|false|false\u00a0\u00bb hover_enabled=\u00a0\u00bb0&Prime; sticky_enabled=\u00a0\u00bb0&Prime; min_height=\u00a0\u00bb134.5px\u00a0\u00bb custom_margin=\u00a0\u00bb|auto|-28px|auto||\u00a0\u00bb][et_pb_column type=\u00a0\u00bb4_4&Prime; _builder_version=\u00a0\u00bb3.25&Prime; custom_padding=\u00a0\u00bb|||\u00a0\u00bb custom_padding__hover=\u00a0\u00bb|||\u00a0\u00bb][et_pb_text _builder_version=\u00a0\u00bb4.9.10&Prime; header_font=\u00a0\u00bb|800||on|||||\u00a0\u00bb header_text_color=\u00a0\u00bb#004b5e\u00a0\u00bb header_2_font=\u00a0\u00bb||||||||\u00a0\u00bb header_3_font=\u00a0\u00bb|600||on|||||\u00a0\u00bb header_3_text_color=\u00a0\u00bb#ffffff\u00a0\u00bb hover_enabled=\u00a0\u00bb0&Prime; inline_fonts=\u00a0\u00bbCabin Sketch\u00a0\u00bb sticky_enabled=\u00a0\u00bb0&Prime;]<\/p>\n<h1 style=\"text-align: center;\"><\/h1>\n<h1 style=\"text-align: center;\"><span style=\"color: #c94626;\"><span style=\"font-family: Cabin Sketch; font-weight: normal; font-size: xx-large;\"><strong><\/strong><\/span><\/span><\/h1>\n<h1 style=\"text-align: center;\"><span style=\"color: #c94626;\"><span style=\"font-family: Cabin Sketch; font-weight: normal; font-size: xx-large;\"><strong><\/strong><\/span><\/span><\/h1>\n<h1 style=\"text-align: center;\"><span style=\"color: #c94626;\"><span style=\"font-family: Cabin Sketch; font-weight: normal; font-size: xx-large;\"><strong>Psychologie positive et croissance post traumatique<\/strong><\/span><\/span><span style=\"color: #c94626;\"><\/span><\/h1>\n<p>[\/et_pb_text][\/et_pb_column][\/et_pb_row][\/et_pb_section][et_pb_section fb_built=\u00a0\u00bb1&Prime; use_custom_gutter=\u00a0\u00bbon\u00a0\u00bb gutter_width=\u00a0\u00bb4&Prime; specialty=\u00a0\u00bbon\u00a0\u00bb _builder_version=\u00a0\u00bb3.22.3&Prime; inner_width=\u00a0\u00bb73%\u00a0\u00bb inner_max_width=\u00a0\u00bb73%\u00a0\u00bb custom_padding=\u00a0\u00bb0px|0px|0|0px|false|false\u00a0\u00bb hover_enabled=\u00a0\u00bb0&Prime; use_custom_width=\u00a0\u00bbon\u00a0\u00bb width_unit=\u00a0\u00bboff\u00a0\u00bb custom_width_percent=\u00a0\u00bb73%\u00a0\u00bb sticky_enabled=\u00a0\u00bb0&Prime; custom_margin=\u00a0\u00bb-26px|||||\u00a0\u00bb][et_pb_column type=\u00a0\u00bb1_2&Prime; _builder_version=\u00a0\u00bb3.25&Prime; custom_padding=\u00a0\u00bb|||\u00a0\u00bb parallax__hover=\u00a0\u00bboff\u00a0\u00bb parallax_method__hover=\u00a0\u00bbon\u00a0\u00bb custom_padding__hover=\u00a0\u00bb|||\u00a0\u00bb][et_pb_text _builder_version=\u00a0\u00bb4.9.10&Prime; text_font=\u00a0\u00bb||||||||\u00a0\u00bb text_orientation=\u00a0\u00bbjustified\u00a0\u00bb hover_enabled=\u00a0\u00bb0&Prime; inline_fonts=\u00a0\u00bbABeeZee,Arvo,Montserrat,Arial,Open Sans,Times New Roman\u00a0\u00bb sticky_enabled=\u00a0\u00bb0&Prime;]<\/p>\n<div style=\"left: 60.1733px; top: 128.91px; font-size: 14px; font-family: sans-serif; transform: scaleX(0.968364); text-align: justify;\">\n<p style=\"text-align: justify;\"><span style=\"font-size: large; font-family: Montserrat Alternates; font-weight: normal;\"><strong><span style=\"color: #c94626;\"><span style=\"font-size: medium;\">Descriptif de la formation :<\/span> <\/span><br \/><\/strong><\/span><\/p>\n<p>La psychologie positive \u00e9tudie l&rsquo;\u00e9panouissement et le fonctionnement optimal. Cette science peut nous aider en tant que professionnels \u00e0 nous appuyer sur les ressources des personnes que nous accompagnons et \u00e0 leur donner des outils concrets pour faire croitre leurs comp\u00e9tences. Ainsi, ils pourront se sentir \u00e0 l\u2019aise d\u2019explorer la vastitude de leur monde intime et de leur environnement tout en sortant de leur zone de confort pour entrer dans leur zone de comp\u00e9tences et de g\u00e9nie o\u00f9 ils peuvent exprimer le meilleur d\u2019eux-m\u00eames.<\/p>\n<p>Pourtant le fil de la vie peut \u00eatre tiss\u00e9 aussi de souffrances et de trag\u00e9dies. Ne s\u2019int\u00e9resser qu\u2019au positif, c\u2019est laisser de c\u00f4t\u00e9 un immense champ de gu\u00e9rison et de transformation. Comme le disent certains psychologues (F. Weller), c\u2019est de l\u2019autre c\u00f4t\u00e9 des larmes et des deuils que se trouve le bonheur.<\/p>\n<p>Alors comment s\u2019appuyer sur les ressources tout en osant explorer les drames\u00a0? Comment rena\u00eetre apr\u00e8s une trag\u00e9die\u00a0?<\/p>\n<p>Les chercheurs ont emmen\u00e9 r\u00e9cemment la notion de croissance post-traumatique pour illustrer comment sortir du plus sordide pour actualiser son potentiel. Parfois nos chocs et nos traumas peuvent \u00eatre nous permettre de nous r\u00e9orienter et d\u2019exprimer notre \u00eatre profond tout en contribuant pour le b\u00e9n\u00e9fice de tous.<\/p>\n<p>Cette formation donne des cl\u00e9s concr\u00e8tes pour allier les outils de la psychologie positive avec ceux de la psychotraumatologie.<\/p>\n<p>&nbsp;<\/p>\n<\/div>\n<p style=\"text-align: justify;\"><span style=\"font-family: Montserrat Alternates; font-weight: normal;\"><span style=\"font-size: medium; color: #c94626;\"><strong>Pr\u00e9-requis :<\/strong>\u00a0<span style=\"font-family: Open Sans; color: #666666;\"> <\/span><\/span><\/span><span style=\"font-family: Montserrat Alternates;\"><span style=\"font-size: medium; color: #c94626;\"><span style=\"color: #666666;\">Aucun pour suivre les 3 jours. <\/span><\/span><\/span><span style=\"font-family: Montserrat Alternates; color: #666666;\"><span style=\"font-size: medium;\">Pour les 2\u00e8me et 3\u00e8me jour : avoir suivi le module 1 de psychotraumatologie centr\u00e9e comp\u00e9tences (stabilisation)<\/span><\/span><\/p>\n<p style=\"text-align: justify;\"><span style=\"font-family: Montserrat Alternates; font-weight: normal;\"><span style=\"font-size: medium; color: #c94626;\"><strong>Personnes concern\u00e9es :<\/strong> <\/span><span style=\"font-family: Open Sans;\">Psychoth\u00e9rapeutes, Psychologues, Psychiatres, Soignants, Psychopraticiens, Professionnels en lien avec des publics fragilis\u00e9s.<\/span><\/span><\/p>\n<p>\u00a0<span style=\"color: #1aa8b7; font-family: Montserrat Alternates; font-weight: normal; font-size: large;\"><span style=\"font-size: medium;\"><strong><span style=\"color: #c94626;\">Objectifs :<\/span><\/strong><\/span><strong><br \/><\/strong><\/span><br \/><span style=\"font-family: Open Sans; font-weight: normal;\"><strong> Apr\u00e8s la formation, les professionnels devraient \u00eatre en mesure de :<\/strong><\/span><\/p>\n<p style=\"text-align: justify;\"><span style=\"color: #bd2929; font-family: Montserrat Alternates; font-weight: normal; font-size: medium;\"><\/span><\/p>\n<ul>\n<ul>\n<li>Aborder les concepts cl\u00e9s de la psychologie positive<\/li>\n<li>Poss\u00e9der des outils concrets pour aider les personnes \u00e0 actualiser au maximum leur potentiel, les aider \u00e0 sortir de leur zone de confort pour entrer dans leur zone de g\u00e9nie<\/li>\n<li>Comprendre comment apaiser le cerveau reptilien (les automatismes) et activer le neo-cortex (pour d\u00e9cider de comment agir plut\u00f4t que r\u00e9-agir)<\/li>\n<li>Identifier les signatures\/ forces des personnes (Seligman)<\/li>\n<li>Identifier comment actualiser au mieux les 3 secteurs principaux de la vie\u00a0: \u00e9nergie, contribution, amour<\/li>\n<li>Se centrer sur les ressources des personnes tout en osant aborder leurs drames de mani\u00e8re s\u00e9curis\u00e9e.<\/li>\n<li>Comprendre les 5 portes du deuil<\/li>\n<li>Identifier les indices de croissance post-traumatique (Tedeshi &amp; Calhoun) et mieux comprendre le processus d\u2019adaptation \u00e0 des \u00e9pisodes de vie difficiles tout en proposant des leviers d\u2019intervention.<span style=\"font-family: Open Sans; font-weight: normal;\"><\/span><span style=\"font-size: large; color: #1aa8b7; font-family: Montserrat Alternates; font-weight: normal;\"><strong><\/strong><\/span><\/li>\n<\/ul>\n<\/ul>\n<p><span style=\"font-size: large; color: #1aa8b7; font-family: Montserrat Alternates; font-weight: normal;\"><strong><\/strong><\/span><\/p>\n<p style=\"text-align: justify;\"><span style=\"color: #c94626; font-family: Montserrat Alternates; font-weight: normal; font-size: medium;\"><strong>Contenus<\/strong><\/span><\/p>\n<p style=\"text-align: justify;\"><strong>Programme<\/strong><\/p>\n<p><strong>Jour 1\u00a0: Les bases de la psychotraumatologie centr\u00e9e comp\u00e9tences<\/strong><\/p>\n<p><em><strong>Optionnel pour les personnes ayant d\u00e9j\u00e0 suivi le module 1 de psychotraumatologie <\/strong><\/em><strong><em>centr\u00e9e comp\u00e9tence (Stabilisation)<\/em><\/strong><\/p>\n<ul>\n<li>D\u00e9finition des concepts\u00a0: Traumatisme psychique, R\u00e9action de stress aigu, ESPT simple, ESPT complexe\u2026<\/li>\n<li>El\u00e9ments neurobiologiques en lien avec le traumatisme psychique<\/li>\n<li>L\u2019impact du traumatisme sur le cerveau<\/li>\n<li>La fen\u00eatre de tol\u00e9rance\u00a0: rep\u00e9rer les sympt\u00f4mes post traumatiques en lien avec l\u2019hypoactivation, et l\u2019hyperactivation<\/li>\n<li>Outils de stabilisation imm\u00e9diats adapt\u00e9s \u00e0 la r\u00e9action physiologique\u00a0: la coh\u00e9rence cardiaque, le contenant, le lieu s\u00fbr<\/li>\n<\/ul>\n<p><strong>Jour 2\u00a0: Actualiser son potentiel au service du monde<\/strong><\/p>\n<ul>\n<li>Quelques id\u00e9es cl\u00e9s de la psychologie positive\u00a0: une nouvelle carte du monde<\/li>\n<li>Sortir de sa zone de confort pour oser rentrer dans sa zone de g\u00e9nie<\/li>\n<li>Actualiser les 3 grands secteurs de vie\u00a0: Outils concrets<\/li>\n<li>Exp\u00e9rimenter sa zone de g\u00e9nie\u00a0: Flourish \u2013 Flow<\/li>\n<li>Notre cerveau\u00a0: Choisir d\u2019agir et non de r\u00e9agir.<\/li>\n<li>Les qualit\u00e9s essentielles pour actualiser son potentiel<\/li>\n<li>Le pouvoir de la vuln\u00e9rabilit\u00e9<\/li>\n<\/ul>\n<p><strong>Jour 3\u00a0: Traverser les obstacles et les drames\u00a0: la croissance post-traumatique<\/strong><\/p>\n<ul>\n<li>Notre cerveau face aux obstacles\n<ul>\n<li>Se confronter aux obstacles<\/li>\n<li>La m\u00e9thode WOOP (Wish = r\u00eave, Outcome= but, Obstacles, Plan)\u00a0\u2013(G. Oettinger)<\/li>\n<\/ul>\n<\/li>\n<li>Traverser les drames<\/li>\n<li>La croissance post traumatique\u00a0: Ouvrir sa zone d\u2019apprentissage, embrasser la complexit\u00e9 et vivre dans un monde plus vaste<\/li>\n<li>La communaut\u00e9 au service de l\u2019individu\n<ul>\n<li>Comment la communaut\u00e9 peut soutenir concr\u00e8tement des transformations \u00e9motionnelles<\/li>\n<li>Traverser les deuils et les peines &#8211; les 5 portes du deuil de F. Weller<\/li>\n<\/ul>\n<\/li>\n<\/ul>\n<p><span style=\"color: #c94626; font-family: Montserrat Alternates; font-weight: normal; font-size: medium;\"><strong><\/strong><strong>M\u00e9thodes p\u00e9dagogiques :<\/strong> <\/span><\/p>\n<ul>\n<li style=\"text-align: justify;\"><span style=\"font-family: inherit; font-weight: normal;\">Apports de contenus th\u00e9oriques.<\/span><\/li>\n<li style=\"text-align: justify;\"><span style=\"font-family: inherit; font-weight: normal;\">P\u00e9dagogie active : le participant est au c\u0153ur et acteur de sa formation. Il est invit\u00e9 \u00e0 exp\u00e9rimenter les outils pratiques afin de mieux se les approprier. <\/span><\/li>\n<li style=\"text-align: justify;\"><span style=\"font-family: inherit; font-weight: normal;\">P\u00e9dagogie interactive et ludique, pour s\u2019adapter aux diff\u00e9rents modes d\u2019apprentissage des participants.<\/span><\/li>\n<li style=\"text-align: justify;\"><span style=\"font-family: inherit; font-weight: normal;\">R\u00e9flexions en groupe sur l\u2019exp\u00e9rience professionnelle des participants.<\/span><\/li>\n<\/ul>\n<p><span style=\"font-family: inherit; font-weight: normal;\"><span style=\"color: #c94626; font-family: Montserrat Alternates; font-weight: normal; font-size: medium;\"><strong>Evaluation :<\/strong><\/span><\/span><\/p>\n<p><span style=\"font-family: inherit; font-weight: normal;\">Tour de table et fiche d&rsquo;\u00e9valuation individuelle, en ligne, \u00e0 la fin de la formation.\u00a0 <\/span><span style=\"font-family: inherit; font-weight: normal;\">A 3 mois apr\u00e8s la formation \u00e9valuation des acquis, en ligne.<\/span><\/p>\n<p><span style=\"font-family: inherit; font-weight: normal;\"><span style=\"color: #c94626; font-family: Montserrat Alternates; font-weight: normal; font-size: medium;\"><strong><\/strong><\/span><\/span><\/p>\n<p>[\/et_pb_text][\/et_pb_column][et_pb_column type=\u00a0\u00bb1_2&Prime; specialty_columns=\u00a0\u00bb2&Prime; _builder_version=\u00a0\u00bb3.25&Prime; custom_padding=\u00a0\u00bb|||\u00a0\u00bb parallax__hover=\u00a0\u00bboff\u00a0\u00bb parallax_method__hover=\u00a0\u00bbon\u00a0\u00bb custom_padding__hover=\u00a0\u00bb|||\u00a0\u00bb][et_pb_row_inner use_custom_gutter=\u00a0\u00bbon\u00a0\u00bb gutter_width=\u00a0\u00bb4&Prime; make_equal=\u00a0\u00bbon\u00a0\u00bb _builder_version=\u00a0\u00bb3.25&Prime; background_color=\u00a0\u00bbrgba(0,0,0,0.09)\u00a0\u00bb module_alignment=\u00a0\u00bbright\u00a0\u00bb custom_padding=\u00a0\u00bb55px|0px|17px|0px|false|false\u00a0\u00bb border_radii=\u00a0\u00bbon|21px|21px|21px|21px\u00a0\u00bb border_width_all=\u00a0\u00bb14px\u00a0\u00bb border_color_all=\u00a0\u00bbrgba(0,0,0,0)\u00a0\u00bb custom_margin=\u00a0\u00bb-23px|||||\u00a0\u00bb][et_pb_column_inner saved_specialty_column_type=\u00a0\u00bb1_2&Prime; _builder_version=\u00a0\u00bb3.25&Prime; custom_padding=\u00a0\u00bb|||\u00a0\u00bb parallax__hover=\u00a0\u00bboff\u00a0\u00bb parallax_method__hover=\u00a0\u00bbon\u00a0\u00bb custom_padding__hover=\u00a0\u00bb|||\u00a0\u00bb][et_pb_text _builder_version=\u00a0\u00bb4.9.10&Prime; text_font=\u00a0\u00bb||||||||\u00a0\u00bb custom_padding=\u00a0\u00bb8px|||||\u00a0\u00bb inline_fonts=\u00a0\u00bbAbril Fatface\u00a0\u00bb]<\/p>\n<p style=\"text-align: center;\"><span style=\"font-family: Montserrat Alternates;\"><strong><span style=\"font-family: Montserrat Alternates; font-size: small;\"><span style=\"font-family: Montserrat Alternates; font-size: x-large;\"><span style=\"color: #004b5e;\">Informations pratiques<\/span><\/span><\/span><\/strong><\/span><\/p>\n<p style=\"text-align: center;\"><span><strong><span style=\"color: #004b5e;\"><span style=\"color: #bd3129; font-size: large;\"><\/span><\/span><\/strong><\/span><span><strong><span style=\"color: #004b5e;\"><span style=\"color: #bd3129; font-size: large;\">1,2,3 d\u00e9cembre 2022 <\/span><\/span><\/strong><\/span><\/p>\n<h4 style=\"text-align: center;\"><span style=\"font-size: small;\"><strong><span style=\"color: #004b5e;\"><span style=\"color: #bd3129;\"><span style=\"color: #074b5f;\"><span style=\"color: #bd3129;\">(15, 16 et 17 novembre 2023 : voir plus bas)<br \/><\/span><\/span><\/span><\/span><\/strong><\/span><\/h4>\n<p style=\"text-align: center;\"><span><strong><span style=\"color: #004b5e;\"><span style=\"color: #bd3129; font-size: large;\">Lyon <\/span><\/span><\/strong><\/span><\/p>\n<p style=\"text-align: left;\"><span><span style=\"color: #074b5f;\">Jeudi 1 \u00a0 \u00a0 \u00a0 \u00a0 : 9h30 \u2013 18h00<\/span><br \/><span style=\"color: #074b5f;\">Vendredi 2 : 9h00\u201317h30<\/span><br \/><span style=\"color: #074b5f;\">Samedi 3 \u00a0 \u00a0 : 9h00\u201316h30<\/span><\/span><\/p>\n<p style=\"text-align: left;\"><span style=\"color: #004b5e; font-family: Montserrat Alternates; font-weight: normal; font-size: large;\"><strong><\/strong><\/span><\/p>\n<p style=\"text-align: left;\"><span style=\"color: #004b5e; font-family: Montserrat Alternates; font-weight: normal; font-size: large;\"><strong>Modalit\u00e9s financi\u00e8res<\/strong><\/span><\/p>\n<p style=\"text-align: left;\"><span style=\"text-decoration: underline; font-size: small; color: #bd3129;\"><span style=\"font-family: Open Sans; font-weight: normal; text-decoration: underline;\"><strong>Pour les 3 jours<\/strong><\/span><\/span><\/p>\n<p style=\"text-align: left;\"><span style=\"font-family: Open Sans; font-weight: normal; font-size: small;\"><strong>Inscription individuelle<\/strong> :<strong> <\/strong><strong>510 \u20ac\u00a0<\/strong><\/span><\/p>\n<p style=\"text-align: left;\"><span style=\"font-family: Open Sans; font-weight: normal; font-size: small;\"><strong>Formation continue avec signature d\u2019une convention :<\/strong>\u00a0<strong>690 \u20ac<\/strong><\/span><\/p>\n<p style=\"text-align: left;\"><span style=\"font-family: Open Sans; font-weight: normal; font-size: small;\"><strong><\/strong><\/span><span style=\"font-family: Open Sans; font-weight: normal; font-size: small;\"><strong><span>Tarif r\u00e9duit en fonction des revenus \u00e9tudi\u00e9 sur dem<\/span>ande :<\/strong> <strong>330 \u20ac\u00a0<\/strong><\/span><\/p>\n<p style=\"text-align: left;\"><span style=\"font-family: Open Sans; font-weight: normal; font-size: small;\"><span style=\"color: #c94626; font-family: Open Sans; font-weight: normal;\"><strong><\/strong><\/span><\/span><span style=\"text-decoration: underline;\"><span style=\"font-family: Open Sans; font-weight: normal; font-size: small; color: #bd3129;\"><strong>Pour 2 jours (2eme et 3eme\u00a0jours)<\/strong><\/span><\/span><span style=\"font-family: Open Sans; font-weight: normal; font-size: small; color: #bd3129;\"> <\/span><span style=\"font-family: Open Sans; font-size: small; color: #bd3129;\">voir pr\u00e9s-requis<\/span><span style=\"text-decoration: underline;\"><span style=\"font-family: Open Sans; font-weight: normal; font-size: small; color: #bd3129;\"><strong><br \/><\/strong><\/span><\/span><\/p>\n<p style=\"text-align: left;\"><strong><span style=\"font-family: Open Sans; font-size: small;\">Inscription individuelle : 340 \u20ac<\/span><\/strong><\/p>\n<p style=\"text-align: left;\"><strong><span style=\"font-family: Open Sans; font-size: small;\"><span style=\"color: #c94626; font-family: Open Sans;\"><\/span><\/span><span style=\"font-family: Open Sans; font-size: small;\">Formation continue avec signature d\u2019une convention : 460 \u20ac\u00a0<\/span><\/strong><\/p>\n<p style=\"text-align: left;\"><span style=\"font-family: Open Sans; font-weight: normal; font-size: small;\"><strong><span>Tarif r\u00e9duit en fonction des revenus \u00e9tudi\u00e9 sur demande :<\/span><\/strong> <strong>230 \u20ac\u00a0<\/strong><\/span><\/p>\n<p style=\"text-align: left;\"><span style=\"color: #004b5e; font-size: large;\"><strong><span style=\"font-family: Montserrat Alternates;\"><\/span><\/strong><\/span><\/p>\n<p style=\"text-align: left;\"><span style=\"color: #004b5e; font-size: large;\"><strong><span style=\"font-family: Montserrat Alternates;\">Inscription<\/span><\/strong><\/span><\/p>\n<p style=\"text-align: left;\"><span style=\"font-family: Open Sans; font-weight: normal; font-size: small;\"><span style=\"color: #666666;\"><strong><span style=\"font-family: Montserrat Alternates;\"><span><span style=\"color: #004b5e; font-family: Montserrat Alternates;\"><span style=\"color: #074b5f;\"><span style=\"font-family: inherit;\"><span style=\"font-family: Open Sans; font-size: small;\">L\u2019inscription sera prise en compte apr\u00e8s le paiement des arrhes d\u2019un montant de 170 \u20ac. <\/span><\/span><\/span><\/span><\/span><\/span><\/strong><\/span><\/span><span style=\"font-family: Open Sans; font-weight: normal; font-size: small;\"><span style=\"color: #666666;\"><strong><span style=\"font-family: Montserrat Alternates;\"><span><span style=\"color: #004b5e; font-family: Montserrat Alternates;\"><span style=\"color: #074b5f;\"><span style=\"font-family: inherit;\"><span style=\"font-family: Open Sans; font-size: small;\">Le solde devra \u00eatre r\u00e9gl\u00e9 1 mois avant la formation<\/span><\/span><\/span><\/span><\/span><\/span><\/strong><\/span><\/span><\/p>\n<p style=\"text-align: left;\"><span style=\"font-family: Open Sans; font-weight: normal; font-size: small;\"><span style=\"color: #666666;\"><span style=\"font-family: Montserrat Alternates;\"><span style=\"font-family: 'Open Sans'; font-size: 13px;\">Nombre de places limit\u00e9<\/span><\/span><\/span><\/span><span><span style=\"color: #074b5f;\"><\/span><\/span><\/p>\n<p><span style=\"font-family: Montserrat Alternates; color: #004b5e;\"><span style=\"font-size: large;\"><strong>Intervenante<\/strong> \u00a0\u00a0\u00a0\u00a0\u00a0<\/span> <\/span><\/p>\n<p style=\"text-align: center;\"><span style=\"font-family: Montserrat Alternates; color: #004b5e;\"><span style=\"color: #074b5f;\">\u00a0 <\/span><\/span><span style=\"font-family: inherit; color: #074b5f; font-size: medium; font-weight: normal;\">Laetitia de Schoutheete\u00a0<\/span><\/p>\n<p><span style=\"font-family: Montserrat Alternates;\"><span style=\"color: #ffffff;\"><span style=\"color: #005353;\"><span style=\"color: #c94626;\"><strong><img loading=\"lazy\" decoding=\"async\" src=\"https:\/\/www.cercledecompetences.org\/wp-content\/uploads\/2019\/02\/Capture-d\u2019e\u0301cran-2015-01-20-a\u0300-09.44.20.png\" alt=\"\" class=\"wp-image-971 aligncenter size-full\" srcset=\"https:\/\/www.cercledecompetences.org\/wp-content\/uploads\/2019\/02\/Capture-d\u2019e\u0301cran-2015-01-20-a\u0300-09.44.20.png 676w, https:\/\/www.cercledecompetences.org\/wp-content\/uploads\/2019\/02\/Capture-d\u2019e\u0301cran-2015-01-20-a\u0300-09.44.20-221x300.png 221w\" sizes=\"(max-width: 157px) 100vw, 157px\" style=\"display: block; margin-left: auto; margin-right: auto;\" width=\"157\" height=\"213\" \/><\/strong><\/span><\/span><\/span><\/span><span style=\"color: #666666; font-size: medium; font-family: Open Sans; font-weight: normal;\"><span style=\"font-size: small;\"><\/span><\/span><span style=\"color: #666666; font-size: medium; font-family: Open Sans; font-weight: normal;\"><span style=\"font-size: small;\">Psychologue clinicienne, praticienne EMDR et formatrice. Elle a d\u00e9but\u00e9 sa pratique de psychoth\u00e9rapeute avec des personnes en situations de traumas complexes lors de ses missions humanitaires avec M\u00e9decins Sans Fronti\u00e8res. Depuis 10 ans, elle travaille en lib\u00e9ral avec l\u2019EMDR et la Psychologie Energ\u00e9tique, toujours \u00e0 la recherche de ce qui permet aux personnes de rebondir plus facilement et d\u2019aligner leur vie avec ce qui leur tient v\u00e9ritablement \u00e0 c\u0153ur.<\/span><\/span><\/p>\n<p style=\"text-align: center;\"><span><em><span style=\"font-size: small;\">Cette formation peut \u00e9galement \u00eatre donn\u00e9e en Institution<\/span> <\/em><\/span><\/p>\n<p style=\"text-align: center;\"><span style=\"font-size: large;\"><strong><span style=\"color: #074b5f;\"><span style=\"color: #bd3129;\">15, 16 et 17 novembre 2023<\/span><\/span><\/strong><\/span><\/p>\n<p style=\"text-align: center;\"><span style=\"font-size: large;\"><strong><span style=\"color: #074b5f;\"><span style=\"color: #bd3129;\"><span><span style=\"color: #004b5e;\"><span style=\"color: #bd3129; font-size: large;\">Lyon<\/span><\/span><\/span><\/span><\/span><\/strong><\/span><\/p>\n<p style=\"text-align: left;\"><span><span style=\"color: #074b5f;\">Mercredi 15 : 9h30 \u2013 18h00<\/span><span style=\"color: #074b5f;\"><br \/>Jeudi 16 \u00a0 \u00a0 \u00a0\u00a0\u00a0 : 9h00\u201317h30<br \/>Vendredi 17\u00a0 : 9h00\u201316h30<\/span><\/span><\/p>\n<p style=\"text-align: left;\"><span style=\"color: #004b5e; font-family: Montserrat Alternates; font-weight: normal; font-size: large;\"><strong>Modalit\u00e9s financi\u00e8res<\/strong><\/span><\/p>\n<p style=\"text-align: left;\"><span style=\"text-decoration: underline; font-size: small; color: #bd3129;\"><span style=\"font-family: Open Sans; font-weight: normal; text-decoration: underline;\"><strong>Pour les 3 jours<\/strong><\/span><\/span><\/p>\n<p style=\"text-align: left;\"><span style=\"font-family: Open Sans; font-weight: normal; font-size: small;\"><strong>Inscription individuelle<\/strong> :<strong> <\/strong><strong>570 \u20ac\u00a0<\/strong><\/span><\/p>\n<p style=\"text-align: left;\"><span style=\"font-family: Open Sans; font-weight: normal; font-size: small;\"><strong>Formation continue avec signature d\u2019une convention :<\/strong> <strong>750\u20ac<\/strong><\/span><\/p>\n<p style=\"text-align: left;\"><span style=\"font-family: Open Sans; font-weight: normal; font-size: small;\"><strong><span>Tarif r\u00e9duit en fonction des revenus \u00e9tudi\u00e9 sur dem<\/span>ande :<\/strong> <strong>375 \u20ac\u00a0<\/strong><\/span><\/p>\n<p style=\"text-align: left;\"><span style=\"font-family: Open Sans; font-weight: normal; font-size: small;\"><span style=\"color: #c94626; font-family: Open Sans; font-weight: normal;\"><strong><\/strong><\/span><\/span><span style=\"font-family: Open Sans; font-weight: normal; font-size: small; color: #bd3129;\"><strong><span style=\"text-decoration: underline;\">Pour 2 jours (2eme et 3eme\u00a0jours)<\/span><\/strong> Voir pr\u00e9s-requis<span style=\"text-decoration: underline;\"><\/span><strong><span style=\"text-decoration: underline;\"><br \/><\/span><\/strong><\/span><\/p>\n<p style=\"text-align: left;\"><strong><span style=\"font-family: Open Sans; font-size: small;\">Inscription individuelle : 380 \u20ac<\/span><\/strong><\/p>\n<p style=\"text-align: left;\"><strong><span style=\"font-family: Open Sans; font-size: small;\"><span style=\"color: #c94626; font-family: Open Sans;\"><\/span><\/span><span style=\"font-family: Open Sans; font-size: small;\">Formation continue avec signature d\u2019une convention : 500 \u20ac\u00a0<\/span><\/strong><\/p>\n<p style=\"text-align: left;\"><span style=\"font-family: Open Sans; font-weight: normal; font-size: small;\"><strong><span>Tarif r\u00e9duit en fonction des revenus \u00e9tudi\u00e9 sur demande :<\/span><\/strong> <strong>250 \u20ac\u00a0<\/strong><\/span><\/p>\n<p style=\"text-align: left;\"><span style=\"color: #004b5e; font-size: large;\"><strong><span style=\"font-family: Montserrat Alternates;\">Inscription<\/span><\/strong><\/span><\/p>\n<p style=\"text-align: left;\"><span style=\"font-family: Open Sans; font-weight: normal; font-size: small;\"><span style=\"color: #666666;\"><strong><span style=\"font-family: Montserrat Alternates;\"><span><span style=\"color: #004b5e; font-family: Montserrat Alternates;\"><span style=\"color: #074b5f;\"><span style=\"font-family: inherit;\"><span style=\"font-family: Open Sans; font-size: small;\">L\u2019inscription sera prise en compte apr\u00e8s le paiement des arrhes d\u2019un montant de 180 \u20ac. <\/span><\/span><\/span><\/span><\/span><\/span><\/strong><\/span><\/span><span style=\"font-family: Open Sans; font-weight: normal; font-size: small;\"><span style=\"color: #666666;\"><strong><span style=\"font-family: Montserrat Alternates;\"><span><span style=\"color: #004b5e; font-family: Montserrat Alternates;\"><span style=\"color: #074b5f;\"><span style=\"font-family: inherit;\"><span style=\"font-family: Open Sans; font-size: small;\">Le solde devra \u00eatre r\u00e9gl\u00e9 1 mois avant la formation<\/span><\/span><\/span><\/span><\/span><\/span><\/strong><\/span><\/span><\/p>\n<p style=\"text-align: left;\"><span style=\"font-family: Open Sans; font-weight: normal; font-size: small;\"><span style=\"color: #666666;\"><span style=\"font-family: Montserrat Alternates;\"><span style=\"font-family: 'Open Sans'; font-size: 13px;\">Nombre de places limit\u00e9<\/span><\/span><\/span><\/span><\/p>\n<p style=\"text-align: left;\">\u00a0<strong><span style=\"font-size: small;\"><span style=\"color: #074b5f;\">Pour tous renseignements :\u00a0 <\/span><\/span><\/strong><span style=\"font-size: small;\"><a href=\"https:\/\/www.cercledecompetences.org\/index.php\/lart-therapie-et-psychotraumatologie-module-2\/suivi.formations@cercledecompetences.org\">suivi.formations@cercledecompetences.org<\/a><span style=\"font-family: inherit; font-weight: normal; color: #333333;\"><\/span><\/span><span><span style=\"color: #074b5f;\"><\/span><\/span><span style=\"font-family: Open Sans; font-weight: normal; font-size: small;\"><span style=\"color: #666666;\"><span style=\"font-family: Montserrat Alternates;\"><span style=\"font-family: 'Open Sans'; font-size: 13px;\"><\/span><\/span><\/span><\/span><\/p>\n<p style=\"margin-bottom: 0cm; text-align: justify;\" align=\"JUSTIFY\"><span style=\"font-family: Montserrat Alternates;\"><span style=\"color: #ffffff;\"><span style=\"color: #005353;\"><span style=\"color: #c94626;\"><strong><\/strong><\/span><\/span><\/span><\/span><\/p>\n<p style=\"text-align: center;\" align=\"JUSTIFY\"><span><strong><span style=\"color: #004b5e;\"><span style=\"color: #bd3129; font-size: large;\"><\/span><\/span><\/strong><\/span><\/p>\n<p style=\"text-align: left;\" align=\"JUSTIFY\"><span><strong><\/strong><\/span><\/p>\n<p>[\/et_pb_text][et_pb_button button_url=\u00a0\u00bbhttps:\/\/www.cercledecompetences.org\/index.php\/inscription\/\u00a0\u00bb button_text=\u00a0\u00bbS&rsquo;inscrire \u00e0 cette formation\u00a0\u00bb button_alignment=\u00a0\u00bbcenter\u00a0\u00bb _builder_version=\u00a0\u00bb4.9.10&Prime; custom_button=\u00a0\u00bbon\u00a0\u00bb button_text_size=\u00a0\u00bb17px\u00a0\u00bb button_text_color=\u00a0\u00bb#FFFFFF\u00a0\u00bb button_bg_color=\u00a0\u00bb#c94626&Prime; button_border_width=\u00a0\u00bb10px\u00a0\u00bb button_border_color=\u00a0\u00bbrgba(43,118,223,0)\u00a0\u00bb button_border_radius=\u00a0\u00bb100px\u00a0\u00bb button_font=\u00a0\u00bbRubik|700|||||||\u00a0\u00bb button_use_icon=\u00a0\u00bboff\u00a0\u00bb background_layout=\u00a0\u00bbdark\u00a0\u00bb button_bg_color_hover=\u00a0\u00bb#4f8bdd\u00a0\u00bb locked=\u00a0\u00bboff\u00a0\u00bb button_text_size__hover_enabled=\u00a0\u00bboff\u00a0\u00bb button_one_text_size__hover_enabled=\u00a0\u00bboff\u00a0\u00bb button_two_text_size__hover_enabled=\u00a0\u00bboff\u00a0\u00bb button_text_color__hover_enabled=\u00a0\u00bboff\u00a0\u00bb button_one_text_color__hover_enabled=\u00a0\u00bboff\u00a0\u00bb button_two_text_color__hover_enabled=\u00a0\u00bboff\u00a0\u00bb button_border_width__hover_enabled=\u00a0\u00bboff\u00a0\u00bb button_one_border_width__hover_enabled=\u00a0\u00bboff\u00a0\u00bb button_two_border_width__hover_enabled=\u00a0\u00bboff\u00a0\u00bb button_border_color__hover_enabled=\u00a0\u00bboff\u00a0\u00bb button_one_border_color__hover_enabled=\u00a0\u00bboff\u00a0\u00bb button_two_border_color__hover_enabled=\u00a0\u00bboff\u00a0\u00bb button_border_radius__hover_enabled=\u00a0\u00bboff\u00a0\u00bb button_one_border_radius__hover_enabled=\u00a0\u00bboff\u00a0\u00bb button_two_border_radius__hover_enabled=\u00a0\u00bboff\u00a0\u00bb button_letter_spacing__hover_enabled=\u00a0\u00bboff\u00a0\u00bb button_one_letter_spacing__hover_enabled=\u00a0\u00bboff\u00a0\u00bb button_two_letter_spacing__hover_enabled=\u00a0\u00bboff\u00a0\u00bb button_bg_color__hover_enabled=\u00a0\u00bbon\u00a0\u00bb button_bg_color__hover=\u00a0\u00bb#004b5e\u00a0\u00bb button_one_bg_color__hover_enabled=\u00a0\u00bboff\u00a0\u00bb button_two_bg_color__hover_enabled=\u00a0\u00bboff\u00a0\u00bb][\/et_pb_button][et_pb_button button_url=\u00a0\u00bbhttps:\/\/www.cercledecompetences.org\/index.php\/650-2\/\u00a0\u00bb button_text=\u00a0\u00bbConditions g\u00e9n\u00e9rales de vente\u00a0\u00bb button_alignment=\u00a0\u00bbcenter\u00a0\u00bb _builder_version=\u00a0\u00bb4.9.10&Prime; custom_button=\u00a0\u00bbon\u00a0\u00bb button_text_size=\u00a0\u00bb14px\u00a0\u00bb button_text_color=\u00a0\u00bb#FFFFFF\u00a0\u00bb button_bg_color=\u00a0\u00bb#003366&Prime; button_border_width=\u00a0\u00bb10px\u00a0\u00bb button_border_color=\u00a0\u00bbrgba(43,118,223,0)\u00a0\u00bb button_border_radius=\u00a0\u00bb100px\u00a0\u00bb button_font=\u00a0\u00bbRubik|700|||||||\u00a0\u00bb button_use_icon=\u00a0\u00bboff\u00a0\u00bb background_layout=\u00a0\u00bbdark\u00a0\u00bb button_bg_color_hover=\u00a0\u00bb#4f8bdd\u00a0\u00bb locked=\u00a0\u00bboff\u00a0\u00bb button_text_size__hover_enabled=\u00a0\u00bboff\u00a0\u00bb button_one_text_size__hover_enabled=\u00a0\u00bboff\u00a0\u00bb button_two_text_size__hover_enabled=\u00a0\u00bboff\u00a0\u00bb button_text_color__hover_enabled=\u00a0\u00bboff\u00a0\u00bb button_one_text_color__hover_enabled=\u00a0\u00bboff\u00a0\u00bb button_two_text_color__hover_enabled=\u00a0\u00bboff\u00a0\u00bb button_border_width__hover_enabled=\u00a0\u00bboff\u00a0\u00bb button_one_border_width__hover_enabled=\u00a0\u00bboff\u00a0\u00bb button_two_border_width__hover_enabled=\u00a0\u00bboff\u00a0\u00bb button_border_color__hover_enabled=\u00a0\u00bboff\u00a0\u00bb button_one_border_color__hover_enabled=\u00a0\u00bboff\u00a0\u00bb button_two_border_color__hover_enabled=\u00a0\u00bboff\u00a0\u00bb button_border_radius__hover_enabled=\u00a0\u00bboff\u00a0\u00bb button_one_border_radius__hover_enabled=\u00a0\u00bboff\u00a0\u00bb button_two_border_radius__hover_enabled=\u00a0\u00bboff\u00a0\u00bb button_letter_spacing__hover_enabled=\u00a0\u00bboff\u00a0\u00bb button_one_letter_spacing__hover_enabled=\u00a0\u00bboff\u00a0\u00bb button_two_letter_spacing__hover_enabled=\u00a0\u00bboff\u00a0\u00bb button_bg_color__hover_enabled=\u00a0\u00bbon\u00a0\u00bb button_bg_color__hover=\u00a0\u00bb#004b5e\u00a0\u00bb button_one_bg_color__hover_enabled=\u00a0\u00bboff\u00a0\u00bb button_two_bg_color__hover_enabled=\u00a0\u00bboff\u00a0\u00bb][\/et_pb_button][\/et_pb_column_inner][\/et_pb_row_inner][et_pb_row_inner _builder_version=\u00a0\u00bb3.25&Prime; custom_padding=\u00a0\u00bb45px|0px|70px|0px|false|false\u00a0\u00bb][et_pb_column_inner saved_specialty_column_type=\u00a0\u00bb1_2&Prime; _builder_version=\u00a0\u00bb3.25&Prime; custom_padding=\u00a0\u00bb|||\u00a0\u00bb parallax__hover=\u00a0\u00bboff\u00a0\u00bb parallax_method__hover=\u00a0\u00bbon\u00a0\u00bb custom_padding__hover=\u00a0\u00bb|||\u00a0\u00bb][et_pb_image src=\u00a0\u00bbhttps:\/\/www.cercledecompetences.org\/wp-content\/uploads\/2019\/01\/logo-rond-2.gif\u00a0\u00bb align_tablet=\u00a0\u00bbcenter\u00a0\u00bb align_phone=\u00a0\u00bb\u00a0\u00bb align_last_edited=\u00a0\u00bbon|desktop\u00a0\u00bb _builder_version=\u00a0\u00bb3.23&Prime; max_width=\u00a0\u00bb27%\u00a0\u00bb module_alignment=\u00a0\u00bbcenter\u00a0\u00bb][\/et_pb_image][\/et_pb_column_inner][\/et_pb_row_inner][\/et_pb_column][\/et_pb_section]<\/p>\n","protected":false},"excerpt":{"rendered":"<p>\u00a0 Psychologie positive et croissance post traumatique Descriptif de la formation : La psychologie positive \u00e9tudie l&rsquo;\u00e9panouissement et le fonctionnement optimal. Cette science peut nous aider en tant que professionnels \u00e0 nous appuyer sur les ressources des personnes que nous accompagnons et \u00e0 leur donner des outils concrets pour faire croitre leurs comp\u00e9tences. Ainsi, ils [&hellip;]<\/p>\n","protected":false},"author":3,"featured_media":0,"parent":0,"menu_order":0,"comment_status":"closed","ping_status":"closed","template":"","meta":{"_et_pb_use_builder":"on","_et_pb_old_content":"","_et_gb_content_width":"","_glsr_average":0,"_glsr_ranking":0,"_glsr_reviews":0,"footnotes":""},"class_list":["post-3212","page","type-page","status-publish","hentry"],"yoast_head":"<!-- This site is optimized with the Yoast SEO plugin v27.0 - https:\/\/yoast.com\/product\/yoast-seo-wordpress\/ -->\n<title>Psychologie positive et croissance post-traumatique - Cercle de comp\u00e9tences<\/title>\n<meta name=\"robots\" content=\"index, follow, max-snippet:-1, max-image-preview:large, max-video-preview:-1\" \/>\n<link rel=\"canonical\" href=\"https:\/\/www.cercledecompetences.org\/index.php\/psychologie-positive-et-croissance-post-traumatique\/\" \/>\n<meta property=\"og:locale\" content=\"fr_FR\" \/>\n<meta property=\"og:type\" content=\"article\" \/>\n<meta property=\"og:title\" content=\"Psychologie positive et croissance post-traumatique - Cercle de comp\u00e9tences\" \/>\n<meta property=\"og:description\" content=\"\u00a0 Psychologie positive et croissance post traumatique Descriptif de la formation : La psychologie positive \u00e9tudie l&#039;\u00e9panouissement et le fonctionnement optimal. Cette science peut nous aider en tant que professionnels \u00e0 nous appuyer sur les ressources des personnes que nous accompagnons et \u00e0 leur donner des outils concrets pour faire croitre leurs comp\u00e9tences. Ainsi, ils [&hellip;]\" \/>\n<meta property=\"og:url\" content=\"https:\/\/www.cercledecompetences.org\/index.php\/psychologie-positive-et-croissance-post-traumatique\/\" \/>\n<meta property=\"og:site_name\" content=\"Cercle de comp\u00e9tences\" \/>\n<meta property=\"article:publisher\" content=\"https:\/\/www.facebook.com\/cercledecompetences.Bretagne.et.Lyon\/\" \/>\n<meta property=\"article:modified_time\" content=\"2022-10-10T16:34:38+00:00\" \/>\n<meta name=\"twitter:card\" content=\"summary_large_image\" \/>\n<meta name=\"twitter:label1\" content=\"Dur\u00e9e de lecture estim\u00e9e\" \/>\n\t<meta name=\"twitter:data1\" content=\"10 minutes\" \/>\n<script type=\"application\/ld+json\" class=\"yoast-schema-graph\">{\"@context\":\"https:\/\/schema.org\",\"@graph\":[{\"@type\":\"WebPage\",\"@id\":\"https:\/\/www.cercledecompetences.org\/index.php\/psychologie-positive-et-croissance-post-traumatique\/\",\"url\":\"https:\/\/www.cercledecompetences.org\/index.php\/psychologie-positive-et-croissance-post-traumatique\/\",\"name\":\"Psychologie positive et croissance post-traumatique - Cercle de comp\u00e9tences\",\"isPartOf\":{\"@id\":\"https:\/\/www.cercledecompetences.org\/#website\"},\"datePublished\":\"2020-08-26T07:26:23+00:00\",\"dateModified\":\"2022-10-10T16:34:38+00:00\",\"breadcrumb\":{\"@id\":\"https:\/\/www.cercledecompetences.org\/index.php\/psychologie-positive-et-croissance-post-traumatique\/#breadcrumb\"},\"inLanguage\":\"fr-FR\",\"potentialAction\":[{\"@type\":\"ReadAction\",\"target\":[\"https:\/\/www.cercledecompetences.org\/index.php\/psychologie-positive-et-croissance-post-traumatique\/\"]}]},{\"@type\":\"BreadcrumbList\",\"@id\":\"https:\/\/www.cercledecompetences.org\/index.php\/psychologie-positive-et-croissance-post-traumatique\/#breadcrumb\",\"itemListElement\":[{\"@type\":\"ListItem\",\"position\":1,\"name\":\"Accueil\",\"item\":\"https:\/\/www.cercledecompetences.org\/\"},{\"@type\":\"ListItem\",\"position\":2,\"name\":\"Psychologie positive et croissance post-traumatique\"}]},{\"@type\":\"WebSite\",\"@id\":\"https:\/\/www.cercledecompetences.org\/#website\",\"url\":\"https:\/\/www.cercledecompetences.org\/\",\"name\":\"Cercle de comp\u00e9tences\",\"description\":\"Organisme de formation associatif\",\"publisher\":{\"@id\":\"https:\/\/www.cercledecompetences.org\/#organization\"},\"potentialAction\":[{\"@type\":\"SearchAction\",\"target\":{\"@type\":\"EntryPoint\",\"urlTemplate\":\"https:\/\/www.cercledecompetences.org\/?s={search_term_string}\"},\"query-input\":{\"@type\":\"PropertyValueSpecification\",\"valueRequired\":true,\"valueName\":\"search_term_string\"}}],\"inLanguage\":\"fr-FR\"},{\"@type\":\"Organization\",\"@id\":\"https:\/\/www.cercledecompetences.org\/#organization\",\"name\":\"Cercle de comp\u00e9tences\",\"url\":\"https:\/\/www.cercledecompetences.org\/\",\"logo\":{\"@type\":\"ImageObject\",\"inLanguage\":\"fr-FR\",\"@id\":\"https:\/\/www.cercledecompetences.org\/#\/schema\/logo\/image\/\",\"url\":\"https:\/\/www.cercledecompetences.org\/wp-content\/uploads\/2019\/01\/logo-rond.gif\",\"contentUrl\":\"https:\/\/www.cercledecompetences.org\/wp-content\/uploads\/2019\/01\/logo-rond.gif\",\"width\":863,\"height\":1137,\"caption\":\"Cercle de comp\u00e9tences\"},\"image\":{\"@id\":\"https:\/\/www.cercledecompetences.org\/#\/schema\/logo\/image\/\"},\"sameAs\":[\"https:\/\/www.facebook.com\/cercledecompetences.Bretagne.et.Lyon\/\",\"https:\/\/www.linkedin.com\/company\/cercle-de-competences\/\"]}]}<\/script>\n<!-- \/ Yoast SEO plugin. -->","yoast_head_json":{"title":"Psychologie positive et croissance post-traumatique - Cercle de comp\u00e9tences","robots":{"index":"index","follow":"follow","max-snippet":"max-snippet:-1","max-image-preview":"max-image-preview:large","max-video-preview":"max-video-preview:-1"},"canonical":"https:\/\/www.cercledecompetences.org\/index.php\/psychologie-positive-et-croissance-post-traumatique\/","og_locale":"fr_FR","og_type":"article","og_title":"Psychologie positive et croissance post-traumatique - Cercle de comp\u00e9tences","og_description":"\u00a0 Psychologie positive et croissance post traumatique Descriptif de la formation : La psychologie positive \u00e9tudie l'\u00e9panouissement et le fonctionnement optimal. Cette science peut nous aider en tant que professionnels \u00e0 nous appuyer sur les ressources des personnes que nous accompagnons et \u00e0 leur donner des outils concrets pour faire croitre leurs comp\u00e9tences. Ainsi, ils [&hellip;]","og_url":"https:\/\/www.cercledecompetences.org\/index.php\/psychologie-positive-et-croissance-post-traumatique\/","og_site_name":"Cercle de comp\u00e9tences","article_publisher":"https:\/\/www.facebook.com\/cercledecompetences.Bretagne.et.Lyon\/","article_modified_time":"2022-10-10T16:34:38+00:00","twitter_card":"summary_large_image","twitter_misc":{"Dur\u00e9e de lecture estim\u00e9e":"10 minutes"},"schema":{"@context":"https:\/\/schema.org","@graph":[{"@type":"WebPage","@id":"https:\/\/www.cercledecompetences.org\/index.php\/psychologie-positive-et-croissance-post-traumatique\/","url":"https:\/\/www.cercledecompetences.org\/index.php\/psychologie-positive-et-croissance-post-traumatique\/","name":"Psychologie positive et croissance post-traumatique - Cercle de comp\u00e9tences","isPartOf":{"@id":"https:\/\/www.cercledecompetences.org\/#website"},"datePublished":"2020-08-26T07:26:23+00:00","dateModified":"2022-10-10T16:34:38+00:00","breadcrumb":{"@id":"https:\/\/www.cercledecompetences.org\/index.php\/psychologie-positive-et-croissance-post-traumatique\/#breadcrumb"},"inLanguage":"fr-FR","potentialAction":[{"@type":"ReadAction","target":["https:\/\/www.cercledecompetences.org\/index.php\/psychologie-positive-et-croissance-post-traumatique\/"]}]},{"@type":"BreadcrumbList","@id":"https:\/\/www.cercledecompetences.org\/index.php\/psychologie-positive-et-croissance-post-traumatique\/#breadcrumb","itemListElement":[{"@type":"ListItem","position":1,"name":"Accueil","item":"https:\/\/www.cercledecompetences.org\/"},{"@type":"ListItem","position":2,"name":"Psychologie positive et croissance post-traumatique"}]},{"@type":"WebSite","@id":"https:\/\/www.cercledecompetences.org\/#website","url":"https:\/\/www.cercledecompetences.org\/","name":"Cercle de comp\u00e9tences","description":"Organisme de formation associatif","publisher":{"@id":"https:\/\/www.cercledecompetences.org\/#organization"},"potentialAction":[{"@type":"SearchAction","target":{"@type":"EntryPoint","urlTemplate":"https:\/\/www.cercledecompetences.org\/?s={search_term_string}"},"query-input":{"@type":"PropertyValueSpecification","valueRequired":true,"valueName":"search_term_string"}}],"inLanguage":"fr-FR"},{"@type":"Organization","@id":"https:\/\/www.cercledecompetences.org\/#organization","name":"Cercle de comp\u00e9tences","url":"https:\/\/www.cercledecompetences.org\/","logo":{"@type":"ImageObject","inLanguage":"fr-FR","@id":"https:\/\/www.cercledecompetences.org\/#\/schema\/logo\/image\/","url":"https:\/\/www.cercledecompetences.org\/wp-content\/uploads\/2019\/01\/logo-rond.gif","contentUrl":"https:\/\/www.cercledecompetences.org\/wp-content\/uploads\/2019\/01\/logo-rond.gif","width":863,"height":1137,"caption":"Cercle de comp\u00e9tences"},"image":{"@id":"https:\/\/www.cercledecompetences.org\/#\/schema\/logo\/image\/"},"sameAs":["https:\/\/www.facebook.com\/cercledecompetences.Bretagne.et.Lyon\/","https:\/\/www.linkedin.com\/company\/cercle-de-competences\/"]}]}},"_links":{"self":[{"href":"https:\/\/www.cercledecompetences.org\/index.php\/wp-json\/wp\/v2\/pages\/3212","targetHints":{"allow":["GET"]}}],"collection":[{"href":"https:\/\/www.cercledecompetences.org\/index.php\/wp-json\/wp\/v2\/pages"}],"about":[{"href":"https:\/\/www.cercledecompetences.org\/index.php\/wp-json\/wp\/v2\/types\/page"}],"author":[{"embeddable":true,"href":"https:\/\/www.cercledecompetences.org\/index.php\/wp-json\/wp\/v2\/users\/3"}],"replies":[{"embeddable":true,"href":"https:\/\/www.cercledecompetences.org\/index.php\/wp-json\/wp\/v2\/comments?post=3212"}],"version-history":[{"count":30,"href":"https:\/\/www.cercledecompetences.org\/index.php\/wp-json\/wp\/v2\/pages\/3212\/revisions"}],"predecessor-version":[{"id":6050,"href":"https:\/\/www.cercledecompetences.org\/index.php\/wp-json\/wp\/v2\/pages\/3212\/revisions\/6050"}],"wp:attachment":[{"href":"https:\/\/www.cercledecompetences.org\/index.php\/wp-json\/wp\/v2\/media?parent=3212"}],"curies":[{"name":"wp","href":"https:\/\/api.w.org\/{rel}","templated":true}]}}