{"id":3356,"date":"2020-09-11T16:58:52","date_gmt":"2020-09-11T14:58:52","guid":{"rendered":"https:\/\/www.cercledecompetences.org\/?page_id=3356"},"modified":"2021-05-06T10:54:48","modified_gmt":"2021-05-06T08:54:48","slug":"formations","status":"publish","type":"page","link":"https:\/\/www.cercledecompetences.org\/index.php\/formations\/","title":{"rendered":"La psychotraumatologie centr\u00e9 comp\u00e9tences: base de nos formations"},"content":{"rendered":"<p>[et_pb_section fb_built=\u00a0\u00bb1&Prime; _builder_version=\u00a0\u00bb3.22.3&Prime;][et_pb_row custom_padding=\u00a0\u00bb30px|0px|30px|0px|false|false\u00a0\u00bb custom_margin=\u00a0\u00bb|||\u00a0\u00bb _builder_version=\u00a0\u00bb3.23.2&Prime; background_color=\u00a0\u00bb#a30d00&Prime;][et_pb_column type=\u00a0\u00bb4_4&Prime; _builder_version=\u00a0\u00bb3.19&Prime;][et_pb_text _builder_version=\u00a0\u00bb3.23.2&Prime; header_font=\u00a0\u00bbMontserrat Alternates||||||||\u00a0\u00bb header_text_color=\u00a0\u00bb#ffffff\u00a0\u00bb header_2_font=\u00a0\u00bb||||||||\u00a0\u00bb custom_padding=\u00a0\u00bb||0px|||\u00a0\u00bb]<\/p>\n<h1 style=\"text-align: center;\"><span style=\"color: #ffffff;\">Nos formations catalogue <br \/><\/span><\/h1>\n<h1 style=\"text-align: center;\"><span style=\"color: #ffffff;\"> <\/span><\/h1>\n<h1 style=\"text-align: center;\"><span style=\"color: #ffffff;\"> <\/span><\/h1>\n<p>[\/et_pb_text][\/et_pb_column][\/et_pb_row][et_pb_row custom_margin=\u00a0\u00bb1px|auto||auto||\u00a0\u00bb _builder_version=\u00a0\u00bb3.23.2&Prime; min_height=\u00a0\u00bb13px\u00a0\u00bb][et_pb_column type=\u00a0\u00bb4_4&Prime; _builder_version=\u00a0\u00bb3.23.2&Prime;][et_pb_text _builder_version=\u00a0\u00bb3.23.2&Prime; header_font=\u00a0\u00bbMontserrat Alternates||||||||\u00a0\u00bb header_text_color=\u00a0\u00bb#ffffff\u00a0\u00bb header_2_font=\u00a0\u00bb||||||||\u00a0\u00bb custom_padding=\u00a0\u00bb0px|||||\u00a0\u00bb]<\/p>\n<p><span style=\"font-size: large;\"><strong><span style=\"font-family: inherit; font-weight: normal;\"><br \/> <span style=\"font-size: medium;\"><strong> <span style=\"color: #a03a14;\">Le mo<\/span><span style=\"color: #a03a14;\">d\u00e8le de Psychotraumatologie Centr\u00e9e Comp\u00e9tences<\/span>\u00a0 \u00e9labor\u00e9 par\u00a0<\/strong><a href=\"https:\/\/www.cercledecompetences.org\/index.php\/ressources-helene-delluci\/\"><strong><span style=\"color: #912914;\">H\u00e9l\u00e8ne Dellucci<\/span><\/strong>\u00a0<\/a><\/span><\/span><\/strong><span style=\"font-family: inherit; font-weight: normal; font-size: medium;\"> permet \u00e0 la personne d&rsquo;apaiser ses \u00ab plaies \u00e9motionnelles \u00bb de mani\u00e8re s\u00e9curis\u00e9e et d&rsquo;aborder les \u00ab\u00a0histoires complexes\u00a0\u00bb de sa vie avec du recul, tout en s&rsquo;appuyant sur ses comp\u00e9tences.<\/span><\/span><\/p>\n<p><span style=\"font-family: inherit; font-weight: normal; font-size: medium;\"><\/span><\/p>\n<p><span style=\"font-size: medium;\"><span style=\"font-family: inherit; font-weight: normal;\">Nous vous proposons<strong> un cycle de base de<\/strong> <strong>4\u00a0 modules cons\u00e9cutifs.\u00a0 <\/strong><\/span><\/span><\/p>\n<p><span style=\"font-size: medium;\"><span style=\"font-family: inherit; font-weight: normal;\"><strong>Ce cycle de 9 mois<\/strong> vous donnera tous les outils pour naviguer en s\u00e9curit\u00e9 avec des personnes\u00a0ayant v\u00e9cu des traumas complexes.<\/span><\/span><\/p>\n<p><span style=\"font-size: medium;\"><span style=\"font-family: inherit; font-weight: normal;\"><\/span><\/span><\/p>\n<p><span style=\"font-size: medium;\"><span style=\"font-family: inherit; font-weight: normal;\">Vous pouvez faire<strong><span style=\"text-decoration: underline;\"> uniquement le <a href=\"https:\/\/www.cercledecompetences.org\/index.php\/psychotraumaologie-centree-competences-niveau-2\/\" target=\"_blank\" rel=\"noopener noreferrer\" title=\"https:\/\/www.cercledecompetences.org\/index.php\/pyschotrauma-module-2-2020\/\">module 1 <\/a><\/span><\/strong><span style=\"text-decoration: underline;\"><a href=\"https:\/\/www.cercledecompetences.org\/index.php\/psychotraumaologie-centree-competences-niveau-2\/\" target=\"_blank\" rel=\"noopener noreferrer\" title=\"https:\/\/www.cercledecompetences.org\/index.php\/pyschotrauma-module-2-2020\/\">(outils de compr\u00e9hension et de stabilisation)<\/a>\u00a0<\/span><strong><span style=\"text-decoration: underline;\"> <\/span><\/strong><\/span><\/span><span style=\"color: #c94626;\"><\/span><span style=\"font-size: medium;\"><span style=\"font-family: inherit; font-weight: normal;\"><strong><span style=\"text-decoration: underline;\">et <a href=\"https:\/\/www.cercledecompetences.org\/index.php\/pyschotrauma-module-2-2020\/\" target=\"_blank\" rel=\"noopener noreferrer\">le module 2<\/a><\/span><\/strong><a href=\"https:\/\/www.cercledecompetences.org\/index.php\/pyschotrauma-module-2-2020\/\" target=\"_blank\" rel=\"noopener noreferrer\"> (travailler le traumatisme aupr\u00e8s de groupes, de familles et couples en toute s\u00e9curit\u00e9)\u00a0<\/a> <\/span><\/span><span style=\"font-size: medium;\"><span style=\"font-family: inherit; font-weight: normal;\">si vous le souhaitez. <\/span><\/span><\/p>\n<div class=\"et_pb_column et_pb_column_4_4 et_pb_column_1    et_pb_css_mix_blend_mode_passthrough et-last-child\">\n<div class=\"et_pb_module et_pb_text et_pb_text_0 et_pb_bg_layout_light  et_pb_text_align_left\">\n<div class=\"et_pb_text_inner\"><\/div>\n<\/div>\n<\/div>\n<h4><span style=\"font-size: medium; font-family: inherit; font-weight: normal; color: #666666;\">\u00a0<\/span><\/h4>\n<p>[\/et_pb_text][\/et_pb_column][\/et_pb_row][et_pb_row custom_padding=\u00a0\u00bb30px|0px|30px|0px|false|false\u00a0\u00bb custom_margin=\u00a0\u00bb|auto||||\u00a0\u00bb _builder_version=\u00a0\u00bb3.23.2&Prime; background_color=\u00a0\u00bb#004b5e\u00a0\u00bb][et_pb_column type=\u00a0\u00bb4_4&Prime; _builder_version=\u00a0\u00bb3.19&Prime;][et_pb_text _builder_version=\u00a0\u00bb3.23.2&Prime; header_font=\u00a0\u00bbMontserrat Alternates||||||||\u00a0\u00bb header_text_color=\u00a0\u00bb#ffffff\u00a0\u00bb header_2_font=\u00a0\u00bb||||||||\u00a0\u00bb]<\/p>\n<h1 style=\"text-align: center;\">Modules ind\u00e9pendants ouverts \u00e0 tous<\/h1>\n<p>[\/et_pb_text][\/et_pb_column][\/et_pb_row][et_pb_row _builder_version=\u00a0\u00bb3.23.2&Prime;][et_pb_column type=\u00a0\u00bb4_4&Prime; _builder_version=\u00a0\u00bb3.23.2&Prime;][et_pb_text _builder_version=\u00a0\u00bb3.23.2&Prime;]<\/p>\n<h2 style=\"text-align: center;\"><strong><span style=\"color: #993300;\">Si les conditions sanitaires ne nous premettent pas de donner nos formations en pr\u00e9sentiel, elles se feront <span style=\"text-decoration: underline;\">en LIGNE<\/span><\/span><\/strong><\/h2>\n<h2><strong><span style=\"color: #993300;\"><\/span><\/strong><\/h2>\n<h2><strong><span style=\"color: #993300;\"><\/span><\/strong><\/h2>\n<h2><strong><span style=\"color: #993300;\"><\/span><\/strong><\/h2>\n<p>[\/et_pb_text][\/et_pb_column][\/et_pb_row][et_pb_row _builder_version=\u00a0\u00bb3.23.2&Prime; background_color=\u00a0\u00bb#f2e1ab\u00a0\u00bb][et_pb_column type=\u00a0\u00bb1_4&Prime; _builder_version=\u00a0\u00bb3.19&Prime;][et_pb_text _builder_version=\u00a0\u00bb3.23.2&Prime; text_font=\u00a0\u00bbMontserrat Alternates||||||||\u00a0\u00bb text_text_color=\u00a0\u00bb#004b5e\u00a0\u00bb header_font=\u00a0\u00bb||||||||\u00a0\u00bb header_text_color=\u00a0\u00bb#c94626&Prime; header_3_font=\u00a0\u00bb||||||||\u00a0\u00bb header_3_text_color=\u00a0\u00bb#004b5e\u00a0\u00bb link_option_url=\u00a0\u00bbhttps:\/\/www.cercledecompetences.org\/index.php\/clinique-de-lexil\/\u00a0\u00bb]<\/p>\n<h3 id=\"mig-agenda-dates-180036A\" class=\"mig-agenda-dates\"><span style=\"color: #333399;\"><a href=\"https:\/\/www.cercledecompetences.org\/index.php\/clinique-de-lexil\/\" target=\"_blank\" rel=\"noopener noreferrer\" style=\"color: #333399;\"><span class=\"mig-agenda-datedebutsession\">Psychotraumatologie centr\u00e9e comp\u00e9tences et clinique de l\u2019exil<\/span><\/a><\/span><\/h3>\n<div class=\"mig-agenda-observationsweb\">\n<p><span class=\"mig-agenda-observationsweb-val\">Formatrice : C\u00e9cile Bertrand<br \/> <\/span><\/p>\n<\/div>\n<p>[\/et_pb_text][\/et_pb_column][et_pb_column type=\u00a0\u00bb1_4&Prime; _builder_version=\u00a0\u00bb3.19&Prime;][et_pb_image src=\u00a0\u00bbhttps:\/\/www.cercledecompetences.org\/wp-content\/uploads\/2019\/02\/111212.jpg\u00a0\u00bb url=\u00a0\u00bbhttps:\/\/www.cercledecompetences.org\/index.php\/clinique-de-lexil\/\u00a0\u00bb align_tablet=\u00a0\u00bbcenter\u00a0\u00bb align_last_edited=\u00a0\u00bbon|desktop\u00a0\u00bb _builder_version=\u00a0\u00bb3.23.2&Prime;][\/et_pb_image][\/et_pb_column][et_pb_column type=\u00a0\u00bb1_4&Prime; _builder_version=\u00a0\u00bb3.19&Prime;][et_pb_text _builder_version=\u00a0\u00bb3.23.2&Prime; text_font=\u00a0\u00bbMontserrat Alternates||||||||\u00a0\u00bb]<\/p>\n<p><strong><span class=\"mig-agenda-datedebutsession\">19,20 et 21 Mai 2021 &#8211; Bretagne<br \/><\/span><\/strong><\/p>\n<p><span class=\"mig-agenda-nbheures-txt\">Dur\u00e9e<\/span> <span class=\"mig-agenda-nbheures-separateur\">:<\/span> 3 jours<\/p>\n<div class=\"mig-agenda-dureelieu\">\n<div id=\"mig-agenda-infolieu-180036A\" class=\"mig-agenda-infolieu\"><span class=\"mig-agenda-lieu-txt\">Lieu<\/span> <span class=\"mig-agenda-lieu-separateur\">: Binic &#8211; Bretagne<br \/><\/span><\/div>\n<\/div>\n<p>[\/et_pb_text][\/et_pb_column][et_pb_column type=\u00a0\u00bb1_4&Prime; _builder_version=\u00a0\u00bb3.19&Prime;][et_pb_text _builder_version=\u00a0\u00bb3.23.2&Prime; text_font=\u00a0\u00bbMontserrat Alternates||||||||\u00a0\u00bb]<\/p>\n<div id=\"mig-agenda-tarif-180036A\" class=\"mig-agenda-tarif \">\n<div id=\"mig-tarif-session-id\" class=\"mig-tarif\"><span id=\"mig-tarif-public\" class=\"mig-tarif-public-actif\"><span id=\"mig-tarif-public-ht\"><span id=\"mig-tarif-public-txt\" class=\"mig-tarif-public-actif-txt\">Particulier<\/span> <span id=\"mig-tarif-public-separateur\" class=\"mig-tarif-public-actif-separateur\"> : 510<\/span> <span id=\"mig-tarif-public-txt2\" class=\"mig-tarif-public-actif-txt2\">\u20ac <\/span><\/span><\/span><\/div>\n<div class=\"mig-tarif\"><span id=\"mig-tarif-adherent\" class=\"mig-tarif-adherent-inactif\"><span class=\"mig-tarif-adherent-ht\"><span id=\"mig-tarif-adherent-separateur\" class=\"mig-tarif-adherent-inactif-separateur\">Formation continue avec convention <\/span> <span id=\"mig-tarif-adherent-txt2\" class=\"mig-tarif-adherent-inactif-txt2\">: 690 \u20ac<\/span><\/span><\/span><\/div>\n<\/div>\n<div class=\"mig-agenda-dureelieu\">\n<div id=\"mig-agenda-infolieu-180036A\" class=\"mig-agenda-infolieu\"><span class=\"mig-agenda-lieu-separateur\"><\/span><\/div>\n<\/div>\n<p>[\/et_pb_text][et_pb_button button_url=\u00a0\u00bbhttps:\/\/www.cercledecompetences.org\/index.php\/inscription\/\u00a0\u00bb button_text=\u00a0\u00bbJe m&rsquo;inscris en ligne\u00a0\u00bb _builder_version=\u00a0\u00bb3.23.2&Prime; custom_button=\u00a0\u00bbon\u00a0\u00bb button_text_size=\u00a0\u00bb15px\u00a0\u00bb button_text_color=\u00a0\u00bb#ffffff\u00a0\u00bb button_bg_color=\u00a0\u00bb#004b5e\u00a0\u00bb button_border_width=\u00a0\u00bb0px\u00a0\u00bb button_border_radius=\u00a0\u00bb30px\u00a0\u00bb button_font=\u00a0\u00bb||||||||\u00a0\u00bb][\/et_pb_button][\/et_pb_column][\/et_pb_row][et_pb_row _builder_version=\u00a0\u00bb3.23.2&Prime;][et_pb_column type=\u00a0\u00bb4_4&Prime; _builder_version=\u00a0\u00bb3.23.2&Prime;][et_pb_divider _builder_version=\u00a0\u00bb3.23.2&Prime;][\/et_pb_divider][\/et_pb_column][\/et_pb_row][et_pb_row _builder_version=\u00a0\u00bb3.23.2&Prime; background_color=\u00a0\u00bb#ffffff\u00a0\u00bb][et_pb_column type=\u00a0\u00bb1_4&Prime; _builder_version=\u00a0\u00bb3.19&Prime;][et_pb_text _builder_version=\u00a0\u00bb3.23.2&Prime; text_font=\u00a0\u00bbMontserrat Alternates||||||||\u00a0\u00bb header_font=\u00a0\u00bb||||||||\u00a0\u00bb header_text_color=\u00a0\u00bb#c94626&Prime; link_option_url=\u00a0\u00bbhttps:\/\/www.cercledecompetences.org\/index.php\/pyschotrauma-module-2-2020\/\u00a0\u00bb]<\/p>\n<h3 id=\"mig-agenda-dates-180036A\" class=\"mig-agenda-dates\"><a href=\"https:\/\/www.cercledecompetences.org\/index.php\/ecopsychologie-et-urgence-climatique\/\" target=\"_blank\" rel=\"noopener noreferrer\"><span class=\"mig-agenda-datedebutsession\" style=\"color: #c94626;\">Ecopsychologie et urgence climatique<\/span><\/a><\/h3>\n<div class=\"mig-agenda-observationsweb\">\n<p><span class=\"mig-agenda-observationsweb-val\">Formatrices : Laetitia de Schoutheete, Marine Simon, Emily Hawkes<br \/> <\/span><\/p>\n<\/div>\n<p>[\/et_pb_text][\/et_pb_column][et_pb_column type=\u00a0\u00bb1_4&Prime; _builder_version=\u00a0\u00bb3.19&Prime;][et_pb_image src=\u00a0\u00bbhttps:\/\/www.cercledecompetences.org\/wp-content\/uploads\/2020\/08\/285078-2.jpg\u00a0\u00bb url=\u00a0\u00bbhttps:\/\/www.cercledecompetences.org\/index.php\/ecopsychologie-et-urgence-climatique\/\u00a0\u00bb align_tablet=\u00a0\u00bbcenter\u00a0\u00bb align_last_edited=\u00a0\u00bbon|desktop\u00a0\u00bb _builder_version=\u00a0\u00bb3.23.2&Prime;][\/et_pb_image][\/et_pb_column][et_pb_column type=\u00a0\u00bb1_4&Prime; _builder_version=\u00a0\u00bb3.19&Prime;][et_pb_text _builder_version=\u00a0\u00bb3.23.2&Prime; text_font=\u00a0\u00bbMontserrat Alternates||||||||\u00a0\u00bb link_option_url=\u00a0\u00bbhttps:\/\/www.cercledecompetences.org\/index.php\/pyschotrauma-module-2-2020\/\u00a0\u00bb]<\/p>\n<p><strong><span class=\"mig-agenda-datedebutsession\">2,3,4, et 5 Juin 2021 &#8211; Dr\u00f4me<\/span><\/strong><\/p>\n<p><span class=\"mig-agenda-nbheures-txt\">Dur\u00e9e<\/span> <span class=\"mig-agenda-nbheures-separateur\">:<\/span> 4 jours &#8211; r\u00e9sidentiel<\/p>\n<div class=\"mig-agenda-dureelieu\">\n<div id=\"mig-agenda-infolieu-180036A\" class=\"mig-agenda-infolieu\"><span class=\"mig-agenda-lieu-txt\">Lieu<\/span> <span class=\"mig-agenda-lieu-separateur\">: Centre agro \u00e9cologique\u00a0 \u00ab\u00a0Les Amanins\u00a0\u00bb<br \/><\/span><\/div>\n<\/div>\n<p>[\/et_pb_text][\/et_pb_column][et_pb_column type=\u00a0\u00bb1_4&Prime; _builder_version=\u00a0\u00bb3.19&Prime;][et_pb_text _builder_version=\u00a0\u00bb3.23.2&Prime; text_font=\u00a0\u00bbMontserrat Alternates||||||||\u00a0\u00bb]<\/p>\n<div id=\"mig-agenda-tarif-180036A\" class=\"mig-agenda-tarif \">\n<div id=\"mig-tarif-session-id\" class=\"mig-tarif\"><span id=\"mig-tarif-public\" class=\"mig-tarif-public-actif\"><span id=\"mig-tarif-public-ht\"><span id=\"mig-tarif-public-txt\" class=\"mig-tarif-public-actif-txt\">Particulier<\/span> <span id=\"mig-tarif-public-separateur\" class=\"mig-tarif-public-actif-separateur\"> : 640<\/span> <span id=\"mig-tarif-public-txt2\" class=\"mig-tarif-public-actif-txt2\">\u20ac <\/span><\/span><\/span><\/div>\n<div class=\"mig-tarif\"><span id=\"mig-tarif-adherent\" class=\"mig-tarif-adherent-inactif\"><span class=\"mig-tarif-adherent-ht\"><span id=\"mig-tarif-adherent-separateur\" class=\"mig-tarif-adherent-inactif-separateur\">Formation continue avec convention <\/span> <span id=\"mig-tarif-adherent-txt2\" class=\"mig-tarif-adherent-inactif-txt2\">: 880 \u20ac<\/span><\/span><\/span><\/div>\n<\/div>\n<p>[\/et_pb_text][et_pb_button button_url=\u00a0\u00bbhttps:\/\/www.cercledecompetences.org\/index.php\/inscription\/\u00a0\u00bb button_text=\u00a0\u00bbJe m&rsquo;inscris en ligne\u00a0\u00bb _builder_version=\u00a0\u00bb3.23.2&Prime; custom_button=\u00a0\u00bbon\u00a0\u00bb button_text_size=\u00a0\u00bb15px\u00a0\u00bb button_text_color=\u00a0\u00bb#ffffff\u00a0\u00bb button_bg_color=\u00a0\u00bb#c94626&Prime; button_border_width=\u00a0\u00bb0px\u00a0\u00bb button_border_radius=\u00a0\u00bb30px\u00a0\u00bb button_font=\u00a0\u00bb||||||||\u00a0\u00bb][\/et_pb_button][\/et_pb_column][\/et_pb_row][et_pb_row _builder_version=\u00a0\u00bb3.23.2&Prime;][et_pb_column type=\u00a0\u00bb4_4&Prime; _builder_version=\u00a0\u00bb3.23.2&Prime;][et_pb_divider _builder_version=\u00a0\u00bb3.23.2&Prime;][\/et_pb_divider][\/et_pb_column][\/et_pb_row][et_pb_row _builder_version=\u00a0\u00bb3.23.2&Prime; background_color=\u00a0\u00bb#f2e1ab\u00a0\u00bb][et_pb_column type=\u00a0\u00bb1_4&Prime; _builder_version=\u00a0\u00bb3.19&Prime;][et_pb_text _builder_version=\u00a0\u00bb3.23.2&Prime; text_font=\u00a0\u00bbMontserrat Alternates||||||||\u00a0\u00bb text_text_color=\u00a0\u00bb#00556b\u00a0\u00bb header_font=\u00a0\u00bb||||||||\u00a0\u00bb header_text_color=\u00a0\u00bb#c94626&Prime; header_3_font=\u00a0\u00bb||||||||\u00a0\u00bb header_3_text_color=\u00a0\u00bb#004b5e\u00a0\u00bb link_option_url=\u00a0\u00bbhttps:\/\/www.cercledecompetences.org\/index.php\/psychotrauma-et-clinique-de-lexil-2020\/\u00a0\u00bb]<\/p>\n<h3 id=\"mig-agenda-dates-180036A\" class=\"mig-agenda-dates\"><span style=\"color: #333399;\"><a href=\"https:\/\/www.cercledecompetences.org\/index.php\/lart-therapie-et-psychotrauma\/\" target=\"_blank\" rel=\"noopener noreferrer\" style=\"color: #333399;\"><span class=\"mig-agenda-datedebutsession\">L&rsquo;art-th\u00e9rapie et la psychotraumatologie centr\u00e9 comp\u00e9tences<\/span><\/a><\/span><\/h3>\n<div class=\"mig-agenda-observationsweb\">\n<p><span class=\"mig-agenda-observationsweb-val\">Formatrices : C\u00e9cile Bertrand et Emily Hawkes<br \/> <\/span><\/p>\n<\/div>\n<p>[\/et_pb_text][\/et_pb_column][et_pb_column type=\u00a0\u00bb1_4&Prime; _builder_version=\u00a0\u00bb3.19&Prime;][et_pb_image src=\u00a0\u00bbhttps:\/\/www.cercledecompetences.org\/wp-content\/uploads\/2020\/09\/293106-3.jpg\u00a0\u00bb url=\u00a0\u00bbhttps:\/\/www.cercledecompetences.org\/index.php\/lart-therapie-et-psychotrauma\/\u00a0\u00bb align_tablet=\u00a0\u00bbcenter\u00a0\u00bb align_last_edited=\u00a0\u00bbon|desktop\u00a0\u00bb _builder_version=\u00a0\u00bb3.23.2&Prime;][\/et_pb_image][\/et_pb_column][et_pb_column type=\u00a0\u00bb1_4&Prime; _builder_version=\u00a0\u00bb3.19&Prime;][et_pb_text _builder_version=\u00a0\u00bb3.23.2&Prime; text_font=\u00a0\u00bbMontserrat Alternates||||||||\u00a0\u00bb]<\/p>\n<p><strong><span class=\"mig-agenda-datedebutsession\">22, 23\u00a0 et 24 Septembre 2021 &#8211; Bretagne<br \/> <\/span><\/strong><\/p>\n<p><span class=\"mig-agenda-nbheures-txt\">Dur\u00e9e<\/span> <span class=\"mig-agenda-nbheures-separateur\">:<\/span> 3 jours<\/p>\n<div class=\"mig-agenda-dureelieu\">\n<div id=\"mig-agenda-infolieu-180036A\" class=\"mig-agenda-infolieu\"><span class=\"mig-agenda-lieu-txt\">Lieu<\/span> <span class=\"mig-agenda-lieu-separateur\">: Binic &#8211; Bretagne<br \/> <\/span><\/div>\n<\/div>\n<p>[\/et_pb_text][\/et_pb_column][et_pb_column type=\u00a0\u00bb1_4&Prime; _builder_version=\u00a0\u00bb3.19&Prime;][et_pb_text _builder_version=\u00a0\u00bb3.19&Prime; text_font=\u00a0\u00bbMontserrat Alternates||||||||\u00a0\u00bb]<\/p>\n<div id=\"mig-agenda-tarif-180036A\" class=\"mig-agenda-tarif \">\n<div id=\"mig-tarif-session-id\" class=\"mig-tarif\"><span id=\"mig-tarif-public\" class=\"mig-tarif-public-actif\"><span id=\"mig-tarif-public-ht\"><span id=\"mig-tarif-public-txt\" class=\"mig-tarif-public-actif-txt\">Particulier<\/span> <span id=\"mig-tarif-public-separateur\" class=\"mig-tarif-public-actif-separateur\"> : 480<\/span> <span id=\"mig-tarif-public-txt2\" class=\"mig-tarif-public-actif-txt2\">\u20ac <\/span><\/span><\/span><\/div>\n<div class=\"mig-tarif\"><span id=\"mig-tarif-adherent\" class=\"mig-tarif-adherent-inactif\"><span class=\"mig-tarif-adherent-ht\"><span id=\"mig-tarif-adherent-separateur\" class=\"mig-tarif-adherent-inactif-separateur\">Formation continue avec convention <\/span> <span id=\"mig-tarif-adherent-txt2\" class=\"mig-tarif-adherent-inactif-txt2\">: 660 \u20ac<\/span><\/span><\/span><\/div>\n<\/div>\n<div class=\"mig-agenda-dureelieu\">\n<div id=\"mig-agenda-infolieu-180036A\" class=\"mig-agenda-infolieu\"><span class=\"mig-agenda-lieu-separateur\"><\/span><\/div>\n<\/div>\n<p>[\/et_pb_text][et_pb_button button_url=\u00a0\u00bbhttps:\/\/www.cercledecompetences.org\/index.php\/inscription\/\u00a0\u00bb button_text=\u00a0\u00bbJe m&rsquo;inscris en ligne\u00a0\u00bb _builder_version=\u00a0\u00bb3.23.2&Prime; custom_button=\u00a0\u00bbon\u00a0\u00bb button_text_size=\u00a0\u00bb15px\u00a0\u00bb button_text_color=\u00a0\u00bb#ffffff\u00a0\u00bb button_bg_color=\u00a0\u00bb#004b5e\u00a0\u00bb button_border_width=\u00a0\u00bb0px\u00a0\u00bb button_border_radius=\u00a0\u00bb30px\u00a0\u00bb button_font=\u00a0\u00bb||||||||\u00a0\u00bb][\/et_pb_button][\/et_pb_column][\/et_pb_row][et_pb_row _builder_version=\u00a0\u00bb3.23.2&Prime;][et_pb_column type=\u00a0\u00bb4_4&Prime; _builder_version=\u00a0\u00bb3.23.2&Prime;][et_pb_divider _builder_version=\u00a0\u00bb3.23.2&Prime;][\/et_pb_divider][\/et_pb_column][\/et_pb_row][et_pb_row _builder_version=\u00a0\u00bb3.23.2&Prime; background_color=\u00a0\u00bb#f2e1ab\u00a0\u00bb][et_pb_column type=\u00a0\u00bb1_4&Prime; _builder_version=\u00a0\u00bb3.19&Prime;][et_pb_text _builder_version=\u00a0\u00bb3.23.2&Prime; text_font=\u00a0\u00bbMontserrat Alternates||||||||\u00a0\u00bb header_font=\u00a0\u00bb||||||||\u00a0\u00bb header_text_color=\u00a0\u00bb#c94626&Prime; link_option_url=\u00a0\u00bbhttps:\/\/www.cercledecompetences.org\/index.php\/psychotrauma-et-clinique-de-lexil-2020\/\u00a0\u00bb]<\/p>\n<h3 id=\"mig-agenda-dates-180036A\" class=\"mig-agenda-dates\"><a href=\"\/\/www.cercledecompetences.org\/index.php\/clinique-de-lexil\/\" target=\"_blank\" rel=\"noopener noreferrer\"><span class=\"mig-agenda-datedebutsession\" style=\"color: #c94626;\">Psychotraumatologie centr\u00e9e comp\u00e9tences et clinique de l\u2019exil<\/span><\/a><\/h3>\n<div class=\"mig-agenda-observationsweb\">\n<p><span class=\"mig-agenda-observationsweb-val\">Formatrice : Laetitia Schoutheete <\/span><\/p>\n<\/div>\n<p>[\/et_pb_text][\/et_pb_column][et_pb_column type=\u00a0\u00bb1_4&Prime; _builder_version=\u00a0\u00bb3.19&Prime;][et_pb_image src=\u00a0\u00bbhttps:\/\/www.cercledecompetences.org\/wp-content\/uploads\/2019\/02\/111212.jpg\u00a0\u00bb url=\u00a0\u00bbhttps:\/\/www.cercledecompetences.org\/index.php\/clinique-de-lexil\/\u00a0\u00bb align_tablet=\u00a0\u00bbcenter\u00a0\u00bb align_last_edited=\u00a0\u00bbon|desktop\u00a0\u00bb _builder_version=\u00a0\u00bb3.23.2&Prime;][\/et_pb_image][\/et_pb_column][et_pb_column type=\u00a0\u00bb1_4&Prime; _builder_version=\u00a0\u00bb3.19&Prime;][et_pb_text _builder_version=\u00a0\u00bb3.23.2&Prime; text_font=\u00a0\u00bbMontserrat Alternates||||||||\u00a0\u00bb]<\/p>\n<p><strong><span class=\"mig-agenda-datedebutsession\">23,24 et 25 Septembre 2021 &#8211; Lyon<\/span><\/strong><\/p>\n<p><span class=\"mig-agenda-nbheures-txt\">Dur\u00e9e<\/span> <span class=\"mig-agenda-nbheures-separateur\">:<\/span> 3 jours<\/p>\n<div class=\"mig-agenda-dureelieu\">\n<div id=\"mig-agenda-infolieu-180036A\" class=\"mig-agenda-infolieu\"><span class=\"mig-agenda-lieu-txt\">Lieu<\/span> <span class=\"mig-agenda-lieu-separateur\">: Oullins Lyon sud <\/span><\/div>\n<\/div>\n<p>[\/et_pb_text][\/et_pb_column][et_pb_column type=\u00a0\u00bb1_4&Prime; _builder_version=\u00a0\u00bb3.19&Prime;][et_pb_text _builder_version=\u00a0\u00bb3.23.2&Prime; text_font=\u00a0\u00bbMontserrat Alternates||||||||\u00a0\u00bb]<\/p>\n<div id=\"mig-agenda-tarif-180036A\" class=\"mig-agenda-tarif \">\n<div id=\"mig-tarif-session-id\" class=\"mig-tarif\"><span id=\"mig-tarif-public\" class=\"mig-tarif-public-actif\"><span id=\"mig-tarif-public-ht\"><span id=\"mig-tarif-public-txt\" class=\"mig-tarif-public-actif-txt\">Particulier<\/span> <span id=\"mig-tarif-public-separateur\" class=\"mig-tarif-public-actif-separateur\"> : 510<\/span> <span id=\"mig-tarif-public-txt2\" class=\"mig-tarif-public-actif-txt2\">\u20ac <\/span><\/span><\/span><\/div>\n<div class=\"mig-tarif\"><span id=\"mig-tarif-adherent\" class=\"mig-tarif-adherent-inactif\"><span class=\"mig-tarif-adherent-ht\"><span id=\"mig-tarif-adherent-separateur\" class=\"mig-tarif-adherent-inactif-separateur\">Formation continue avec convention <\/span> <span id=\"mig-tarif-adherent-txt2\" class=\"mig-tarif-adherent-inactif-txt2\">: 690 \u20ac<\/span><\/span><\/span><\/div>\n<\/div>\n<div class=\"mig-agenda-dureelieu\">\n<div id=\"mig-agenda-infolieu-180036A\" class=\"mig-agenda-infolieu\"><span class=\"mig-agenda-lieu-separateur\"><\/span><\/div>\n<\/div>\n<p>[\/et_pb_text][et_pb_button button_url=\u00a0\u00bbhttps:\/\/www.cercledecompetences.org\/index.php\/inscription\/\u00a0\u00bb button_text=\u00a0\u00bbJe m&rsquo;inscris en ligne\u00a0\u00bb _builder_version=\u00a0\u00bb3.23.2&Prime; custom_button=\u00a0\u00bbon\u00a0\u00bb button_text_size=\u00a0\u00bb15px\u00a0\u00bb button_text_color=\u00a0\u00bb#ffffff\u00a0\u00bb button_bg_color=\u00a0\u00bb#c94626&Prime; button_border_width=\u00a0\u00bb0px\u00a0\u00bb button_border_radius=\u00a0\u00bb30px\u00a0\u00bb button_font=\u00a0\u00bb||||||||\u00a0\u00bb][\/et_pb_button][\/et_pb_column][\/et_pb_row][et_pb_row _builder_version=\u00a0\u00bb3.23.2&Prime;][et_pb_column type=\u00a0\u00bb4_4&Prime; _builder_version=\u00a0\u00bb3.23.2&Prime;][et_pb_divider _builder_version=\u00a0\u00bb3.23.2&Prime;][\/et_pb_divider][\/et_pb_column][\/et_pb_row][et_pb_row _builder_version=\u00a0\u00bb3.23.2&Prime; background_color=\u00a0\u00bb#f2e1ab\u00a0\u00bb][et_pb_column type=\u00a0\u00bb1_4&Prime; _builder_version=\u00a0\u00bb3.19&Prime;][et_pb_text _builder_version=\u00a0\u00bb3.23.2&Prime; text_font=\u00a0\u00bbMontserrat Alternates||||||||\u00a0\u00bb header_font=\u00a0\u00bb||||||||\u00a0\u00bb header_text_color=\u00a0\u00bb#c94626&Prime; link_option_url=\u00a0\u00bbhttps:\/\/www.cercledecompetences.org\/index.php\/traumas-transgenerationnels-2\/\u00a0\u00bb]<\/p>\n<h3 id=\"mig-agenda-dates-180036A\" class=\"mig-agenda-dates\" style=\"text-align: left;\"><a href=\"https:\/\/www.cercledecompetences.org\/index.php\/les-systemes-de-loyaute-en-psychotraumatologie\/\"><span class=\"mig-agenda-datedebutsession\" style=\"color: #c94626;\">Les syst\u00e8mes de loyaut\u00e9 en psychotraumatologie<\/span><\/a><\/h3>\n<div class=\"mig-agenda-observationsweb\">\n<p><span class=\"mig-agenda-observationsweb-val\">Formatrice : H\u00e9l\u00e8ne Dellucci <\/span><\/p>\n<\/div>\n<p>[\/et_pb_text][\/et_pb_column][et_pb_column type=\u00a0\u00bb1_4&Prime; _builder_version=\u00a0\u00bb3.19&Prime;][et_pb_image src=\u00a0\u00bbhttps:\/\/www.cercledecompetences.org\/wp-content\/uploads\/2020\/10\/304050-1.jpg\u00a0\u00bb url=\u00a0\u00bbhttps:\/\/www.cercledecompetences.org\/index.php\/les-systemes-de-loyaute-en-psychotraumatologie\/\u00a0\u00bb align_tablet=\u00a0\u00bbcenter\u00a0\u00bb align_last_edited=\u00a0\u00bbon|desktop\u00a0\u00bb _builder_version=\u00a0\u00bb3.23.2&Prime;][\/et_pb_image][\/et_pb_column][et_pb_column type=\u00a0\u00bb1_4&Prime; _builder_version=\u00a0\u00bb3.19&Prime;][et_pb_text _builder_version=\u00a0\u00bb3.23.2&Prime; text_font=\u00a0\u00bbMontserrat Alternates||||||||\u00a0\u00bb]<\/p>\n<p><strong><span class=\"mig-agenda-datedebutsession\">24 et 25 epetmbre 2021 &#8211; Lyon<\/span><\/strong><\/p>\n<div id=\"mig-agenda-tarif-180036A\" class=\"mig-agenda-tarif \">\n<div class=\"mig-tarif\"><span id=\"mig-tarif-adherent\" class=\"mig-tarif-adherent-inactif\"><span class=\"mig-tarif-adherent-ht\"><span id=\"mig-tarif-adherent-txt2\" class=\"mig-tarif-adherent-inactif-txt2\"><\/span><\/span><\/span><span class=\"mig-agenda-nbheures-txt\">Dur\u00e9e<\/span> <span class=\"mig-agenda-nbheures-separateur\">:<\/span> 2 jours<\/div>\n<\/div>\n<div class=\"mig-agenda-dureelieu\">\n<div id=\"mig-agenda-infolieu-180036A\" class=\"mig-agenda-infolieu\"><span class=\"mig-agenda-lieu-txt\">Lieu<\/span> <span class=\"mig-agenda-lieu-separateur\">: Oullins Lyon sud <\/span><\/div>\n<\/div>\n<p>[\/et_pb_text][\/et_pb_column][et_pb_column type=\u00a0\u00bb1_4&Prime; _builder_version=\u00a0\u00bb3.19&Prime;][et_pb_text _builder_version=\u00a0\u00bb3.23.2&Prime; text_font=\u00a0\u00bbMontserrat Alternates||||||||\u00a0\u00bb]<\/p>\n<div id=\"mig-agenda-tarif-180036A\" class=\"mig-agenda-tarif \">\n<div id=\"mig-tarif-session-id\" class=\"mig-tarif\"><span id=\"mig-tarif-public\" class=\"mig-tarif-public-actif\"><span id=\"mig-tarif-public-ht\"><span id=\"mig-tarif-public-txt\" class=\"mig-tarif-public-actif-txt\">Particulier<\/span> <span id=\"mig-tarif-public-separateur\" class=\"mig-tarif-public-actif-separateur\"> : 340<\/span> <span id=\"mig-tarif-public-txt2\" class=\"mig-tarif-public-actif-txt2\">\u20ac <\/span><\/span><\/span><\/div>\n<div class=\"mig-tarif\"><span id=\"mig-tarif-adherent\" class=\"mig-tarif-adherent-inactif\"><span class=\"mig-tarif-adherent-ht\"><span id=\"mig-tarif-adherent-separateur\" class=\"mig-tarif-adherent-inactif-separateur\">Formation continue avec convention <\/span> <span id=\"mig-tarif-adherent-txt2\" class=\"mig-tarif-adherent-inactif-txt2\">: 460 \u20ac<\/span><\/span><\/span><\/div>\n<\/div>\n<div class=\"mig-agenda-dureelieu\">\n<div id=\"mig-agenda-infolieu-180036A\" class=\"mig-agenda-infolieu\"><span class=\"mig-agenda-lieu-separateur\"><\/span><\/div>\n<\/div>\n<p>[\/et_pb_text][et_pb_button button_url=\u00a0\u00bbhttps:\/\/www.cercledecompetences.org\/index.php\/inscription\/\u00a0\u00bb button_text=\u00a0\u00bbJe m&rsquo;inscris en ligne\u00a0\u00bb _builder_version=\u00a0\u00bb3.23.2&Prime; custom_button=\u00a0\u00bbon\u00a0\u00bb button_text_size=\u00a0\u00bb15px\u00a0\u00bb button_text_color=\u00a0\u00bb#ffffff\u00a0\u00bb button_bg_color=\u00a0\u00bb#c94626&Prime; button_border_width=\u00a0\u00bb0px\u00a0\u00bb button_border_radius=\u00a0\u00bb30px\u00a0\u00bb button_font=\u00a0\u00bb||||||||\u00a0\u00bb][\/et_pb_button][\/et_pb_column][\/et_pb_row][et_pb_row _builder_version=\u00a0\u00bb3.23.2&Prime;][et_pb_column type=\u00a0\u00bb4_4&Prime; _builder_version=\u00a0\u00bb3.23.2&Prime;][et_pb_divider _builder_version=\u00a0\u00bb3.23.2&Prime;][\/et_pb_divider][\/et_pb_column][\/et_pb_row][et_pb_row _builder_version=\u00a0\u00bb3.23.2&Prime; background_color=\u00a0\u00bb#ffffff\u00a0\u00bb][et_pb_column type=\u00a0\u00bb1_4&Prime; _builder_version=\u00a0\u00bb3.19&Prime;][et_pb_text _builder_version=\u00a0\u00bb3.23.2&Prime; text_font=\u00a0\u00bbMontserrat Alternates||||||||\u00a0\u00bb header_font=\u00a0\u00bb||||||||\u00a0\u00bb header_text_color=\u00a0\u00bb#c94626&Prime; link_option_url=\u00a0\u00bbhttps:\/\/www.cercledecompetences.org\/index.php\/psychotrauma-et-clinique-de-lexil-2020\/\u00a0\u00bb]<\/p>\n<h3 id=\"mig-agenda-dates-180036A\" class=\"mig-agenda-dates\"><a href=\"https:\/\/www.cercledecompetences.org\/index.php\/psychologie-positive-et-croissance-post-traumatique\/\" target=\"_blank\" rel=\"noopener noreferrer\"><span class=\"mig-agenda-datedebutsession\" style=\"color: #c94626;\">Psychologie postive et croissance post-traumatique<\/span><\/a><\/h3>\n<div class=\"mig-agenda-observationsweb\">\n<p><span class=\"mig-agenda-observationsweb-val\">Formatrice : Laetitia Schoutheete <\/span><\/p>\n<\/div>\n<p>[\/et_pb_text][\/et_pb_column][et_pb_column type=\u00a0\u00bb1_4&Prime; _builder_version=\u00a0\u00bb3.19&Prime;][et_pb_image src=\u00a0\u00bbhttps:\/\/www.cercledecompetences.org\/wp-content\/uploads\/2020\/08\/285117.jpg\u00a0\u00bb url=\u00a0\u00bbhttps:\/\/www.cercledecompetences.org\/index.php\/psychologie-positive-et-croissance-post-traumatique\/\u00a0\u00bb align_tablet=\u00a0\u00bbcenter\u00a0\u00bb align_last_edited=\u00a0\u00bbon|desktop\u00a0\u00bb _builder_version=\u00a0\u00bb3.23.2&Prime;][\/et_pb_image][\/et_pb_column][et_pb_column type=\u00a0\u00bb1_4&Prime; _builder_version=\u00a0\u00bb3.19&Prime;][et_pb_text _builder_version=\u00a0\u00bb3.23.2&Prime; text_font=\u00a0\u00bbMontserrat Alternates||||||||\u00a0\u00bb]<\/p>\n<p><strong><span class=\"mig-agenda-datedebutsession\">19,20 et 21 Novembre 2021 &#8211; Lyon<\/span><\/strong><\/p>\n<p><span class=\"mig-agenda-nbheures-txt\">Dur\u00e9e<\/span> <span class=\"mig-agenda-nbheures-separateur\">:<\/span> 3 jours<\/p>\n<div class=\"mig-agenda-dureelieu\">\n<div id=\"mig-agenda-infolieu-180036A\" class=\"mig-agenda-infolieu\"><span class=\"mig-agenda-lieu-txt\">Lieu<\/span> <span class=\"mig-agenda-lieu-separateur\">: Oullins Lyon sud <\/span><\/div>\n<\/div>\n<p>[\/et_pb_text][\/et_pb_column][et_pb_column type=\u00a0\u00bb1_4&Prime; _builder_version=\u00a0\u00bb3.19&Prime;][et_pb_text _builder_version=\u00a0\u00bb3.23.2&Prime; text_font=\u00a0\u00bbMontserrat Alternates||||||||\u00a0\u00bb]<\/p>\n<div id=\"mig-agenda-tarif-180036A\" class=\"mig-agenda-tarif \">\n<div id=\"mig-tarif-session-id\" class=\"mig-tarif\"><span id=\"mig-tarif-public\" class=\"mig-tarif-public-actif\"><span id=\"mig-tarif-public-ht\"><span id=\"mig-tarif-public-txt\" class=\"mig-tarif-public-actif-txt\">Particulier<\/span> <span id=\"mig-tarif-public-separateur\" class=\"mig-tarif-public-actif-separateur\"> : 510<\/span> <span id=\"mig-tarif-public-txt2\" class=\"mig-tarif-public-actif-txt2\">\u20ac <\/span><\/span><\/span><\/div>\n<div class=\"mig-tarif\"><span id=\"mig-tarif-adherent\" class=\"mig-tarif-adherent-inactif\"><span class=\"mig-tarif-adherent-ht\"><span id=\"mig-tarif-adherent-separateur\" class=\"mig-tarif-adherent-inactif-separateur\">Formation continue avec convention <\/span> <span id=\"mig-tarif-adherent-txt2\" class=\"mig-tarif-adherent-inactif-txt2\">: 690 \u20ac<\/span><\/span><\/span><\/div>\n<\/div>\n<div class=\"mig-agenda-dureelieu\">\n<div id=\"mig-agenda-infolieu-180036A\" class=\"mig-agenda-infolieu\"><span class=\"mig-agenda-lieu-separateur\"><\/span><\/div>\n<\/div>\n<p>[\/et_pb_text][et_pb_button button_url=\u00a0\u00bbhttps:\/\/www.cercledecompetences.org\/index.php\/inscription\/\u00a0\u00bb button_text=\u00a0\u00bbJe m&rsquo;inscris en ligne\u00a0\u00bb _builder_version=\u00a0\u00bb3.23.2&Prime; custom_button=\u00a0\u00bbon\u00a0\u00bb button_text_size=\u00a0\u00bb15px\u00a0\u00bb button_text_color=\u00a0\u00bb#ffffff\u00a0\u00bb button_bg_color=\u00a0\u00bb#c94626&Prime; button_border_width=\u00a0\u00bb0px\u00a0\u00bb button_border_radius=\u00a0\u00bb30px\u00a0\u00bb button_font=\u00a0\u00bb||||||||\u00a0\u00bb][\/et_pb_button][\/et_pb_column][\/et_pb_row][et_pb_row _builder_version=\u00a0\u00bb3.23.2&Prime;][et_pb_column type=\u00a0\u00bb4_4&Prime; _builder_version=\u00a0\u00bb3.23.2&Prime;][et_pb_divider _builder_version=\u00a0\u00bb3.23.2&Prime;][\/et_pb_divider][\/et_pb_column][\/et_pb_row][et_pb_row _builder_version=\u00a0\u00bb3.23.2&Prime; background_color=\u00a0\u00bb#f2e1ab\u00a0\u00bb][et_pb_column type=\u00a0\u00bb1_4&Prime; _builder_version=\u00a0\u00bb3.19&Prime;][et_pb_text _builder_version=\u00a0\u00bb3.23.2&Prime; text_font=\u00a0\u00bbMontserrat Alternates||||||||\u00a0\u00bb header_font=\u00a0\u00bb||||||||\u00a0\u00bb header_text_color=\u00a0\u00bb#c94626&Prime; link_option_url=\u00a0\u00bbhttps:\/\/www.cercledecompetences.org\/index.php\/traumas-transgenerationnels-2\/\u00a0\u00bb]<\/p>\n<h3 id=\"mig-agenda-dates-180036A\" class=\"mig-agenda-dates\"><a href=\"https:\/\/www.cercledecompetences.org\/index.php\/traumas-transgenerationnels\/\"><span class=\"mig-agenda-datedebutsession\" style=\"color: #c94626;\">De la prise en compte \u00e0 la prise en charge des traumatismes transg\u00e9n\u00e9rationnels<\/span><\/a><\/h3>\n<div class=\"mig-agenda-observationsweb\">\n<p><span class=\"mig-agenda-observationsweb-val\">Formatrice : H\u00e9l\u00e8ne Dellucci <\/span><\/p>\n<\/div>\n<p>[\/et_pb_text][\/et_pb_column][et_pb_column type=\u00a0\u00bb1_4&Prime; _builder_version=\u00a0\u00bb3.19&Prime;][et_pb_image src=\u00a0\u00bbhttps:\/\/www.cercledecompetences.org\/wp-content\/uploads\/2019\/02\/111218.jpg\u00a0\u00bb url=\u00a0\u00bbhttps:\/\/www.cercledecompetences.org\/index.php\/traumas-transgenerationnels-2\/\u00a0\u00bb align_tablet=\u00a0\u00bbcenter\u00a0\u00bb align_last_edited=\u00a0\u00bbon|desktop\u00a0\u00bb _builder_version=\u00a0\u00bb3.23.2&Prime;][\/et_pb_image][\/et_pb_column][et_pb_column type=\u00a0\u00bb1_4&Prime; _builder_version=\u00a0\u00bb3.19&Prime;][et_pb_text _builder_version=\u00a0\u00bb3.23.2&Prime; text_font=\u00a0\u00bbMontserrat Alternates||||||||\u00a0\u00bb]<\/p>\n<p><strong><span class=\"mig-agenda-datedebutsession\">2, 3,4 d\u00e9cembre 2021 &#8211; Lyon<\/span><\/strong><\/p>\n<div id=\"mig-agenda-tarif-180036A\" class=\"mig-agenda-tarif \">\n<div class=\"mig-tarif\"><span id=\"mig-tarif-adherent\" class=\"mig-tarif-adherent-inactif\"><span class=\"mig-tarif-adherent-ht\"><span id=\"mig-tarif-adherent-txt2\" class=\"mig-tarif-adherent-inactif-txt2\"><\/span><\/span><\/span><span class=\"mig-agenda-nbheures-txt\">Dur\u00e9e<\/span> <span class=\"mig-agenda-nbheures-separateur\">:<\/span> 3 jours<\/div>\n<\/div>\n<div class=\"mig-agenda-dureelieu\">\n<div id=\"mig-agenda-infolieu-180036A\" class=\"mig-agenda-infolieu\"><span class=\"mig-agenda-lieu-txt\">Lieu<\/span> <span class=\"mig-agenda-lieu-separateur\">: Oullins Lyon sud <\/span><\/div>\n<\/div>\n<p>[\/et_pb_text][\/et_pb_column][et_pb_column type=\u00a0\u00bb1_4&Prime; _builder_version=\u00a0\u00bb3.19&Prime;][et_pb_text _builder_version=\u00a0\u00bb3.23.2&Prime; text_font=\u00a0\u00bbMontserrat Alternates||||||||\u00a0\u00bb]<\/p>\n<div id=\"mig-agenda-tarif-180036A\" class=\"mig-agenda-tarif \">\n<div id=\"mig-tarif-session-id\" class=\"mig-tarif\"><span id=\"mig-tarif-public\" class=\"mig-tarif-public-actif\"><span id=\"mig-tarif-public-ht\"><span id=\"mig-tarif-public-txt\" class=\"mig-tarif-public-actif-txt\">Particulier<\/span> <span id=\"mig-tarif-public-separateur\" class=\"mig-tarif-public-actif-separateur\"> : 510<\/span> <span id=\"mig-tarif-public-txt2\" class=\"mig-tarif-public-actif-txt2\">\u20ac <\/span><\/span><\/span><\/div>\n<div class=\"mig-tarif\"><span id=\"mig-tarif-adherent\" class=\"mig-tarif-adherent-inactif\"><span class=\"mig-tarif-adherent-ht\"><span id=\"mig-tarif-adherent-separateur\" class=\"mig-tarif-adherent-inactif-separateur\">Formation continue avec convention <\/span> <span id=\"mig-tarif-adherent-txt2\" class=\"mig-tarif-adherent-inactif-txt2\">: 690 \u20ac<\/span><\/span><\/span><\/div>\n<\/div>\n<div class=\"mig-agenda-dureelieu\">\n<div id=\"mig-agenda-infolieu-180036A\" class=\"mig-agenda-infolieu\"><span class=\"mig-agenda-lieu-separateur\"><\/span><\/div>\n<\/div>\n<p>[\/et_pb_text][et_pb_button button_url=\u00a0\u00bbhttps:\/\/www.cercledecompetences.org\/index.php\/inscription\/\u00a0\u00bb button_text=\u00a0\u00bbJe m&rsquo;inscris en ligne\u00a0\u00bb _builder_version=\u00a0\u00bb3.23.2&Prime; custom_button=\u00a0\u00bbon\u00a0\u00bb button_text_size=\u00a0\u00bb15px\u00a0\u00bb button_text_color=\u00a0\u00bb#ffffff\u00a0\u00bb button_bg_color=\u00a0\u00bb#c94626&Prime; button_border_width=\u00a0\u00bb0px\u00a0\u00bb button_border_radius=\u00a0\u00bb30px\u00a0\u00bb button_font=\u00a0\u00bb||||||||\u00a0\u00bb][\/et_pb_button][\/et_pb_column][\/et_pb_row][et_pb_row _builder_version=\u00a0\u00bb3.23.2&Prime;][et_pb_column type=\u00a0\u00bb4_4&Prime; _builder_version=\u00a0\u00bb3.23.2&Prime;][et_pb_divider _builder_version=\u00a0\u00bb3.23.2&Prime;][\/et_pb_divider][\/et_pb_column][\/et_pb_row][et_pb_row _builder_version=\u00a0\u00bb3.23.2&Prime; background_color=\u00a0\u00bb#f2e1ab\u00a0\u00bb][et_pb_column type=\u00a0\u00bb1_4&Prime; _builder_version=\u00a0\u00bb3.19&Prime;][et_pb_text _builder_version=\u00a0\u00bb3.23.2&Prime; text_font=\u00a0\u00bbMontserrat Alternates||||||||\u00a0\u00bb header_font=\u00a0\u00bb||||||||\u00a0\u00bb header_text_color=\u00a0\u00bb#c94626&Prime; link_option_url=\u00a0\u00bbhttps:\/\/www.cercledecompetences.org\/index.php\/psychotrauma-et-clinique-de-lexil-2020\/\u00a0\u00bb]<\/p>\n<h3 id=\"mig-agenda-dates-180036A\" class=\"mig-agenda-dates\"><a href=\"\/\/www.cercledecompetences.org\/index.php\/clinique-de-lexil\/\" target=\"_blank\" rel=\"noopener noreferrer\"><span class=\"mig-agenda-datedebutsession\" style=\"color: #c94626;\">Psychotraumatologie centr\u00e9e comp\u00e9tences <\/span><\/a><span class=\"mig-agenda-datedebutsession\" style=\"color: #c94626;\">&#8211; Module 1<\/span><\/h3>\n<div class=\"mig-agenda-observationsweb\">\n<p><span class=\"mig-agenda-observationsweb-val\">Formatrice : Catherine Jobin<br \/> <\/span><\/p>\n<\/div>\n<p>[\/et_pb_text][\/et_pb_column][et_pb_column type=\u00a0\u00bb1_4&Prime; _builder_version=\u00a0\u00bb3.19&Prime;][et_pb_image src=\u00a0\u00bbhttps:\/\/www.cercledecompetences.org\/wp-content\/uploads\/2019\/02\/111212.jpg\u00a0\u00bb url=\u00a0\u00bbhttps:\/\/www.cercledecompetences.org\/index.php\/clinique-de-lexil\/\u00a0\u00bb align_tablet=\u00a0\u00bbcenter\u00a0\u00bb align_last_edited=\u00a0\u00bbon|desktop\u00a0\u00bb _builder_version=\u00a0\u00bb3.23.2&Prime;][\/et_pb_image][\/et_pb_column][et_pb_column type=\u00a0\u00bb1_4&Prime; _builder_version=\u00a0\u00bb3.19&Prime;][et_pb_text _builder_version=\u00a0\u00bb3.23.2&Prime; text_font=\u00a0\u00bbMontserrat Alternates||||||||\u00a0\u00bb]<\/p>\n<p><strong><span class=\"mig-agenda-datedebutsession\">17, 18 et 19 f\u00e9vrier 2022 &#8211; Lyon<\/span><\/strong><\/p>\n<p><span class=\"mig-agenda-nbheures-txt\">Dur\u00e9e<\/span> <span class=\"mig-agenda-nbheures-separateur\">:<\/span> 3 jours<\/p>\n<div class=\"mig-agenda-dureelieu\">\n<div id=\"mig-agenda-infolieu-180036A\" class=\"mig-agenda-infolieu\"><span class=\"mig-agenda-lieu-txt\">Lieu<\/span> <span class=\"mig-agenda-lieu-separateur\">: Oullins Lyon sud <\/span><\/div>\n<\/div>\n<p>[\/et_pb_text][\/et_pb_column][et_pb_column type=\u00a0\u00bb1_4&Prime; _builder_version=\u00a0\u00bb3.19&Prime;][et_pb_text _builder_version=\u00a0\u00bb3.23.2&Prime; text_font=\u00a0\u00bbMontserrat Alternates||||||||\u00a0\u00bb]<\/p>\n<div id=\"mig-agenda-tarif-180036A\" class=\"mig-agenda-tarif \">\n<div id=\"mig-tarif-session-id\" class=\"mig-tarif\"><span id=\"mig-tarif-public\" class=\"mig-tarif-public-actif\"><span id=\"mig-tarif-public-ht\"><span id=\"mig-tarif-public-txt\" class=\"mig-tarif-public-actif-txt\">Particulier<\/span> <span id=\"mig-tarif-public-separateur\" class=\"mig-tarif-public-actif-separateur\"> : 510<\/span> <span id=\"mig-tarif-public-txt2\" class=\"mig-tarif-public-actif-txt2\">\u20ac <\/span><\/span><\/span><\/div>\n<div class=\"mig-tarif\"><span id=\"mig-tarif-adherent\" class=\"mig-tarif-adherent-inactif\"><span class=\"mig-tarif-adherent-ht\"><span id=\"mig-tarif-adherent-separateur\" class=\"mig-tarif-adherent-inactif-separateur\">Formation continue avec convention <\/span> <span id=\"mig-tarif-adherent-txt2\" class=\"mig-tarif-adherent-inactif-txt2\">: 690 \u20ac<\/span><\/span><\/span><\/div>\n<\/div>\n<div class=\"mig-agenda-dureelieu\">\n<div id=\"mig-agenda-infolieu-180036A\" class=\"mig-agenda-infolieu\"><span class=\"mig-agenda-lieu-separateur\"><\/span><\/div>\n<\/div>\n<p>[\/et_pb_text][et_pb_button button_url=\u00a0\u00bbhttps:\/\/www.cercledecompetences.org\/index.php\/inscription\/\u00a0\u00bb button_text=\u00a0\u00bbJe m&rsquo;inscris en ligne\u00a0\u00bb _builder_version=\u00a0\u00bb3.23.2&Prime; custom_button=\u00a0\u00bbon\u00a0\u00bb button_text_size=\u00a0\u00bb15px\u00a0\u00bb button_text_color=\u00a0\u00bb#ffffff\u00a0\u00bb button_bg_color=\u00a0\u00bb#c94626&Prime; button_border_width=\u00a0\u00bb0px\u00a0\u00bb button_border_radius=\u00a0\u00bb30px\u00a0\u00bb button_font=\u00a0\u00bb||||||||\u00a0\u00bb][\/et_pb_button][\/et_pb_column][\/et_pb_row][et_pb_row _builder_version=\u00a0\u00bb3.23.2&Prime; background_color=\u00a0\u00bb#ffffff\u00a0\u00bb][et_pb_column type=\u00a0\u00bb1_4&Prime; _builder_version=\u00a0\u00bb3.19&Prime;][et_pb_text _builder_version=\u00a0\u00bb3.23.2&Prime; text_font=\u00a0\u00bbMontserrat Alternates||||||||\u00a0\u00bb header_font=\u00a0\u00bb||||||||\u00a0\u00bb header_text_color=\u00a0\u00bb#c94626&Prime; link_option_url=\u00a0\u00bbhttps:\/\/www.cercledecompetences.org\/index.php\/pyschotrauma-module-2-2020\/\u00a0\u00bb]<\/p>\n<h3 class=\"mig-agenda-dates\"><a href=\"https:\/\/www.cercledecompetences.org\/index.php\/la-sante-mentale-communautaire\/\" target=\"_blank\" rel=\"noopener noreferrer\"><span class=\"mig-agenda-datedebutsession\" style=\"color: #c94626;\">La sant\u00e9 mentale communautaire :\u00a0<\/span><\/a><\/h3>\n<h3 style=\"text-align: center;\"><a href=\"https:\/\/www.cercledecompetences.org\/index.php\/la-sante-mentale-communautaire\/\" target=\"_blank\" rel=\"noopener noreferrer\"><span style=\"color: #c94626;\">Comment se relever apr\u00e8s un drame, un effondrement en s\u2019appuyant sur les ressources de la communaut\u00e9\u00a0<\/span><\/a><\/h3>\n<h3 id=\"mig-agenda-dates-180036A\" class=\"mig-agenda-dates\"><a href=\"https:\/\/www.cercledecompetences.org\/index.php\/psychotraumatologie-centree-competences-module-2\/\" target=\"_blank\" rel=\"noopener noreferrer\"><span class=\"mig-agenda-datedebutsession\" style=\"color: #c94626;\"><\/span><\/a><\/h3>\n<div class=\"mig-agenda-observationsweb\">\n<p><span class=\"mig-agenda-observationsweb-val\">Formateur : Simon Gasibirege<br \/> <\/span><\/p>\n<\/div>\n<p>[\/et_pb_text][\/et_pb_column][et_pb_column type=\u00a0\u00bb1_4&Prime; _builder_version=\u00a0\u00bb3.19&Prime;][et_pb_image src=\u00a0\u00bbhttps:\/\/www.cercledecompetences.org\/wp-content\/uploads\/2019\/02\/111224-1.jpg\u00a0\u00bb url=\u00a0\u00bbhttps:\/\/www.cercledecompetences.org\/index.php\/la-sante-mentale-communautaire\/\u00a0\u00bb align_tablet=\u00a0\u00bbcenter\u00a0\u00bb align_last_edited=\u00a0\u00bbon|desktop\u00a0\u00bb _builder_version=\u00a0\u00bb3.23.2&Prime;][\/et_pb_image][\/et_pb_column][et_pb_column type=\u00a0\u00bb1_4&Prime; _builder_version=\u00a0\u00bb3.19&Prime;][et_pb_text _builder_version=\u00a0\u00bb3.23.2&Prime; text_font=\u00a0\u00bbMontserrat Alternates||||||||\u00a0\u00bb link_option_url=\u00a0\u00bbhttps:\/\/www.cercledecompetences.org\/index.php\/pyschotrauma-module-2-2020\/\u00a0\u00bb]<\/p>\n<p><strong><span class=\"mig-agenda-datedebutsession\">29 et 30 avril\u00a0 2022 &#8211; Lyon<\/span><\/strong><\/p>\n<p><span class=\"mig-agenda-nbheures-txt\">Dur\u00e9e<\/span> <span class=\"mig-agenda-nbheures-separateur\">:<\/span> 2 jours<\/p>\n<div class=\"mig-agenda-dureelieu\">\n<div id=\"mig-agenda-infolieu-180036A\" class=\"mig-agenda-infolieu\"><span class=\"mig-agenda-lieu-txt\">Lieu<\/span> <span class=\"mig-agenda-lieu-separateur\">: Oullins Lyon sud <\/span><\/div>\n<\/div>\n<p>[\/et_pb_text][et_pb_text _builder_version=\u00a0\u00bb3.23.2&Prime; text_font=\u00a0\u00bbMontserrat Alternates||||||||\u00a0\u00bb link_option_url=\u00a0\u00bbhttps:\/\/www.cercledecompetences.org\/index.php\/pyschotrauma-module-2-2020\/\u00a0\u00bb]<\/p>\n<p><strong><span class=\"mig-agenda-datedebutsession\">23 et 24 avril\u00a0 2021 &#8211; Lyon<\/span><\/strong><\/p>\n<p><span class=\"mig-agenda-nbheures-txt\">Dur\u00e9e<\/span> <span class=\"mig-agenda-nbheures-separateur\">:<\/span> 2 jours<\/p>\n<div class=\"mig-agenda-dureelieu\">\n<div id=\"mig-agenda-infolieu-180036A\" class=\"mig-agenda-infolieu\"><span class=\"mig-agenda-lieu-txt\">Lieu<\/span> <span class=\"mig-agenda-lieu-separateur\">: Oullins Lyon sud <\/span><\/div>\n<\/div>\n<p>[\/et_pb_text][\/et_pb_column][et_pb_column type=\u00a0\u00bb1_4&Prime; _builder_version=\u00a0\u00bb3.19&Prime;][et_pb_text _builder_version=\u00a0\u00bb3.23.2&Prime; text_font=\u00a0\u00bbMontserrat Alternates||||||||\u00a0\u00bb]<\/p>\n<div id=\"mig-agenda-tarif-180036A\" class=\"mig-agenda-tarif \">\n<div id=\"mig-tarif-session-id\" class=\"mig-tarif\"><span id=\"mig-tarif-public\" class=\"mig-tarif-public-actif\"><span id=\"mig-tarif-public-ht\"><span id=\"mig-tarif-public-txt\" class=\"mig-tarif-public-actif-txt\">Particulier<\/span> <span id=\"mig-tarif-public-separateur\" class=\"mig-tarif-public-actif-separateur\"> :340<\/span> <span id=\"mig-tarif-public-txt2\" class=\"mig-tarif-public-actif-txt2\">\u20ac <\/span><\/span><\/span><\/div>\n<div class=\"mig-tarif\"><span id=\"mig-tarif-adherent\" class=\"mig-tarif-adherent-inactif\"><span class=\"mig-tarif-adherent-ht\"><span id=\"mig-tarif-adherent-separateur\" class=\"mig-tarif-adherent-inactif-separateur\">Formation continue avec convention <\/span> <span id=\"mig-tarif-adherent-txt2\" class=\"mig-tarif-adherent-inactif-txt2\">: 460 \u20ac<\/span><\/span><\/span><\/div>\n<\/div>\n<p>[\/et_pb_text][et_pb_button button_url=\u00a0\u00bbhttps:\/\/www.cercledecompetences.org\/index.php\/inscription\/\u00a0\u00bb button_text=\u00a0\u00bbJe m&rsquo;inscris en ligne\u00a0\u00bb _builder_version=\u00a0\u00bb3.23.2&Prime; custom_button=\u00a0\u00bbon\u00a0\u00bb button_text_size=\u00a0\u00bb15px\u00a0\u00bb button_text_color=\u00a0\u00bb#ffffff\u00a0\u00bb button_bg_color=\u00a0\u00bb#c94626&Prime; button_border_width=\u00a0\u00bb0px\u00a0\u00bb button_border_radius=\u00a0\u00bb30px\u00a0\u00bb button_font=\u00a0\u00bb||||||||\u00a0\u00bb][\/et_pb_button][\/et_pb_column][\/et_pb_row][et_pb_row _builder_version=\u00a0\u00bb3.23.2&Prime; background_color=\u00a0\u00bb#f2e1ab\u00a0\u00bb][et_pb_column type=\u00a0\u00bb1_4&Prime; _builder_version=\u00a0\u00bb3.19&Prime;][et_pb_text _builder_version=\u00a0\u00bb3.23.2&Prime; text_font=\u00a0\u00bbMontserrat Alternates||||||||\u00a0\u00bb header_font=\u00a0\u00bb||||||||\u00a0\u00bb header_text_color=\u00a0\u00bb#c94626&Prime; link_option_url=\u00a0\u00bbhttps:\/\/www.cercledecompetences.org\/index.php\/psychotrauma-et-clinique-de-lexil-2020\/\u00a0\u00bb]<\/p>\n<h3 id=\"mig-agenda-dates-180036A\" class=\"mig-agenda-dates\"><a href=\"\/\/www.cercledecompetences.org\/index.php\/clinique-de-lexil\/\" target=\"_blank\" rel=\"noopener noreferrer\"><span class=\"mig-agenda-datedebutsession\" style=\"color: #c94626;\">Psychotraumatologie centr\u00e9e comp\u00e9tences <\/span><\/a><span class=\"mig-agenda-datedebutsession\" style=\"color: #c94626;\">&#8211; Module 2<br \/><\/span><\/h3>\n<div class=\"mig-agenda-observationsweb\">\n<p><span class=\"mig-agenda-observationsweb-val\">Formatrice : Catherine Jobin<br \/> <\/span><\/p>\n<\/div>\n<p>[\/et_pb_text][\/et_pb_column][et_pb_column type=\u00a0\u00bb1_4&Prime; _builder_version=\u00a0\u00bb3.19&Prime;][et_pb_image src=\u00a0\u00bbhttps:\/\/www.cercledecompetences.org\/wp-content\/uploads\/2019\/02\/111212.jpg\u00a0\u00bb url=\u00a0\u00bbhttps:\/\/www.cercledecompetences.org\/index.php\/clinique-de-lexil\/\u00a0\u00bb align_tablet=\u00a0\u00bbcenter\u00a0\u00bb align_last_edited=\u00a0\u00bbon|desktop\u00a0\u00bb _builder_version=\u00a0\u00bb3.23.2&Prime;][\/et_pb_image][\/et_pb_column][et_pb_column type=\u00a0\u00bb1_4&Prime; _builder_version=\u00a0\u00bb3.19&Prime;][et_pb_text _builder_version=\u00a0\u00bb3.23.2&Prime; text_font=\u00a0\u00bbMontserrat Alternates||||||||\u00a0\u00bb]<\/p>\n<p><strong><span class=\"mig-agenda-datedebutsession\">6, 17, 18 juin 2022 &#8211; Lyon<\/span><\/strong><\/p>\n<p><span class=\"mig-agenda-nbheures-txt\">Dur\u00e9e<\/span> <span class=\"mig-agenda-nbheures-separateur\">:<\/span> 3 jours<\/p>\n<div class=\"mig-agenda-dureelieu\">\n<div id=\"mig-agenda-infolieu-180036A\" class=\"mig-agenda-infolieu\"><span class=\"mig-agenda-lieu-txt\">Lieu<\/span> <span class=\"mig-agenda-lieu-separateur\">: Oullins Lyon sud <\/span><\/div>\n<\/div>\n<p>[\/et_pb_text][\/et_pb_column][et_pb_column type=\u00a0\u00bb1_4&Prime; _builder_version=\u00a0\u00bb3.19&Prime;][et_pb_text _builder_version=\u00a0\u00bb3.23.2&Prime; text_font=\u00a0\u00bbMontserrat Alternates||||||||\u00a0\u00bb]<\/p>\n<div id=\"mig-agenda-tarif-180036A\" class=\"mig-agenda-tarif \">\n<div id=\"mig-tarif-session-id\" class=\"mig-tarif\"><span id=\"mig-tarif-public\" class=\"mig-tarif-public-actif\"><span id=\"mig-tarif-public-ht\"><span id=\"mig-tarif-public-txt\" class=\"mig-tarif-public-actif-txt\">Particulier<\/span> <span id=\"mig-tarif-public-separateur\" class=\"mig-tarif-public-actif-separateur\"> : 510<\/span> <span id=\"mig-tarif-public-txt2\" class=\"mig-tarif-public-actif-txt2\">\u20ac <\/span><\/span><\/span><\/div>\n<div class=\"mig-tarif\"><span id=\"mig-tarif-adherent\" class=\"mig-tarif-adherent-inactif\"><span class=\"mig-tarif-adherent-ht\"><span id=\"mig-tarif-adherent-separateur\" class=\"mig-tarif-adherent-inactif-separateur\">Formation continue avec convention <\/span> <span id=\"mig-tarif-adherent-txt2\" class=\"mig-tarif-adherent-inactif-txt2\">: 690 \u20ac<\/span><\/span><\/span><\/div>\n<\/div>\n<div class=\"mig-agenda-dureelieu\">\n<div id=\"mig-agenda-infolieu-180036A\" class=\"mig-agenda-infolieu\"><span class=\"mig-agenda-lieu-separateur\"><\/span><\/div>\n<\/div>\n<p>[\/et_pb_text][et_pb_button button_url=\u00a0\u00bbhttps:\/\/www.cercledecompetences.org\/index.php\/inscription\/\u00a0\u00bb button_text=\u00a0\u00bbJe m&rsquo;inscris en ligne\u00a0\u00bb _builder_version=\u00a0\u00bb3.23.2&Prime; custom_button=\u00a0\u00bbon\u00a0\u00bb button_text_size=\u00a0\u00bb15px\u00a0\u00bb button_text_color=\u00a0\u00bb#ffffff\u00a0\u00bb button_bg_color=\u00a0\u00bb#c94626&Prime; button_border_width=\u00a0\u00bb0px\u00a0\u00bb button_border_radius=\u00a0\u00bb30px\u00a0\u00bb button_font=\u00a0\u00bb||||||||\u00a0\u00bb][\/et_pb_button][\/et_pb_column][\/et_pb_row][\/et_pb_section]<\/p>\n","protected":false},"excerpt":{"rendered":"<p>Nos formations catalogue Le mod\u00e8le de Psychotraumatologie Centr\u00e9e Comp\u00e9tences\u00a0 \u00e9labor\u00e9 par\u00a0H\u00e9l\u00e8ne Dellucci\u00a0 permet \u00e0 la personne d&rsquo;apaiser ses \u00ab plaies \u00e9motionnelles \u00bb de mani\u00e8re s\u00e9curis\u00e9e et d&rsquo;aborder les \u00ab\u00a0histoires complexes\u00a0\u00bb de sa vie avec du recul, tout en s&rsquo;appuyant sur ses comp\u00e9tences. Nous vous proposons un cycle de base de 4\u00a0 modules cons\u00e9cutifs.\u00a0 Ce cycle [&hellip;]<\/p>\n","protected":false},"author":3,"featured_media":0,"parent":0,"menu_order":0,"comment_status":"closed","ping_status":"closed","template":"","meta":{"_et_pb_use_builder":"on","_et_pb_old_content":"","_et_gb_content_width":"","_glsr_average":0,"_glsr_ranking":0,"_glsr_reviews":0,"footnotes":""},"class_list":["post-3356","page","type-page","status-publish","hentry"],"yoast_head":"<!-- This site is optimized with the Yoast SEO plugin v27.0 - https:\/\/yoast.com\/product\/yoast-seo-wordpress\/ -->\n<title>La psychotraumatologie centr\u00e9 comp\u00e9tences: base de nos formations - Cercle de comp\u00e9tences<\/title>\n<meta name=\"robots\" content=\"index, follow, max-snippet:-1, max-image-preview:large, max-video-preview:-1\" \/>\n<link rel=\"canonical\" href=\"https:\/\/www.cercledecompetences.org\/index.php\/formations\/\" \/>\n<meta property=\"og:locale\" content=\"fr_FR\" \/>\n<meta property=\"og:type\" content=\"article\" \/>\n<meta property=\"og:title\" content=\"La psychotraumatologie centr\u00e9 comp\u00e9tences: base de nos formations - Cercle de comp\u00e9tences\" \/>\n<meta property=\"og:description\" content=\"Nos formations catalogue Le mod\u00e8le de Psychotraumatologie Centr\u00e9e Comp\u00e9tences\u00a0 \u00e9labor\u00e9 par\u00a0H\u00e9l\u00e8ne Dellucci\u00a0 permet \u00e0 la personne d&#039;apaiser ses \u00ab plaies \u00e9motionnelles \u00bb de mani\u00e8re s\u00e9curis\u00e9e et d&#039;aborder les &quot;histoires complexes&quot; de sa vie avec du recul, tout en s&#039;appuyant sur ses comp\u00e9tences. Nous vous proposons un cycle de base de 4\u00a0 modules cons\u00e9cutifs.\u00a0 Ce cycle [&hellip;]\" \/>\n<meta property=\"og:url\" content=\"https:\/\/www.cercledecompetences.org\/index.php\/formations\/\" \/>\n<meta property=\"og:site_name\" content=\"Cercle de comp\u00e9tences\" \/>\n<meta property=\"article:publisher\" content=\"https:\/\/www.facebook.com\/cercledecompetences.Bretagne.et.Lyon\/\" \/>\n<meta property=\"article:modified_time\" content=\"2021-05-06T08:54:48+00:00\" \/>\n<meta name=\"twitter:card\" content=\"summary_large_image\" \/>\n<meta name=\"twitter:label1\" content=\"Dur\u00e9e de lecture estim\u00e9e\" \/>\n\t<meta name=\"twitter:data1\" content=\"13 minutes\" \/>\n<script type=\"application\/ld+json\" class=\"yoast-schema-graph\">{\"@context\":\"https:\/\/schema.org\",\"@graph\":[{\"@type\":\"WebPage\",\"@id\":\"https:\/\/www.cercledecompetences.org\/index.php\/formations\/\",\"url\":\"https:\/\/www.cercledecompetences.org\/index.php\/formations\/\",\"name\":\"La psychotraumatologie centr\u00e9 comp\u00e9tences: base de nos formations - Cercle de comp\u00e9tences\",\"isPartOf\":{\"@id\":\"https:\/\/www.cercledecompetences.org\/#website\"},\"datePublished\":\"2020-09-11T14:58:52+00:00\",\"dateModified\":\"2021-05-06T08:54:48+00:00\",\"breadcrumb\":{\"@id\":\"https:\/\/www.cercledecompetences.org\/index.php\/formations\/#breadcrumb\"},\"inLanguage\":\"fr-FR\",\"potentialAction\":[{\"@type\":\"ReadAction\",\"target\":[\"https:\/\/www.cercledecompetences.org\/index.php\/formations\/\"]}]},{\"@type\":\"BreadcrumbList\",\"@id\":\"https:\/\/www.cercledecompetences.org\/index.php\/formations\/#breadcrumb\",\"itemListElement\":[{\"@type\":\"ListItem\",\"position\":1,\"name\":\"Accueil\",\"item\":\"https:\/\/www.cercledecompetences.org\/\"},{\"@type\":\"ListItem\",\"position\":2,\"name\":\"La psychotraumatologie centr\u00e9 comp\u00e9tences: base de nos formations\"}]},{\"@type\":\"WebSite\",\"@id\":\"https:\/\/www.cercledecompetences.org\/#website\",\"url\":\"https:\/\/www.cercledecompetences.org\/\",\"name\":\"Cercle de comp\u00e9tences\",\"description\":\"Organisme de formation associatif\",\"publisher\":{\"@id\":\"https:\/\/www.cercledecompetences.org\/#organization\"},\"potentialAction\":[{\"@type\":\"SearchAction\",\"target\":{\"@type\":\"EntryPoint\",\"urlTemplate\":\"https:\/\/www.cercledecompetences.org\/?s={search_term_string}\"},\"query-input\":{\"@type\":\"PropertyValueSpecification\",\"valueRequired\":true,\"valueName\":\"search_term_string\"}}],\"inLanguage\":\"fr-FR\"},{\"@type\":\"Organization\",\"@id\":\"https:\/\/www.cercledecompetences.org\/#organization\",\"name\":\"Cercle de comp\u00e9tences\",\"url\":\"https:\/\/www.cercledecompetences.org\/\",\"logo\":{\"@type\":\"ImageObject\",\"inLanguage\":\"fr-FR\",\"@id\":\"https:\/\/www.cercledecompetences.org\/#\/schema\/logo\/image\/\",\"url\":\"https:\/\/www.cercledecompetences.org\/wp-content\/uploads\/2019\/01\/logo-rond.gif\",\"contentUrl\":\"https:\/\/www.cercledecompetences.org\/wp-content\/uploads\/2019\/01\/logo-rond.gif\",\"width\":863,\"height\":1137,\"caption\":\"Cercle de comp\u00e9tences\"},\"image\":{\"@id\":\"https:\/\/www.cercledecompetences.org\/#\/schema\/logo\/image\/\"},\"sameAs\":[\"https:\/\/www.facebook.com\/cercledecompetences.Bretagne.et.Lyon\/\",\"https:\/\/www.linkedin.com\/company\/cercle-de-competences\/\"]}]}<\/script>\n<!-- \/ Yoast SEO plugin. -->","yoast_head_json":{"title":"La psychotraumatologie centr\u00e9 comp\u00e9tences: base de nos formations - Cercle de comp\u00e9tences","robots":{"index":"index","follow":"follow","max-snippet":"max-snippet:-1","max-image-preview":"max-image-preview:large","max-video-preview":"max-video-preview:-1"},"canonical":"https:\/\/www.cercledecompetences.org\/index.php\/formations\/","og_locale":"fr_FR","og_type":"article","og_title":"La psychotraumatologie centr\u00e9 comp\u00e9tences: base de nos formations - Cercle de comp\u00e9tences","og_description":"Nos formations catalogue Le mod\u00e8le de Psychotraumatologie Centr\u00e9e Comp\u00e9tences\u00a0 \u00e9labor\u00e9 par\u00a0H\u00e9l\u00e8ne Dellucci\u00a0 permet \u00e0 la personne d'apaiser ses \u00ab plaies \u00e9motionnelles \u00bb de mani\u00e8re s\u00e9curis\u00e9e et d'aborder les \"histoires complexes\" de sa vie avec du recul, tout en s'appuyant sur ses comp\u00e9tences. Nous vous proposons un cycle de base de 4\u00a0 modules cons\u00e9cutifs.\u00a0 Ce cycle [&hellip;]","og_url":"https:\/\/www.cercledecompetences.org\/index.php\/formations\/","og_site_name":"Cercle de comp\u00e9tences","article_publisher":"https:\/\/www.facebook.com\/cercledecompetences.Bretagne.et.Lyon\/","article_modified_time":"2021-05-06T08:54:48+00:00","twitter_card":"summary_large_image","twitter_misc":{"Dur\u00e9e de lecture estim\u00e9e":"13 minutes"},"schema":{"@context":"https:\/\/schema.org","@graph":[{"@type":"WebPage","@id":"https:\/\/www.cercledecompetences.org\/index.php\/formations\/","url":"https:\/\/www.cercledecompetences.org\/index.php\/formations\/","name":"La psychotraumatologie centr\u00e9 comp\u00e9tences: base de nos formations - Cercle de comp\u00e9tences","isPartOf":{"@id":"https:\/\/www.cercledecompetences.org\/#website"},"datePublished":"2020-09-11T14:58:52+00:00","dateModified":"2021-05-06T08:54:48+00:00","breadcrumb":{"@id":"https:\/\/www.cercledecompetences.org\/index.php\/formations\/#breadcrumb"},"inLanguage":"fr-FR","potentialAction":[{"@type":"ReadAction","target":["https:\/\/www.cercledecompetences.org\/index.php\/formations\/"]}]},{"@type":"BreadcrumbList","@id":"https:\/\/www.cercledecompetences.org\/index.php\/formations\/#breadcrumb","itemListElement":[{"@type":"ListItem","position":1,"name":"Accueil","item":"https:\/\/www.cercledecompetences.org\/"},{"@type":"ListItem","position":2,"name":"La psychotraumatologie centr\u00e9 comp\u00e9tences: base de nos formations"}]},{"@type":"WebSite","@id":"https:\/\/www.cercledecompetences.org\/#website","url":"https:\/\/www.cercledecompetences.org\/","name":"Cercle de comp\u00e9tences","description":"Organisme de formation associatif","publisher":{"@id":"https:\/\/www.cercledecompetences.org\/#organization"},"potentialAction":[{"@type":"SearchAction","target":{"@type":"EntryPoint","urlTemplate":"https:\/\/www.cercledecompetences.org\/?s={search_term_string}"},"query-input":{"@type":"PropertyValueSpecification","valueRequired":true,"valueName":"search_term_string"}}],"inLanguage":"fr-FR"},{"@type":"Organization","@id":"https:\/\/www.cercledecompetences.org\/#organization","name":"Cercle de comp\u00e9tences","url":"https:\/\/www.cercledecompetences.org\/","logo":{"@type":"ImageObject","inLanguage":"fr-FR","@id":"https:\/\/www.cercledecompetences.org\/#\/schema\/logo\/image\/","url":"https:\/\/www.cercledecompetences.org\/wp-content\/uploads\/2019\/01\/logo-rond.gif","contentUrl":"https:\/\/www.cercledecompetences.org\/wp-content\/uploads\/2019\/01\/logo-rond.gif","width":863,"height":1137,"caption":"Cercle de comp\u00e9tences"},"image":{"@id":"https:\/\/www.cercledecompetences.org\/#\/schema\/logo\/image\/"},"sameAs":["https:\/\/www.facebook.com\/cercledecompetences.Bretagne.et.Lyon\/","https:\/\/www.linkedin.com\/company\/cercle-de-competences\/"]}]}},"_links":{"self":[{"href":"https:\/\/www.cercledecompetences.org\/index.php\/wp-json\/wp\/v2\/pages\/3356","targetHints":{"allow":["GET"]}}],"collection":[{"href":"https:\/\/www.cercledecompetences.org\/index.php\/wp-json\/wp\/v2\/pages"}],"about":[{"href":"https:\/\/www.cercledecompetences.org\/index.php\/wp-json\/wp\/v2\/types\/page"}],"author":[{"embeddable":true,"href":"https:\/\/www.cercledecompetences.org\/index.php\/wp-json\/wp\/v2\/users\/3"}],"replies":[{"embeddable":true,"href":"https:\/\/www.cercledecompetences.org\/index.php\/wp-json\/wp\/v2\/comments?post=3356"}],"version-history":[{"count":45,"href":"https:\/\/www.cercledecompetences.org\/index.php\/wp-json\/wp\/v2\/pages\/3356\/revisions"}],"predecessor-version":[{"id":4097,"href":"https:\/\/www.cercledecompetences.org\/index.php\/wp-json\/wp\/v2\/pages\/3356\/revisions\/4097"}],"wp:attachment":[{"href":"https:\/\/www.cercledecompetences.org\/index.php\/wp-json\/wp\/v2\/media?parent=3356"}],"curies":[{"name":"wp","href":"https:\/\/api.w.org\/{rel}","templated":true}]}}