{"id":3709,"date":"2021-01-20T13:37:55","date_gmt":"2021-01-20T12:37:55","guid":{"rendered":"https:\/\/www.cercledecompetences.org\/?page_id=3709"},"modified":"2021-01-24T21:31:15","modified_gmt":"2021-01-24T20:31:15","slug":"ressources-pedagogiques-pour-formateurs","status":"publish","type":"page","link":"https:\/\/www.cercledecompetences.org\/index.php\/ressources-pedagogiques-pour-formateurs\/","title":{"rendered":"Ressources p\u00e9dagogiques pour formateurs"},"content":{"rendered":"<p>[et_pb_section fb_built=\u00a0\u00bb1&Prime; _builder_version=\u00a0\u00bb3.22.3&Prime;][et_pb_row custom_padding=\u00a0\u00bb26px|0px|25.2969px|0px|false|false\u00a0\u00bb _builder_version=\u00a0\u00bb3.22.3&Prime;][et_pb_column type=\u00a0\u00bb4_4&Prime; _builder_version=\u00a0\u00bb3.19&Prime;][et_pb_text _builder_version=\u00a0\u00bb3.23.2&Prime; text_font=\u00a0\u00bb||||||||\u00a0\u00bb]<\/p>\n<p>&nbsp;<\/p>\n<p><span style=\"color: #ff0000;\"><\/span><\/p>\n<p><span style=\"color: #ff0000;\"><\/span><\/p>\n<p><span style=\"color: #ff0000;\"><\/span><\/p>\n<p><span style=\"color: #ff0000;\"><\/span><\/p>\n<h2><span style=\"color: #993300;\"><span style=\"color: #ff0000;\">Ressources p\u00e9dagogiques pour formateurs du Cercle de Comp\u00e9tences<\/span><\/span><\/h2>\n<p><span style=\"color: #993300;\"><span style=\"color: #ff0000;\"><\/span><\/span><\/p>\n<p><span style=\"color: #993300;\"><span style=\"color: #ff0000;\"><\/span><\/span><\/p>\n<p><span style=\"color: #993300;\"><span style=\"color: #ff0000;\"><\/span><\/span><\/p>\n<p><span style=\"color: #993300;\"><span style=\"color: #ff0000;\"><\/span><\/span><\/p>\n<p><span style=\"color: #993300;\"><span style=\"color: #ff0000;\">Mine d&rsquo;informations venant de <a href=\"http:\/\/www.pedagoform-formation-professionnelle.com\/\">Pedagoform<\/a> et d<a href=\"https:\/\/www.innovation-pedagogique.fr\/\">&lsquo;Innovation P\u00e9dagogique<\/a> <\/span><\/span><\/p>\n<p><span style=\"color: #993300;\"><span style=\"color: #ff0000;\"><\/span><\/span><\/p>\n<p><span style=\"color: #993300;\"><span style=\"color: #ff0000;\"><\/span><\/span><\/p>\n<p><span style=\"color: #993300;\"><\/span><\/p>\n<p><span style=\"color: #993300;\"><\/span><\/p>\n<p><span style=\"color: #993300;\"><strong style=\"font-weight: bold; color: #555555; font-family: Arial, 'Helvetica Neue', Helvetica, sans-serif; font-size: 14px; font-style: normal; font-variant-ligatures: normal; font-variant-caps: normal; letter-spacing: normal; text-align: justify; text-indent: 0px; text-transform: none; white-space: normal; word-spacing: 0px; -webkit-text-stroke-width: 0px;\">Polytechnique Monr\u00e9al<\/strong><span style=\"color: #555555; font-family: Arial, 'Helvetica Neue', Helvetica, sans-serif; font-size: 14px; font-style: normal; font-variant-ligatures: normal; font-variant-caps: normal; font-weight: 400; letter-spacing: normal; text-align: justify; text-indent: 0px; text-transform: none; white-space: normal; word-spacing: 0px; -webkit-text-stroke-width: 0px; display: inline !important; float: none;\"><span>\u00a0<\/span>met \u00e0 disposition<span>\u00a0<\/span><\/span><a href=\"https:\/\/www.polymtl.ca\/vignettes\/\" style=\"color: #4674b8; text-decoration: none; font-family: Arial, 'Helvetica Neue', Helvetica, sans-serif; font-size: 14px; font-style: normal; font-variant-ligatures: normal; font-variant-caps: normal; font-weight: 400; letter-spacing: normal; orphans: 2; text-align: justify; text-indent: 0px; text-transform: none; white-space: normal; widows: 2; word-spacing: 0px; -webkit-text-stroke-width: 0px;\">une centaine de fiches proposant des activit\u00e9s de <strong><span style=\"color: #e02b20;\">p\u00e9dagogie active<\/span><\/strong><\/a><span style=\"color: #555555; font-family: Arial, 'Helvetica Neue', Helvetica, sans-serif; font-size: 14px; font-style: normal; font-variant-ligatures: normal; font-variant-caps: normal; font-weight: 400; letter-spacing: normal; text-align: justify; text-indent: 0px; text-transform: none; white-space: normal; word-spacing: 0px; -webkit-text-stroke-width: 0px; display: inline !important; float: none;\"><strong><span style=\"color: #e02b20;\">. <\/span><\/strong>Usage des cartes conceptuelles, buzz-groupe, d\u00e9bat, etc. sont autant de modalit\u00e9s dont il est possible de s\u2019inspirer pour construire de nouvelles trames p\u00e9dagogiques pla\u00e7ant l\u2019apprenant en situation active.<\/span><\/span><\/p>\n<p><a href=\"https:\/\/www.polymtl.ca\/vignettes\/\">https:\/\/www.polymtl.ca\/vignettes\/<\/a><\/p>\n<h1 style=\"box-sizing: border-box; margin: 0.5em 0px; font-size: 3.2rem; font-family: Nunito, sans-serif; font-weight: 800; line-height: 1.1; color: var(--primary-color); letter-spacing: -0.5px; font-style: normal; font-variant-ligatures: normal; font-variant-caps: normal; orphans: 2; text-align: start; text-indent: 0px; text-transform: none; white-space: normal; widows: 2; word-spacing: 0px; -webkit-text-stroke-width: 0px; background-color: #ffffff; text-decoration-thickness: initial; text-decoration-style: initial; text-decoration-color: initial;\"><span style=\"font-size: small; color: #e02b20;\"><strong><span style=\"font-family: inherit;\">Fiches ressources sur l&rsquo;hybridation des formations en coop\u00e9ration ouverte &#8211; Comment travailler en ligne<\/span><\/strong><\/span><\/h1>\n<p><a href=\"https:\/\/www.ripostecreativepedagogique.xyz\/?BaseRessources\">https:\/\/www.ripostecreativepedagogique.xyz\/?BaseRessources<\/a><\/p>\n<p>&nbsp;<\/p>\n<p>&nbsp;<\/p>\n<p><span style=\"color: #e02b20;\"><strong>Ressources en interculturel<\/strong><\/span><\/p>\n<p>\u00a0<a href=\"https:\/\/red.educagri.fr\/kits-et-sequences-pedagogiques\/la-rencontre-interculturelle\/\">https:\/\/red.educagri.fr\/kits-et-sequences-pedagogiques\/la-rencontre-interculturelle\/<\/a><\/p>\n<p>&nbsp;<\/p>\n<p>Un r\u00e9seau <span style=\"color: #e02b20;\"><strong>p\u00e9dagogique et innovant en Bretagne<\/strong><\/span> : <a href=\"https:\/\/www.bretagne-educative.net\/rubrique20.html\">https:\/\/www.bretagne-educative.net\/rubrique20.html<\/a><\/p>\n<p>&nbsp;<\/p>\n<p>&nbsp;<\/p>\n<p>Quel <a href=\"http:\/\/www.pedagoform-formation-professionnelle.com\/article-quel-cadre-juridique-pour-les-formations-numeriques-109266455.html\"><strong><span style=\"color: #e02b20;\">cadre juridique pour les formations num\u00e9riques <\/span><\/strong>?<\/a><\/p>\n<p>&nbsp;<\/p>\n<p>&nbsp;<\/p>\n<p>&nbsp;<\/p>\n<section data-responsive=\"true\" class=\"strc1\" id=\"comp-jiedrl5v\">\n<div id=\"comp-jiedrl5vinlineContent\" class=\"strc1inlineContent\">\n<div data-content-width=\"980\" data-is-mesh=\"true\" class=\"mc1\" id=\"comp-jiedrla5\">\n<div id=\"comp-jiedrla5container\" class=\"mc1container\">\n<div id=\"comp-jiedrla5inlineContentParent\" class=\"mc1inlineContentParent\"><\/div>\n<\/div>\n<\/div>\n<\/div>\n<\/section>\n<p>[\/et_pb_text][\/et_pb_column][\/et_pb_row][et_pb_row _builder_version=\u00a0\u00bb3.22.3&Prime;][et_pb_column type=\u00a0\u00bb4_4&Prime; _builder_version=\u00a0\u00bb3.19&Prime;][et_pb_text _builder_version=\u00a0\u00bb3.19&Prime;]<\/p>\n<p><le cercle=\"\" de=\"\" comp=\"\" tences=\"\" est=\"\" une=\"\" association=\"\" loi=\"\" 1901=\"\" qui=\"\" a=\"\" pour=\"\" vocation=\"\" la=\"\" diffusion=\"\" des=\"\" id=\"\" es=\"\" et=\"\" pratiques=\"\" centr=\"\" ce=\"\" sans=\"\" fronti=\"\" res=\"\" p=\"\"> <\/le><\/p>\n<p>&nbsp;<\/p>\n<p>[\/et_pb_text][\/et_pb_column][\/et_pb_row][\/et_pb_section]<\/p>\n","protected":false},"excerpt":{"rendered":"<p>&nbsp; Ressources p\u00e9dagogiques pour formateurs du Cercle de Comp\u00e9tences Mine d&rsquo;informations venant de Pedagoform et d&rsquo;Innovation P\u00e9dagogique Polytechnique Monr\u00e9al\u00a0met \u00e0 disposition\u00a0une centaine de fiches proposant des activit\u00e9s de p\u00e9dagogie active. Usage des cartes conceptuelles, buzz-groupe, d\u00e9bat, etc. sont autant de modalit\u00e9s dont il est possible de s\u2019inspirer pour construire de nouvelles trames p\u00e9dagogiques pla\u00e7ant l\u2019apprenant [&hellip;]<\/p>\n","protected":false},"author":3,"featured_media":0,"parent":0,"menu_order":0,"comment_status":"closed","ping_status":"closed","template":"","meta":{"_et_pb_use_builder":"on","_et_pb_old_content":"","_et_gb_content_width":"","_glsr_average":0,"_glsr_ranking":0,"_glsr_reviews":0,"footnotes":""},"class_list":["post-3709","page","type-page","status-publish","hentry"],"yoast_head":"<!-- This site is optimized with the Yoast SEO plugin v27.0 - https:\/\/yoast.com\/product\/yoast-seo-wordpress\/ -->\n<title>Ressources p\u00e9dagogiques pour formateurs - Cercle de comp\u00e9tences<\/title>\n<meta name=\"robots\" content=\"index, follow, max-snippet:-1, max-image-preview:large, max-video-preview:-1\" \/>\n<link rel=\"canonical\" href=\"https:\/\/www.cercledecompetences.org\/index.php\/ressources-pedagogiques-pour-formateurs\/\" \/>\n<meta property=\"og:locale\" content=\"fr_FR\" \/>\n<meta property=\"og:type\" content=\"article\" \/>\n<meta property=\"og:title\" content=\"Ressources p\u00e9dagogiques pour formateurs - Cercle de comp\u00e9tences\" \/>\n<meta property=\"og:description\" content=\"&nbsp; Ressources p\u00e9dagogiques pour formateurs du Cercle de Comp\u00e9tences Mine d&#039;informations venant de Pedagoform et d&#039;Innovation P\u00e9dagogique Polytechnique Monr\u00e9al\u00a0met \u00e0 disposition\u00a0une centaine de fiches proposant des activit\u00e9s de p\u00e9dagogie active. Usage des cartes conceptuelles, buzz-groupe, d\u00e9bat, etc. sont autant de modalit\u00e9s dont il est possible de s\u2019inspirer pour construire de nouvelles trames p\u00e9dagogiques pla\u00e7ant l\u2019apprenant [&hellip;]\" \/>\n<meta property=\"og:url\" content=\"https:\/\/www.cercledecompetences.org\/index.php\/ressources-pedagogiques-pour-formateurs\/\" \/>\n<meta property=\"og:site_name\" content=\"Cercle de comp\u00e9tences\" \/>\n<meta property=\"article:publisher\" content=\"https:\/\/www.facebook.com\/cercledecompetences.Bretagne.et.Lyon\/\" \/>\n<meta property=\"article:modified_time\" content=\"2021-01-24T20:31:15+00:00\" \/>\n<meta name=\"twitter:card\" content=\"summary_large_image\" \/>\n<meta name=\"twitter:label1\" content=\"Dur\u00e9e de lecture estim\u00e9e\" \/>\n\t<meta name=\"twitter:data1\" content=\"1 minute\" \/>\n<script type=\"application\/ld+json\" class=\"yoast-schema-graph\">{\"@context\":\"https:\/\/schema.org\",\"@graph\":[{\"@type\":\"WebPage\",\"@id\":\"https:\/\/www.cercledecompetences.org\/index.php\/ressources-pedagogiques-pour-formateurs\/\",\"url\":\"https:\/\/www.cercledecompetences.org\/index.php\/ressources-pedagogiques-pour-formateurs\/\",\"name\":\"Ressources p\u00e9dagogiques pour formateurs - Cercle de comp\u00e9tences\",\"isPartOf\":{\"@id\":\"https:\/\/www.cercledecompetences.org\/#website\"},\"datePublished\":\"2021-01-20T12:37:55+00:00\",\"dateModified\":\"2021-01-24T20:31:15+00:00\",\"breadcrumb\":{\"@id\":\"https:\/\/www.cercledecompetences.org\/index.php\/ressources-pedagogiques-pour-formateurs\/#breadcrumb\"},\"inLanguage\":\"fr-FR\",\"potentialAction\":[{\"@type\":\"ReadAction\",\"target\":[\"https:\/\/www.cercledecompetences.org\/index.php\/ressources-pedagogiques-pour-formateurs\/\"]}]},{\"@type\":\"BreadcrumbList\",\"@id\":\"https:\/\/www.cercledecompetences.org\/index.php\/ressources-pedagogiques-pour-formateurs\/#breadcrumb\",\"itemListElement\":[{\"@type\":\"ListItem\",\"position\":1,\"name\":\"Accueil\",\"item\":\"https:\/\/www.cercledecompetences.org\/\"},{\"@type\":\"ListItem\",\"position\":2,\"name\":\"Ressources p\u00e9dagogiques pour formateurs\"}]},{\"@type\":\"WebSite\",\"@id\":\"https:\/\/www.cercledecompetences.org\/#website\",\"url\":\"https:\/\/www.cercledecompetences.org\/\",\"name\":\"Cercle de comp\u00e9tences\",\"description\":\"Organisme de formation associatif\",\"publisher\":{\"@id\":\"https:\/\/www.cercledecompetences.org\/#organization\"},\"potentialAction\":[{\"@type\":\"SearchAction\",\"target\":{\"@type\":\"EntryPoint\",\"urlTemplate\":\"https:\/\/www.cercledecompetences.org\/?s={search_term_string}\"},\"query-input\":{\"@type\":\"PropertyValueSpecification\",\"valueRequired\":true,\"valueName\":\"search_term_string\"}}],\"inLanguage\":\"fr-FR\"},{\"@type\":\"Organization\",\"@id\":\"https:\/\/www.cercledecompetences.org\/#organization\",\"name\":\"Cercle de comp\u00e9tences\",\"url\":\"https:\/\/www.cercledecompetences.org\/\",\"logo\":{\"@type\":\"ImageObject\",\"inLanguage\":\"fr-FR\",\"@id\":\"https:\/\/www.cercledecompetences.org\/#\/schema\/logo\/image\/\",\"url\":\"https:\/\/www.cercledecompetences.org\/wp-content\/uploads\/2019\/01\/logo-rond.gif\",\"contentUrl\":\"https:\/\/www.cercledecompetences.org\/wp-content\/uploads\/2019\/01\/logo-rond.gif\",\"width\":863,\"height\":1137,\"caption\":\"Cercle de comp\u00e9tences\"},\"image\":{\"@id\":\"https:\/\/www.cercledecompetences.org\/#\/schema\/logo\/image\/\"},\"sameAs\":[\"https:\/\/www.facebook.com\/cercledecompetences.Bretagne.et.Lyon\/\",\"https:\/\/www.linkedin.com\/company\/cercle-de-competences\/\"]}]}<\/script>\n<!-- \/ Yoast SEO plugin. -->","yoast_head_json":{"title":"Ressources p\u00e9dagogiques pour formateurs - Cercle de comp\u00e9tences","robots":{"index":"index","follow":"follow","max-snippet":"max-snippet:-1","max-image-preview":"max-image-preview:large","max-video-preview":"max-video-preview:-1"},"canonical":"https:\/\/www.cercledecompetences.org\/index.php\/ressources-pedagogiques-pour-formateurs\/","og_locale":"fr_FR","og_type":"article","og_title":"Ressources p\u00e9dagogiques pour formateurs - Cercle de comp\u00e9tences","og_description":"&nbsp; Ressources p\u00e9dagogiques pour formateurs du Cercle de Comp\u00e9tences Mine d'informations venant de Pedagoform et d'Innovation P\u00e9dagogique Polytechnique Monr\u00e9al\u00a0met \u00e0 disposition\u00a0une centaine de fiches proposant des activit\u00e9s de p\u00e9dagogie active. Usage des cartes conceptuelles, buzz-groupe, d\u00e9bat, etc. sont autant de modalit\u00e9s dont il est possible de s\u2019inspirer pour construire de nouvelles trames p\u00e9dagogiques pla\u00e7ant l\u2019apprenant [&hellip;]","og_url":"https:\/\/www.cercledecompetences.org\/index.php\/ressources-pedagogiques-pour-formateurs\/","og_site_name":"Cercle de comp\u00e9tences","article_publisher":"https:\/\/www.facebook.com\/cercledecompetences.Bretagne.et.Lyon\/","article_modified_time":"2021-01-24T20:31:15+00:00","twitter_card":"summary_large_image","twitter_misc":{"Dur\u00e9e de lecture estim\u00e9e":"1 minute"},"schema":{"@context":"https:\/\/schema.org","@graph":[{"@type":"WebPage","@id":"https:\/\/www.cercledecompetences.org\/index.php\/ressources-pedagogiques-pour-formateurs\/","url":"https:\/\/www.cercledecompetences.org\/index.php\/ressources-pedagogiques-pour-formateurs\/","name":"Ressources p\u00e9dagogiques pour formateurs - Cercle de comp\u00e9tences","isPartOf":{"@id":"https:\/\/www.cercledecompetences.org\/#website"},"datePublished":"2021-01-20T12:37:55+00:00","dateModified":"2021-01-24T20:31:15+00:00","breadcrumb":{"@id":"https:\/\/www.cercledecompetences.org\/index.php\/ressources-pedagogiques-pour-formateurs\/#breadcrumb"},"inLanguage":"fr-FR","potentialAction":[{"@type":"ReadAction","target":["https:\/\/www.cercledecompetences.org\/index.php\/ressources-pedagogiques-pour-formateurs\/"]}]},{"@type":"BreadcrumbList","@id":"https:\/\/www.cercledecompetences.org\/index.php\/ressources-pedagogiques-pour-formateurs\/#breadcrumb","itemListElement":[{"@type":"ListItem","position":1,"name":"Accueil","item":"https:\/\/www.cercledecompetences.org\/"},{"@type":"ListItem","position":2,"name":"Ressources p\u00e9dagogiques pour formateurs"}]},{"@type":"WebSite","@id":"https:\/\/www.cercledecompetences.org\/#website","url":"https:\/\/www.cercledecompetences.org\/","name":"Cercle de comp\u00e9tences","description":"Organisme de formation associatif","publisher":{"@id":"https:\/\/www.cercledecompetences.org\/#organization"},"potentialAction":[{"@type":"SearchAction","target":{"@type":"EntryPoint","urlTemplate":"https:\/\/www.cercledecompetences.org\/?s={search_term_string}"},"query-input":{"@type":"PropertyValueSpecification","valueRequired":true,"valueName":"search_term_string"}}],"inLanguage":"fr-FR"},{"@type":"Organization","@id":"https:\/\/www.cercledecompetences.org\/#organization","name":"Cercle de comp\u00e9tences","url":"https:\/\/www.cercledecompetences.org\/","logo":{"@type":"ImageObject","inLanguage":"fr-FR","@id":"https:\/\/www.cercledecompetences.org\/#\/schema\/logo\/image\/","url":"https:\/\/www.cercledecompetences.org\/wp-content\/uploads\/2019\/01\/logo-rond.gif","contentUrl":"https:\/\/www.cercledecompetences.org\/wp-content\/uploads\/2019\/01\/logo-rond.gif","width":863,"height":1137,"caption":"Cercle de comp\u00e9tences"},"image":{"@id":"https:\/\/www.cercledecompetences.org\/#\/schema\/logo\/image\/"},"sameAs":["https:\/\/www.facebook.com\/cercledecompetences.Bretagne.et.Lyon\/","https:\/\/www.linkedin.com\/company\/cercle-de-competences\/"]}]}},"_links":{"self":[{"href":"https:\/\/www.cercledecompetences.org\/index.php\/wp-json\/wp\/v2\/pages\/3709","targetHints":{"allow":["GET"]}}],"collection":[{"href":"https:\/\/www.cercledecompetences.org\/index.php\/wp-json\/wp\/v2\/pages"}],"about":[{"href":"https:\/\/www.cercledecompetences.org\/index.php\/wp-json\/wp\/v2\/types\/page"}],"author":[{"embeddable":true,"href":"https:\/\/www.cercledecompetences.org\/index.php\/wp-json\/wp\/v2\/users\/3"}],"replies":[{"embeddable":true,"href":"https:\/\/www.cercledecompetences.org\/index.php\/wp-json\/wp\/v2\/comments?post=3709"}],"version-history":[{"count":8,"href":"https:\/\/www.cercledecompetences.org\/index.php\/wp-json\/wp\/v2\/pages\/3709\/revisions"}],"predecessor-version":[{"id":3726,"href":"https:\/\/www.cercledecompetences.org\/index.php\/wp-json\/wp\/v2\/pages\/3709\/revisions\/3726"}],"wp:attachment":[{"href":"https:\/\/www.cercledecompetences.org\/index.php\/wp-json\/wp\/v2\/media?parent=3709"}],"curies":[{"name":"wp","href":"https:\/\/api.w.org\/{rel}","templated":true}]}}