{"id":4433,"date":"2021-09-22T16:36:56","date_gmt":"2021-09-22T14:36:56","guid":{"rendered":"https:\/\/www.cercledecompetences.org\/?page_id=4433"},"modified":"2022-03-28T17:34:40","modified_gmt":"2022-03-28T15:34:40","slug":"demarches-reglementaires","status":"publish","type":"page","link":"https:\/\/www.cercledecompetences.org\/index.php\/demarches-reglementaires\/","title":{"rendered":"D\u00e9marches r\u00e8glementaires"},"content":{"rendered":"<p>[et_pb_section fb_built=\u00a0\u00bb1&Prime; _builder_version=\u00a0\u00bb3.22&Prime;][et_pb_row _builder_version=\u00a0\u00bb3.25&Prime;][et_pb_column type=\u00a0\u00bb4_4&Prime; _builder_version=\u00a0\u00bb3.25&Prime; custom_padding=\u00a0\u00bb|||\u00a0\u00bb custom_padding__hover=\u00a0\u00bb|||\u00a0\u00bb][et_pb_text _builder_version=\u00a0\u00bb4.9.10&Prime;]<\/p>\n<h1 style=\"text-align: center;\"><span style=\"color: #bd3129; font-size: xx-large;\"><\/span><\/h1>\n<h1 style=\"text-align: center;\"><span style=\"color: #bd3129; font-size: xx-large;\">D\u00e9marches r\u00e8glementaires<\/span><g class=\"gr_ gr_28 gr-alert gr_spell gr_inline_cards gr_run_anim ContextualSpelling ins-del multiReplace\" id=\"28\" data-gr-id=\"28\"><\/g><\/h1>\n<h3><span><strong><\/strong><\/span><\/h3>\n<h3><span><strong><\/strong><\/span><\/h3>\n<h3><span><strong><\/strong><\/span><\/h3>\n<h3><span><strong><\/strong><\/span><\/h3>\n<h3><span><strong><\/strong><\/span><\/h3>\n<h3><span><strong><\/strong><\/span><\/h3>\n<h3><span><strong><\/strong><\/span><\/h3>\n<h3><span><strong><\/strong><\/span><\/h3>\n<h3><span><strong><\/strong><\/span><\/h3>\n<h3><span><strong><\/strong><\/span><\/h3>\n<h3><span style=\"color: #993300;\"><strong>MESURES SANITAIRES CRISE COVID<\/strong><\/span><span><strong><\/strong><\/span><span style=\"color: #993300; font-size: large;\"><strong><\/strong><\/span><\/h3>\n<p><span style=\"color: #993300;\"><strong><\/strong><\/span><\/p>\n<p><span style=\"font-size: large;\"><strong><\/strong><\/span><\/p>\n<p><span style=\"color: #333333; font-size: large;\"><strong><\/strong><\/span><\/p>\n<div>\n<div style=\"font-family: verdana,sans-serif; font-size: small; color: #134f5c;\"><span style=\"color: #333333; font-size: large;\">Nous veillons, autant que possible, \u00e0 organiser en pr\u00e9sentiel. Dans le contexte actuel, il sera important de veiller \u00e0 observer les r\u00e8gles sanitaires en vigueur, notamment les gestes barri\u00e8res.<\/span><\/div>\n<div style=\"font-family: verdana,sans-serif; font-size: small; color: #134f5c;\"><span style=\"color: #333333; font-size: large;\"><\/span><\/div>\n<div style=\"font-family: verdana,sans-serif; font-size: small; color: #134f5c;\"><span style=\"color: #333333; font-size: large;\"><\/span><\/div>\n<div style=\"font-family: verdana,sans-serif; font-size: small; color: #134f5c;\"><span style=\"color: #333333; font-size: large;\"><\/span><\/div>\n<div style=\"font-family: verdana,sans-serif; font-size: small; color: #134f5c;\"><span style=\"color: #333333; font-size: large;\"><\/span><\/div>\n<div style=\"font-family: verdana,sans-serif; font-size: small; color: #134f5c;\"><span style=\"color: #333333; font-size: large;\"><\/span><\/div>\n<div style=\"font-family: verdana,sans-serif; font-size: small; color: #134f5c;\"><span style=\"color: #333333; font-size: large;\"><\/span><\/div>\n<div style=\"font-family: verdana,sans-serif; font-size: small; color: #134f5c;\"><span style=\"color: #333333; font-size: large;\"><\/span><\/div>\n<div style=\"font-family: verdana,sans-serif; font-size: small; color: #134f5c;\"><span style=\"color: #333333; font-size: large;\"><\/span><\/div>\n<div style=\"font-family: verdana,sans-serif; font-size: small; color: #134f5c;\"><\/div>\n<div style=\"font-family: verdana,sans-serif; font-size: small; color: #134f5c;\"><span style=\"color: #333333; font-size: large;\"><\/span><\/div>\n<div style=\"font-family: verdana,sans-serif; font-size: small; color: #134f5c;\">\n<div>\n<div style=\"font-family: verdana,sans-serif; font-size: small; color: #134f5c;\"><\/div>\n<div style=\"font-family: verdana,sans-serif; font-size: small; color: #134f5c;\">\n<div class=\"PZPZlf\">\n<div class=\"INGOOb\" data-hveid=\"CAQQAw\" data-ved=\"2ahUKEwj0hJCe5ZLzAhWRy4UKHfsRD4EQqsIBKAJ6BAgEEAM\"><span style=\"color: #333333; font-size: large;\">Pour emp\u00eacher la propagation de la COVID-19, nous suivons ces recommandations :<\/span><\/div>\n<\/div>\n<div class=\"PZPZlf\">\n<ul>\n<li class=\"AupITe\" data-hveid=\"CAQQBA\" data-ved=\"2ahUKEwj0hJCe5ZLzAhWRy4UKHfsRD4EQqsIBKAN6BAgEEAQ\"><span style=\"color: #333333; font-size: large;\">Maintenir une distance de s\u00e9curit\u00e9 de 1,5 m<\/span><\/li>\n<li class=\"AupITe\" data-hveid=\"CAQQBA\" data-ved=\"2ahUKEwj0hJCe5ZLzAhWRy4UKHfsRD4EQqsIBKAN6BAgEEAQ\"><span style=\"font-size: large;\"><span style=\"color: #333333;\">Porter un masque notamment en int\u00e9rieur ou lorsque la distanciation physique n&rsquo;est pas possible.<\/span><span style=\"color: #333333;\"><\/span><\/span>\n<div class=\"AupITe\" data-hveid=\"CAQQBg\" data-ved=\"2ahUKEwj0hJCe5ZLzAhWRy4UKHfsRD4EQqsIBKAV6BAgEEAY\"><span style=\"color: #333333; font-size: large;\"><\/span><\/div>\n<\/li>\n<li class=\"AupITe\" data-hveid=\"CAQQBA\" data-ved=\"2ahUKEwj0hJCe5ZLzAhWRy4UKHfsRD4EQqsIBKAN6BAgEEAQ\">\n<div class=\"AupITe\" data-hveid=\"CAQQBw\" data-ved=\"2ahUKEwj0hJCe5ZLzAhWRy4UKHfsRD4EQqsIBKAZ6BAgEEAc\"><span style=\"color: #333333; font-size: large;\">Pr\u00e9f\u00e9rer les zones ouvertes et bien ventil\u00e9es aux espaces ferm\u00e9s. Ouvrez une fen\u00eatre si vous \u00eates en int\u00e9rieur.<\/span><\/div>\n<\/li>\n<li class=\"AupITe\" data-hveid=\"CAQQBA\" data-ved=\"2ahUKEwj0hJCe5ZLzAhWRy4UKHfsRD4EQqsIBKAN6BAgEEAQ\">\n<div class=\"AupITe\" data-hveid=\"CAQQBw\" data-ved=\"2ahUKEwj0hJCe5ZLzAhWRy4UKHfsRD4EQqsIBKAZ6BAgEEAc\"><span style=\"color: #333333; font-size: large;\">Se laver fr\u00e9quemment les mains. Utiliser du savon et de l&rsquo;eau ou une solution hydroalcoolique.<\/span><\/div>\n<\/li>\n<\/ul>\n<\/div>\n<div class=\"PZPZlf\">\n<div class=\"AupITe\" data-hveid=\"CAQQCA\" data-ved=\"2ahUKEwj0hJCe5ZLzAhWRy4UKHfsRD4EQqsIBKAd6BAgEEAg\"><span style=\"color: #333333; font-size: large;\">\u00a0<\/span><\/div>\n<\/div>\n<\/div>\n<\/div>\n<\/div>\n<div style=\"font-family: verdana,sans-serif; font-size: small; color: #134f5c;\"><span style=\"color: #333333; font-size: large;\"><\/span><\/div>\n<div style=\"font-family: verdana,sans-serif; font-size: small; color: #134f5c;\"><span style=\"color: #333333; font-size: large;\"><\/span><\/div>\n<div style=\"font-family: verdana,sans-serif; font-size: small; color: #134f5c;\"><span style=\"color: #333333; font-size: large;\"><\/span><\/div>\n<div style=\"font-family: verdana,sans-serif; font-size: small; color: #134f5c;\"><span style=\"color: #333333; font-size: large;\"><\/span><\/div>\n<div style=\"font-family: verdana,sans-serif; font-size: small; color: #134f5c;\"><span style=\"color: #333333; font-size: large;\"><\/span><\/div>\n<div style=\"font-family: verdana,sans-serif; font-size: small; color: #134f5c;\"><span style=\"color: #333333; font-size: large;\"><\/span><\/div>\n<\/div>\n<div>\n<div style=\"font-family: verdana,sans-serif; font-size: small; color: #134f5c;\"><span style=\"color: #333333; font-size: large;\">Pour les formations qui seront organis\u00e9s dans des lieux publics (h\u00f4tel, centre de formation), le pass sanitaire sera exig\u00e9.<span style=\"font-family: arial, helvetica, sans-serif;\">\u00a0<\/span><\/span><\/div>\n<div style=\"font-family: verdana,sans-serif; font-size: small; color: #134f5c;\"><span style=\"color: #333333; font-size: large;\"><span style=\"font-family: arial, helvetica, sans-serif;\"><\/span><\/span><\/div>\n<\/div>\n<div>\n<div style=\"font-family: verdana,sans-serif; font-size: small; color: #134f5c;\"><span style=\"color: #333333; font-size: large;\">Si jamais vous pr\u00e9sentez des sympt\u00f4mes de Covid, ou si vous \u00eates soumis \u00e0 une quarantaine, ce qui vous emp\u00eache d&rsquo;assister \u00e0 une formation, le Cercle de Comp\u00e9tences vous remboursera int\u00e9gralement la formation.\u00a0 Voil\u00e0 ce que nous pouvons faire pour garantir la protection au mieux de nous tous.\u00a0<\/span><\/div>\n<div style=\"font-family: verdana,sans-serif; font-size: small; color: #134f5c;\"><span style=\"color: #333333; font-size: large;\"><\/span><\/div>\n<div style=\"font-family: verdana,sans-serif; font-size: small; color: #134f5c;\"><span style=\"color: #333333; font-size: large;\"><\/span><\/div>\n<div style=\"font-family: verdana,sans-serif; font-size: small; color: #134f5c;\"><span style=\"color: #333333; font-size: large;\"><\/span><\/div>\n<div style=\"font-family: verdana,sans-serif; font-size: small; color: #134f5c;\"><span style=\"color: #333333; font-size: large;\"><\/span><\/div>\n<div style=\"font-family: verdana,sans-serif; font-size: small; color: #134f5c;\"><span style=\"color: #333333; font-size: large;\"><\/span><\/div>\n<div style=\"font-family: verdana,sans-serif; font-size: small; color: #134f5c;\"><span style=\"color: #333333; font-size: large;\"><\/span><\/div>\n<div style=\"font-family: verdana,sans-serif; font-size: small; color: #134f5c;\"><span style=\"color: #333333; font-size: large;\"><\/span><\/div>\n<\/div>\n<div><\/div>\n<div><\/div>\n<div>\n<div style=\"font-family: verdana,sans-serif; font-size: small; color: #134f5c;\"><span style=\"color: #333333; font-size: large;\">\u00a0<\/span><\/div>\n<div style=\"font-family: verdana,sans-serif; font-size: small; color: #134f5c;\">\n<p><span style=\"color: #993300;\"><strong><\/strong><\/span><\/p>\n<p><span style=\"color: #993300;\"><strong><\/strong><\/span><\/p>\n<h3><span style=\"color: #993300;\"><strong>En cas de confinement<br \/><\/strong><\/span><\/h3>\n<p><span style=\"color: #993300;\"><strong><\/strong><\/span><\/p>\n<\/div>\n<\/div>\n<p><span style=\"color: #333333;\"><strong><\/strong><\/span><\/p>\n<p><span style=\"color: #333333; font-size: large;\">En cas de confinement, nos formations se feront en ligne (via zoom) comme ce f\u00fbt le cas en 2020 et 2021.<\/span><span style=\"color: #333333;\"><strong><\/strong><\/span><\/p>\n<p><span style=\"color: #333333; font-size: large;\"><\/span><\/p>\n<p><span style=\"color: #333333; font-size: large;\"><\/span><\/p>\n<p><span style=\"color: #333333; font-size: large;\"><\/span><\/p>\n<h3><span style=\"color: #993300;\"><strong>R\u00e9f\u00e9rencement Qualiopi<br \/><\/strong><\/span><\/h3>\n<p><span style=\"color: #993300;\"><strong><\/strong><\/span><\/p>\n<p><span style=\"color: #993300;\"><span style=\"color: #333333; font-size: large;\">Certificat n\u00b0 : 2000464.1<\/span><\/span><span style=\"color: #993300;\"><span style=\"color: #333333; font-size: large;\"><\/span><\/span><\/p>\n<p><span style=\"color: #993300;\"><strong><\/strong><\/span><\/p>\n<p><span style=\"color: #333333;\"><strong><\/strong><\/span><\/p>\n<p><span style=\"color: #333333;\"><strong><\/strong><\/span><\/p>\n<p><span style=\"color: #333333;\">\u00a0<\/span><\/p>\n<p><span style=\"color: #333333;\"><strong><\/strong><\/span><\/p>\n<h3><\/h3>\n<p><span style=\"color: #333333;\">\u00a0<\/span><\/p>\n<p>[\/et_pb_text][\/et_pb_column][\/et_pb_row][et_pb_row _builder_version=\u00a0\u00bb3.25&Prime;][et_pb_column type=\u00a0\u00bb4_4&Prime; _builder_version=\u00a0\u00bb3.25&Prime; custom_padding=\u00a0\u00bb|||\u00a0\u00bb custom_padding__hover=\u00a0\u00bb|||\u00a0\u00bb][et_pb_text _builder_version=\u00a0\u00bb3.27.4&Prime;]<\/p>\n<p><le cercle=\"\" de=\"\" comp=\"\" tences=\"\" est=\"\" une=\"\" association=\"\" loi=\"\" 1901=\"\" qui=\"\" a=\"\" pour=\"\" vocation=\"\" la=\"\" diffusion=\"\" des=\"\" id=\"\" es=\"\" et=\"\" pratiques=\"\" centr=\"\" ce=\"\" sans=\"\" fronti=\"\" res=\"\" p=\"\"> <\/le><\/p>\n<p>&nbsp;<\/p>\n<p>[\/et_pb_text][\/et_pb_column][\/et_pb_row][\/et_pb_section]<\/p>\n","protected":false},"excerpt":{"rendered":"<p>D\u00e9marches r\u00e8glementaires MESURES SANITAIRES CRISE COVID Nous veillons, autant que possible, \u00e0 organiser en pr\u00e9sentiel. Dans le contexte actuel, il sera important de veiller \u00e0 observer les r\u00e8gles sanitaires en vigueur, notamment les gestes barri\u00e8res. Pour emp\u00eacher la propagation de la COVID-19, nous suivons ces recommandations : Maintenir une distance de s\u00e9curit\u00e9 de 1,5 m [&hellip;]<\/p>\n","protected":false},"author":3,"featured_media":0,"parent":0,"menu_order":0,"comment_status":"closed","ping_status":"closed","template":"","meta":{"_et_pb_use_builder":"on","_et_pb_old_content":"","_et_gb_content_width":"","_glsr_average":0,"_glsr_ranking":0,"_glsr_reviews":0,"footnotes":""},"class_list":["post-4433","page","type-page","status-publish","hentry"],"yoast_head":"<!-- This site is optimized with the Yoast SEO plugin v27.0 - https:\/\/yoast.com\/product\/yoast-seo-wordpress\/ -->\n<title>D\u00e9marches r\u00e8glementaires - Cercle de comp\u00e9tences<\/title>\n<meta name=\"robots\" content=\"index, follow, max-snippet:-1, max-image-preview:large, max-video-preview:-1\" \/>\n<link rel=\"canonical\" href=\"https:\/\/www.cercledecompetences.org\/index.php\/demarches-reglementaires\/\" \/>\n<meta property=\"og:locale\" content=\"fr_FR\" \/>\n<meta property=\"og:type\" content=\"article\" \/>\n<meta property=\"og:title\" content=\"D\u00e9marches r\u00e8glementaires - Cercle de comp\u00e9tences\" \/>\n<meta property=\"og:description\" content=\"D\u00e9marches r\u00e8glementaires MESURES SANITAIRES CRISE COVID Nous veillons, autant que possible, \u00e0 organiser en pr\u00e9sentiel. Dans le contexte actuel, il sera important de veiller \u00e0 observer les r\u00e8gles sanitaires en vigueur, notamment les gestes barri\u00e8res. Pour emp\u00eacher la propagation de la COVID-19, nous suivons ces recommandations : Maintenir une distance de s\u00e9curit\u00e9 de 1,5 m [&hellip;]\" \/>\n<meta property=\"og:url\" content=\"https:\/\/www.cercledecompetences.org\/index.php\/demarches-reglementaires\/\" \/>\n<meta property=\"og:site_name\" content=\"Cercle de comp\u00e9tences\" \/>\n<meta property=\"article:publisher\" content=\"https:\/\/www.facebook.com\/cercledecompetences.Bretagne.et.Lyon\/\" \/>\n<meta property=\"article:modified_time\" content=\"2022-03-28T15:34:40+00:00\" \/>\n<meta name=\"twitter:card\" content=\"summary_large_image\" \/>\n<meta name=\"twitter:label1\" content=\"Dur\u00e9e de lecture estim\u00e9e\" \/>\n\t<meta name=\"twitter:data1\" content=\"1 minute\" \/>\n<script type=\"application\/ld+json\" class=\"yoast-schema-graph\">{\"@context\":\"https:\/\/schema.org\",\"@graph\":[{\"@type\":\"WebPage\",\"@id\":\"https:\/\/www.cercledecompetences.org\/index.php\/demarches-reglementaires\/\",\"url\":\"https:\/\/www.cercledecompetences.org\/index.php\/demarches-reglementaires\/\",\"name\":\"D\u00e9marches r\u00e8glementaires - Cercle de comp\u00e9tences\",\"isPartOf\":{\"@id\":\"https:\/\/www.cercledecompetences.org\/#website\"},\"datePublished\":\"2021-09-22T14:36:56+00:00\",\"dateModified\":\"2022-03-28T15:34:40+00:00\",\"breadcrumb\":{\"@id\":\"https:\/\/www.cercledecompetences.org\/index.php\/demarches-reglementaires\/#breadcrumb\"},\"inLanguage\":\"fr-FR\",\"potentialAction\":[{\"@type\":\"ReadAction\",\"target\":[\"https:\/\/www.cercledecompetences.org\/index.php\/demarches-reglementaires\/\"]}]},{\"@type\":\"BreadcrumbList\",\"@id\":\"https:\/\/www.cercledecompetences.org\/index.php\/demarches-reglementaires\/#breadcrumb\",\"itemListElement\":[{\"@type\":\"ListItem\",\"position\":1,\"name\":\"Accueil\",\"item\":\"https:\/\/www.cercledecompetences.org\/\"},{\"@type\":\"ListItem\",\"position\":2,\"name\":\"D\u00e9marches r\u00e8glementaires\"}]},{\"@type\":\"WebSite\",\"@id\":\"https:\/\/www.cercledecompetences.org\/#website\",\"url\":\"https:\/\/www.cercledecompetences.org\/\",\"name\":\"Cercle de comp\u00e9tences\",\"description\":\"Organisme de formation associatif\",\"publisher\":{\"@id\":\"https:\/\/www.cercledecompetences.org\/#organization\"},\"potentialAction\":[{\"@type\":\"SearchAction\",\"target\":{\"@type\":\"EntryPoint\",\"urlTemplate\":\"https:\/\/www.cercledecompetences.org\/?s={search_term_string}\"},\"query-input\":{\"@type\":\"PropertyValueSpecification\",\"valueRequired\":true,\"valueName\":\"search_term_string\"}}],\"inLanguage\":\"fr-FR\"},{\"@type\":\"Organization\",\"@id\":\"https:\/\/www.cercledecompetences.org\/#organization\",\"name\":\"Cercle de comp\u00e9tences\",\"url\":\"https:\/\/www.cercledecompetences.org\/\",\"logo\":{\"@type\":\"ImageObject\",\"inLanguage\":\"fr-FR\",\"@id\":\"https:\/\/www.cercledecompetences.org\/#\/schema\/logo\/image\/\",\"url\":\"https:\/\/www.cercledecompetences.org\/wp-content\/uploads\/2019\/01\/logo-rond.gif\",\"contentUrl\":\"https:\/\/www.cercledecompetences.org\/wp-content\/uploads\/2019\/01\/logo-rond.gif\",\"width\":863,\"height\":1137,\"caption\":\"Cercle de comp\u00e9tences\"},\"image\":{\"@id\":\"https:\/\/www.cercledecompetences.org\/#\/schema\/logo\/image\/\"},\"sameAs\":[\"https:\/\/www.facebook.com\/cercledecompetences.Bretagne.et.Lyon\/\",\"https:\/\/www.linkedin.com\/company\/cercle-de-competences\/\"]}]}<\/script>\n<!-- \/ Yoast SEO plugin. -->","yoast_head_json":{"title":"D\u00e9marches r\u00e8glementaires - Cercle de comp\u00e9tences","robots":{"index":"index","follow":"follow","max-snippet":"max-snippet:-1","max-image-preview":"max-image-preview:large","max-video-preview":"max-video-preview:-1"},"canonical":"https:\/\/www.cercledecompetences.org\/index.php\/demarches-reglementaires\/","og_locale":"fr_FR","og_type":"article","og_title":"D\u00e9marches r\u00e8glementaires - Cercle de comp\u00e9tences","og_description":"D\u00e9marches r\u00e8glementaires MESURES SANITAIRES CRISE COVID Nous veillons, autant que possible, \u00e0 organiser en pr\u00e9sentiel. Dans le contexte actuel, il sera important de veiller \u00e0 observer les r\u00e8gles sanitaires en vigueur, notamment les gestes barri\u00e8res. Pour emp\u00eacher la propagation de la COVID-19, nous suivons ces recommandations : Maintenir une distance de s\u00e9curit\u00e9 de 1,5 m [&hellip;]","og_url":"https:\/\/www.cercledecompetences.org\/index.php\/demarches-reglementaires\/","og_site_name":"Cercle de comp\u00e9tences","article_publisher":"https:\/\/www.facebook.com\/cercledecompetences.Bretagne.et.Lyon\/","article_modified_time":"2022-03-28T15:34:40+00:00","twitter_card":"summary_large_image","twitter_misc":{"Dur\u00e9e de lecture estim\u00e9e":"1 minute"},"schema":{"@context":"https:\/\/schema.org","@graph":[{"@type":"WebPage","@id":"https:\/\/www.cercledecompetences.org\/index.php\/demarches-reglementaires\/","url":"https:\/\/www.cercledecompetences.org\/index.php\/demarches-reglementaires\/","name":"D\u00e9marches r\u00e8glementaires - Cercle de comp\u00e9tences","isPartOf":{"@id":"https:\/\/www.cercledecompetences.org\/#website"},"datePublished":"2021-09-22T14:36:56+00:00","dateModified":"2022-03-28T15:34:40+00:00","breadcrumb":{"@id":"https:\/\/www.cercledecompetences.org\/index.php\/demarches-reglementaires\/#breadcrumb"},"inLanguage":"fr-FR","potentialAction":[{"@type":"ReadAction","target":["https:\/\/www.cercledecompetences.org\/index.php\/demarches-reglementaires\/"]}]},{"@type":"BreadcrumbList","@id":"https:\/\/www.cercledecompetences.org\/index.php\/demarches-reglementaires\/#breadcrumb","itemListElement":[{"@type":"ListItem","position":1,"name":"Accueil","item":"https:\/\/www.cercledecompetences.org\/"},{"@type":"ListItem","position":2,"name":"D\u00e9marches r\u00e8glementaires"}]},{"@type":"WebSite","@id":"https:\/\/www.cercledecompetences.org\/#website","url":"https:\/\/www.cercledecompetences.org\/","name":"Cercle de comp\u00e9tences","description":"Organisme de formation associatif","publisher":{"@id":"https:\/\/www.cercledecompetences.org\/#organization"},"potentialAction":[{"@type":"SearchAction","target":{"@type":"EntryPoint","urlTemplate":"https:\/\/www.cercledecompetences.org\/?s={search_term_string}"},"query-input":{"@type":"PropertyValueSpecification","valueRequired":true,"valueName":"search_term_string"}}],"inLanguage":"fr-FR"},{"@type":"Organization","@id":"https:\/\/www.cercledecompetences.org\/#organization","name":"Cercle de comp\u00e9tences","url":"https:\/\/www.cercledecompetences.org\/","logo":{"@type":"ImageObject","inLanguage":"fr-FR","@id":"https:\/\/www.cercledecompetences.org\/#\/schema\/logo\/image\/","url":"https:\/\/www.cercledecompetences.org\/wp-content\/uploads\/2019\/01\/logo-rond.gif","contentUrl":"https:\/\/www.cercledecompetences.org\/wp-content\/uploads\/2019\/01\/logo-rond.gif","width":863,"height":1137,"caption":"Cercle de comp\u00e9tences"},"image":{"@id":"https:\/\/www.cercledecompetences.org\/#\/schema\/logo\/image\/"},"sameAs":["https:\/\/www.facebook.com\/cercledecompetences.Bretagne.et.Lyon\/","https:\/\/www.linkedin.com\/company\/cercle-de-competences\/"]}]}},"_links":{"self":[{"href":"https:\/\/www.cercledecompetences.org\/index.php\/wp-json\/wp\/v2\/pages\/4433","targetHints":{"allow":["GET"]}}],"collection":[{"href":"https:\/\/www.cercledecompetences.org\/index.php\/wp-json\/wp\/v2\/pages"}],"about":[{"href":"https:\/\/www.cercledecompetences.org\/index.php\/wp-json\/wp\/v2\/types\/page"}],"author":[{"embeddable":true,"href":"https:\/\/www.cercledecompetences.org\/index.php\/wp-json\/wp\/v2\/users\/3"}],"replies":[{"embeddable":true,"href":"https:\/\/www.cercledecompetences.org\/index.php\/wp-json\/wp\/v2\/comments?post=4433"}],"version-history":[{"count":9,"href":"https:\/\/www.cercledecompetences.org\/index.php\/wp-json\/wp\/v2\/pages\/4433\/revisions"}],"predecessor-version":[{"id":5167,"href":"https:\/\/www.cercledecompetences.org\/index.php\/wp-json\/wp\/v2\/pages\/4433\/revisions\/5167"}],"wp:attachment":[{"href":"https:\/\/www.cercledecompetences.org\/index.php\/wp-json\/wp\/v2\/media?parent=4433"}],"curies":[{"name":"wp","href":"https:\/\/api.w.org\/{rel}","templated":true}]}}