{"id":7041,"date":"2023-06-02T14:24:45","date_gmt":"2023-06-02T12:24:45","guid":{"rendered":"https:\/\/www.cercledecompetences.org\/?page_id=7041"},"modified":"2023-06-02T15:38:00","modified_gmt":"2023-06-02T13:38:00","slug":"outils-psychotrauma-chi-toulon","status":"publish","type":"page","link":"https:\/\/www.cercledecompetences.org\/index.php\/outils-psychotrauma-chi-toulon\/","title":{"rendered":"Outils psychotrauma CHI Toulon"},"content":{"rendered":"<p>[et_pb_section fb_built=\u00a0\u00bb1&Prime; theme_builder_area=\u00a0\u00bbpost_content\u00a0\u00bb _builder_version=\u00a0\u00bb4.19.4&Prime; _module_preset=\u00a0\u00bbdefault\u00a0\u00bb][et_pb_row _builder_version=\u00a0\u00bb4.19.4&Prime; _module_preset=\u00a0\u00bbdefault\u00a0\u00bb theme_builder_area=\u00a0\u00bbpost_content\u00a0\u00bb][et_pb_column _builder_version=\u00a0\u00bb4.19.4&Prime; _module_preset=\u00a0\u00bbdefault\u00a0\u00bb type=\u00a0\u00bb4_4&Prime; theme_builder_area=\u00a0\u00bbpost_content\u00a0\u00bb][et_pb_text _builder_version=\u00a0\u00bb4.19.4&Prime; _module_preset=\u00a0\u00bbdefault\u00a0\u00bb theme_builder_area=\u00a0\u00bbpost_content\u00a0\u00bb hover_enabled=\u00a0\u00bb0&Prime; sticky_enabled=\u00a0\u00bb0&Prime;]<\/p>\n<div class=\"et_pb_column et_pb_column_4_4 et_pb_column_0  et_pb_css_mix_blend_mode_passthrough et-last-child\">\n<div class=\"et_pb_module et_pb_text et_pb_text_0  et_pb_text_align_left et_pb_bg_layout_light\">\n<div class=\"et_pb_text_inner\">\n<h1 style=\"text-align: left;\"><span style=\"color: #ff0000;\"><\/span><\/h1>\n<h1 style=\"text-align: left;\"><span style=\"color: #ff0000;\"><\/span><span style=\"color: #ff0000;\">\u00a0 OUTILS\u00a0 \u2013 PSYCHOTRAUMA CENTR\u00c9 COMP\u00c9TENCES\u00a0<\/span><\/h1>\n<p><span style=\"font-size: 14px;\">\u00a0<\/span><span style=\"font-size: 14px;\">\u00a0<\/span><\/p>\n<p>&nbsp;<\/p>\n<h1><span style=\"color: #e02b20;\">MODULE 1<\/span><\/h1>\n<p><span style=\"color: #e02b20;\"><\/span><\/p>\n<p><span style=\"color: #e02b20;\"><\/span><\/p>\n<p><span style=\"color: #e02b20;\"><\/span><\/p>\n<h2><span style=\"color: #0c71c3;\">\u00a0JOUR 1<\/span><\/h2>\n<p>&nbsp;<\/p>\n<h3>Le power point<\/h3>\n<p><a href=\"https:\/\/www.cercledecompetences.org\/wp-content\/uploads\/2019\/03\/PsychotraumaCC_Module1Jour1-V4.pdf\" rel=\"attachment wp-att-2091\">PsychotraumaCC_Module1Jour1 V4<\/a><\/p>\n<p>&nbsp;<\/p>\n<h3>Les diff\u00e9rents traumatismes (H. Dellucci)<g class=\"gr_ gr_40 gr-alert gr_spell gr_inline_cards gr_run_anim ContextualSpelling ins-del multiReplace\" id=\"40\" data-gr-id=\"40\"><\/g><\/h3>\n<div class=\"value style-scope ytcp-video-info\"><span class=\"video-url-fadeable style-scope ytcp-video-info\"><a target=\"_blank\" class=\"style-scope ytcp-video-info\" href=\"https:\/\/annefaviernaturo.wordpress.com\/formation-ateliers\/\" rel=\"noopener\">https:\/\/www.youtube.com\/watch?v=De6yCxq8Lb4&amp;feature=youtu.be<\/a><\/span><\/div>\n<div class=\"value style-scope ytcp-video-info\"><span class=\"video-url-fadeable style-scope ytcp-video-info\"><\/span><\/div>\n<div class=\"value style-scope ytcp-video-info\"><span class=\"video-url-fadeable style-scope ytcp-video-info\"><\/span><\/div>\n<div class=\"value style-scope ytcp-video-info\"><span class=\"video-url-fadeable style-scope ytcp-video-info\"><\/span><\/div>\n<div class=\"value style-scope ytcp-video-info\"><span class=\"video-url-fadeable style-scope ytcp-video-info\"><\/span><\/div>\n<div class=\"value style-scope ytcp-video-info\"><span class=\"video-url-fadeable style-scope ytcp-video-info\"><\/span><\/div>\n<div class=\"value style-scope ytcp-video-info\"><span class=\"video-url-fadeable style-scope ytcp-video-info\"><\/span><\/div>\n<h3><\/h3>\n<h3><\/h3>\n<h3><\/h3>\n<h3>La m\u00e9moire <g class=\"gr_ gr_40 gr-alert gr_spell gr_inline_cards gr_run_anim ContextualSpelling ins-del multiReplace\" id=\"40\" data-gr-id=\"40\">traumatique<\/g><\/h3>\n<p>&nbsp;<\/p>\n<p>http:\/\/www.dailymotion.com\/video\/x1mtnw1<span style=\"font-size: 14px;\">\u00a0<\/span><\/p>\n<p>&nbsp;<\/p>\n<p>&nbsp;<\/p>\n<h3>La fen\u00eatre de tol\u00e9rance<\/h3>\n<p>&nbsp;<\/p>\n<p><iframe loading=\"lazy\" title=\"Window of Tolerance Reimagined\" src=\"https:\/\/www.youtube.com\/embed\/ZVEDueyZ2C4?feature=oembed\" allow=\"accelerometer; autoplay; clipboard-write; encrypted-media; gyroscope; picture-in-picture; web-share\" allowfullscreen=\"\" width=\"1080\" height=\"608\"><\/iframe><\/p>\n<p>&nbsp;<\/p>\n<p><a title=\"La fene\u0302tre de la vie \u2013 l\u2019histoire des 2 pays\" href=\"https:\/\/therapsydotnet.files.wordpress.com\/2019\/03\/la-fenecc82tre-de-la-vie-e28093-le28099histoire-des-2-pays.docx\">Traduction : La fene\u0302tre de la vie \u2013 l\u2019histoire des 2 pays<\/a><span style=\"font-size: 14px;\">\u00a0<\/span><\/p>\n<p>&nbsp;<\/p>\n<p><span style=\"font-size: 14px;\"><\/span><\/p>\n<p>&nbsp;<\/p>\n<h3>Les <g class=\"gr_ gr_42 gr-alert gr_spell gr_inline_cards gr_run_anim ContextualSpelling multiReplace\" id=\"42\" data-gr-id=\"42\">neurones<\/g> <g class=\"gr_ gr_39 gr-alert gr_spell gr_inline_cards gr_run_anim ContextualSpelling ins-del multiReplace\" id=\"39\" data-gr-id=\"39\">miroirs<\/g><\/h3>\n<p><span style=\"font-size: 14px;\">\u00a0<\/span><\/p>\n<h3><span style=\"font-size: small;\">https:\/\/www.youtube.com\/watch?v=sRdUlO3qdak&amp;feature=youtu.be<\/span><\/h3>\n<p>&nbsp;<\/p>\n<h3><\/h3>\n<p>&nbsp;<\/p>\n<h3><span style=\"font-size: small;\">https:\/\/www.youtube.com\/watch?v=iZ1P7NjY4hA&amp;feature=youtu.be<\/span><\/h3>\n<p>&nbsp;<\/p>\n<p>&nbsp;<\/p>\n<h3>Trauma et th\u00e9orie polyvagale<\/h3>\n<p><iframe loading=\"lazy\" title=\"Trauma et Th\u00e9orie Polyvagale\" src=\"https:\/\/www.youtube.com\/embed\/HVVpa_-pLkE?feature=oembed\" allow=\"accelerometer; autoplay; clipboard-write; encrypted-media; gyroscope; picture-in-picture; web-share\" allowfullscreen=\"\" width=\"1080\" height=\"608\"><\/iframe><\/p>\n<p><a href=\"https:\/\/www.youtube.com\/watch?v=HVVpa_-pLkE\">\u00a0<\/a><\/p>\n<h3>La coh\u00e9rence <g class=\"gr_ gr_41 gr-alert gr_spell gr_inline_cards gr_run_anim ContextualSpelling ins-del multiReplace\" id=\"41\" data-gr-id=\"41\">cardiaque<\/g><\/h3>\n<p>&nbsp;<\/p>\n<p><iframe loading=\"lazy\" title=\"Comment pratiquer la cohe\u0301rence cardiaque\" src=\"https:\/\/www.youtube.com\/embed\/ZSf8ltoPTcQ?feature=oembed\" allow=\"accelerometer; autoplay; clipboard-write; encrypted-media; gyroscope; picture-in-picture; web-share\" allowfullscreen=\"\" width=\"1080\" height=\"608\"><\/iframe><\/p>\n<p>&nbsp;<\/p>\n<p><iframe loading=\"lazy\" title=\"Coherence Cardiaque - D\u00e9monstration\" src=\"https:\/\/www.youtube.com\/embed\/Mv1Amf-zE3c?feature=oembed\" allow=\"accelerometer; autoplay; clipboard-write; encrypted-media; gyroscope; picture-in-picture; web-share\" allowfullscreen=\"\" width=\"1080\" height=\"810\"><\/iframe><\/p>\n<p><span style=\"font-size: 14px;\">\u00a0<\/span><\/p>\n<p><strong><\/strong><\/p>\n<p><span style=\"color: #0c71c3;\">\u00a0<\/span><\/p>\n<p>&nbsp;<\/p>\n<h2><span style=\"color: #0c71c3;\">\u00a0JOUR 2<\/span><\/h2>\n<p>&nbsp;<\/p>\n<h3>Le power point<\/h3>\n<p><span style=\"font-size: 14px;\"><a href=\"https:\/\/www.cercledecompetences.org\/wp-content\/uploads\/2019\/03\/PsychotraumaCC_Modul1Jour2-v5.ppt\" rel=\"attachment wp-att-2112\">PsychotraumaCC_Modul1Jour2 v5<\/a><\/span><\/p>\n<p>&nbsp;<\/p>\n<p>&nbsp;<\/p>\n<h3>Le CV des ressources<\/h3>\n<p><span style=\"font-size: 14px;\"><\/span><a href=\"https:\/\/www.cercledecompetences.org\/wp-content\/uploads\/2019\/03\/CV-ressources_HD-2016.pdf\" rel=\"attachment wp-att-2097\" style=\"font-size: 14px;\">CV ressources_H\u00e9l\u00e8ne Dellucci 2016<\/a><\/p>\n<p>&nbsp;<\/p>\n<h3>Step inside the circle<\/h3>\n<p><span style=\"font-size: 14px;\"> https:\/\/vimeo.com\/398088783<\/span><\/p>\n<p>\u00a0<a href=\"https:\/\/www.cercledecompetences.org\/wp-content\/uploads\/2019\/03\/DelageM-Attachement-et-familles-2007.pdf\" rel=\"attachment wp-att-2119\"><\/a><\/p>\n<h2><span style=\"color: #0c71c3;\">\u00a0<\/span><\/h2>\n<h2><span style=\"color: #0c71c3;\"><\/span><\/h2>\n<h2><span style=\"color: #0c71c3;\"><\/span><\/h2>\n<h2><span style=\"color: #0c71c3;\"><\/span><\/h2>\n<h2><span style=\"color: #0c71c3;\">JOUR 3<\/span><\/h2>\n<p><span style=\"color: #0c71c3;\"><\/span><\/p>\n<h3>Le power point<\/h3>\n<p><a href=\"https:\/\/www.cercledecompetences.org\/wp-content\/uploads\/2019\/03\/PsychotraumaCC_Module1Jour3-V4.pdf\" rel=\"attachment wp-att-2128\">PsychotraumaCC_Module1Jour3 V4<\/a><\/p>\n<p>&nbsp;<\/p>\n<p>&nbsp;<\/p>\n<h3>D\u00e9briefing centr\u00e9 comp\u00e9tences<\/h3>\n<p><a href=\"https:\/\/www.cercledecompetences.org\/wp-content\/uploads\/2019\/04\/DebriefingCC_HD.pdf\" rel=\"attachment wp-att-2160\">DebriefingCC_HD<\/a><\/p>\n<h3><\/h3>\n<h3><\/h3>\n<h3>La technique de l\u2019\u00e9ponge<\/h3>\n<p><a href=\"https:\/\/www.cercledecompetences.org\/wp-content\/uploads\/2019\/03\/Technique-de-l\u2019e\u0301ponge-2.pdf\" rel=\"attachment wp-att-2127\">Technique de l\u2019e\u0301ponge<\/a><\/p>\n<p>\u00a0<a href=\"https:\/\/www.cercledecompetences.org\/wp-content\/uploads\/2019\/03\/VIII-B_Post-Traumatic-Growth-Inventory.pdf\" rel=\"attachment wp-att-2118\"><\/a><\/p>\n<p>&nbsp;<\/p>\n<p>&nbsp;<\/p>\n<p><span style=\"color: #e02b20;\"><\/span><\/p>\n<h1><span style=\"color: #e02b20;\">MODULE 2<\/span><\/h1>\n<p><span><\/span><\/p>\n<p><span><\/span><\/p>\n<p><span><\/span><\/p>\n<h2><span>\u00a0<span style=\"color: #1771a5;\">JOUR 1<\/span><\/span><\/h2>\n<p><a href=\"https:\/\/www.cercledecompetences.org\/wp-content\/uploads\/2019\/06\/PsychotraumaCC_Modul2Jour1-v1.pdf\" rel=\"attachment wp-att-2359\">PsychotraumaCC_Modul2Jour1 v1<\/a><\/p>\n<h2><span>\u00a0<\/span><\/h2>\n<h2><span style=\"color: #0c71c3;\">JOUR 2<\/span><\/h2>\n<p><a href=\"https:\/\/www.cercledecompetences.org\/wp-content\/uploads\/2019\/06\/PsychotraumaCC_Modul2Jour1-v1.pdf\" rel=\"attachment wp-att-2359\">PsychotraumaCC_Modul2Jour1<\/a><\/p>\n<p>\u00a0LE RCI <\/p>\n<p>&nbsp;<\/p>\n<h2><span style=\"color: #0c71c3;\">JOUR 3<\/span><\/h2>\n<p><span style=\"color: #0c71c3;\"><a href=\"https:\/\/www.cercledecompetences.org\/wp-content\/uploads\/2019\/07\/PsychotraumaCC_Modul2Jour3-v1.pdf\" rel=\"attachment wp-att-2376\">PsychotraumaCC_Modul2Jour3 v1<\/a><\/span><\/p>\n<p>&nbsp;<\/p>\n<p><span style=\"font-size: 14px;\"><\/span><\/p>\n<p><span style=\"font-size: 14px;\"><\/span><\/p>\n<p><strong><span style=\"font-size: x-large;\">Violences sexuelles<\/span><\/strong><\/p>\n<p><span style=\"font-size: 14px;\"><\/span><\/p>\n<p><span style=\"font-size: 14px;\">Les violences sexuelles expliqu\u00e9es aux enfants : <a href=\"https:\/\/www.youtube.com\/watch?v=NtF4RbquGQo\">https:\/\/www.youtube.com\/watch?v=NtF4RbquGQo<\/a><\/span><\/p>\n<p>Le th\u00e9 et le consentement :\u00a0 <a href=\"https:\/\/www.youtube.com\/watch?v=S-50iVx_yxU\">https:\/\/www.youtube.com\/watch?v=S-50iVx_yxU<\/a><span style=\"font-size: 14px;\"><\/span><\/p>\n<p><span style=\"font-size: 14px;\"><\/span><\/p>\n<p><span style=\"font-size: 14px;\"><\/span><\/p>\n<p><span style=\"font-size: 14px;\"><\/span><\/p>\n<p>I<\/p>\n<p><span><\/span><\/p>\n<p><span><\/span><\/p>\n<p><span><\/span><\/p>\n<p><span><\/span><\/p>\n<p><span><\/span><\/p>\n<p><span><\/span><\/p>\n<\/div>\n<\/div>\n<div class=\"et_pb_module et_pb_text et_pb_text_1  et_pb_text_align_left et_pb_bg_layout_light\">\n<div class=\"et_pb_text_inner\">\n<p>&nbsp;<\/p>\n<h3>La fen\u00eatre de tol\u00e9rance<\/h3>\n<p>&nbsp;<\/p>\n<p><iframe loading=\"lazy\" title=\"Window of Tolerance Reimagined\" src=\"https:\/\/www.youtube.com\/embed\/ZVEDueyZ2C4?feature=oembed\" allow=\"accelerometer; autoplay; clipboard-write; encrypted-media; gyroscope; picture-in-picture; web-share\" allowfullscreen=\"\" width=\"1080\" height=\"608\"><\/iframe><\/p>\n<p>&nbsp;<\/p>\n<p><a title=\"La fene\u0302tre de la vie \u2013 l\u2019histoire des 2 pays\" href=\"https:\/\/therapsydotnet.files.wordpress.com\/2019\/03\/la-fenecc82tre-de-la-vie-e28093-le28099histoire-des-2-pays.docx\">Traduction : La fene\u0302tre de la vie \u2013 l\u2019histoire des 2 pays<\/a><span style=\"font-size: 14px;\">\u00a0<\/span><\/p>\n<p>&nbsp;<\/p>\n<p><span style=\"font-size: 14px;\"><\/span><\/p>\n<p>&nbsp;<\/p>\n<h3>Les <g class=\"gr_ gr_42 gr-alert gr_spell gr_inline_cards gr_run_anim ContextualSpelling multiReplace\" id=\"42\" data-gr-id=\"42\">neurones<\/g> <g class=\"gr_ gr_39 gr-alert gr_spell gr_inline_cards gr_run_anim ContextualSpelling ins-del multiReplace\" id=\"39\" data-gr-id=\"39\">miroirs<\/g><\/h3>\n<p><span style=\"font-size: 14px;\">\u00a0<\/span><\/p>\n<h3><span style=\"font-size: small;\">https:\/\/www.youtube.com\/watch?v=sRdUlO3qdak&amp;feature=youtu.be<\/span><\/h3>\n<p>&nbsp;<\/p>\n<h3><\/h3>\n<p>&nbsp;<\/p>\n<h3><span style=\"font-size: small;\">https:\/\/www.youtube.com\/watch?v=iZ1P7NjY4hA&amp;feature=youtu.be<\/span><\/h3>\n<p>&nbsp;<\/p>\n<p>&nbsp;<\/p>\n<h3>Trauma et th\u00e9orie polyvagale<\/h3>\n<p><iframe loading=\"lazy\" title=\"Trauma et Th\u00e9orie Polyvagale\" src=\"https:\/\/www.youtube.com\/embed\/HVVpa_-pLkE?feature=oembed\" allow=\"accelerometer; autoplay; clipboard-write; encrypted-media; gyroscope; picture-in-picture; web-share\" allowfullscreen=\"\" width=\"1080\" height=\"608\"><\/iframe><\/p>\n<p><a href=\"https:\/\/www.youtube.com\/watch?v=HVVpa_-pLkE\">\u00a0<\/a><\/p>\n<h3>La coh\u00e9rence <g class=\"gr_ gr_41 gr-alert gr_spell gr_inline_cards gr_run_anim ContextualSpelling ins-del multiReplace\" id=\"41\" data-gr-id=\"41\">cardiaque<\/g><\/h3>\n<p>&nbsp;<\/p>\n<p><iframe loading=\"lazy\" title=\"Comment pratiquer la cohe\u0301rence cardiaque\" src=\"https:\/\/www.youtube.com\/embed\/ZSf8ltoPTcQ?feature=oembed\" allow=\"accelerometer; autoplay; clipboard-write; encrypted-media; gyroscope; picture-in-picture; web-share\" allowfullscreen=\"\" width=\"1080\" height=\"608\"><\/iframe><\/p>\n<p>&nbsp;<\/p>\n<p><iframe loading=\"lazy\" title=\"Coherence Cardiaque - D\u00e9monstration\" src=\"https:\/\/www.youtube.com\/embed\/Mv1Amf-zE3c?feature=oembed\" allow=\"accelerometer; autoplay; clipboard-write; encrypted-media; gyroscope; picture-in-picture; web-share\" allowfullscreen=\"\" width=\"1080\" height=\"810\"><\/iframe><\/p>\n<p><span style=\"font-size: 14px;\">\u00a0<\/span><\/p>\n<p><strong><\/strong><\/p>\n<p><span style=\"color: #0c71c3;\">\u00a0<\/span><\/p>\n<p>&nbsp;<\/p>\n<h2><span style=\"color: #0c71c3;\">\u00a0JOUR 2<\/span><\/h2>\n<p>&nbsp;<\/p>\n<h3>Le power point<\/h3>\n<p><span style=\"font-size: 14px;\"><a href=\"https:\/\/www.cercledecompetences.org\/wp-content\/uploads\/2019\/03\/PsychotraumaCC_Modul1Jour2-v5.ppt\" rel=\"attachment wp-att-2112\">PsychotraumaCC_Modul1Jour2 v5<\/a><\/span><\/p>\n<p>&nbsp;<\/p>\n<p>&nbsp;<\/p>\n<h3>Le CV des ressources<\/h3>\n<p><span style=\"font-size: 14px;\"><\/span><a href=\"https:\/\/www.cercledecompetences.org\/wp-content\/uploads\/2019\/03\/CV-ressources_HD-2016.pdf\" rel=\"attachment wp-att-2097\" style=\"font-size: 14px;\">CV ressources_H\u00e9l\u00e8ne Dellucci 2016<\/a><\/p>\n<p>&nbsp;<\/p>\n<p>\u00a0S<a href=\"https:\/\/www.cercledecompetences.org\/wp-content\/uploads\/2019\/03\/WadeA-Petits-actes-de-la-vie-TF-1999.pdf\" rel=\"attachment wp-att-2104\"><\/a><a href=\"https:\/\/www.cercledecompetences.org\/wp-content\/uploads\/2019\/03\/DebriefingCC_HD.doc\" rel=\"attachment wp-att-2105\"><\/a><\/p>\n<p><span style=\"font-size: 14px;\">\u00a0<\/span><\/p>\n<p>&nbsp;<\/p>\n<h3>L\u2019article de Delage sur l\u2019attachement<\/h3>\n<p><a href=\"https:\/\/www.cercledecompetences.org\/wp-content\/uploads\/2019\/03\/DelageM-Attachement-et-familles-2007.pdf\" rel=\"attachment wp-att-2119\">DelageM Attachement et familles 2007<\/a><\/p>\n<h2><span style=\"color: #0c71c3;\">\u00a0<\/span><\/h2>\n<h2><span style=\"color: #0c71c3;\"><\/span><\/h2>\n<h2><span style=\"color: #0c71c3;\"><\/span><\/h2>\n<h2><span style=\"color: #0c71c3;\"><\/span><\/h2>\n<h2><span style=\"color: #0c71c3;\">JOUR 3<\/span><\/h2>\n<p><span style=\"color: #0c71c3;\"><\/span><\/p>\n<h3>Le power point<\/h3>\n<p><a href=\"https:\/\/www.cercledecompetences.org\/wp-content\/uploads\/2019\/03\/PsychotraumaCC_Module1Jour3-V4.pdf\" rel=\"attachment wp-att-2128\">PsychotraumaCC_Module1Jour3 V4<\/a><\/p>\n<p>&nbsp;<\/p>\n<p>&nbsp;<\/p>\n<h3>D\u00e9briefing centr\u00e9 comp\u00e9tences<\/h3>\n<p><a href=\"https:\/\/www.cercledecompetences.org\/wp-content\/uploads\/2019\/04\/DebriefingCC_HD.pdf\" rel=\"attachment wp-att-2160\">DebriefingCC_HD<\/a><\/p>\n<h3><\/h3>\n<h3><\/h3>\n<h3>La technique de l\u2019\u00e9ponge<\/h3>\n<p><a href=\"https:\/\/www.cercledecompetences.org\/wp-content\/uploads\/2019\/03\/Technique-de-l\u2019e\u0301ponge-2.pdf\" rel=\"attachment wp-att-2127\">Technique de l\u2019e\u0301ponge<\/a><\/p>\n<p>\u00a0<a href=\"https:\/\/annefaviernaturo.wordpress.com\/formation-ateliers\/\"><span style=\"font-size: 14px;\"><\/span><\/a><\/p>\n<p><span style=\"font-size: 14px;\"><a href=\"https:\/\/annefaviernaturo.wordpress.com\/formation-ateliers\/\">Livre pour les enfants sur l\u2019inceste<\/a> \u2013 Ponty et Salmona<\/span><\/p>\n<p><span style=\"font-size: 14px;\"><a href=\"https:\/\/annefaviernaturo.wordpress.com\/formation-ateliers\/\">https:\/\/www.babelio.com\/livres\/Lecoq-Liberees-Le-combat-feministe-se-gagne-devant-le-\/992095<\/a><\/span><\/p>\n<p><span style=\"font-size: 14px;\"><\/span><\/p>\n<p>&nbsp;<\/p>\n<\/div>\n<\/div>\n<\/div>\n<p>[\/et_pb_text][\/et_pb_column][\/et_pb_row][\/et_pb_section]<\/p>\n","protected":false},"excerpt":{"rendered":"<p>\u00a0 OUTILS\u00a0 \u2013 PSYCHOTRAUMA CENTR\u00c9 COMP\u00c9TENCES\u00a0 \u00a0\u00a0 &nbsp; MODULE 1 \u00a0JOUR 1 &nbsp; Le power point PsychotraumaCC_Module1Jour1 V4 &nbsp; Les diff\u00e9rents traumatismes (H. Dellucci) https:\/\/www.youtube.com\/watch?v=De6yCxq8Lb4&amp;feature=youtu.be La m\u00e9moire traumatique &nbsp; http:\/\/www.dailymotion.com\/video\/x1mtnw1\u00a0 &nbsp; &nbsp; La fen\u00eatre de tol\u00e9rance &nbsp; &nbsp; Traduction : La fene\u0302tre de la vie \u2013 l\u2019histoire des 2 pays\u00a0 &nbsp; &nbsp; Les neurones miroirs [&hellip;]<\/p>\n","protected":false},"author":3,"featured_media":0,"parent":0,"menu_order":0,"comment_status":"closed","ping_status":"closed","template":"","meta":{"_et_pb_use_builder":"on","_et_pb_old_content":"","_et_gb_content_width":"","_glsr_average":0,"_glsr_ranking":0,"_glsr_reviews":0,"footnotes":""},"class_list":["post-7041","page","type-page","status-publish","hentry"],"yoast_head":"<!-- This site is optimized with the Yoast SEO plugin v27.0 - https:\/\/yoast.com\/product\/yoast-seo-wordpress\/ -->\n<title>Outils psychotrauma CHI Toulon - Cercle de comp\u00e9tences<\/title>\n<meta name=\"robots\" content=\"index, follow, max-snippet:-1, max-image-preview:large, max-video-preview:-1\" \/>\n<link rel=\"canonical\" href=\"https:\/\/www.cercledecompetences.org\/index.php\/outils-psychotrauma-chi-toulon\/\" \/>\n<meta property=\"og:locale\" content=\"fr_FR\" \/>\n<meta property=\"og:type\" content=\"article\" \/>\n<meta property=\"og:title\" content=\"Outils psychotrauma CHI Toulon - Cercle de comp\u00e9tences\" \/>\n<meta property=\"og:description\" content=\"\u00a0 OUTILS\u00a0 \u2013 PSYCHOTRAUMA CENTR\u00c9 COMP\u00c9TENCES\u00a0 \u00a0\u00a0 &nbsp; MODULE 1 \u00a0JOUR 1 &nbsp; Le power point PsychotraumaCC_Module1Jour1 V4 &nbsp; Les diff\u00e9rents traumatismes (H. Dellucci) https:\/\/www.youtube.com\/watch?v=De6yCxq8Lb4&amp;feature=youtu.be La m\u00e9moire traumatique &nbsp; http:\/\/www.dailymotion.com\/video\/x1mtnw1\u00a0 &nbsp; &nbsp; La fen\u00eatre de tol\u00e9rance &nbsp; &nbsp; Traduction : La fene\u0302tre de la vie \u2013 l\u2019histoire des 2 pays\u00a0 &nbsp; &nbsp; Les neurones miroirs [&hellip;]\" \/>\n<meta property=\"og:url\" content=\"https:\/\/www.cercledecompetences.org\/index.php\/outils-psychotrauma-chi-toulon\/\" \/>\n<meta property=\"og:site_name\" content=\"Cercle de comp\u00e9tences\" \/>\n<meta property=\"article:publisher\" content=\"https:\/\/www.facebook.com\/cercledecompetences.Bretagne.et.Lyon\/\" \/>\n<meta property=\"article:modified_time\" content=\"2023-06-02T13:38:00+00:00\" \/>\n<meta name=\"twitter:card\" content=\"summary_large_image\" \/>\n<meta name=\"twitter:label1\" content=\"Dur\u00e9e de lecture estim\u00e9e\" \/>\n\t<meta name=\"twitter:data1\" content=\"2 minutes\" \/>\n<script type=\"application\/ld+json\" class=\"yoast-schema-graph\">{\"@context\":\"https:\/\/schema.org\",\"@graph\":[{\"@type\":\"WebPage\",\"@id\":\"https:\/\/www.cercledecompetences.org\/index.php\/outils-psychotrauma-chi-toulon\/\",\"url\":\"https:\/\/www.cercledecompetences.org\/index.php\/outils-psychotrauma-chi-toulon\/\",\"name\":\"Outils psychotrauma CHI Toulon - Cercle de comp\u00e9tences\",\"isPartOf\":{\"@id\":\"https:\/\/www.cercledecompetences.org\/#website\"},\"datePublished\":\"2023-06-02T12:24:45+00:00\",\"dateModified\":\"2023-06-02T13:38:00+00:00\",\"breadcrumb\":{\"@id\":\"https:\/\/www.cercledecompetences.org\/index.php\/outils-psychotrauma-chi-toulon\/#breadcrumb\"},\"inLanguage\":\"fr-FR\",\"potentialAction\":[{\"@type\":\"ReadAction\",\"target\":[\"https:\/\/www.cercledecompetences.org\/index.php\/outils-psychotrauma-chi-toulon\/\"]}]},{\"@type\":\"BreadcrumbList\",\"@id\":\"https:\/\/www.cercledecompetences.org\/index.php\/outils-psychotrauma-chi-toulon\/#breadcrumb\",\"itemListElement\":[{\"@type\":\"ListItem\",\"position\":1,\"name\":\"Accueil\",\"item\":\"https:\/\/www.cercledecompetences.org\/\"},{\"@type\":\"ListItem\",\"position\":2,\"name\":\"Outils psychotrauma CHI Toulon\"}]},{\"@type\":\"WebSite\",\"@id\":\"https:\/\/www.cercledecompetences.org\/#website\",\"url\":\"https:\/\/www.cercledecompetences.org\/\",\"name\":\"Cercle de comp\u00e9tences\",\"description\":\"Organisme de formation associatif\",\"publisher\":{\"@id\":\"https:\/\/www.cercledecompetences.org\/#organization\"},\"potentialAction\":[{\"@type\":\"SearchAction\",\"target\":{\"@type\":\"EntryPoint\",\"urlTemplate\":\"https:\/\/www.cercledecompetences.org\/?s={search_term_string}\"},\"query-input\":{\"@type\":\"PropertyValueSpecification\",\"valueRequired\":true,\"valueName\":\"search_term_string\"}}],\"inLanguage\":\"fr-FR\"},{\"@type\":\"Organization\",\"@id\":\"https:\/\/www.cercledecompetences.org\/#organization\",\"name\":\"Cercle de comp\u00e9tences\",\"url\":\"https:\/\/www.cercledecompetences.org\/\",\"logo\":{\"@type\":\"ImageObject\",\"inLanguage\":\"fr-FR\",\"@id\":\"https:\/\/www.cercledecompetences.org\/#\/schema\/logo\/image\/\",\"url\":\"https:\/\/www.cercledecompetences.org\/wp-content\/uploads\/2019\/01\/logo-rond.gif\",\"contentUrl\":\"https:\/\/www.cercledecompetences.org\/wp-content\/uploads\/2019\/01\/logo-rond.gif\",\"width\":863,\"height\":1137,\"caption\":\"Cercle de comp\u00e9tences\"},\"image\":{\"@id\":\"https:\/\/www.cercledecompetences.org\/#\/schema\/logo\/image\/\"},\"sameAs\":[\"https:\/\/www.facebook.com\/cercledecompetences.Bretagne.et.Lyon\/\",\"https:\/\/www.linkedin.com\/company\/cercle-de-competences\/\"]}]}<\/script>\n<!-- \/ Yoast SEO plugin. -->","yoast_head_json":{"title":"Outils psychotrauma CHI Toulon - Cercle de comp\u00e9tences","robots":{"index":"index","follow":"follow","max-snippet":"max-snippet:-1","max-image-preview":"max-image-preview:large","max-video-preview":"max-video-preview:-1"},"canonical":"https:\/\/www.cercledecompetences.org\/index.php\/outils-psychotrauma-chi-toulon\/","og_locale":"fr_FR","og_type":"article","og_title":"Outils psychotrauma CHI Toulon - Cercle de comp\u00e9tences","og_description":"\u00a0 OUTILS\u00a0 \u2013 PSYCHOTRAUMA CENTR\u00c9 COMP\u00c9TENCES\u00a0 \u00a0\u00a0 &nbsp; MODULE 1 \u00a0JOUR 1 &nbsp; Le power point PsychotraumaCC_Module1Jour1 V4 &nbsp; Les diff\u00e9rents traumatismes (H. Dellucci) https:\/\/www.youtube.com\/watch?v=De6yCxq8Lb4&amp;feature=youtu.be La m\u00e9moire traumatique &nbsp; http:\/\/www.dailymotion.com\/video\/x1mtnw1\u00a0 &nbsp; &nbsp; La fen\u00eatre de tol\u00e9rance &nbsp; &nbsp; Traduction : La fene\u0302tre de la vie \u2013 l\u2019histoire des 2 pays\u00a0 &nbsp; &nbsp; Les neurones miroirs [&hellip;]","og_url":"https:\/\/www.cercledecompetences.org\/index.php\/outils-psychotrauma-chi-toulon\/","og_site_name":"Cercle de comp\u00e9tences","article_publisher":"https:\/\/www.facebook.com\/cercledecompetences.Bretagne.et.Lyon\/","article_modified_time":"2023-06-02T13:38:00+00:00","twitter_card":"summary_large_image","twitter_misc":{"Dur\u00e9e de lecture estim\u00e9e":"2 minutes"},"schema":{"@context":"https:\/\/schema.org","@graph":[{"@type":"WebPage","@id":"https:\/\/www.cercledecompetences.org\/index.php\/outils-psychotrauma-chi-toulon\/","url":"https:\/\/www.cercledecompetences.org\/index.php\/outils-psychotrauma-chi-toulon\/","name":"Outils psychotrauma CHI Toulon - Cercle de comp\u00e9tences","isPartOf":{"@id":"https:\/\/www.cercledecompetences.org\/#website"},"datePublished":"2023-06-02T12:24:45+00:00","dateModified":"2023-06-02T13:38:00+00:00","breadcrumb":{"@id":"https:\/\/www.cercledecompetences.org\/index.php\/outils-psychotrauma-chi-toulon\/#breadcrumb"},"inLanguage":"fr-FR","potentialAction":[{"@type":"ReadAction","target":["https:\/\/www.cercledecompetences.org\/index.php\/outils-psychotrauma-chi-toulon\/"]}]},{"@type":"BreadcrumbList","@id":"https:\/\/www.cercledecompetences.org\/index.php\/outils-psychotrauma-chi-toulon\/#breadcrumb","itemListElement":[{"@type":"ListItem","position":1,"name":"Accueil","item":"https:\/\/www.cercledecompetences.org\/"},{"@type":"ListItem","position":2,"name":"Outils psychotrauma CHI Toulon"}]},{"@type":"WebSite","@id":"https:\/\/www.cercledecompetences.org\/#website","url":"https:\/\/www.cercledecompetences.org\/","name":"Cercle de comp\u00e9tences","description":"Organisme de formation associatif","publisher":{"@id":"https:\/\/www.cercledecompetences.org\/#organization"},"potentialAction":[{"@type":"SearchAction","target":{"@type":"EntryPoint","urlTemplate":"https:\/\/www.cercledecompetences.org\/?s={search_term_string}"},"query-input":{"@type":"PropertyValueSpecification","valueRequired":true,"valueName":"search_term_string"}}],"inLanguage":"fr-FR"},{"@type":"Organization","@id":"https:\/\/www.cercledecompetences.org\/#organization","name":"Cercle de comp\u00e9tences","url":"https:\/\/www.cercledecompetences.org\/","logo":{"@type":"ImageObject","inLanguage":"fr-FR","@id":"https:\/\/www.cercledecompetences.org\/#\/schema\/logo\/image\/","url":"https:\/\/www.cercledecompetences.org\/wp-content\/uploads\/2019\/01\/logo-rond.gif","contentUrl":"https:\/\/www.cercledecompetences.org\/wp-content\/uploads\/2019\/01\/logo-rond.gif","width":863,"height":1137,"caption":"Cercle de comp\u00e9tences"},"image":{"@id":"https:\/\/www.cercledecompetences.org\/#\/schema\/logo\/image\/"},"sameAs":["https:\/\/www.facebook.com\/cercledecompetences.Bretagne.et.Lyon\/","https:\/\/www.linkedin.com\/company\/cercle-de-competences\/"]}]}},"_links":{"self":[{"href":"https:\/\/www.cercledecompetences.org\/index.php\/wp-json\/wp\/v2\/pages\/7041","targetHints":{"allow":["GET"]}}],"collection":[{"href":"https:\/\/www.cercledecompetences.org\/index.php\/wp-json\/wp\/v2\/pages"}],"about":[{"href":"https:\/\/www.cercledecompetences.org\/index.php\/wp-json\/wp\/v2\/types\/page"}],"author":[{"embeddable":true,"href":"https:\/\/www.cercledecompetences.org\/index.php\/wp-json\/wp\/v2\/users\/3"}],"replies":[{"embeddable":true,"href":"https:\/\/www.cercledecompetences.org\/index.php\/wp-json\/wp\/v2\/comments?post=7041"}],"version-history":[{"count":3,"href":"https:\/\/www.cercledecompetences.org\/index.php\/wp-json\/wp\/v2\/pages\/7041\/revisions"}],"predecessor-version":[{"id":7046,"href":"https:\/\/www.cercledecompetences.org\/index.php\/wp-json\/wp\/v2\/pages\/7041\/revisions\/7046"}],"wp:attachment":[{"href":"https:\/\/www.cercledecompetences.org\/index.php\/wp-json\/wp\/v2\/media?parent=7041"}],"curies":[{"name":"wp","href":"https:\/\/api.w.org\/{rel}","templated":true}]}}