{"id":78,"date":"2019-01-08T16:09:48","date_gmt":"2019-01-08T15:09:48","guid":{"rendered":"https:\/\/www.cercledecompetences.org\/?page_id=78"},"modified":"2024-02-14T19:42:26","modified_gmt":"2024-02-14T18:42:26","slug":"formations-lyon","status":"publish","type":"page","link":"https:\/\/www.cercledecompetences.org\/index.php\/formations-lyon\/","title":{"rendered":"Formations Lyon"},"content":{"rendered":"<p>[et_pb_section fb_built=\u00a0\u00bb1&Prime; _builder_version=\u00a0\u00bb4.16&Prime; hover_enabled=\u00a0\u00bb0&Prime; global_colors_info=\u00a0\u00bb{}\u00a0\u00bb sticky_enabled=\u00a0\u00bb0&Prime;][et_pb_row _builder_version=\u00a0\u00bb4.16&Prime; custom_padding=\u00a0\u00bb27px|0px|0|0px|false|false\u00a0\u00bb global_colors_info=\u00a0\u00bb{}\u00a0\u00bb][et_pb_column type=\u00a0\u00bb4_4&Prime; _builder_version=\u00a0\u00bb4.16&Prime; custom_padding=\u00a0\u00bb|||\u00a0\u00bb global_colors_info=\u00a0\u00bb{}\u00a0\u00bb custom_padding__hover=\u00a0\u00bb|||\u00a0\u00bb][et_pb_text _builder_version=\u00a0\u00bb4.16&Prime; global_colors_info=\u00a0\u00bb{}\u00a0\u00bb][\/et_pb_text][\/et_pb_column][\/et_pb_row][et_pb_row column_structure=\u00a0\u00bb1_2,1_2&Prime; _builder_version=\u00a0\u00bb4.16&Prime; global_colors_info=\u00a0\u00bb{}\u00a0\u00bb][et_pb_column type=\u00a0\u00bb1_2&Prime; _builder_version=\u00a0\u00bb4.16&Prime; custom_padding=\u00a0\u00bb|||\u00a0\u00bb global_colors_info=\u00a0\u00bb{}\u00a0\u00bb custom_padding__hover=\u00a0\u00bb|||\u00a0\u00bb][et_pb_text _builder_version=\u00a0\u00bb4.16&Prime; global_colors_info=\u00a0\u00bb{}\u00a0\u00bb]<\/p>\n<h3><strong style=\"font-size: 18px;\">Nous contacter<\/strong><\/h3>\n<table width=\"100%\">\n<tbody>\n<tr>\n<td>\n<p>Cercle de Comp\u00e9tences<\/p>\n<p>19 Rue de la r\u00e9publique, 69600 OULLINS (Lyon Sud)<\/p>\n<p>Tel\u00a0: 06 41 45 76 02<\/p>\n<\/td>\n<\/tr>\n<\/tbody>\n<\/table>\n<p>&nbsp;<\/p>\n<p>OULLINS\u00a0: 15 minutes de la gare SNCF de LYON Part Dieu par le m\u00e9tro B\u00a0: Station Gare d\u2019Oullins<\/p>\n<p>[\/et_pb_text][et_pb_text _builder_version=\u00a0\u00bb4.16&Prime; global_colors_info=\u00a0\u00bb{}\u00a0\u00bb]<\/p>\n<h1><span size=\"5\" style=\"font-size: x-large; color: #993300;\">Formations \u00e0 Lyon<\/span><\/h1>\n<p><span style=\"font-size: x-large;\"><\/span><\/p>\n<p><span style=\"font-size: x-large;\"><\/span><\/p>\n<p class=\"font_8\"><span><span class=\"color_15\"><span class=\"CSS1Compat\"><\/span><\/span><\/span><\/p>\n<h3 class=\"font_8\">Le Cercle de comp\u00e9tences propose ses formations au sud de Lyon \u00e0 Oullins<\/h3>\n<p><a href=\"https:\/\/www.campanile.com\/fr\/hotels\/campanile-lyon-sud-confluence-oullins?utm_term=hotel%20campanile%20oullins&amp;utm_source=bing&amp;utm_medium=cpc&amp;utm_campaign=MSN%20-%20FR-FR%20-%20Marque%20%2B%20TOP%20Ville%20-%20Lyon&amp;msclkid=84ebfcabf69710091221a0f7fa7c8d61&amp;AspxAutoDetectCookieSupport=1\"><\/a><\/p>\n<h3 class=\"font_8\"><\/h3>\n<h3 class=\"font_8\"><\/h3>\n<h3 class=\"font_8\"><\/h3>\n<h3 class=\"font_8\"><\/h3>\n<h3 class=\"font_8\"><\/h3>\n<h3 class=\"font_8\"><span style=\"color: #331c1c;\"><span style=\"color: #993300;\">Pour les inscriptions \u00e0 nos formations ou des demandes de supervision et de formations sur mesure dans la r\u00e9gion et en France<\/span><\/span><\/h3>\n<p><span style=\"color: #993300;\"><\/span><\/p>\n<p><span style=\"color: #993300;\"><\/span><\/p>\n<p><span style=\"color: #993300;\"><\/span><\/p>\n<p class=\"font_8\"><span style=\"color: #333333;\">Vous pouvez contacter :\u00a0 \u00a0 <\/span><strong style=\"font-size: 14px;\"><span style=\"color: #333333;\">suivi.formations@cercledecompetences.org<\/span><\/strong><\/p>\n<p><a href=\"https:\/\/www.campanile.com\/fr\/hotels\/campanile-lyon-sud-confluence-oullins?utm_term=hotel%20campanile%20oullins&amp;utm_source=bing&amp;utm_medium=cpc&amp;utm_campaign=MSN%20-%20FR-FR%20-%20Marque%20%2B%20TOP%20Ville%20-%20Lyon&amp;msclkid=84ebfcabf69710091221a0f7fa7c8d61&amp;AspxAutoDetectCookieSupport=1\"><\/a><\/p>\n<p>&nbsp;<\/p>\n<p>[\/et_pb_text][\/et_pb_column][et_pb_column type=\u00a0\u00bb1_2&Prime; _builder_version=\u00a0\u00bb4.16&Prime; custom_padding=\u00a0\u00bb|||\u00a0\u00bb global_colors_info=\u00a0\u00bb{}\u00a0\u00bb custom_padding__hover=\u00a0\u00bb|||\u00a0\u00bb][\/et_pb_column][\/et_pb_row][et_pb_row column_structure=\u00a0\u00bb1_2,1_2&Prime; _builder_version=\u00a0\u00bb4.16&Prime; global_colors_info=\u00a0\u00bb{}\u00a0\u00bb][et_pb_column type=\u00a0\u00bb1_2&Prime; _builder_version=\u00a0\u00bb4.16&Prime; custom_padding=\u00a0\u00bb|||\u00a0\u00bb global_colors_info=\u00a0\u00bb{}\u00a0\u00bb custom_padding__hover=\u00a0\u00bb|||\u00a0\u00bb][et_pb_image src=\u00a0\u00bbhttps:\/\/www.cercledecompetences.org\/wp-content\/uploads\/2019\/02\/Capture-d\u2019e\u0301cran-2019-02-07-a\u0300-11.30.54.png\u00a0\u00bb align_tablet=\u00a0\u00bbcenter\u00a0\u00bb align_phone=\u00a0\u00bbcenter\u00a0\u00bb align_last_edited=\u00a0\u00bbon|desktop\u00a0\u00bb _builder_version=\u00a0\u00bb4.16&Prime; global_colors_info=\u00a0\u00bb{}\u00a0\u00bb][\/et_pb_image][\/et_pb_column][et_pb_column type=\u00a0\u00bb1_2&Prime; _builder_version=\u00a0\u00bb4.16&Prime; custom_padding=\u00a0\u00bb|||\u00a0\u00bb global_colors_info=\u00a0\u00bb{}\u00a0\u00bb custom_padding__hover=\u00a0\u00bb|||\u00a0\u00bb][et_pb_image src=\u00a0\u00bbhttps:\/\/www.cercledecompetences.org\/wp-content\/uploads\/2019\/02\/Capture-d\u2019e\u0301cran-2019-02-06-a\u0300-07.47.52-1.png\u00a0\u00bb align_tablet=\u00a0\u00bbcenter\u00a0\u00bb align_phone=\u00a0\u00bbcenter\u00a0\u00bb align_last_edited=\u00a0\u00bbon|desktop\u00a0\u00bb _builder_version=\u00a0\u00bb4.16&Prime; global_colors_info=\u00a0\u00bb{}\u00a0\u00bb][\/et_pb_image][\/et_pb_column][\/et_pb_row][\/et_pb_section]<\/p>\n","protected":false},"excerpt":{"rendered":"<p>Nous contacter Cercle de Comp\u00e9tences 19 Rue de la r\u00e9publique, 69600 OULLINS (Lyon Sud) Tel\u00a0: 06 41 45 76 02 &nbsp; OULLINS\u00a0: 15 minutes de la gare SNCF de LYON Part Dieu par le m\u00e9tro B\u00a0: Station Gare d\u2019OullinsFormations \u00e0 Lyon Le Cercle de comp\u00e9tences propose ses formations au sud de Lyon \u00e0 Oullins Pour [&hellip;]<\/p>\n","protected":false},"author":3,"featured_media":0,"parent":0,"menu_order":0,"comment_status":"closed","ping_status":"closed","template":"","meta":{"_et_pb_use_builder":"on","_et_pb_old_content":"<!-- wp:divi\/placeholder \/-->","_et_gb_content_width":"","_glsr_average":0,"_glsr_ranking":0,"_glsr_reviews":0,"footnotes":""},"class_list":["post-78","page","type-page","status-publish","hentry"],"yoast_head":"<!-- This site is optimized with the Yoast SEO plugin v27.0 - https:\/\/yoast.com\/product\/yoast-seo-wordpress\/ -->\n<title>Formations Lyon - Cercle de comp\u00e9tences<\/title>\n<meta name=\"robots\" content=\"index, follow, max-snippet:-1, max-image-preview:large, max-video-preview:-1\" \/>\n<link rel=\"canonical\" href=\"https:\/\/www.cercledecompetences.org\/index.php\/formations-lyon\/\" \/>\n<meta property=\"og:locale\" content=\"fr_FR\" \/>\n<meta property=\"og:type\" content=\"article\" \/>\n<meta property=\"og:title\" content=\"Formations Lyon - Cercle de comp\u00e9tences\" \/>\n<meta property=\"og:description\" content=\"Nous contacter Cercle de Comp\u00e9tences 19 Rue de la r\u00e9publique, 69600 OULLINS (Lyon Sud) Tel\u00a0: 06 41 45 76 02 &nbsp; OULLINS\u00a0: 15 minutes de la gare SNCF de LYON Part Dieu par le m\u00e9tro B\u00a0: Station Gare d\u2019OullinsFormations \u00e0 Lyon Le Cercle de comp\u00e9tences propose ses formations au sud de Lyon \u00e0 Oullins Pour [&hellip;]\" \/>\n<meta property=\"og:url\" content=\"https:\/\/www.cercledecompetences.org\/index.php\/formations-lyon\/\" \/>\n<meta property=\"og:site_name\" content=\"Cercle de comp\u00e9tences\" \/>\n<meta property=\"article:publisher\" content=\"https:\/\/www.facebook.com\/cercledecompetences.Bretagne.et.Lyon\/\" \/>\n<meta property=\"article:modified_time\" content=\"2024-02-14T18:42:26+00:00\" \/>\n<meta name=\"twitter:card\" content=\"summary_large_image\" \/>\n<meta name=\"twitter:label1\" content=\"Dur\u00e9e de lecture estim\u00e9e\" \/>\n\t<meta name=\"twitter:data1\" content=\"2 minutes\" \/>\n<script type=\"application\/ld+json\" class=\"yoast-schema-graph\">{\"@context\":\"https:\/\/schema.org\",\"@graph\":[{\"@type\":\"WebPage\",\"@id\":\"https:\/\/www.cercledecompetences.org\/index.php\/formations-lyon\/\",\"url\":\"https:\/\/www.cercledecompetences.org\/index.php\/formations-lyon\/\",\"name\":\"Formations Lyon - Cercle de comp\u00e9tences\",\"isPartOf\":{\"@id\":\"https:\/\/www.cercledecompetences.org\/#website\"},\"datePublished\":\"2019-01-08T15:09:48+00:00\",\"dateModified\":\"2024-02-14T18:42:26+00:00\",\"breadcrumb\":{\"@id\":\"https:\/\/www.cercledecompetences.org\/index.php\/formations-lyon\/#breadcrumb\"},\"inLanguage\":\"fr-FR\",\"potentialAction\":[{\"@type\":\"ReadAction\",\"target\":[\"https:\/\/www.cercledecompetences.org\/index.php\/formations-lyon\/\"]}]},{\"@type\":\"BreadcrumbList\",\"@id\":\"https:\/\/www.cercledecompetences.org\/index.php\/formations-lyon\/#breadcrumb\",\"itemListElement\":[{\"@type\":\"ListItem\",\"position\":1,\"name\":\"Accueil\",\"item\":\"https:\/\/www.cercledecompetences.org\/\"},{\"@type\":\"ListItem\",\"position\":2,\"name\":\"Formations Lyon\"}]},{\"@type\":\"WebSite\",\"@id\":\"https:\/\/www.cercledecompetences.org\/#website\",\"url\":\"https:\/\/www.cercledecompetences.org\/\",\"name\":\"Cercle de comp\u00e9tences\",\"description\":\"Organisme de formation associatif\",\"publisher\":{\"@id\":\"https:\/\/www.cercledecompetences.org\/#organization\"},\"potentialAction\":[{\"@type\":\"SearchAction\",\"target\":{\"@type\":\"EntryPoint\",\"urlTemplate\":\"https:\/\/www.cercledecompetences.org\/?s={search_term_string}\"},\"query-input\":{\"@type\":\"PropertyValueSpecification\",\"valueRequired\":true,\"valueName\":\"search_term_string\"}}],\"inLanguage\":\"fr-FR\"},{\"@type\":\"Organization\",\"@id\":\"https:\/\/www.cercledecompetences.org\/#organization\",\"name\":\"Cercle de comp\u00e9tences\",\"url\":\"https:\/\/www.cercledecompetences.org\/\",\"logo\":{\"@type\":\"ImageObject\",\"inLanguage\":\"fr-FR\",\"@id\":\"https:\/\/www.cercledecompetences.org\/#\/schema\/logo\/image\/\",\"url\":\"https:\/\/www.cercledecompetences.org\/wp-content\/uploads\/2019\/01\/logo-rond.gif\",\"contentUrl\":\"https:\/\/www.cercledecompetences.org\/wp-content\/uploads\/2019\/01\/logo-rond.gif\",\"width\":863,\"height\":1137,\"caption\":\"Cercle de comp\u00e9tences\"},\"image\":{\"@id\":\"https:\/\/www.cercledecompetences.org\/#\/schema\/logo\/image\/\"},\"sameAs\":[\"https:\/\/www.facebook.com\/cercledecompetences.Bretagne.et.Lyon\/\",\"https:\/\/www.linkedin.com\/company\/cercle-de-competences\/\"]}]}<\/script>\n<!-- \/ Yoast SEO plugin. -->","yoast_head_json":{"title":"Formations Lyon - Cercle de comp\u00e9tences","robots":{"index":"index","follow":"follow","max-snippet":"max-snippet:-1","max-image-preview":"max-image-preview:large","max-video-preview":"max-video-preview:-1"},"canonical":"https:\/\/www.cercledecompetences.org\/index.php\/formations-lyon\/","og_locale":"fr_FR","og_type":"article","og_title":"Formations Lyon - Cercle de comp\u00e9tences","og_description":"Nous contacter Cercle de Comp\u00e9tences 19 Rue de la r\u00e9publique, 69600 OULLINS (Lyon Sud) Tel\u00a0: 06 41 45 76 02 &nbsp; OULLINS\u00a0: 15 minutes de la gare SNCF de LYON Part Dieu par le m\u00e9tro B\u00a0: Station Gare d\u2019OullinsFormations \u00e0 Lyon Le Cercle de comp\u00e9tences propose ses formations au sud de Lyon \u00e0 Oullins Pour [&hellip;]","og_url":"https:\/\/www.cercledecompetences.org\/index.php\/formations-lyon\/","og_site_name":"Cercle de comp\u00e9tences","article_publisher":"https:\/\/www.facebook.com\/cercledecompetences.Bretagne.et.Lyon\/","article_modified_time":"2024-02-14T18:42:26+00:00","twitter_card":"summary_large_image","twitter_misc":{"Dur\u00e9e de lecture estim\u00e9e":"2 minutes"},"schema":{"@context":"https:\/\/schema.org","@graph":[{"@type":"WebPage","@id":"https:\/\/www.cercledecompetences.org\/index.php\/formations-lyon\/","url":"https:\/\/www.cercledecompetences.org\/index.php\/formations-lyon\/","name":"Formations Lyon - Cercle de comp\u00e9tences","isPartOf":{"@id":"https:\/\/www.cercledecompetences.org\/#website"},"datePublished":"2019-01-08T15:09:48+00:00","dateModified":"2024-02-14T18:42:26+00:00","breadcrumb":{"@id":"https:\/\/www.cercledecompetences.org\/index.php\/formations-lyon\/#breadcrumb"},"inLanguage":"fr-FR","potentialAction":[{"@type":"ReadAction","target":["https:\/\/www.cercledecompetences.org\/index.php\/formations-lyon\/"]}]},{"@type":"BreadcrumbList","@id":"https:\/\/www.cercledecompetences.org\/index.php\/formations-lyon\/#breadcrumb","itemListElement":[{"@type":"ListItem","position":1,"name":"Accueil","item":"https:\/\/www.cercledecompetences.org\/"},{"@type":"ListItem","position":2,"name":"Formations Lyon"}]},{"@type":"WebSite","@id":"https:\/\/www.cercledecompetences.org\/#website","url":"https:\/\/www.cercledecompetences.org\/","name":"Cercle de comp\u00e9tences","description":"Organisme de formation associatif","publisher":{"@id":"https:\/\/www.cercledecompetences.org\/#organization"},"potentialAction":[{"@type":"SearchAction","target":{"@type":"EntryPoint","urlTemplate":"https:\/\/www.cercledecompetences.org\/?s={search_term_string}"},"query-input":{"@type":"PropertyValueSpecification","valueRequired":true,"valueName":"search_term_string"}}],"inLanguage":"fr-FR"},{"@type":"Organization","@id":"https:\/\/www.cercledecompetences.org\/#organization","name":"Cercle de comp\u00e9tences","url":"https:\/\/www.cercledecompetences.org\/","logo":{"@type":"ImageObject","inLanguage":"fr-FR","@id":"https:\/\/www.cercledecompetences.org\/#\/schema\/logo\/image\/","url":"https:\/\/www.cercledecompetences.org\/wp-content\/uploads\/2019\/01\/logo-rond.gif","contentUrl":"https:\/\/www.cercledecompetences.org\/wp-content\/uploads\/2019\/01\/logo-rond.gif","width":863,"height":1137,"caption":"Cercle de comp\u00e9tences"},"image":{"@id":"https:\/\/www.cercledecompetences.org\/#\/schema\/logo\/image\/"},"sameAs":["https:\/\/www.facebook.com\/cercledecompetences.Bretagne.et.Lyon\/","https:\/\/www.linkedin.com\/company\/cercle-de-competences\/"]}]}},"_links":{"self":[{"href":"https:\/\/www.cercledecompetences.org\/index.php\/wp-json\/wp\/v2\/pages\/78","targetHints":{"allow":["GET"]}}],"collection":[{"href":"https:\/\/www.cercledecompetences.org\/index.php\/wp-json\/wp\/v2\/pages"}],"about":[{"href":"https:\/\/www.cercledecompetences.org\/index.php\/wp-json\/wp\/v2\/types\/page"}],"author":[{"embeddable":true,"href":"https:\/\/www.cercledecompetences.org\/index.php\/wp-json\/wp\/v2\/users\/3"}],"replies":[{"embeddable":true,"href":"https:\/\/www.cercledecompetences.org\/index.php\/wp-json\/wp\/v2\/comments?post=78"}],"version-history":[{"count":13,"href":"https:\/\/www.cercledecompetences.org\/index.php\/wp-json\/wp\/v2\/pages\/78\/revisions"}],"predecessor-version":[{"id":7918,"href":"https:\/\/www.cercledecompetences.org\/index.php\/wp-json\/wp\/v2\/pages\/78\/revisions\/7918"}],"wp:attachment":[{"href":"https:\/\/www.cercledecompetences.org\/index.php\/wp-json\/wp\/v2\/media?parent=78"}],"curies":[{"name":"wp","href":"https:\/\/api.w.org\/{rel}","templated":true}]}}