{"id":992,"date":"2019-02-10T16:22:22","date_gmt":"2019-02-10T15:22:22","guid":{"rendered":"https:\/\/www.cercledecompetences.org\/?page_id=992"},"modified":"2026-02-15T15:25:04","modified_gmt":"2026-02-15T14:25:04","slug":"psychotraumatologie-centree-competences-module-1","status":"publish","type":"page","link":"https:\/\/www.cercledecompetences.org\/index.php\/psychotraumatologie-centree-competences-module-1\/","title":{"rendered":"Psychotraumatologie centr\u00e9e comp\u00e9tences &#8211; Module 1"},"content":{"rendered":"<p>[et_pb_section fb_built=\u00a0\u00bb1&Prime; _builder_version=\u00a0\u00bb4.16&Prime; background_color=\u00a0\u00bbrgba(0,83,83,0.45)\u00a0\u00bb use_background_color_gradient=\u00a0\u00bbon\u00a0\u00bb background_image=\u00a0\u00bbhttps:\/\/www.cercledecompetences.org\/wp-content\/uploads\/2019\/01\/psycho-trauma-niveau-11-autumn-3846345_1920.jpg\u00a0\u00bb custom_padding=\u00a0\u00bb68px|0px|68px|0px|true|false\u00a0\u00bb global_colors_info=\u00a0\u00bb{}\u00a0\u00bb][et_pb_row _builder_version=\u00a0\u00bb4.16&Prime; custom_padding=\u00a0\u00bb18px|0px|150px|0px|false|false\u00a0\u00bb global_colors_info=\u00a0\u00bb{}\u00a0\u00bb][et_pb_column type=\u00a0\u00bb4_4&Prime; _builder_version=\u00a0\u00bb4.16&Prime; custom_padding=\u00a0\u00bb|||\u00a0\u00bb global_colors_info=\u00a0\u00bb{}\u00a0\u00bb custom_padding__hover=\u00a0\u00bb|||\u00a0\u00bb][et_pb_text _builder_version=\u00a0\u00bb4.16&Prime; header_font=\u00a0\u00bb|800||on|||||\u00a0\u00bb header_text_color=\u00a0\u00bb#004b5e\u00a0\u00bb header_2_font=\u00a0\u00bb||||||||\u00a0\u00bb header_3_font=\u00a0\u00bb|600||on|||||\u00a0\u00bb header_3_text_color=\u00a0\u00bb#ffffff\u00a0\u00bb inline_fonts=\u00a0\u00bbCabin Sketch\u00a0\u00bb global_colors_info=\u00a0\u00bb{}\u00a0\u00bb]<\/p>\n<h1 style=\"text-align: center\"><span style=\"color: #ffffff\"><span style=\"font-family: Cabin Sketch;font-weight: normal;font-size: xx-large\"><strong>\u00a0<\/strong><\/span><\/span><\/h1>\n<p>[\/et_pb_text][\/et_pb_column][\/et_pb_row][\/et_pb_section][et_pb_section fb_built=\u00a0\u00bb1&Prime; _builder_version=\u00a0\u00bb4.16&Prime; parallax=\u00a0\u00bbon\u00a0\u00bb custom_padding=\u00a0\u00bb54px|0px|54px|0px|true|false\u00a0\u00bb global_colors_info=\u00a0\u00bb{}\u00a0\u00bb][et_pb_row _builder_version=\u00a0\u00bb4.16&Prime; custom_padding=\u00a0\u00bb18px|0px|6px|0px|false|false\u00a0\u00bb global_colors_info=\u00a0\u00bb{}\u00a0\u00bb][et_pb_column type=\u00a0\u00bb4_4&Prime; _builder_version=\u00a0\u00bb4.16&Prime; custom_padding=\u00a0\u00bb|||\u00a0\u00bb global_colors_info=\u00a0\u00bb{}\u00a0\u00bb custom_padding__hover=\u00a0\u00bb|||\u00a0\u00bb][et_pb_text _builder_version=\u00a0\u00bb4.27.4&Prime; header_font=\u00a0\u00bb|800||on|||||\u00a0\u00bb header_text_color=\u00a0\u00bb#004b5e\u00a0\u00bb header_2_font=\u00a0\u00bb||||||||\u00a0\u00bb header_3_font=\u00a0\u00bb|600||on|||||\u00a0\u00bb header_3_text_color=\u00a0\u00bb#ffffff\u00a0\u00bb custom_padding=\u00a0\u00bb||6px|||\u00a0\u00bb inline_fonts=\u00a0\u00bbCabin Sketch\u00a0\u00bb global_colors_info=\u00a0\u00bb{}\u00a0\u00bb]<\/p>\n<h1 style=\"text-align: center\"><span style=\"color: #c94626\"><span style=\"font-family: Cabin Sketch;font-weight: normal;font-size: xx-large\"><strong> Psychotraumatologie centr\u00e9e comp\u00e9tences &#8211; module 1 (visio ou pr\u00e9sentiel)<\/strong><\/span><span style=\"font-family: 'Cabin Sketch';font-weight: normal;font-size: xx-large\"><strong><\/strong><\/span><\/span><\/h1>\n<h1 style=\"text-align: center\"><\/h1>\n<p>&nbsp;<\/p>\n<h1 style=\"text-align: center\"><\/h1>\n<h3 style=\"text-align: center\"><span style=\"color: #c94626\">Travailler le traumatisme en toute s\u00e9curit\u00e9 : outils de compr\u00e9hension et de stabilisation<\/span><\/h3>\n<p>[\/et_pb_text][\/et_pb_column][\/et_pb_row][\/et_pb_section][et_pb_section fb_built=\u00a0\u00bb1&Prime; use_custom_gutter=\u00a0\u00bbon\u00a0\u00bb gutter_width=\u00a0\u00bb4&Prime; specialty=\u00a0\u00bbon\u00a0\u00bb _builder_version=\u00a0\u00bb4.16&Prime; background_color=\u00a0\u00bb#FFFFFF\u00a0\u00bb inner_width=\u00a0\u00bb73%\u00a0\u00bb inner_max_width=\u00a0\u00bb73%\u00a0\u00bb custom_padding=\u00a0\u00bb0|0px|0|0px|false|false\u00a0\u00bb use_custom_width=\u00a0\u00bbon\u00a0\u00bb width_unit=\u00a0\u00bboff\u00a0\u00bb custom_width_percent=\u00a0\u00bb73%\u00a0\u00bb global_colors_info=\u00a0\u00bb{}\u00a0\u00bb][et_pb_column type=\u00a0\u00bb1_2&Prime; _builder_version=\u00a0\u00bb4.16&Prime; custom_padding=\u00a0\u00bb|||\u00a0\u00bb global_colors_info=\u00a0\u00bb{}\u00a0\u00bb parallax__hover=\u00a0\u00bboff\u00a0\u00bb parallax_method__hover=\u00a0\u00bbon\u00a0\u00bb custom_padding__hover=\u00a0\u00bb|||\u00a0\u00bb][et_pb_text _builder_version=\u00a0\u00bb4.19.4&Prime; text_font=\u00a0\u00bb||||||||\u00a0\u00bb text_orientation=\u00a0\u00bbjustified\u00a0\u00bb inline_fonts=\u00a0\u00bbABeeZee,Arvo,Montserrat,Arial,Open Sans,Times New Roman\u00a0\u00bb global_colors_info=\u00a0\u00bb{}\u00a0\u00bb]<\/p>\n<div style=\"left: 60.1733px;top: 128.91px;font-size: 14px;font-family: sans-serif;text-align: justify\">\n<p style=\"text-align: justify\"><span style=\"font-size: large;font-family: Montserrat Alternates;font-weight: normal\"><strong><span style=\"color: #c94626\"><span style=\"font-size: medium\">Descriptif de la formation :<\/span> <\/span><br \/><\/strong><\/span><\/p>\n<p><span style=\"font-family: Open Sans;font-weight: normal\">Cette formation en psychotraumatologie centr\u00e9e comp\u00e9tences mettra l\u2019accent sur une compr\u00e9hension du traumatisme psychique et une stabilisation efficace de toute personne traumatis\u00e9e, m\u00eame les cas r\u00e9put\u00e9s les plus difficiles. L\u2019enseignement portera sur une introduction en psychotraumatologie en lien avec les derni\u00e8res d\u00e9couvertes en neurosciences et en physiologie. Dans cet atelier sera pr\u00e9sent\u00e9 une vue d\u2019ensemble des diff\u00e9rentes possibilit\u00e9s de stabilisation et d\u2019intervention accessibles \u00e0 toute personne souffrant de traumatisme.<\/span><\/p>\n<\/div>\n<p>&nbsp;<\/p>\n<p><span style=\"font-family: Montserrat Alternates;font-weight: normal\"><span style=\"font-size: medium;color: #c94626\"><strong>Pr\u00e9-requis :<\/strong> <\/span><span style=\"font-family: Arial\">aucun<\/span><\/span><\/p>\n<p><span style=\"font-family: Montserrat Alternates;font-weight: normal\"><span style=\"font-size: medium;color: #c94626\"><strong>Personnes concern\u00e9es :<\/strong> <\/span><span style=\"font-family: Open Sans\">Psychoth\u00e9rapeutes, Psychologues, Psychiatres, Soignants, Psychopraticiens, Professionnels en lien avec des publics fragilis\u00e9s.<\/span><\/span><\/p>\n<p><span style=\"color: #1aa8b7;font-family: Montserrat Alternates;font-weight: normal;font-size: large\"><span style=\"font-size: medium\"><strong><span style=\"color: #c94626\">Objectifs :<\/span><\/strong><\/span><strong><br \/><\/strong><\/span><br \/><span style=\"font-family: Open Sans;font-weight: normal\"><strong> Apr\u00e8s la formation, les professionnels devraient \u00eatre en mesure de :<\/strong><\/span><\/p>\n<p><span style=\"font-family: Open Sans;font-weight: normal\">Questionner l\u2019exp\u00e9rience traumatique sans cr\u00e9er de d\u00e9stabilisation iatrog\u00e8ne<\/span><\/p>\n<ul>\n<li><span style=\"font-family: Open Sans;font-weight: normal\">Reconna\u00eetre un \u00e9tat de stress aigu et un trouble de stress post-traumatique.<\/span><\/li>\n<li><span style=\"font-family: Open Sans;font-weight: normal\">Estimer le degr\u00e9 de stabilit\u00e9 globale de la personne.<\/span><\/li>\n<li><span style=\"font-family: Open Sans;font-weight: normal\">Conna\u00eetre des outils de stabilisation imm\u00e9diats et savoir les appliquer.<\/span><\/li>\n<li><span style=\"font-family: Open Sans;font-weight: normal\">Avoir une id\u00e9e d\u2019ensemble du traitement d\u2019une personne traumatis\u00e9e.<\/span><span style=\"font-size: large;color: #1aa8b7;font-family: Montserrat Alternates;font-weight: normal\"><strong><\/strong><\/span><\/li>\n<\/ul>\n<p><span style=\"font-size: large;color: #1aa8b7;font-family: Montserrat Alternates;font-weight: normal\"><strong><\/strong><\/span><\/p>\n<p style=\"text-align: justify\"><span style=\"color: #c94626;font-family: Montserrat Alternates;font-weight: normal;font-size: medium\"><strong>Contenus :<\/strong><\/span><\/p>\n<p dir=\"ltr\" style=\"line-height: 1.85455;margin-top: 0pt;margin-bottom: 12pt\"><span style=\"font-size: 10pt;font-family: Verdana;color: #666666;background-color: transparent;font-weight: 400;font-style: normal;font-variant: normal;text-decoration: none;vertical-align: baseline\">JOUR 1<\/span><\/p>\n<ul style=\"margin-top: 0px;margin-bottom: 0px\">\n<li dir=\"ltr\" style=\"list-style-type: disc;font-size: 12pt;font-family: Calibri,sans-serif;color: #000000;background-color: transparent;font-weight: 400;font-style: normal;font-variant: normal;text-decoration: none;vertical-align: baseline\">\n<p dir=\"ltr\" style=\"line-height: 1.38;margin-top: 12pt;margin-bottom: 0pt\" role=\"presentation\"><span><span style=\"font-size: 10pt;font-family: Verdana;background-color: transparent;font-weight: 400;font-style: normal;font-variant: normal;text-decoration: none;vertical-align: baseline;color: #666666\">D\u00e9finition des concepts : traumatisme psychique, r\u00e9action de stress aigu, TSPT simple et complexe, traumatisme vicariant \u2026<\/span><span style=\"font-size: 10pt;font-family: Verdana;background-color: transparent;font-weight: 400;font-style: normal;font-variant: normal;text-decoration: none;vertical-align: baseline\"><\/span><\/span><\/p>\n<\/li>\n<li dir=\"ltr\" style=\"list-style-type: disc;font-size: 12pt;font-family: Calibri,sans-serif;color: #000000;background-color: transparent;font-weight: 400;font-style: normal;font-variant: normal;text-decoration: none;vertical-align: baseline\">\n<p dir=\"ltr\" style=\"line-height: 1.38;margin-top: 0pt;margin-bottom: 0pt\" role=\"presentation\"><span style=\"color: #666666\"><span style=\"font-size: 10pt;font-family: Verdana;background-color: transparent;font-weight: 400;font-style: normal;font-variant: normal;text-decoration: none;vertical-align: baseline\">Les \u00e9l\u00e9ments neurobiologiques en lien avec le traumatisme psychique (\u00e0 la lumi\u00e8re des d\u00e9couvertes en neurosciences).<\/span><span style=\"font-size: 10pt;font-family: Verdana;background-color: transparent;font-weight: 400;font-style: normal;font-variant: normal;text-decoration: none;vertical-align: baseline\"><br \/><\/span><span style=\"font-size: 10pt;font-family: Verdana;background-color: transparent;font-weight: 400;font-style: normal;font-variant: normal;text-decoration: none;vertical-align: baseline\"> \u2013 Impact du traumatisme sur le traitement de l\u2019information<\/span><span style=\"font-size: 10pt;font-family: Verdana;background-color: transparent;font-weight: 400;font-style: normal;font-variant: normal;text-decoration: none;vertical-align: baseline\"><br \/><\/span><span style=\"font-size: 10pt;font-family: Verdana;background-color: transparent;font-weight: 400;font-style: normal;font-variant: normal;text-decoration: none;vertical-align: baseline\"> \u2013 R\u00f4le du syst\u00e8me limbique dans la r\u00e9ponse traumatique.<\/span><span style=\"font-size: 10pt;font-family: Verdana;background-color: transparent;font-weight: 400;font-style: normal;font-variant: normal;text-decoration: none;vertical-align: baseline\"><br \/><\/span><span style=\"font-size: 10pt;font-family: Verdana;background-color: transparent;font-weight: 400;font-style: normal;font-variant: normal;text-decoration: none;vertical-align: baseline\"> \u2013 Les diff\u00e9rentes r\u00e9actions physiologiques du corps face au traumatisme.<\/span><span style=\"font-size: 10pt;font-family: Verdana;background-color: transparent;font-weight: 400;font-style: normal;font-variant: normal;text-decoration: none;vertical-align: baseline\"><br \/><\/span><span style=\"font-size: 10pt;font-family: Verdana;background-color: transparent;font-weight: 400;font-style: normal;font-variant: normal;text-decoration: none;vertical-align: baseline\"> \u2013 R\u00f4le des neurones miroirs.<\/span><\/span><\/p>\n<\/li>\n<li dir=\"ltr\" style=\"list-style-type: disc;font-size: 12pt;font-family: Calibri,sans-serif;color: #000000;background-color: transparent;font-weight: 400;font-style: normal;font-variant: normal;text-decoration: none;vertical-align: baseline\">\n<p dir=\"ltr\" style=\"line-height: 1.38;margin-top: 0pt;margin-bottom: 0pt\" role=\"presentation\"><span style=\"color: #666666\"><span style=\"font-size: 10pt;font-family: Verdana;background-color: transparent;font-weight: 400;font-style: normal;font-variant: normal;text-decoration: none;vertical-align: baseline\">La hi\u00e9rarchisation des niveaux d\u2019intervention.<\/span><span style=\"font-size: 10pt;font-family: Verdana;background-color: transparent;font-weight: 400;font-style: normal;font-variant: normal;text-decoration: none;vertical-align: baseline\"><br \/><\/span><span style=\"font-size: 10pt;font-family: Verdana;background-color: transparent;font-weight: 400;font-style: normal;font-variant: normal;text-decoration: none;vertical-align: baseline\"> \u2013 L\u2019int\u00e9grit\u00e9 physique et psychique : la s\u00e9curit\u00e9 au c\u0153ur de la prise en charge.<\/span><span style=\"font-size: 10pt;font-family: Verdana;background-color: transparent;font-weight: 400;font-style: normal;font-variant: normal;text-decoration: none;vertical-align: baseline\"><br \/><\/span><span style=\"font-size: 10pt;font-family: Verdana;background-color: transparent;font-weight: 400;font-style: normal;font-variant: normal;text-decoration: none;vertical-align: baseline\"> \u2013 La construction d\u2019un accordage empathique.<\/span><\/span><\/p>\n<\/li>\n<\/ul>\n<p dir=\"ltr\" style=\"line-height: 1.38;margin-top: 0pt;margin-bottom: 0pt\"><span style=\"font-size: 10pt;font-family: Verdana;color: #666666;background-color: transparent;font-weight: 400;font-style: normal;font-variant: normal;text-decoration: none;vertical-align: baseline\">JOUR 2<\/span><\/p>\n<ul style=\"margin-top: 0px;margin-bottom: 0px\">\n<li dir=\"ltr\" style=\"list-style-type: disc;font-size: 12pt;font-family: Calibri,sans-serif;color: #000000;background-color: transparent;font-weight: 400;font-style: normal;font-variant: normal;text-decoration: none;vertical-align: baseline\">\n<p dir=\"ltr\" style=\"line-height: 1.38;margin-top: 12pt;margin-bottom: 0pt\" role=\"presentation\"><span style=\"color: #666666\"><span style=\"font-size: 10pt;font-family: Verdana;background-color: transparent;font-weight: 400;font-style: normal;font-variant: normal;text-decoration: none;vertical-align: baseline\">\u00a0Les outils de stabilisation imm\u00e9diats<\/span><span style=\"font-size: 10pt;font-family: Verdana;background-color: transparent;font-weight: 400;font-style: normal;font-variant: normal;text-decoration: none;vertical-align: baseline\"><br \/><\/span><span style=\"font-size: 10pt;font-family: Verdana;background-color: transparent;font-weight: 400;font-style: normal;font-variant: normal;text-decoration: none;vertical-align: baseline\"> \u2013 Exercices d\u2019ancrage et d\u2019orientation.<\/span><span style=\"font-size: 10pt;font-family: Verdana;background-color: transparent;font-weight: 400;font-style: normal;font-variant: normal;text-decoration: none;vertical-align: baseline\"><br \/><\/span><span style=\"font-size: 10pt;font-family: Verdana;background-color: transparent;font-weight: 400;font-style: normal;font-variant: normal;text-decoration: none;vertical-align: baseline\"> \u2013 Exercices respiratoires.<\/span><span style=\"font-size: 10pt;font-family: Verdana;background-color: transparent;font-weight: 400;font-style: normal;font-variant: normal;text-decoration: none;vertical-align: baseline\"><br \/><\/span><span style=\"font-size: 10pt;font-family: Verdana;background-color: transparent;font-weight: 400;font-style: normal;font-variant: normal;text-decoration: none;vertical-align: baseline\"> \u2013 Le 54321.<\/span><span style=\"font-size: 10pt;font-family: Verdana;background-color: transparent;font-weight: 400;font-style: normal;font-variant: normal;text-decoration: none;vertical-align: baseline\"><br \/><\/span><span style=\"font-size: 10pt;font-family: Verdana;background-color: transparent;font-weight: 400;font-style: normal;font-variant: normal;text-decoration: none;vertical-align: baseline\"> \u2013 Le contenant.<\/span><\/span><\/p>\n<\/li>\n<li dir=\"ltr\" style=\"list-style-type: disc;font-size: 12pt;font-family: Calibri,sans-serif;color: #000000;background-color: transparent;font-weight: 400;font-style: normal;font-variant: normal;text-decoration: none;vertical-align: baseline\">\n<p dir=\"ltr\" style=\"line-height: 1.38;margin-top: 0pt;margin-bottom: 0pt\" role=\"presentation\"><span style=\"font-size: 10pt;font-family: Verdana;color: #666666;background-color: transparent;font-weight: 400;font-style: normal;font-variant: normal;text-decoration: none;vertical-align: baseline\">Les outils de construction d\u2019\u00e9l\u00e9ments ressources et d\u2019auto apaisement (le lieu s\u00fbr, coh\u00e9rence cardiaque \u2026).<\/span><\/p>\n<\/li>\n<li dir=\"ltr\" style=\"list-style-type: disc;font-size: 12pt;font-family: Calibri,sans-serif;color: #000000;background-color: transparent;font-weight: 400;font-style: normal;font-variant: normal;text-decoration: none;vertical-align: baseline\">\n<p dir=\"ltr\" style=\"line-height: 1.38;margin-top: 0pt;margin-bottom: 0pt\" role=\"presentation\"><span style=\"font-size: 10pt;font-family: Verdana;color: #666666;background-color: transparent;font-weight: 400;font-style: normal;font-variant: normal;text-decoration: none;vertical-align: baseline\">Au del\u00e0 de la stabilit\u00e9 individuelle, la stabilit\u00e9 relationnelle<\/span><\/p>\n<\/li>\n<\/ul>\n<p dir=\"ltr\" style=\"line-height: 1.38;margin-left: 36pt;margin-top: 0pt;margin-bottom: 0pt\"><span style=\"font-size: 10pt;font-family: Verdana;color: #666666;background-color: transparent;font-weight: 400;font-style: normal;font-variant: normal;text-decoration: none;vertical-align: baseline\">\u00a0<\/span><\/p>\n<p dir=\"ltr\" style=\"line-height: 1.38;margin-top: 0pt;margin-bottom: 0pt\"><span style=\"font-size: 10pt;font-family: Verdana;color: #666666;background-color: transparent;font-weight: 400;font-style: normal;font-variant: normal;text-decoration: none;vertical-align: baseline\">JOUR 3<\/span><\/p>\n<ul style=\"margin-top: 0px;margin-bottom: 0px\">\n<li dir=\"ltr\" style=\"list-style-type: disc;font-size: 12pt;font-family: Calibri,sans-serif;color: #000000;background-color: transparent;font-weight: 400;font-style: normal;font-variant: normal;text-decoration: none;vertical-align: baseline\">\n<p dir=\"ltr\" style=\"line-height: 1.38;margin-top: 12pt;margin-bottom: 0pt\" role=\"presentation\"><span style=\"font-size: 10pt;font-family: Verdana;color: #666666;background-color: transparent;font-weight: 400;font-style: normal;font-variant: normal;text-decoration: none;vertical-align: baseline\">Le CV des ressources<\/span><\/p>\n<\/li>\n<li dir=\"ltr\" style=\"list-style-type: disc;font-size: 12pt;font-family: Calibri,sans-serif;color: #000000;background-color: transparent;font-weight: 400;font-style: normal;font-variant: normal;text-decoration: none;vertical-align: baseline\">\n<p dir=\"ltr\" style=\"line-height: 1.38;margin-top: 0pt;margin-bottom: 0pt\" role=\"presentation\"><span style=\"font-size: 10pt;font-family: Verdana;color: #666666;background-color: transparent;font-weight: 400;font-style: normal;font-variant: normal;text-decoration: none;vertical-align: baseline\">Technique d\u2019impr\u00e9gnation des ressources : la technique de l\u2019\u00e9ponge<\/span><\/p>\n<\/li>\n<li dir=\"ltr\" style=\"list-style-type: disc;font-size: 12pt;font-family: Calibri,sans-serif;color: #000000;background-color: transparent;font-weight: 400;font-style: normal;font-variant: normal;text-decoration: none;vertical-align: baseline\"><span style=\"font-size: 10pt;font-family: Verdana;color: #666666;background-color: transparent;font-weight: 400;font-style: normal;font-variant: normal;text-decoration: none;vertical-align: baseline\">Un outil de stabilisation relationnelle : le collage de la famille symbolique.<\/span><\/li>\n<\/ul>\n<ul><\/ul>\n<p><span style=\"font-family: Montserrat Alternates;font-weight: normal\"><\/span><\/p>\n<p><span style=\"font-family: Montserrat Alternates;font-weight: normal\"><\/span><span style=\"color: #c94626;font-family: Montserrat Alternates;font-weight: normal;font-size: medium\"><strong>M\u00e9thodes p\u00e9dagogiques :<\/strong> <\/span><\/p>\n<ul>\n<li style=\"text-align: justify\"><span style=\"font-family: inherit;font-weight: normal\">Apports de contenus th\u00e9oriques.<\/span><\/li>\n<li style=\"text-align: justify\"><span style=\"font-family: inherit;font-weight: normal\">P\u00e9dagogie active : le participant est au c\u0153ur et acteur de sa formation. Il est invit\u00e9 \u00e0 exp\u00e9rimenter les outils pratiques afin de mieux se les approprier. <\/span><\/li>\n<li style=\"text-align: justify\"><span style=\"font-family: inherit;font-weight: normal\">P\u00e9dagogie interactive et ludique, pour s\u2019adapter aux diff\u00e9rents modes d\u2019apprentissage des participants.<\/span><\/li>\n<li style=\"text-align: justify\"><span style=\"font-family: inherit;font-weight: normal\">R\u00e9flexions en groupe sur l\u2019exp\u00e9rience professionnelle des participants.<\/span><\/li>\n<\/ul>\n<p><span style=\"font-family: inherit;font-weight: normal\"><span style=\"color: #c94626;font-family: Montserrat Alternates;font-weight: normal;font-size: medium\"><strong>Evaluations :<\/strong><\/span><\/span><\/p>\n<p><span>Le processus d\u2019\u00e9valuation de nos formations se fait de mani\u00e8re suivante\u00a0: <\/span><\/p>\n<ul>\n<li><span> <\/span><span>Lors des formations, des point r\u00e9guliers sont faits avec les participants\u00a0:<\/span><\/li>\n<\/ul>\n<p><span>o\u00a0\u00a0 <\/span><span>Sur leur retour d\u2019exp\u00e9rience par rapport aux exercices pratiques exerc\u00e9s <\/span><\/p>\n<p><span>o\u00a0\u00a0 <\/span><span>Sur l\u2019ad\u00e9quation du contenu abord\u00e9 par rapport \u00e0 leur pratique professionnelle<\/span><\/p>\n<p><span>o\u00a0\u00a0 <\/span><span>Concernant leurs besoins sp\u00e9cifiques en rapport avec les th\u00e8mes abord\u00e9s<\/span><\/p>\n<ul>\n<li><span> <\/span><span>A la fin de chaque formation, une \u00e9valuation \u00e9crite \u00ab\u00a0\u00e0 chaud\u00a0\u00bb est conduite via une grille d\u2019\u00e9valuation sp\u00e9cifique reprenant\u00a0: <\/span><\/li>\n<\/ul>\n<p><span>o\u00a0\u00a0 <\/span><span>Le v\u00e9cu du processus de la formation, la dynamique de groupe<\/span><\/p>\n<p><span>o\u00a0\u00a0 <\/span><span>Les points th\u00e9oriques abord\u00e9s<br \/><\/span><\/p>\n<p><span>o\u00a0\u00a0 <\/span><span>La mise en pratique des pistes cliniques \u00e9labor\u00e9es. <\/span><\/p>\n<ul>\n<li><span> <\/span><span>Deux \u00e0 quatre mois apr\u00e8s la formation, une \u00e9valuation \u00e9crite \u00ab\u00a0\u00e0 froid\u00a0\u00bb est conduite via une grille d\u2019\u00e9valuation sp\u00e9cifique se centrant\u00a0:<\/span><\/li>\n<\/ul>\n<p><span>o\u00a0\u00a0 <\/span><span>Sur les contenus de la formation qui ont \u00e9t\u00e9 retenus <\/span><\/p>\n<p><span>o\u00a0\u00a0 <\/span><span>Sur la mise en pratique et l\u2019int\u00e9gration des pistes cliniques \u00e9labor\u00e9es<\/span><\/p>\n<p><span>o\u00a0\u00a0 <\/span><span>Sur la modification des pratiques \u00e0 l\u2019issue de l\u2019exp\u00e9rimentation des outils concrets abord\u00e9s et exerc\u00e9s pendant la formation. <\/span><\/p>\n<p>[\/et_pb_text][\/et_pb_column][et_pb_column type=\u00a0\u00bb1_2&Prime; specialty_columns=\u00a0\u00bb2&Prime; _builder_version=\u00a0\u00bb4.16&Prime; custom_padding=\u00a0\u00bb|||\u00a0\u00bb global_colors_info=\u00a0\u00bb{}\u00a0\u00bb parallax__hover=\u00a0\u00bboff\u00a0\u00bb parallax_method__hover=\u00a0\u00bbon\u00a0\u00bb custom_padding__hover=\u00a0\u00bb|||\u00a0\u00bb][et_pb_row_inner use_custom_gutter=\u00a0\u00bbon\u00a0\u00bb gutter_width=\u00a0\u00bb4&Prime; make_equal=\u00a0\u00bbon\u00a0\u00bb _builder_version=\u00a0\u00bb4.19.4&Prime; background_color=\u00a0\u00bbrgba(0,0,0,0.09)\u00a0\u00bb module_alignment=\u00a0\u00bbright\u00a0\u00bb custom_margin=\u00a0\u00bb20px||||false|false\u00a0\u00bb custom_padding=\u00a0\u00bb20px|0px|17px|0px|false|false\u00a0\u00bb border_radii=\u00a0\u00bbon|21px|21px|21px|21px\u00a0\u00bb border_width_all=\u00a0\u00bb14px\u00a0\u00bb border_color_all=\u00a0\u00bbrgba(0,0,0,0)\u00a0\u00bb global_colors_info=\u00a0\u00bb{}\u00a0\u00bb][et_pb_column_inner saved_specialty_column_type=\u00a0\u00bb1_2&Prime; _builder_version=\u00a0\u00bb4.16&Prime; custom_padding=\u00a0\u00bb|||\u00a0\u00bb global_colors_info=\u00a0\u00bb{}\u00a0\u00bb parallax__hover=\u00a0\u00bboff\u00a0\u00bb parallax_method__hover=\u00a0\u00bbon\u00a0\u00bb custom_padding__hover=\u00a0\u00bb|||\u00a0\u00bb][et_pb_text _builder_version=\u00a0\u00bb4.19.4&Prime; text_font=\u00a0\u00bb||||||||\u00a0\u00bb header_font=\u00a0\u00bbRubik||||||||\u00a0\u00bb custom_padding=\u00a0\u00bb||0px|||\u00a0\u00bb text_text_align=\u00a0\u00bbleft\u00a0\u00bb global_colors_info=\u00a0\u00bb{}\u00a0\u00bb]<\/p>\n<h4 style=\"text-align: center\"><span style=\"font-family: Montserrat Alternates\"><strong><span style=\"color: #004b5e;font-size: medium\">\u00a0<span style=\"font-size: x-large\">Informations pratiques<\/span><\/span><\/strong><\/span><\/h4>\n<p style=\"text-align: left\"><span style=\"color: #074b5f\"><strong>Cette formation peut \u00eatre suivie en visio ou en pr\u00e9sentiel. <\/strong><\/span><\/p>\n<p style=\"text-align: center\"><span style=\"color: #074b5f\"><strong><span style=\"color: #bd3129\">Il est indispensable de sp\u00e9cifier votre choix lors de l\u2019inscription.<\/span><\/strong><\/span><span style=\"color: #bd3129\"><strong>\u00a0<\/strong><\/span><\/p>\n<p style=\"text-align: left\"><span style=\"font-family: Montserrat Alternates\"><strong><span style=\"color: #004b5e;font-size: medium\"><span style=\"font-size: x-large\"><\/span><\/span><\/strong><\/span><\/p>\n<p style=\"text-align: center\"><span style=\"font-family: Montserrat Alternates\"><strong><span style=\"color: #004b5e;font-size: medium\"><span style=\"font-size: x-large\"><span style=\"color: #074b5f\"><span style=\"font-size: large\"><span style=\"color: #c94626;font-size: large\">LYON<\/span><\/span><\/span><\/span><\/span><\/strong><\/span><\/p>\n<p style=\"text-align: center\"><span style=\"font-family: Montserrat Alternates\"><strong><span style=\"color: #004b5e;font-size: medium\"><span style=\"font-size: x-large\"><span style=\"color: #074b5f\"><span style=\"font-size: large\"><span style=\"color: #c94626;font-size: large\">\u00a012 &#8211; 13 &#8211; 14 MARS 2026<\/span><\/span><\/span><\/span><\/span><\/strong><\/span><\/p>\n<p style=\"text-align: left\" align=\"JUSTIFY\"><span style=\"color: #074b5f\">Jeudi 12 : 9h30 \u2013 18h30<br \/>Vendredi 13\u00a0 : 9h00\u201317h30<br \/>Samedi 14 : 9h00\u201316h00<\/span><span><strong><span style=\"color: #c94626\"><\/span><\/strong><\/span><\/p>\n<p style=\"text-align: left\" align=\"JUSTIFY\"><span><strong><span style=\"color: #c94626\"><\/span><\/strong><\/span><\/p>\n<h1 style=\"text-align: left\"><span><strong><span style=\"color: #004b5e\"><span style=\"color: #004b5e;font-family: Montserrat Alternates;font-size: large\">Lieu:<\/span><\/span><\/strong><span style=\"color: #666666\"><strong><span style=\"font-size: medium\"> Lyon <\/span><\/strong><\/span><em><strong><\/strong><\/em><\/span><\/h1>\n<p style=\"margin-bottom: 0cm;text-align: left\" align=\"JUSTIFY\">\n<p>[\/et_pb_text][et_pb_text _builder_version=\u00a0\u00bb4.19.4&Prime; text_font=\u00a0\u00bb||||||||\u00a0\u00bb header_font=\u00a0\u00bbRubik||||||||\u00a0\u00bb text_text_align=\u00a0\u00bbleft\u00a0\u00bb global_colors_info=\u00a0\u00bb{}\u00a0\u00bb]<\/p>\n<p style=\"text-align: left\">\n<p>&nbsp;<\/p>\n<h4><span><strong>Modalit\u00e9s financi\u00e8res :<\/strong><\/span><\/h4>\n<p><span><strong>Inscription individuelle<\/strong>\u00a0:<strong>\u00a0630 \u20ac<\/strong><\/span><\/p>\n<p><span><strong>Formation continue avec signature d\u2019une convention :<\/strong>\u00a0<strong>875\u20ac<\/strong><\/span><\/p>\n<p><span><strong><\/strong><\/span><span><strong>Tarif r\u00e9duit en fonction des revenus \u00e9tudi\u00e9 sur demande : 390 \u20ac<\/strong><\/span><\/p>\n<p><span><strong>Intervenante<\/strong><\/span><\/p>\n<p align=\"JUSTIFY\"><span><strong>H\u00e9l\u00e8ne Dellucci<\/strong><\/span><\/p>\n<p align=\"JUSTIFY\"><span><strong><img loading=\"lazy\" decoding=\"async\" src=\"https:\/\/www.cercledecompetences.org\/wp-content\/uploads\/2019\/02\/Capture-d%E2%80%99e%CC%81cran-2019-02-10-a%CC%80-17.15.15-300x231.png\" alt=\"\" class=\"wp-image-1023 alignnone size-medium\" width=\"257\" height=\"198\" \/><br \/><\/strong><\/span><\/p>\n<p><strong><\/strong><span>Docteur en Psychologie, formatrice EMDR Europe, th\u00e9rapeute familiale syst\u00e9mique, superviseur et formatrice en psychotraumatologie, th\u00e9rapie familiale et approches centr\u00e9es comp\u00e9tences. Elle est charg\u00e9e de cours \u00e0 l\u2019universit\u00e9 Lorraine, et l\u2019universit\u00e9 La Trobe (Australie).<\/span><\/p>\n<p align=\"JUSTIFY\"><span><strong>Pour tous renseignements :<\/strong><\/span><\/p>\n<p align=\"JUSTIFY\"><span><strong><a href=\"https:\/\/www.cercledecompetences.org\/index.php\/lart-therapie-et-psychotrauma\/suivi.formations@cercledecompetences.org\">suivi.formations@cercledecompetences.org<\/a><\/strong><\/span><\/p>\n<p style=\"margin-bottom: 0cm;text-align: left\" align=\"JUSTIFY\"><span style=\"font-size: large\"><span style=\"font-family: inherit;font-weight: normal\"><\/span><\/span><\/p>\n<p>[\/et_pb_text][et_pb_text _builder_version=\u00a0\u00bb4.19.4&Prime; _module_preset=\u00a0\u00bbdefault\u00a0\u00bb custom_margin=\u00a0\u00bb0px||2px||false|false\u00a0\u00bb global_colors_info=\u00a0\u00bb{}\u00a0\u00bb]<\/p>\n<p>Inscription individuelle : 630\u20ac<\/p>\n<p>[\/et_pb_text][et_pb_button button_url=\u00a0\u00bbhttps:\/\/www.cercledecompetences.org\/index.php\/produit\/psychotraumatologie-centree-competences-module-1-inscription-individuelle-2026-visio-ou-presentiel\/\u00a0\u00bb button_text=\u00a0\u00bbR\u00e9server ma place\u00a0\u00bb _builder_version=\u00a0\u00bb4.19.4&Prime; _module_preset=\u00a0\u00bbdefault\u00a0\u00bb custom_button=\u00a0\u00bbon\u00a0\u00bb button_text_size=\u00a0\u00bb17px\u00a0\u00bb button_text_color=\u00a0\u00bb#FFFFFF\u00a0\u00bb button_bg_color=\u00a0\u00bb#BD3129&Prime; button_border_width=\u00a0\u00bb0px\u00a0\u00bb button_border_radius=\u00a0\u00bb25px\u00a0\u00bb global_colors_info=\u00a0\u00bb{}\u00a0\u00bb][\/et_pb_button][et_pb_text _builder_version=\u00a0\u00bb4.19.4&Prime; _module_preset=\u00a0\u00bbdefault\u00a0\u00bb custom_margin=\u00a0\u00bb0px||2px||false|false\u00a0\u00bb global_colors_info=\u00a0\u00bb{}\u00a0\u00bb]<\/p>\n<p>Formation continue avec convention : 875 \u20ac<\/p>\n<p>[\/et_pb_text][et_pb_button button_url=\u00a0\u00bbhttps:\/\/www.cercledecompetences.org\/index.php\/demande-de-convention\/\u00a0\u00bb button_text=\u00a0\u00bbDemande de convention\u00a0\u00bb _builder_version=\u00a0\u00bb4.19.4&Prime; _module_preset=\u00a0\u00bbdefault\u00a0\u00bb custom_button=\u00a0\u00bbon\u00a0\u00bb button_text_size=\u00a0\u00bb17px\u00a0\u00bb button_text_color=\u00a0\u00bb#FFFFFF\u00a0\u00bb button_bg_color=\u00a0\u00bb#BD3129&Prime; button_border_width=\u00a0\u00bb0px\u00a0\u00bb button_border_radius=\u00a0\u00bb25px\u00a0\u00bb global_colors_info=\u00a0\u00bb{}\u00a0\u00bb][\/et_pb_button][et_pb_text _builder_version=\u00a0\u00bb4.19.4&Prime; _module_preset=\u00a0\u00bbdefault\u00a0\u00bb custom_margin=\u00a0\u00bb0px||2px||false|false\u00a0\u00bb global_colors_info=\u00a0\u00bb{}\u00a0\u00bb]<\/p>\n<p>Tarif r\u00e9duit: 390 \u20ac<\/p>\n<p>[\/et_pb_text][et_pb_button button_url=\u00a0\u00bbhttps:\/\/www.cercledecompetences.org\/index.php\/inscription-tarif-reduit\/\u00a0\u00bb button_text=\u00a0\u00bbDemande de tarif r\u00e9duit \u00a0\u00bb _builder_version=\u00a0\u00bb4.19.4&Prime; _module_preset=\u00a0\u00bbdefault\u00a0\u00bb custom_button=\u00a0\u00bbon\u00a0\u00bb button_text_size=\u00a0\u00bb17px\u00a0\u00bb button_text_color=\u00a0\u00bb#FFFFFF\u00a0\u00bb button_bg_color=\u00a0\u00bb#BD3129&Prime; button_border_width=\u00a0\u00bb0px\u00a0\u00bb button_border_radius=\u00a0\u00bb25px\u00a0\u00bb global_colors_info=\u00a0\u00bb{}\u00a0\u00bb][\/et_pb_button][et_pb_button button_url=\u00a0\u00bbhttps:\/\/www.cercledecompetences.org\/index.php\/650-2\/\u00a0\u00bb button_text=\u00a0\u00bbConditions g\u00e9n\u00e9rales de vente\u00a0\u00bb button_alignment=\u00a0\u00bbleft\u00a0\u00bb _builder_version=\u00a0\u00bb4.19.4&Prime; custom_button=\u00a0\u00bbon\u00a0\u00bb button_text_size=\u00a0\u00bb14px\u00a0\u00bb button_text_color=\u00a0\u00bb#FFFFFF\u00a0\u00bb button_bg_color=\u00a0\u00bb#003366&Prime; button_border_width=\u00a0\u00bb10px\u00a0\u00bb button_border_color=\u00a0\u00bbrgba(43,118,223,0)\u00a0\u00bb button_border_radius=\u00a0\u00bb100px\u00a0\u00bb button_font=\u00a0\u00bbRubik|700|||||||\u00a0\u00bb button_use_icon=\u00a0\u00bboff\u00a0\u00bb background_layout=\u00a0\u00bbdark\u00a0\u00bb button_bg_color_hover=\u00a0\u00bb#4f8bdd\u00a0\u00bb locked=\u00a0\u00bboff\u00a0\u00bb global_colors_info=\u00a0\u00bb{}\u00a0\u00bb button_text_size__hover_enabled=\u00a0\u00bboff\u00a0\u00bb button_one_text_size__hover_enabled=\u00a0\u00bboff\u00a0\u00bb button_two_text_size__hover_enabled=\u00a0\u00bboff\u00a0\u00bb button_text_color__hover_enabled=\u00a0\u00bboff\u00a0\u00bb button_one_text_color__hover_enabled=\u00a0\u00bboff\u00a0\u00bb button_two_text_color__hover_enabled=\u00a0\u00bboff\u00a0\u00bb button_border_width__hover_enabled=\u00a0\u00bboff\u00a0\u00bb button_one_border_width__hover_enabled=\u00a0\u00bboff\u00a0\u00bb button_two_border_width__hover_enabled=\u00a0\u00bboff\u00a0\u00bb button_border_color__hover_enabled=\u00a0\u00bboff\u00a0\u00bb button_one_border_color__hover_enabled=\u00a0\u00bboff\u00a0\u00bb button_two_border_color__hover_enabled=\u00a0\u00bboff\u00a0\u00bb button_border_radius__hover_enabled=\u00a0\u00bboff\u00a0\u00bb button_one_border_radius__hover_enabled=\u00a0\u00bboff\u00a0\u00bb button_two_border_radius__hover_enabled=\u00a0\u00bboff\u00a0\u00bb button_letter_spacing__hover_enabled=\u00a0\u00bboff\u00a0\u00bb button_one_letter_spacing__hover_enabled=\u00a0\u00bboff\u00a0\u00bb button_two_letter_spacing__hover_enabled=\u00a0\u00bboff\u00a0\u00bb button_bg_color__hover_enabled=\u00a0\u00bbon\u00a0\u00bb button_bg_color__hover=\u00a0\u00bb#004b5e\u00a0\u00bb button_one_bg_color__hover_enabled=\u00a0\u00bboff\u00a0\u00bb button_two_bg_color__hover_enabled=\u00a0\u00bboff\u00a0\u00bb][\/et_pb_button][\/et_pb_column_inner][\/et_pb_row_inner][et_pb_row_inner use_custom_gutter=\u00a0\u00bbon\u00a0\u00bb gutter_width=\u00a0\u00bb4&Prime; make_equal=\u00a0\u00bbon\u00a0\u00bb _builder_version=\u00a0\u00bb4.19.4&Prime; background_color=\u00a0\u00bbrgba(0,0,0,0.09)\u00a0\u00bb module_alignment=\u00a0\u00bbright\u00a0\u00bb min_height=\u00a0\u00bb1608.5px\u00a0\u00bb custom_margin=\u00a0\u00bb20px||||false|false\u00a0\u00bb custom_padding=\u00a0\u00bb20px|0px|17px|0px|false|false\u00a0\u00bb border_radii=\u00a0\u00bbon|21px|21px|21px|21px\u00a0\u00bb border_width_all=\u00a0\u00bb14px\u00a0\u00bb border_color_all=\u00a0\u00bbrgba(0,0,0,0)\u00a0\u00bb global_colors_info=\u00a0\u00bb{}\u00a0\u00bb][et_pb_column_inner saved_specialty_column_type=\u00a0\u00bb1_2&Prime; _builder_version=\u00a0\u00bb4.16&Prime; custom_padding=\u00a0\u00bb|||\u00a0\u00bb global_colors_info=\u00a0\u00bb{}\u00a0\u00bb parallax__hover=\u00a0\u00bboff\u00a0\u00bb parallax_method__hover=\u00a0\u00bbon\u00a0\u00bb custom_padding__hover=\u00a0\u00bb|||\u00a0\u00bb][et_pb_text _builder_version=\u00a0\u00bb4.27.4&Prime; text_font=\u00a0\u00bb||||||||\u00a0\u00bb header_font=\u00a0\u00bbRubik||||||||\u00a0\u00bb custom_padding=\u00a0\u00bb||0px|||\u00a0\u00bb text_text_align=\u00a0\u00bbleft\u00a0\u00bb global_colors_info=\u00a0\u00bb{}\u00a0\u00bb]<\/p>\n<h4 style=\"text-align: center\"><span style=\"font-family: Montserrat Alternates\"><strong><span style=\"color: #004b5e;font-size: medium\"><span style=\"font-size: x-large\">Dates ult\u00e9rieures<\/span><\/span><br \/><\/strong><\/span><\/h4>\n<h4 style=\"text-align: center\"><span style=\"font-family: Montserrat Alternates\"><strong><span style=\"color: #004b5e;font-size: medium\">\u00a0<span style=\"font-size: x-large\">Informations pratiques<\/span><\/span><\/strong><\/span><\/h4>\n<p style=\"text-align: left\"><span style=\"color: #074b5f\"><strong>Cette formation peut \u00eatre suivie en visio ou en pr\u00e9sentiel. <\/strong><\/span><\/p>\n<p style=\"text-align: center\"><span style=\"color: #074b5f\"><strong><span style=\"color: #bd3129\">Il est indispensable de sp\u00e9cifier votre choix lors de l\u2019inscription.<\/span><\/strong><\/span><span style=\"color: #bd3129\"><strong>\u00a0<\/strong><\/span><\/p>\n<p style=\"text-align: left\"><span style=\"font-family: Montserrat Alternates\"><strong><span style=\"color: #004b5e;font-size: medium\"><span style=\"font-size: x-large\"><\/span><\/span><\/strong><\/span><\/p>\n<p style=\"text-align: center\"><span style=\"font-family: Montserrat Alternates\"><strong><span style=\"color: #004b5e;font-size: medium\"><span style=\"font-size: x-large\"><span style=\"color: #074b5f\"><span style=\"font-size: large\"><span style=\"color: #c94626;font-size: large\">LYON<\/span><\/span><\/span><\/span><\/span><\/strong><\/span><\/p>\n<p style=\"text-align: center\"><span style=\"font-family: Montserrat Alternates\"><strong><span style=\"color: #004b5e;font-size: medium\"><span style=\"font-size: x-large\"><span style=\"color: #074b5f\"><span style=\"font-size: large\"><span style=\"color: #c94626;font-size: large\">\u00a011-12-13 MARS 2027<\/span><\/span><\/span><\/span><\/span><\/strong><\/span><\/p>\n<p style=\"text-align: left\" align=\"JUSTIFY\"><span style=\"color: #074b5f\">Jeudi 11 : 9h30 \u2013 18h30<br \/>Vendredi 12\u00a0 : 9h00\u201317h30<br \/>Samedi 13 : 9h00\u201316h00<\/span><span><strong><span style=\"color: #c94626\"><\/span><\/strong><\/span><\/p>\n<p style=\"text-align: left\" align=\"JUSTIFY\"><span><strong><span style=\"color: #c94626\"><\/span><\/strong><\/span><\/p>\n<h1 style=\"text-align: left\"><span><strong><span style=\"color: #004b5e\"><span style=\"color: #004b5e;font-family: Montserrat Alternates;font-size: large\">Lieu:<\/span><\/span><\/strong><span style=\"color: #666666\"><strong><span style=\"font-size: medium\"> Lyon <\/span><\/strong><\/span><em><strong><\/strong><\/em><\/span><\/h1>\n<p style=\"margin-bottom: 0cm;text-align: left\" align=\"JUSTIFY\">[\/et_pb_text][et_pb_text _builder_version=\u00a0\u00bb4.27.5&Prime; text_font=\u00a0\u00bb||||||||\u00a0\u00bb header_font=\u00a0\u00bbRubik||||||||\u00a0\u00bb hover_enabled=\u00a0\u00bb0&Prime; text_text_align=\u00a0\u00bbleft\u00a0\u00bb global_colors_info=\u00a0\u00bb{}\u00a0\u00bb sticky_enabled=\u00a0\u00bb0&Prime;]<\/p>\n<p>&nbsp;<\/p>\n<h4><span><strong>Modalit\u00e9s financi\u00e8res :<\/strong><\/span><\/h4>\n<p><span><strong>Inscription individuelle<\/strong>\u00a0:<strong>\u00a0630 \u20ac<\/strong><\/span><\/p>\n<p><span><strong>Formation continue avec signature d\u2019une convention :<\/strong>\u00a0<strong>875\u20ac<\/strong><\/span><\/p>\n<p><span><strong><\/strong><\/span><span><strong>Tarif r\u00e9duit en fonction des revenus \u00e9tudi\u00e9 sur demande : 390 \u20ac<\/strong><\/span><\/p>\n<p><span><strong><\/strong><\/span><\/p>\n<p><span><strong><\/strong><\/span><\/p>\n<p>&nbsp;<\/p>\n<h4><span><strong>Intervenante<\/strong><\/span><\/h4>\n<h4><span><strong>Sylvie Ciliegio<\/strong><\/span><\/h4>\n<p align=\"JUSTIFY\">\n<p style=\"margin-bottom: 0cm;text-align: left\" align=\"JUSTIFY\"><img loading=\"lazy\" decoding=\"async\" src=\"https:\/\/www.cercledecompetences.org\/wp-content\/uploads\/2025\/07\/Sylvie-ciliegio.jpg\" width=\"200\" height=\"200\" alt=\"\" class=\"wp-image-9483 alignnone size-full\" srcset=\"https:\/\/www.cercledecompetences.org\/wp-content\/uploads\/2025\/07\/Sylvie-ciliegio.jpg 200w, https:\/\/www.cercledecompetences.org\/wp-content\/uploads\/2025\/07\/Sylvie-ciliegio-150x150.jpg 150w, https:\/\/www.cercledecompetences.org\/wp-content\/uploads\/2025\/07\/Sylvie-ciliegio-100x100.jpg 100w\" sizes=\"(max-width: 200px) 100vw, 200px\" \/><\/p>\n<h5 class=\"font_5\"><strong><b class=\"\"><\/b><\/strong><\/h5>\n<h5 class=\"font_5\"><strong><b class=\"\">Psychologue Clinicienne,\u00a0 Psychoth\u00e9rapeute familiale syst\u00e9mique et superviseure<br \/>syst\u00e9mique \u2013 Ecoth\u00e9rapeute- M\u00e9diatrice animale \u2013 Praticienne EMDR Europe \u2013<br \/>Formatrice<br \/><\/b><\/strong><\/h5>\n<p>Psychologue clinicienne depuis plus de 20 ans en institutions et lib\u00e9ral, je suis sp\u00e9cialis\u00e9e en th\u00e9rapie familiale syst\u00e9mique, psychotraumatologie, \u00e9coth\u00e9rapie et EMDR (membre accr\u00e9dit\u00e9e EMDR Europe).<br \/>J\u2019accompagne enfants, adolescents, adultes et familles en individuel, en couple ou en groupe.<br \/>Mon cabinet est nomade gr\u00e2ce \u00e0 un fourgon am\u00e9nag\u00e9 dans le Gard et l\u2019H\u00e9rault.<br \/>Je propose aussi supervisions, APP, ateliers de pr\u00e9vention du burn-out et s\u00e9jours de ressourcement.<br \/>Fondatrice de l\u2019association Halt\u2019air et pr\u00e9sidente de Walam, j\u2019allie soin, solidarit\u00e9 et innovation dans mes interventions.<\/p>\n<p align=\"JUSTIFY\"><span><strong><\/strong><\/span><\/p>\n<p align=\"JUSTIFY\"><span><strong><\/strong><\/span><\/p>\n<p align=\"JUSTIFY\"><span><strong>Pour tous renseignements :<\/strong><\/span><\/p>\n<p align=\"JUSTIFY\"><span><strong><a href=\"https:\/\/www.cercledecompetences.org\/index.php\/lart-therapie-et-psychotrauma\/suivi.formations@cercledecompetences.org\">suivi.formations@cercledecompetences.org<\/a><\/strong><\/span><\/p>\n<p>[\/et_pb_text][et_pb_text _builder_version=\u00a0\u00bb4.19.4&Prime; _module_preset=\u00a0\u00bbdefault\u00a0\u00bb custom_margin=\u00a0\u00bb0px||2px||false|false\u00a0\u00bb global_colors_info=\u00a0\u00bb{}\u00a0\u00bb]<\/p>\n<p>Inscription individuelle : 630\u20ac<\/p>\n<p>[\/et_pb_text][et_pb_button button_url=\u00a0\u00bbhttps:\/\/www.cercledecompetences.org\/index.php\/produit\/psychotraumatologie-centree-competences-module-1-inscription-individuelle-2027-visio-ou-presentiel\/\u00a0\u00bb button_text=\u00a0\u00bbR\u00e9server ma place\u00a0\u00bb _builder_version=\u00a0\u00bb4.27.4&Prime; _module_preset=\u00a0\u00bbdefault\u00a0\u00bb custom_button=\u00a0\u00bbon\u00a0\u00bb button_text_size=\u00a0\u00bb17px\u00a0\u00bb button_text_color=\u00a0\u00bb#FFFFFF\u00a0\u00bb button_bg_color=\u00a0\u00bb#BD3129&Prime; button_border_width=\u00a0\u00bb0px\u00a0\u00bb button_border_radius=\u00a0\u00bb25px\u00a0\u00bb global_colors_info=\u00a0\u00bb{}\u00a0\u00bb][\/et_pb_button][et_pb_text _builder_version=\u00a0\u00bb4.19.4&Prime; _module_preset=\u00a0\u00bbdefault\u00a0\u00bb custom_margin=\u00a0\u00bb0px||2px||false|false\u00a0\u00bb global_colors_info=\u00a0\u00bb{}\u00a0\u00bb]<\/p>\n<p>Formation continue avec convention : 875 \u20ac<\/p>\n<p>[\/et_pb_text][et_pb_button button_url=\u00a0\u00bbhttps:\/\/www.cercledecompetences.org\/index.php\/demande-de-convention\/\u00a0\u00bb button_text=\u00a0\u00bbDemande de convention\u00a0\u00bb _builder_version=\u00a0\u00bb4.27.4&Prime; _module_preset=\u00a0\u00bbdefault\u00a0\u00bb custom_button=\u00a0\u00bbon\u00a0\u00bb button_text_size=\u00a0\u00bb17px\u00a0\u00bb button_text_color=\u00a0\u00bb#FFFFFF\u00a0\u00bb button_bg_color=\u00a0\u00bb#BD3129&Prime; button_border_width=\u00a0\u00bb0px\u00a0\u00bb button_border_radius=\u00a0\u00bb25px\u00a0\u00bb global_colors_info=\u00a0\u00bb{}\u00a0\u00bb][\/et_pb_button][et_pb_text _builder_version=\u00a0\u00bb4.19.4&Prime; _module_preset=\u00a0\u00bbdefault\u00a0\u00bb custom_margin=\u00a0\u00bb0px||2px||false|false\u00a0\u00bb global_colors_info=\u00a0\u00bb{}\u00a0\u00bb]<\/p>\n<p>Tarif r\u00e9duit: 390 \u20ac<\/p>\n<p>[\/et_pb_text][et_pb_button button_url=\u00a0\u00bbhttps:\/\/www.cercledecompetences.org\/index.php\/inscription-tarif-reduit\/\u00a0\u00bb button_text=\u00a0\u00bbDemande de tarif r\u00e9duit \u00a0\u00bb _builder_version=\u00a0\u00bb4.19.4&Prime; _module_preset=\u00a0\u00bbdefault\u00a0\u00bb custom_button=\u00a0\u00bbon\u00a0\u00bb button_text_size=\u00a0\u00bb17px\u00a0\u00bb button_text_color=\u00a0\u00bb#FFFFFF\u00a0\u00bb button_bg_color=\u00a0\u00bb#BD3129&Prime; button_border_width=\u00a0\u00bb0px\u00a0\u00bb button_border_radius=\u00a0\u00bb25px\u00a0\u00bb global_colors_info=\u00a0\u00bb{}\u00a0\u00bb][\/et_pb_button][et_pb_button button_url=\u00a0\u00bbhttps:\/\/www.cercledecompetences.org\/index.php\/650-2\/\u00a0\u00bb button_text=\u00a0\u00bbConditions g\u00e9n\u00e9rales de vente\u00a0\u00bb button_alignment=\u00a0\u00bbleft\u00a0\u00bb _builder_version=\u00a0\u00bb4.19.4&Prime; custom_button=\u00a0\u00bbon\u00a0\u00bb button_text_size=\u00a0\u00bb14px\u00a0\u00bb button_text_color=\u00a0\u00bb#FFFFFF\u00a0\u00bb button_bg_color=\u00a0\u00bb#003366&Prime; button_border_width=\u00a0\u00bb10px\u00a0\u00bb button_border_color=\u00a0\u00bbrgba(43,118,223,0)\u00a0\u00bb button_border_radius=\u00a0\u00bb100px\u00a0\u00bb button_font=\u00a0\u00bbRubik|700|||||||\u00a0\u00bb button_use_icon=\u00a0\u00bboff\u00a0\u00bb background_layout=\u00a0\u00bbdark\u00a0\u00bb button_bg_color_hover=\u00a0\u00bb#4f8bdd\u00a0\u00bb locked=\u00a0\u00bboff\u00a0\u00bb global_colors_info=\u00a0\u00bb{}\u00a0\u00bb button_text_size__hover_enabled=\u00a0\u00bboff\u00a0\u00bb button_one_text_size__hover_enabled=\u00a0\u00bboff\u00a0\u00bb button_two_text_size__hover_enabled=\u00a0\u00bboff\u00a0\u00bb button_text_color__hover_enabled=\u00a0\u00bboff\u00a0\u00bb button_one_text_color__hover_enabled=\u00a0\u00bboff\u00a0\u00bb button_two_text_color__hover_enabled=\u00a0\u00bboff\u00a0\u00bb button_border_width__hover_enabled=\u00a0\u00bboff\u00a0\u00bb button_one_border_width__hover_enabled=\u00a0\u00bboff\u00a0\u00bb button_two_border_width__hover_enabled=\u00a0\u00bboff\u00a0\u00bb button_border_color__hover_enabled=\u00a0\u00bboff\u00a0\u00bb button_one_border_color__hover_enabled=\u00a0\u00bboff\u00a0\u00bb button_two_border_color__hover_enabled=\u00a0\u00bboff\u00a0\u00bb button_border_radius__hover_enabled=\u00a0\u00bboff\u00a0\u00bb button_one_border_radius__hover_enabled=\u00a0\u00bboff\u00a0\u00bb button_two_border_radius__hover_enabled=\u00a0\u00bboff\u00a0\u00bb button_letter_spacing__hover_enabled=\u00a0\u00bboff\u00a0\u00bb button_one_letter_spacing__hover_enabled=\u00a0\u00bboff\u00a0\u00bb button_two_letter_spacing__hover_enabled=\u00a0\u00bboff\u00a0\u00bb button_bg_color__hover_enabled=\u00a0\u00bbon\u00a0\u00bb button_bg_color__hover=\u00a0\u00bb#004b5e\u00a0\u00bb button_one_bg_color__hover_enabled=\u00a0\u00bboff\u00a0\u00bb button_two_bg_color__hover_enabled=\u00a0\u00bboff\u00a0\u00bb][\/et_pb_button][\/et_pb_column_inner][\/et_pb_row_inner][et_pb_row_inner _builder_version=\u00a0\u00bb4.16&Prime; custom_padding=\u00a0\u00bb45px|0px|70px|0px|false|false\u00a0\u00bb global_colors_info=\u00a0\u00bb{}\u00a0\u00bb][et_pb_column_inner saved_specialty_column_type=\u00a0\u00bb1_2&Prime; _builder_version=\u00a0\u00bb4.16&Prime; custom_padding=\u00a0\u00bb|||\u00a0\u00bb global_colors_info=\u00a0\u00bb{}\u00a0\u00bb parallax__hover=\u00a0\u00bboff\u00a0\u00bb parallax_method__hover=\u00a0\u00bbon\u00a0\u00bb custom_padding__hover=\u00a0\u00bb|||\u00a0\u00bb][et_pb_image src=\u00a0\u00bbhttps:\/\/www.cercledecompetences.org\/wp-content\/uploads\/2019\/01\/logo-rond-2.gif\u00a0\u00bb align_tablet=\u00a0\u00bbcenter\u00a0\u00bb align_phone=\u00a0\u00bb\u00a0\u00bb align_last_edited=\u00a0\u00bbon|desktop\u00a0\u00bb _builder_version=\u00a0\u00bb4.16&Prime; max_width=\u00a0\u00bb27%\u00a0\u00bb module_alignment=\u00a0\u00bbcenter\u00a0\u00bb global_colors_info=\u00a0\u00bb{}\u00a0\u00bb][\/et_pb_image][\/et_pb_column_inner][\/et_pb_row_inner][\/et_pb_column][\/et_pb_section]<\/p>\n","protected":false},"excerpt":{"rendered":"<p>\u00a0 Psychotraumatologie centr\u00e9e comp\u00e9tences &#8211; module 1 (visio ou pr\u00e9sentiel) &nbsp; Travailler le traumatisme en toute s\u00e9curit\u00e9 : outils de compr\u00e9hension et de stabilisation Descriptif de la formation : Cette formation en psychotraumatologie centr\u00e9e comp\u00e9tences mettra l\u2019accent sur une compr\u00e9hension du traumatisme psychique et une stabilisation efficace de toute personne traumatis\u00e9e, m\u00eame les cas r\u00e9put\u00e9s [&hellip;]<\/p>\n","protected":false},"author":3,"featured_media":0,"parent":0,"menu_order":0,"comment_status":"closed","ping_status":"closed","template":"","meta":{"_et_pb_use_builder":"on","_et_pb_old_content":"","_et_gb_content_width":"","_glsr_average":0,"_glsr_ranking":0,"_glsr_reviews":0,"footnotes":""},"class_list":["post-992","page","type-page","status-publish","hentry"],"yoast_head":"<!-- This site is optimized with the Yoast SEO plugin v27.0 - https:\/\/yoast.com\/product\/yoast-seo-wordpress\/ -->\n<title>Psychotraumatologie centr\u00e9e comp\u00e9tences - Module 1 - Cercle de comp\u00e9tences<\/title>\n<meta name=\"robots\" content=\"index, follow, max-snippet:-1, max-image-preview:large, max-video-preview:-1\" \/>\n<link rel=\"canonical\" href=\"https:\/\/www.cercledecompetences.org\/index.php\/psychotraumatologie-centree-competences-module-1\/\" \/>\n<meta property=\"og:locale\" content=\"fr_FR\" \/>\n<meta property=\"og:type\" content=\"article\" \/>\n<meta property=\"og:title\" content=\"Psychotraumatologie centr\u00e9e comp\u00e9tences - Module 1 - Cercle de comp\u00e9tences\" \/>\n<meta property=\"og:description\" content=\"\u00a0 Psychotraumatologie centr\u00e9e comp\u00e9tences - module 1 (visio ou pr\u00e9sentiel) &nbsp; Travailler le traumatisme en toute s\u00e9curit\u00e9 : outils de compr\u00e9hension et de stabilisation Descriptif de la formation : Cette formation en psychotraumatologie centr\u00e9e comp\u00e9tences mettra l\u2019accent sur une compr\u00e9hension du traumatisme psychique et une stabilisation efficace de toute personne traumatis\u00e9e, m\u00eame les cas r\u00e9put\u00e9s [&hellip;]\" \/>\n<meta property=\"og:url\" content=\"https:\/\/www.cercledecompetences.org\/index.php\/psychotraumatologie-centree-competences-module-1\/\" \/>\n<meta property=\"og:site_name\" content=\"Cercle de comp\u00e9tences\" \/>\n<meta property=\"article:publisher\" content=\"https:\/\/www.facebook.com\/cercledecompetences.Bretagne.et.Lyon\/\" \/>\n<meta property=\"article:modified_time\" content=\"2026-02-15T14:25:04+00:00\" \/>\n<meta property=\"og:image\" content=\"https:\/\/www.cercledecompetences.org\/wp-content\/uploads\/2019\/02\/Capture-d\u2019e\u0301cran-2019-02-10-a\u0300-17.15.15.png\" \/>\n\t<meta property=\"og:image:width\" content=\"850\" \/>\n\t<meta property=\"og:image:height\" content=\"655\" \/>\n\t<meta property=\"og:image:type\" content=\"image\/png\" \/>\n<meta name=\"twitter:card\" content=\"summary_large_image\" \/>\n<meta name=\"twitter:label1\" content=\"Dur\u00e9e de lecture estim\u00e9e\" \/>\n\t<meta name=\"twitter:data1\" content=\"13 minutes\" \/>\n<script type=\"application\/ld+json\" class=\"yoast-schema-graph\">{\"@context\":\"https:\/\/schema.org\",\"@graph\":[{\"@type\":\"WebPage\",\"@id\":\"https:\/\/www.cercledecompetences.org\/index.php\/psychotraumatologie-centree-competences-module-1\/\",\"url\":\"https:\/\/www.cercledecompetences.org\/index.php\/psychotraumatologie-centree-competences-module-1\/\",\"name\":\"Psychotraumatologie centr\u00e9e comp\u00e9tences - Module 1 - Cercle de comp\u00e9tences\",\"isPartOf\":{\"@id\":\"https:\/\/www.cercledecompetences.org\/#website\"},\"primaryImageOfPage\":{\"@id\":\"https:\/\/www.cercledecompetences.org\/index.php\/psychotraumatologie-centree-competences-module-1\/#primaryimage\"},\"image\":{\"@id\":\"https:\/\/www.cercledecompetences.org\/index.php\/psychotraumatologie-centree-competences-module-1\/#primaryimage\"},\"thumbnailUrl\":\"https:\/\/www.cercledecompetences.org\/wp-content\/uploads\/2019\/02\/Capture-d%E2%80%99e%CC%81cran-2019-02-10-a%CC%80-17.15.15-300x231.png\",\"datePublished\":\"2019-02-10T15:22:22+00:00\",\"dateModified\":\"2026-02-15T14:25:04+00:00\",\"breadcrumb\":{\"@id\":\"https:\/\/www.cercledecompetences.org\/index.php\/psychotraumatologie-centree-competences-module-1\/#breadcrumb\"},\"inLanguage\":\"fr-FR\",\"potentialAction\":[{\"@type\":\"ReadAction\",\"target\":[\"https:\/\/www.cercledecompetences.org\/index.php\/psychotraumatologie-centree-competences-module-1\/\"]}]},{\"@type\":\"ImageObject\",\"inLanguage\":\"fr-FR\",\"@id\":\"https:\/\/www.cercledecompetences.org\/index.php\/psychotraumatologie-centree-competences-module-1\/#primaryimage\",\"url\":\"https:\/\/www.cercledecompetences.org\/wp-content\/uploads\/2019\/02\/Capture-d\u2019e\u0301cran-2019-02-10-a\u0300-17.15.15.png\",\"contentUrl\":\"https:\/\/www.cercledecompetences.org\/wp-content\/uploads\/2019\/02\/Capture-d\u2019e\u0301cran-2019-02-10-a\u0300-17.15.15.png\",\"width\":850,\"height\":655},{\"@type\":\"BreadcrumbList\",\"@id\":\"https:\/\/www.cercledecompetences.org\/index.php\/psychotraumatologie-centree-competences-module-1\/#breadcrumb\",\"itemListElement\":[{\"@type\":\"ListItem\",\"position\":1,\"name\":\"Accueil\",\"item\":\"https:\/\/www.cercledecompetences.org\/\"},{\"@type\":\"ListItem\",\"position\":2,\"name\":\"Psychotraumatologie centr\u00e9e comp\u00e9tences &#8211; Module 1\"}]},{\"@type\":\"WebSite\",\"@id\":\"https:\/\/www.cercledecompetences.org\/#website\",\"url\":\"https:\/\/www.cercledecompetences.org\/\",\"name\":\"Cercle de comp\u00e9tences\",\"description\":\"Organisme de formation associatif\",\"publisher\":{\"@id\":\"https:\/\/www.cercledecompetences.org\/#organization\"},\"potentialAction\":[{\"@type\":\"SearchAction\",\"target\":{\"@type\":\"EntryPoint\",\"urlTemplate\":\"https:\/\/www.cercledecompetences.org\/?s={search_term_string}\"},\"query-input\":{\"@type\":\"PropertyValueSpecification\",\"valueRequired\":true,\"valueName\":\"search_term_string\"}}],\"inLanguage\":\"fr-FR\"},{\"@type\":\"Organization\",\"@id\":\"https:\/\/www.cercledecompetences.org\/#organization\",\"name\":\"Cercle de comp\u00e9tences\",\"url\":\"https:\/\/www.cercledecompetences.org\/\",\"logo\":{\"@type\":\"ImageObject\",\"inLanguage\":\"fr-FR\",\"@id\":\"https:\/\/www.cercledecompetences.org\/#\/schema\/logo\/image\/\",\"url\":\"https:\/\/www.cercledecompetences.org\/wp-content\/uploads\/2019\/01\/logo-rond.gif\",\"contentUrl\":\"https:\/\/www.cercledecompetences.org\/wp-content\/uploads\/2019\/01\/logo-rond.gif\",\"width\":863,\"height\":1137,\"caption\":\"Cercle de comp\u00e9tences\"},\"image\":{\"@id\":\"https:\/\/www.cercledecompetences.org\/#\/schema\/logo\/image\/\"},\"sameAs\":[\"https:\/\/www.facebook.com\/cercledecompetences.Bretagne.et.Lyon\/\",\"https:\/\/www.linkedin.com\/company\/cercle-de-competences\/\"]}]}<\/script>\n<!-- \/ Yoast SEO plugin. -->","yoast_head_json":{"title":"Psychotraumatologie centr\u00e9e comp\u00e9tences - Module 1 - Cercle de comp\u00e9tences","robots":{"index":"index","follow":"follow","max-snippet":"max-snippet:-1","max-image-preview":"max-image-preview:large","max-video-preview":"max-video-preview:-1"},"canonical":"https:\/\/www.cercledecompetences.org\/index.php\/psychotraumatologie-centree-competences-module-1\/","og_locale":"fr_FR","og_type":"article","og_title":"Psychotraumatologie centr\u00e9e comp\u00e9tences - Module 1 - Cercle de comp\u00e9tences","og_description":"\u00a0 Psychotraumatologie centr\u00e9e comp\u00e9tences - module 1 (visio ou pr\u00e9sentiel) &nbsp; Travailler le traumatisme en toute s\u00e9curit\u00e9 : outils de compr\u00e9hension et de stabilisation Descriptif de la formation : Cette formation en psychotraumatologie centr\u00e9e comp\u00e9tences mettra l\u2019accent sur une compr\u00e9hension du traumatisme psychique et une stabilisation efficace de toute personne traumatis\u00e9e, m\u00eame les cas r\u00e9put\u00e9s [&hellip;]","og_url":"https:\/\/www.cercledecompetences.org\/index.php\/psychotraumatologie-centree-competences-module-1\/","og_site_name":"Cercle de comp\u00e9tences","article_publisher":"https:\/\/www.facebook.com\/cercledecompetences.Bretagne.et.Lyon\/","article_modified_time":"2026-02-15T14:25:04+00:00","og_image":[{"width":850,"height":655,"url":"https:\/\/www.cercledecompetences.org\/wp-content\/uploads\/2019\/02\/Capture-d\u2019e\u0301cran-2019-02-10-a\u0300-17.15.15.png","type":"image\/png"}],"twitter_card":"summary_large_image","twitter_misc":{"Dur\u00e9e de lecture estim\u00e9e":"13 minutes"},"schema":{"@context":"https:\/\/schema.org","@graph":[{"@type":"WebPage","@id":"https:\/\/www.cercledecompetences.org\/index.php\/psychotraumatologie-centree-competences-module-1\/","url":"https:\/\/www.cercledecompetences.org\/index.php\/psychotraumatologie-centree-competences-module-1\/","name":"Psychotraumatologie centr\u00e9e comp\u00e9tences - Module 1 - Cercle de comp\u00e9tences","isPartOf":{"@id":"https:\/\/www.cercledecompetences.org\/#website"},"primaryImageOfPage":{"@id":"https:\/\/www.cercledecompetences.org\/index.php\/psychotraumatologie-centree-competences-module-1\/#primaryimage"},"image":{"@id":"https:\/\/www.cercledecompetences.org\/index.php\/psychotraumatologie-centree-competences-module-1\/#primaryimage"},"thumbnailUrl":"https:\/\/www.cercledecompetences.org\/wp-content\/uploads\/2019\/02\/Capture-d%E2%80%99e%CC%81cran-2019-02-10-a%CC%80-17.15.15-300x231.png","datePublished":"2019-02-10T15:22:22+00:00","dateModified":"2026-02-15T14:25:04+00:00","breadcrumb":{"@id":"https:\/\/www.cercledecompetences.org\/index.php\/psychotraumatologie-centree-competences-module-1\/#breadcrumb"},"inLanguage":"fr-FR","potentialAction":[{"@type":"ReadAction","target":["https:\/\/www.cercledecompetences.org\/index.php\/psychotraumatologie-centree-competences-module-1\/"]}]},{"@type":"ImageObject","inLanguage":"fr-FR","@id":"https:\/\/www.cercledecompetences.org\/index.php\/psychotraumatologie-centree-competences-module-1\/#primaryimage","url":"https:\/\/www.cercledecompetences.org\/wp-content\/uploads\/2019\/02\/Capture-d\u2019e\u0301cran-2019-02-10-a\u0300-17.15.15.png","contentUrl":"https:\/\/www.cercledecompetences.org\/wp-content\/uploads\/2019\/02\/Capture-d\u2019e\u0301cran-2019-02-10-a\u0300-17.15.15.png","width":850,"height":655},{"@type":"BreadcrumbList","@id":"https:\/\/www.cercledecompetences.org\/index.php\/psychotraumatologie-centree-competences-module-1\/#breadcrumb","itemListElement":[{"@type":"ListItem","position":1,"name":"Accueil","item":"https:\/\/www.cercledecompetences.org\/"},{"@type":"ListItem","position":2,"name":"Psychotraumatologie centr\u00e9e comp\u00e9tences &#8211; Module 1"}]},{"@type":"WebSite","@id":"https:\/\/www.cercledecompetences.org\/#website","url":"https:\/\/www.cercledecompetences.org\/","name":"Cercle de comp\u00e9tences","description":"Organisme de formation associatif","publisher":{"@id":"https:\/\/www.cercledecompetences.org\/#organization"},"potentialAction":[{"@type":"SearchAction","target":{"@type":"EntryPoint","urlTemplate":"https:\/\/www.cercledecompetences.org\/?s={search_term_string}"},"query-input":{"@type":"PropertyValueSpecification","valueRequired":true,"valueName":"search_term_string"}}],"inLanguage":"fr-FR"},{"@type":"Organization","@id":"https:\/\/www.cercledecompetences.org\/#organization","name":"Cercle de comp\u00e9tences","url":"https:\/\/www.cercledecompetences.org\/","logo":{"@type":"ImageObject","inLanguage":"fr-FR","@id":"https:\/\/www.cercledecompetences.org\/#\/schema\/logo\/image\/","url":"https:\/\/www.cercledecompetences.org\/wp-content\/uploads\/2019\/01\/logo-rond.gif","contentUrl":"https:\/\/www.cercledecompetences.org\/wp-content\/uploads\/2019\/01\/logo-rond.gif","width":863,"height":1137,"caption":"Cercle de comp\u00e9tences"},"image":{"@id":"https:\/\/www.cercledecompetences.org\/#\/schema\/logo\/image\/"},"sameAs":["https:\/\/www.facebook.com\/cercledecompetences.Bretagne.et.Lyon\/","https:\/\/www.linkedin.com\/company\/cercle-de-competences\/"]}]}},"_links":{"self":[{"href":"https:\/\/www.cercledecompetences.org\/index.php\/wp-json\/wp\/v2\/pages\/992","targetHints":{"allow":["GET"]}}],"collection":[{"href":"https:\/\/www.cercledecompetences.org\/index.php\/wp-json\/wp\/v2\/pages"}],"about":[{"href":"https:\/\/www.cercledecompetences.org\/index.php\/wp-json\/wp\/v2\/types\/page"}],"author":[{"embeddable":true,"href":"https:\/\/www.cercledecompetences.org\/index.php\/wp-json\/wp\/v2\/users\/3"}],"replies":[{"embeddable":true,"href":"https:\/\/www.cercledecompetences.org\/index.php\/wp-json\/wp\/v2\/comments?post=992"}],"version-history":[{"count":99,"href":"https:\/\/www.cercledecompetences.org\/index.php\/wp-json\/wp\/v2\/pages\/992\/revisions"}],"predecessor-version":[{"id":9983,"href":"https:\/\/www.cercledecompetences.org\/index.php\/wp-json\/wp\/v2\/pages\/992\/revisions\/9983"}],"wp:attachment":[{"href":"https:\/\/www.cercledecompetences.org\/index.php\/wp-json\/wp\/v2\/media?parent=992"}],"curies":[{"name":"wp","href":"https:\/\/api.w.org\/{rel}","templated":true}]}}