{"id":6576,"date":"2023-02-20T04:20:22","date_gmt":"2023-02-20T03:20:22","guid":{"rendered":"https:\/\/www.cercledecompetences.org\/?post_type=product&#038;p=6576"},"modified":"2023-02-20T04:28:29","modified_gmt":"2023-02-20T03:28:29","slug":"la-prise-en-charge-des-traumatismes-sexuels-chez-les-enfants-et-les-adolescents-inscription-individuelle","status":"publish","type":"product","link":"https:\/\/www.cercledecompetences.org\/index.php\/produit\/la-prise-en-charge-des-traumatismes-sexuels-chez-les-enfants-et-les-adolescents-inscription-individuelle\/","title":{"rendered":"la prise en charge des traumatismes sexuels chez les enfants et les adolescents &#8211; Inscription Individuelle"},"content":{"rendered":"<p>Comprendre et intervenir efficacement dans les prises en charge d\u2019enfants et adolescents confront\u00e9s \u00e0 des traumatismes notamment sexuels.<\/p>\n","protected":false},"excerpt":{"rendered":"<p align=\"JUSTIFY\"><strong>29 et 30 mars 2023 &#8211; <\/strong><strong>LYON<\/strong><\/p>\n<p>Mercredi 29 mars : 9h30 \u2013 18h<br \/>\nJeudi 30 mars : 9h \u2013 16h30<\/p>\n<p>Lieu : Oullins \u2013 Lyon sud<\/p>\n<p><span class=\"mig-agenda-observationsweb-val\">Formatrices : Laurence Dolo et Anne-Ga\u00eblle Salom\u00e9<br \/>\n<\/span><\/p>\n","protected":false},"featured_media":6332,"comment_status":"open","ping_status":"closed","template":"","meta":{"_et_pb_use_builder":"off","_et_pb_old_content":"<strong>Psychotraumatologie centr\u00e9e comp\u00e9tences \u2013 module 1<\/strong>\r\n\r\nCette formation en psychotraumatologie centr\u00e9e comp\u00e9tences mettra l\u2019accent sur une compr\u00e9hension du traumatisme psychique et une stabilisation efficace de toute personne traumatis\u00e9e, m\u00eame les cas r\u00e9put\u00e9s les plus difficiles. L\u2019enseignement portera sur une introduction en psychotraumatologie en lien avec les derni\u00e8res d\u00e9couvertes en neurosciences et en physiologie. Dans cet atelier sera pr\u00e9sent\u00e9 une vue d\u2019ensemble des diff\u00e9rentes possibilit\u00e9s de stabilisation et d\u2019intervention accessibles \u00e0 toute personne souffrant de traumatisme.","_et_gb_content_width":"","_glsr_average":0,"_glsr_ranking":0,"_glsr_reviews":0},"product_brand":[],"product_cat":[25,27],"product_tag":[],"class_list":{"0":"post-6576","1":"product","2":"type-product","3":"status-publish","4":"has-post-thumbnail","6":"product_cat-formations","7":"product_cat-la-prise-en-charge-des-traumatismes-sexuels","9":"first","10":"instock","11":"downloadable","12":"shipping-taxable","13":"purchasable","14":"product-type-simple"},"yoast_head":"<!-- This site is optimized with the Yoast SEO plugin v27.0 - https:\/\/yoast.com\/product\/yoast-seo-wordpress\/ -->\n<title>la prise en charge des traumatismes sexuels chez les enfants et les adolescents - Inscription Individuelle - Cercle de comp\u00e9tences<\/title>\n<meta name=\"robots\" content=\"index, follow, max-snippet:-1, max-image-preview:large, max-video-preview:-1\" \/>\n<link rel=\"canonical\" href=\"https:\/\/www.cercledecompetences.org\/index.php\/produit\/la-prise-en-charge-des-traumatismes-sexuels-chez-les-enfants-et-les-adolescents-inscription-individuelle\/\" \/>\n<meta property=\"og:locale\" content=\"fr_FR\" \/>\n<meta property=\"og:type\" content=\"article\" \/>\n<meta property=\"og:title\" content=\"la prise en charge des traumatismes sexuels chez les enfants et les adolescents - Inscription Individuelle - Cercle de comp\u00e9tences\" \/>\n<meta property=\"og:description\" content=\"29 et 30 mars 2023 - LYON Mercredi 29 mars : 9h30 \u2013 18h Jeudi 30 mars : 9h \u2013 16h30  Lieu : Oullins \u2013 Lyon sud  Formatrices : Laurence Dolo et Anne-Ga\u00eblle Salom\u00e9\" \/>\n<meta property=\"og:url\" content=\"https:\/\/www.cercledecompetences.org\/index.php\/produit\/la-prise-en-charge-des-traumatismes-sexuels-chez-les-enfants-et-les-adolescents-inscription-individuelle\/\" \/>\n<meta property=\"og:site_name\" content=\"Cercle de comp\u00e9tences\" \/>\n<meta property=\"article:publisher\" content=\"https:\/\/www.facebook.com\/cercledecompetences.Bretagne.et.Lyon\/\" \/>\n<meta property=\"article:modified_time\" content=\"2023-02-20T03:28:29+00:00\" \/>\n<meta property=\"og:image\" content=\"https:\/\/www.cercledecompetences.org\/wp-content\/uploads\/2022\/12\/trauma-sexuel-479X300.jpg\" \/>\n\t<meta property=\"og:image:width\" content=\"479\" \/>\n\t<meta property=\"og:image:height\" content=\"300\" \/>\n\t<meta property=\"og:image:type\" content=\"image\/jpeg\" \/>\n<meta name=\"twitter:card\" content=\"summary_large_image\" \/>\n<script type=\"application\/ld+json\" class=\"yoast-schema-graph\">{\"@context\":\"https:\/\/schema.org\",\"@graph\":[{\"@type\":\"WebPage\",\"@id\":\"https:\/\/www.cercledecompetences.org\/index.php\/produit\/la-prise-en-charge-des-traumatismes-sexuels-chez-les-enfants-et-les-adolescents-inscription-individuelle\/\",\"url\":\"https:\/\/www.cercledecompetences.org\/index.php\/produit\/la-prise-en-charge-des-traumatismes-sexuels-chez-les-enfants-et-les-adolescents-inscription-individuelle\/\",\"name\":\"la prise en charge des traumatismes sexuels chez les enfants et les adolescents - Inscription Individuelle - Cercle de comp\u00e9tences\",\"isPartOf\":{\"@id\":\"https:\/\/www.cercledecompetences.org\/#website\"},\"primaryImageOfPage\":{\"@id\":\"https:\/\/www.cercledecompetences.org\/index.php\/produit\/la-prise-en-charge-des-traumatismes-sexuels-chez-les-enfants-et-les-adolescents-inscription-individuelle\/#primaryimage\"},\"image\":{\"@id\":\"https:\/\/www.cercledecompetences.org\/index.php\/produit\/la-prise-en-charge-des-traumatismes-sexuels-chez-les-enfants-et-les-adolescents-inscription-individuelle\/#primaryimage\"},\"thumbnailUrl\":\"https:\/\/www.cercledecompetences.org\/wp-content\/uploads\/2022\/12\/trauma-sexuel-479X300.jpg\",\"datePublished\":\"2023-02-20T03:20:22+00:00\",\"dateModified\":\"2023-02-20T03:28:29+00:00\",\"breadcrumb\":{\"@id\":\"https:\/\/www.cercledecompetences.org\/index.php\/produit\/la-prise-en-charge-des-traumatismes-sexuels-chez-les-enfants-et-les-adolescents-inscription-individuelle\/#breadcrumb\"},\"inLanguage\":\"fr-FR\",\"potentialAction\":[{\"@type\":\"ReadAction\",\"target\":[\"https:\/\/www.cercledecompetences.org\/index.php\/produit\/la-prise-en-charge-des-traumatismes-sexuels-chez-les-enfants-et-les-adolescents-inscription-individuelle\/\"]}]},{\"@type\":\"ImageObject\",\"inLanguage\":\"fr-FR\",\"@id\":\"https:\/\/www.cercledecompetences.org\/index.php\/produit\/la-prise-en-charge-des-traumatismes-sexuels-chez-les-enfants-et-les-adolescents-inscription-individuelle\/#primaryimage\",\"url\":\"https:\/\/www.cercledecompetences.org\/wp-content\/uploads\/2022\/12\/trauma-sexuel-479X300.jpg\",\"contentUrl\":\"https:\/\/www.cercledecompetences.org\/wp-content\/uploads\/2022\/12\/trauma-sexuel-479X300.jpg\",\"width\":479,\"height\":300,\"caption\":\"La prise en charge des traumatismes sexuels\"},{\"@type\":\"BreadcrumbList\",\"@id\":\"https:\/\/www.cercledecompetences.org\/index.php\/produit\/la-prise-en-charge-des-traumatismes-sexuels-chez-les-enfants-et-les-adolescents-inscription-individuelle\/#breadcrumb\",\"itemListElement\":[{\"@type\":\"ListItem\",\"position\":1,\"name\":\"Accueil\",\"item\":\"https:\/\/www.cercledecompetences.org\/\"},{\"@type\":\"ListItem\",\"position\":2,\"name\":\"Boutique\",\"item\":\"https:\/\/www.cercledecompetences.org\/index.php\/boutique\/\"},{\"@type\":\"ListItem\",\"position\":3,\"name\":\"la prise en charge des traumatismes sexuels chez les enfants et les adolescents &#8211; Inscription Individuelle\"}]},{\"@type\":\"WebSite\",\"@id\":\"https:\/\/www.cercledecompetences.org\/#website\",\"url\":\"https:\/\/www.cercledecompetences.org\/\",\"name\":\"Cercle de comp\u00e9tences\",\"description\":\"Organisme de formation associatif\",\"publisher\":{\"@id\":\"https:\/\/www.cercledecompetences.org\/#organization\"},\"potentialAction\":[{\"@type\":\"SearchAction\",\"target\":{\"@type\":\"EntryPoint\",\"urlTemplate\":\"https:\/\/www.cercledecompetences.org\/?s={search_term_string}\"},\"query-input\":{\"@type\":\"PropertyValueSpecification\",\"valueRequired\":true,\"valueName\":\"search_term_string\"}}],\"inLanguage\":\"fr-FR\"},{\"@type\":\"Organization\",\"@id\":\"https:\/\/www.cercledecompetences.org\/#organization\",\"name\":\"Cercle de comp\u00e9tences\",\"url\":\"https:\/\/www.cercledecompetences.org\/\",\"logo\":{\"@type\":\"ImageObject\",\"inLanguage\":\"fr-FR\",\"@id\":\"https:\/\/www.cercledecompetences.org\/#\/schema\/logo\/image\/\",\"url\":\"https:\/\/www.cercledecompetences.org\/wp-content\/uploads\/2019\/01\/logo-rond.gif\",\"contentUrl\":\"https:\/\/www.cercledecompetences.org\/wp-content\/uploads\/2019\/01\/logo-rond.gif\",\"width\":863,\"height\":1137,\"caption\":\"Cercle de comp\u00e9tences\"},\"image\":{\"@id\":\"https:\/\/www.cercledecompetences.org\/#\/schema\/logo\/image\/\"},\"sameAs\":[\"https:\/\/www.facebook.com\/cercledecompetences.Bretagne.et.Lyon\/\",\"https:\/\/www.linkedin.com\/company\/cercle-de-competences\/\"]}]}<\/script>\n<!-- \/ Yoast SEO plugin. -->","yoast_head_json":{"title":"la prise en charge des traumatismes sexuels chez les enfants et les adolescents - Inscription Individuelle - Cercle de comp\u00e9tences","robots":{"index":"index","follow":"follow","max-snippet":"max-snippet:-1","max-image-preview":"max-image-preview:large","max-video-preview":"max-video-preview:-1"},"canonical":"https:\/\/www.cercledecompetences.org\/index.php\/produit\/la-prise-en-charge-des-traumatismes-sexuels-chez-les-enfants-et-les-adolescents-inscription-individuelle\/","og_locale":"fr_FR","og_type":"article","og_title":"la prise en charge des traumatismes sexuels chez les enfants et les adolescents - Inscription Individuelle - Cercle de comp\u00e9tences","og_description":"29 et 30 mars 2023 - LYON Mercredi 29 mars : 9h30 \u2013 18h Jeudi 30 mars : 9h \u2013 16h30  Lieu : Oullins \u2013 Lyon sud  Formatrices : Laurence Dolo et Anne-Ga\u00eblle Salom\u00e9","og_url":"https:\/\/www.cercledecompetences.org\/index.php\/produit\/la-prise-en-charge-des-traumatismes-sexuels-chez-les-enfants-et-les-adolescents-inscription-individuelle\/","og_site_name":"Cercle de comp\u00e9tences","article_publisher":"https:\/\/www.facebook.com\/cercledecompetences.Bretagne.et.Lyon\/","article_modified_time":"2023-02-20T03:28:29+00:00","og_image":[{"width":479,"height":300,"url":"https:\/\/www.cercledecompetences.org\/wp-content\/uploads\/2022\/12\/trauma-sexuel-479X300.jpg","type":"image\/jpeg"}],"twitter_card":"summary_large_image","schema":{"@context":"https:\/\/schema.org","@graph":[{"@type":"WebPage","@id":"https:\/\/www.cercledecompetences.org\/index.php\/produit\/la-prise-en-charge-des-traumatismes-sexuels-chez-les-enfants-et-les-adolescents-inscription-individuelle\/","url":"https:\/\/www.cercledecompetences.org\/index.php\/produit\/la-prise-en-charge-des-traumatismes-sexuels-chez-les-enfants-et-les-adolescents-inscription-individuelle\/","name":"la prise en charge des traumatismes sexuels chez les enfants et les adolescents - Inscription Individuelle - Cercle de comp\u00e9tences","isPartOf":{"@id":"https:\/\/www.cercledecompetences.org\/#website"},"primaryImageOfPage":{"@id":"https:\/\/www.cercledecompetences.org\/index.php\/produit\/la-prise-en-charge-des-traumatismes-sexuels-chez-les-enfants-et-les-adolescents-inscription-individuelle\/#primaryimage"},"image":{"@id":"https:\/\/www.cercledecompetences.org\/index.php\/produit\/la-prise-en-charge-des-traumatismes-sexuels-chez-les-enfants-et-les-adolescents-inscription-individuelle\/#primaryimage"},"thumbnailUrl":"https:\/\/www.cercledecompetences.org\/wp-content\/uploads\/2022\/12\/trauma-sexuel-479X300.jpg","datePublished":"2023-02-20T03:20:22+00:00","dateModified":"2023-02-20T03:28:29+00:00","breadcrumb":{"@id":"https:\/\/www.cercledecompetences.org\/index.php\/produit\/la-prise-en-charge-des-traumatismes-sexuels-chez-les-enfants-et-les-adolescents-inscription-individuelle\/#breadcrumb"},"inLanguage":"fr-FR","potentialAction":[{"@type":"ReadAction","target":["https:\/\/www.cercledecompetences.org\/index.php\/produit\/la-prise-en-charge-des-traumatismes-sexuels-chez-les-enfants-et-les-adolescents-inscription-individuelle\/"]}]},{"@type":"ImageObject","inLanguage":"fr-FR","@id":"https:\/\/www.cercledecompetences.org\/index.php\/produit\/la-prise-en-charge-des-traumatismes-sexuels-chez-les-enfants-et-les-adolescents-inscription-individuelle\/#primaryimage","url":"https:\/\/www.cercledecompetences.org\/wp-content\/uploads\/2022\/12\/trauma-sexuel-479X300.jpg","contentUrl":"https:\/\/www.cercledecompetences.org\/wp-content\/uploads\/2022\/12\/trauma-sexuel-479X300.jpg","width":479,"height":300,"caption":"La prise en charge des traumatismes sexuels"},{"@type":"BreadcrumbList","@id":"https:\/\/www.cercledecompetences.org\/index.php\/produit\/la-prise-en-charge-des-traumatismes-sexuels-chez-les-enfants-et-les-adolescents-inscription-individuelle\/#breadcrumb","itemListElement":[{"@type":"ListItem","position":1,"name":"Accueil","item":"https:\/\/www.cercledecompetences.org\/"},{"@type":"ListItem","position":2,"name":"Boutique","item":"https:\/\/www.cercledecompetences.org\/index.php\/boutique\/"},{"@type":"ListItem","position":3,"name":"la prise en charge des traumatismes sexuels chez les enfants et les adolescents &#8211; Inscription Individuelle"}]},{"@type":"WebSite","@id":"https:\/\/www.cercledecompetences.org\/#website","url":"https:\/\/www.cercledecompetences.org\/","name":"Cercle de comp\u00e9tences","description":"Organisme de formation associatif","publisher":{"@id":"https:\/\/www.cercledecompetences.org\/#organization"},"potentialAction":[{"@type":"SearchAction","target":{"@type":"EntryPoint","urlTemplate":"https:\/\/www.cercledecompetences.org\/?s={search_term_string}"},"query-input":{"@type":"PropertyValueSpecification","valueRequired":true,"valueName":"search_term_string"}}],"inLanguage":"fr-FR"},{"@type":"Organization","@id":"https:\/\/www.cercledecompetences.org\/#organization","name":"Cercle de comp\u00e9tences","url":"https:\/\/www.cercledecompetences.org\/","logo":{"@type":"ImageObject","inLanguage":"fr-FR","@id":"https:\/\/www.cercledecompetences.org\/#\/schema\/logo\/image\/","url":"https:\/\/www.cercledecompetences.org\/wp-content\/uploads\/2019\/01\/logo-rond.gif","contentUrl":"https:\/\/www.cercledecompetences.org\/wp-content\/uploads\/2019\/01\/logo-rond.gif","width":863,"height":1137,"caption":"Cercle de comp\u00e9tences"},"image":{"@id":"https:\/\/www.cercledecompetences.org\/#\/schema\/logo\/image\/"},"sameAs":["https:\/\/www.facebook.com\/cercledecompetences.Bretagne.et.Lyon\/","https:\/\/www.linkedin.com\/company\/cercle-de-competences\/"]}]}},"_links":{"self":[{"href":"https:\/\/www.cercledecompetences.org\/index.php\/wp-json\/wp\/v2\/product\/6576","targetHints":{"allow":["GET"]}}],"collection":[{"href":"https:\/\/www.cercledecompetences.org\/index.php\/wp-json\/wp\/v2\/product"}],"about":[{"href":"https:\/\/www.cercledecompetences.org\/index.php\/wp-json\/wp\/v2\/types\/product"}],"replies":[{"embeddable":true,"href":"https:\/\/www.cercledecompetences.org\/index.php\/wp-json\/wp\/v2\/comments?post=6576"}],"wp:featuredmedia":[{"embeddable":true,"href":"https:\/\/www.cercledecompetences.org\/index.php\/wp-json\/wp\/v2\/media\/6332"}],"wp:attachment":[{"href":"https:\/\/www.cercledecompetences.org\/index.php\/wp-json\/wp\/v2\/media?parent=6576"}],"wp:term":[{"taxonomy":"product_brand","embeddable":true,"href":"https:\/\/www.cercledecompetences.org\/index.php\/wp-json\/wp\/v2\/product_brand?post=6576"},{"taxonomy":"product_cat","embeddable":true,"href":"https:\/\/www.cercledecompetences.org\/index.php\/wp-json\/wp\/v2\/product_cat?post=6576"},{"taxonomy":"product_tag","embeddable":true,"href":"https:\/\/www.cercledecompetences.org\/index.php\/wp-json\/wp\/v2\/product_tag?post=6576"}],"curies":[{"name":"wp","href":"https:\/\/api.w.org\/{rel}","templated":true}]}}