{"id":6581,"date":"2023-02-20T04:41:14","date_gmt":"2023-02-20T03:41:14","guid":{"rendered":"https:\/\/www.cercledecompetences.org\/?post_type=product&#038;p=6581"},"modified":"2023-02-20T04:51:52","modified_gmt":"2023-02-20T03:51:52","slug":"comment-travailler-avec-des-personnes-qui-vivent-des-histoires-traumatisantes","status":"publish","type":"product","link":"https:\/\/www.cercledecompetences.org\/index.php\/produit\/comment-travailler-avec-des-personnes-qui-vivent-des-histoires-traumatisantes\/","title":{"rendered":"Comment travailler avec des personnes qui vivent des histoires traumatisantes ? &#8211; Inscription Individuelle"},"content":{"rendered":"<p>Face \u00e0 des discours relatant des histoires de vie traumatiques, parfois d\u2019une grande violence, les professionnels sont confront\u00e9s \u00e0 des personnes qui ne parviennent plus \u00e0 esp\u00e9rer un avenir meilleur. Un sentiment de d\u00e9sillusion, et de fatalisme peut entrainer une lecture unique et enfermante de la r\u00e9alit\u00e9 chez la personne accompagn\u00e9e comme chez le professionnel. Comment aller au-del\u00e0 de ce sentiment d\u2019impasse, d\u2019impuissance face \u00e0 une incapacit\u00e9 \u00e0 agir sur la souffrance d\u2019autrui ? Comment parler des \u00e9v\u00e9nements de vie les plus douloureux, tout en mettant la lumi\u00e8re sur les forces et les ressources profondes des personnes ? Comment remobiliser un processus de changement dans des situations bloqu\u00e9es ?<\/p>\n","protected":false},"excerpt":{"rendered":"<p><strong><span class=\"mig-agenda-datedebutsession\">5, 6 et 7 avril 2023 \u2013 Bretagne<\/span><br \/>\n<\/strong><br \/>\nMercredi 5 : 9h30-18h<br \/>\nJeudi 6\u00a0 : 9h00\u201317h30<br \/>\nVendredi 7 : 9h00\u201316h00<\/p>\n<p>Lieu : Impasse Paul Emile Victor 22520 BINIC<\/p>\n<p><span class=\"mig-agenda-observationsweb-val\">Formatrices : C\u00e9cile Bertrand et Christine Blanchon<br \/>\n<\/span><\/p>\n","protected":false},"featured_media":6369,"comment_status":"open","ping_status":"closed","template":"","meta":{"_et_pb_use_builder":"off","_et_pb_old_content":"<strong>Psychotraumatologie centr\u00e9e comp\u00e9tences \u2013 module 1<\/strong>\r\n\r\nCette formation en psychotraumatologie centr\u00e9e comp\u00e9tences mettra l\u2019accent sur une compr\u00e9hension du traumatisme psychique et une stabilisation efficace de toute personne traumatis\u00e9e, m\u00eame les cas r\u00e9put\u00e9s les plus difficiles. L\u2019enseignement portera sur une introduction en psychotraumatologie en lien avec les derni\u00e8res d\u00e9couvertes en neurosciences et en physiologie. Dans cet atelier sera pr\u00e9sent\u00e9 une vue d\u2019ensemble des diff\u00e9rentes possibilit\u00e9s de stabilisation et d\u2019intervention accessibles \u00e0 toute personne souffrant de traumatisme.","_et_gb_content_width":"","_glsr_average":0,"_glsr_ranking":0,"_glsr_reviews":0},"product_brand":[],"product_cat":[28,25],"product_tag":[],"class_list":{"0":"post-6581","1":"product","2":"type-product","3":"status-publish","4":"has-post-thumbnail","6":"product_cat-comment-travailler-avec-des-personnes-qui-vivent-des-histoires-traumatisantes","7":"product_cat-formations","9":"first","10":"instock","11":"downloadable","12":"shipping-taxable","13":"purchasable","14":"product-type-simple"},"yoast_head":"<!-- This site is optimized with the Yoast SEO plugin v27.0 - https:\/\/yoast.com\/product\/yoast-seo-wordpress\/ -->\n<title>Comment travailler avec des personnes qui vivent des histoires traumatisantes ? - Inscription Individuelle - Cercle de comp\u00e9tences<\/title>\n<meta name=\"robots\" content=\"index, follow, max-snippet:-1, max-image-preview:large, max-video-preview:-1\" \/>\n<link rel=\"canonical\" href=\"https:\/\/www.cercledecompetences.org\/index.php\/produit\/comment-travailler-avec-des-personnes-qui-vivent-des-histoires-traumatisantes\/\" \/>\n<meta property=\"og:locale\" content=\"fr_FR\" \/>\n<meta property=\"og:type\" content=\"article\" \/>\n<meta property=\"og:title\" content=\"Comment travailler avec des personnes qui vivent des histoires traumatisantes ? - Inscription Individuelle - Cercle de comp\u00e9tences\" \/>\n<meta property=\"og:description\" content=\"5, 6 et 7 avril 2023 \u2013 Bretagne  Mercredi 5 : 9h30-18h Jeudi 6\u00a0 : 9h00\u201317h30 Vendredi 7 : 9h00\u201316h00  Lieu : Impasse Paul Emile Victor 22520 BINIC  Formatrices : C\u00e9cile Bertrand et Christine Blanchon\" \/>\n<meta property=\"og:url\" content=\"https:\/\/www.cercledecompetences.org\/index.php\/produit\/comment-travailler-avec-des-personnes-qui-vivent-des-histoires-traumatisantes\/\" \/>\n<meta property=\"og:site_name\" content=\"Cercle de comp\u00e9tences\" \/>\n<meta property=\"article:publisher\" content=\"https:\/\/www.facebook.com\/cercledecompetences.Bretagne.et.Lyon\/\" \/>\n<meta property=\"article:modified_time\" content=\"2023-02-20T03:51:52+00:00\" \/>\n<meta property=\"og:image\" content=\"https:\/\/www.cercledecompetences.org\/wp-content\/uploads\/2022\/12\/Histoires-1920-x-1288.jpg\" \/>\n\t<meta property=\"og:image:width\" content=\"1920\" \/>\n\t<meta property=\"og:image:height\" content=\"1288\" \/>\n\t<meta property=\"og:image:type\" content=\"image\/jpeg\" \/>\n<meta name=\"twitter:card\" content=\"summary_large_image\" \/>\n<meta name=\"twitter:label1\" content=\"Dur\u00e9e de lecture estim\u00e9e\" \/>\n\t<meta name=\"twitter:data1\" content=\"1 minute\" \/>\n<script type=\"application\/ld+json\" class=\"yoast-schema-graph\">{\"@context\":\"https:\/\/schema.org\",\"@graph\":[{\"@type\":\"WebPage\",\"@id\":\"https:\/\/www.cercledecompetences.org\/index.php\/produit\/comment-travailler-avec-des-personnes-qui-vivent-des-histoires-traumatisantes\/\",\"url\":\"https:\/\/www.cercledecompetences.org\/index.php\/produit\/comment-travailler-avec-des-personnes-qui-vivent-des-histoires-traumatisantes\/\",\"name\":\"Comment travailler avec des personnes qui vivent des histoires traumatisantes ? - Inscription Individuelle - Cercle de comp\u00e9tences\",\"isPartOf\":{\"@id\":\"https:\/\/www.cercledecompetences.org\/#website\"},\"primaryImageOfPage\":{\"@id\":\"https:\/\/www.cercledecompetences.org\/index.php\/produit\/comment-travailler-avec-des-personnes-qui-vivent-des-histoires-traumatisantes\/#primaryimage\"},\"image\":{\"@id\":\"https:\/\/www.cercledecompetences.org\/index.php\/produit\/comment-travailler-avec-des-personnes-qui-vivent-des-histoires-traumatisantes\/#primaryimage\"},\"thumbnailUrl\":\"https:\/\/www.cercledecompetences.org\/wp-content\/uploads\/2022\/12\/Histoires-1920-x-1288.jpg\",\"datePublished\":\"2023-02-20T03:41:14+00:00\",\"dateModified\":\"2023-02-20T03:51:52+00:00\",\"breadcrumb\":{\"@id\":\"https:\/\/www.cercledecompetences.org\/index.php\/produit\/comment-travailler-avec-des-personnes-qui-vivent-des-histoires-traumatisantes\/#breadcrumb\"},\"inLanguage\":\"fr-FR\",\"potentialAction\":[{\"@type\":\"ReadAction\",\"target\":[\"https:\/\/www.cercledecompetences.org\/index.php\/produit\/comment-travailler-avec-des-personnes-qui-vivent-des-histoires-traumatisantes\/\"]}]},{\"@type\":\"ImageObject\",\"inLanguage\":\"fr-FR\",\"@id\":\"https:\/\/www.cercledecompetences.org\/index.php\/produit\/comment-travailler-avec-des-personnes-qui-vivent-des-histoires-traumatisantes\/#primaryimage\",\"url\":\"https:\/\/www.cercledecompetences.org\/wp-content\/uploads\/2022\/12\/Histoires-1920-x-1288.jpg\",\"contentUrl\":\"https:\/\/www.cercledecompetences.org\/wp-content\/uploads\/2022\/12\/Histoires-1920-x-1288.jpg\",\"width\":1920,\"height\":1288},{\"@type\":\"BreadcrumbList\",\"@id\":\"https:\/\/www.cercledecompetences.org\/index.php\/produit\/comment-travailler-avec-des-personnes-qui-vivent-des-histoires-traumatisantes\/#breadcrumb\",\"itemListElement\":[{\"@type\":\"ListItem\",\"position\":1,\"name\":\"Accueil\",\"item\":\"https:\/\/www.cercledecompetences.org\/\"},{\"@type\":\"ListItem\",\"position\":2,\"name\":\"Boutique\",\"item\":\"https:\/\/www.cercledecompetences.org\/index.php\/boutique\/\"},{\"@type\":\"ListItem\",\"position\":3,\"name\":\"Comment travailler avec des personnes qui vivent des histoires traumatisantes ? &#8211; Inscription Individuelle\"}]},{\"@type\":\"WebSite\",\"@id\":\"https:\/\/www.cercledecompetences.org\/#website\",\"url\":\"https:\/\/www.cercledecompetences.org\/\",\"name\":\"Cercle de comp\u00e9tences\",\"description\":\"Organisme de formation associatif\",\"publisher\":{\"@id\":\"https:\/\/www.cercledecompetences.org\/#organization\"},\"potentialAction\":[{\"@type\":\"SearchAction\",\"target\":{\"@type\":\"EntryPoint\",\"urlTemplate\":\"https:\/\/www.cercledecompetences.org\/?s={search_term_string}\"},\"query-input\":{\"@type\":\"PropertyValueSpecification\",\"valueRequired\":true,\"valueName\":\"search_term_string\"}}],\"inLanguage\":\"fr-FR\"},{\"@type\":\"Organization\",\"@id\":\"https:\/\/www.cercledecompetences.org\/#organization\",\"name\":\"Cercle de comp\u00e9tences\",\"url\":\"https:\/\/www.cercledecompetences.org\/\",\"logo\":{\"@type\":\"ImageObject\",\"inLanguage\":\"fr-FR\",\"@id\":\"https:\/\/www.cercledecompetences.org\/#\/schema\/logo\/image\/\",\"url\":\"https:\/\/www.cercledecompetences.org\/wp-content\/uploads\/2019\/01\/logo-rond.gif\",\"contentUrl\":\"https:\/\/www.cercledecompetences.org\/wp-content\/uploads\/2019\/01\/logo-rond.gif\",\"width\":863,\"height\":1137,\"caption\":\"Cercle de comp\u00e9tences\"},\"image\":{\"@id\":\"https:\/\/www.cercledecompetences.org\/#\/schema\/logo\/image\/\"},\"sameAs\":[\"https:\/\/www.facebook.com\/cercledecompetences.Bretagne.et.Lyon\/\",\"https:\/\/www.linkedin.com\/company\/cercle-de-competences\/\"]}]}<\/script>\n<!-- \/ Yoast SEO plugin. -->","yoast_head_json":{"title":"Comment travailler avec des personnes qui vivent des histoires traumatisantes ? - Inscription Individuelle - Cercle de comp\u00e9tences","robots":{"index":"index","follow":"follow","max-snippet":"max-snippet:-1","max-image-preview":"max-image-preview:large","max-video-preview":"max-video-preview:-1"},"canonical":"https:\/\/www.cercledecompetences.org\/index.php\/produit\/comment-travailler-avec-des-personnes-qui-vivent-des-histoires-traumatisantes\/","og_locale":"fr_FR","og_type":"article","og_title":"Comment travailler avec des personnes qui vivent des histoires traumatisantes ? - Inscription Individuelle - Cercle de comp\u00e9tences","og_description":"5, 6 et 7 avril 2023 \u2013 Bretagne  Mercredi 5 : 9h30-18h Jeudi 6\u00a0 : 9h00\u201317h30 Vendredi 7 : 9h00\u201316h00  Lieu : Impasse Paul Emile Victor 22520 BINIC  Formatrices : C\u00e9cile Bertrand et Christine Blanchon","og_url":"https:\/\/www.cercledecompetences.org\/index.php\/produit\/comment-travailler-avec-des-personnes-qui-vivent-des-histoires-traumatisantes\/","og_site_name":"Cercle de comp\u00e9tences","article_publisher":"https:\/\/www.facebook.com\/cercledecompetences.Bretagne.et.Lyon\/","article_modified_time":"2023-02-20T03:51:52+00:00","og_image":[{"width":1920,"height":1288,"url":"https:\/\/www.cercledecompetences.org\/wp-content\/uploads\/2022\/12\/Histoires-1920-x-1288.jpg","type":"image\/jpeg"}],"twitter_card":"summary_large_image","twitter_misc":{"Dur\u00e9e de lecture estim\u00e9e":"1 minute"},"schema":{"@context":"https:\/\/schema.org","@graph":[{"@type":"WebPage","@id":"https:\/\/www.cercledecompetences.org\/index.php\/produit\/comment-travailler-avec-des-personnes-qui-vivent-des-histoires-traumatisantes\/","url":"https:\/\/www.cercledecompetences.org\/index.php\/produit\/comment-travailler-avec-des-personnes-qui-vivent-des-histoires-traumatisantes\/","name":"Comment travailler avec des personnes qui vivent des histoires traumatisantes ? - Inscription Individuelle - Cercle de comp\u00e9tences","isPartOf":{"@id":"https:\/\/www.cercledecompetences.org\/#website"},"primaryImageOfPage":{"@id":"https:\/\/www.cercledecompetences.org\/index.php\/produit\/comment-travailler-avec-des-personnes-qui-vivent-des-histoires-traumatisantes\/#primaryimage"},"image":{"@id":"https:\/\/www.cercledecompetences.org\/index.php\/produit\/comment-travailler-avec-des-personnes-qui-vivent-des-histoires-traumatisantes\/#primaryimage"},"thumbnailUrl":"https:\/\/www.cercledecompetences.org\/wp-content\/uploads\/2022\/12\/Histoires-1920-x-1288.jpg","datePublished":"2023-02-20T03:41:14+00:00","dateModified":"2023-02-20T03:51:52+00:00","breadcrumb":{"@id":"https:\/\/www.cercledecompetences.org\/index.php\/produit\/comment-travailler-avec-des-personnes-qui-vivent-des-histoires-traumatisantes\/#breadcrumb"},"inLanguage":"fr-FR","potentialAction":[{"@type":"ReadAction","target":["https:\/\/www.cercledecompetences.org\/index.php\/produit\/comment-travailler-avec-des-personnes-qui-vivent-des-histoires-traumatisantes\/"]}]},{"@type":"ImageObject","inLanguage":"fr-FR","@id":"https:\/\/www.cercledecompetences.org\/index.php\/produit\/comment-travailler-avec-des-personnes-qui-vivent-des-histoires-traumatisantes\/#primaryimage","url":"https:\/\/www.cercledecompetences.org\/wp-content\/uploads\/2022\/12\/Histoires-1920-x-1288.jpg","contentUrl":"https:\/\/www.cercledecompetences.org\/wp-content\/uploads\/2022\/12\/Histoires-1920-x-1288.jpg","width":1920,"height":1288},{"@type":"BreadcrumbList","@id":"https:\/\/www.cercledecompetences.org\/index.php\/produit\/comment-travailler-avec-des-personnes-qui-vivent-des-histoires-traumatisantes\/#breadcrumb","itemListElement":[{"@type":"ListItem","position":1,"name":"Accueil","item":"https:\/\/www.cercledecompetences.org\/"},{"@type":"ListItem","position":2,"name":"Boutique","item":"https:\/\/www.cercledecompetences.org\/index.php\/boutique\/"},{"@type":"ListItem","position":3,"name":"Comment travailler avec des personnes qui vivent des histoires traumatisantes ? &#8211; Inscription Individuelle"}]},{"@type":"WebSite","@id":"https:\/\/www.cercledecompetences.org\/#website","url":"https:\/\/www.cercledecompetences.org\/","name":"Cercle de comp\u00e9tences","description":"Organisme de formation associatif","publisher":{"@id":"https:\/\/www.cercledecompetences.org\/#organization"},"potentialAction":[{"@type":"SearchAction","target":{"@type":"EntryPoint","urlTemplate":"https:\/\/www.cercledecompetences.org\/?s={search_term_string}"},"query-input":{"@type":"PropertyValueSpecification","valueRequired":true,"valueName":"search_term_string"}}],"inLanguage":"fr-FR"},{"@type":"Organization","@id":"https:\/\/www.cercledecompetences.org\/#organization","name":"Cercle de comp\u00e9tences","url":"https:\/\/www.cercledecompetences.org\/","logo":{"@type":"ImageObject","inLanguage":"fr-FR","@id":"https:\/\/www.cercledecompetences.org\/#\/schema\/logo\/image\/","url":"https:\/\/www.cercledecompetences.org\/wp-content\/uploads\/2019\/01\/logo-rond.gif","contentUrl":"https:\/\/www.cercledecompetences.org\/wp-content\/uploads\/2019\/01\/logo-rond.gif","width":863,"height":1137,"caption":"Cercle de comp\u00e9tences"},"image":{"@id":"https:\/\/www.cercledecompetences.org\/#\/schema\/logo\/image\/"},"sameAs":["https:\/\/www.facebook.com\/cercledecompetences.Bretagne.et.Lyon\/","https:\/\/www.linkedin.com\/company\/cercle-de-competences\/"]}]}},"_links":{"self":[{"href":"https:\/\/www.cercledecompetences.org\/index.php\/wp-json\/wp\/v2\/product\/6581","targetHints":{"allow":["GET"]}}],"collection":[{"href":"https:\/\/www.cercledecompetences.org\/index.php\/wp-json\/wp\/v2\/product"}],"about":[{"href":"https:\/\/www.cercledecompetences.org\/index.php\/wp-json\/wp\/v2\/types\/product"}],"replies":[{"embeddable":true,"href":"https:\/\/www.cercledecompetences.org\/index.php\/wp-json\/wp\/v2\/comments?post=6581"}],"wp:featuredmedia":[{"embeddable":true,"href":"https:\/\/www.cercledecompetences.org\/index.php\/wp-json\/wp\/v2\/media\/6369"}],"wp:attachment":[{"href":"https:\/\/www.cercledecompetences.org\/index.php\/wp-json\/wp\/v2\/media?parent=6581"}],"wp:term":[{"taxonomy":"product_brand","embeddable":true,"href":"https:\/\/www.cercledecompetences.org\/index.php\/wp-json\/wp\/v2\/product_brand?post=6581"},{"taxonomy":"product_cat","embeddable":true,"href":"https:\/\/www.cercledecompetences.org\/index.php\/wp-json\/wp\/v2\/product_cat?post=6581"},{"taxonomy":"product_tag","embeddable":true,"href":"https:\/\/www.cercledecompetences.org\/index.php\/wp-json\/wp\/v2\/product_tag?post=6581"}],"curies":[{"name":"wp","href":"https:\/\/api.w.org\/{rel}","templated":true}]}}