{"id":6585,"date":"2023-02-20T04:52:10","date_gmt":"2023-02-20T03:52:10","guid":{"rendered":"https:\/\/www.cercledecompetences.org\/?post_type=product&#038;p=6585"},"modified":"2023-02-20T04:57:24","modified_gmt":"2023-02-20T03:57:24","slug":"seminaire-parentalite-au-21eme-siecle-inscription-individuelle","status":"publish","type":"product","link":"https:\/\/www.cercledecompetences.org\/index.php\/produit\/seminaire-parentalite-au-21eme-siecle-inscription-individuelle\/","title":{"rendered":"S\u00e9minaire Parentalit\u00e9 au 21\u00e8me si\u00e8cle &#8211; Inscription Individuelle"},"content":{"rendered":"<p>Ce s\u00e9minaire a pour but d\u2019approfondir les connaissances autour des diff\u00e9rentes r\u00e9alit\u00e9s familiales contemporaines dans une perspective psychologique, avec l\u2019approche d\u2019autres disciplines, comme la sociologie.<\/p>\n","protected":false},"excerpt":{"rendered":"<p><strong><span class=\"mig-agenda-datedebutsession\">14 et 15 avril 2023 \u2013 Lyon<br \/>\n<\/span><br \/>\n<\/strong>Vendredi 14 : 9h30 \u2013 17h30<br \/>\nSamedi 15 : 9h00 \u2013 16h30<\/p>\n<p>Lieu : Oullins \u2013 Lyon sud<\/p>\n<p><span class=\"mig-agenda-observationsweb-val\">Formatrice : Francesca Suardi<br \/>\n<\/span><\/p>\n","protected":false},"featured_media":6339,"comment_status":"open","ping_status":"closed","template":"","meta":{"_et_pb_use_builder":"off","_et_pb_old_content":"<strong>Psychotraumatologie centr\u00e9e comp\u00e9tences \u2013 module 1<\/strong>\r\n\r\nCette formation en psychotraumatologie centr\u00e9e comp\u00e9tences mettra l\u2019accent sur une compr\u00e9hension du traumatisme psychique et une stabilisation efficace de toute personne traumatis\u00e9e, m\u00eame les cas r\u00e9put\u00e9s les plus difficiles. L\u2019enseignement portera sur une introduction en psychotraumatologie en lien avec les derni\u00e8res d\u00e9couvertes en neurosciences et en physiologie. Dans cet atelier sera pr\u00e9sent\u00e9 une vue d\u2019ensemble des diff\u00e9rentes possibilit\u00e9s de stabilisation et d\u2019intervention accessibles \u00e0 toute personne souffrant de traumatisme.","_et_gb_content_width":"","_glsr_average":0,"_glsr_ranking":0,"_glsr_reviews":0},"product_brand":[],"product_cat":[25,29],"product_tag":[],"class_list":{"0":"post-6585","1":"product","2":"type-product","3":"status-publish","4":"has-post-thumbnail","6":"product_cat-formations","7":"product_cat-seminaire-parentalite-au-21eme-siecle","9":"first","10":"instock","11":"downloadable","12":"shipping-taxable","13":"purchasable","14":"product-type-simple"},"yoast_head":"<!-- This site is optimized with the Yoast SEO plugin v27.0 - https:\/\/yoast.com\/product\/yoast-seo-wordpress\/ -->\n<title>S\u00e9minaire Parentalit\u00e9 au 21\u00e8me si\u00e8cle - Inscription Individuelle - Cercle de comp\u00e9tences<\/title>\n<meta name=\"robots\" content=\"index, follow, max-snippet:-1, max-image-preview:large, max-video-preview:-1\" \/>\n<link rel=\"canonical\" href=\"https:\/\/www.cercledecompetences.org\/index.php\/produit\/seminaire-parentalite-au-21eme-siecle-inscription-individuelle\/\" \/>\n<meta property=\"og:locale\" content=\"fr_FR\" \/>\n<meta property=\"og:type\" content=\"article\" \/>\n<meta property=\"og:title\" content=\"S\u00e9minaire Parentalit\u00e9 au 21\u00e8me si\u00e8cle - Inscription Individuelle - Cercle de comp\u00e9tences\" \/>\n<meta property=\"og:description\" content=\"14 et 15 avril 2023 \u2013 Lyon  Vendredi 14 : 9h30 \u2013 17h30 Samedi 15 : 9h00 \u2013 16h30  Lieu : Oullins \u2013 Lyon sud  Formatrice : Francesca Suardi\" \/>\n<meta property=\"og:url\" content=\"https:\/\/www.cercledecompetences.org\/index.php\/produit\/seminaire-parentalite-au-21eme-siecle-inscription-individuelle\/\" \/>\n<meta property=\"og:site_name\" content=\"Cercle de comp\u00e9tences\" \/>\n<meta property=\"article:publisher\" content=\"https:\/\/www.facebook.com\/cercledecompetences.Bretagne.et.Lyon\/\" \/>\n<meta property=\"article:modified_time\" content=\"2023-02-20T03:57:24+00:00\" \/>\n<meta property=\"og:image\" content=\"https:\/\/www.cercledecompetences.org\/wp-content\/uploads\/2022\/12\/parentalite-510x340-2.jpg\" \/>\n\t<meta property=\"og:image:width\" content=\"510\" \/>\n\t<meta property=\"og:image:height\" content=\"340\" \/>\n\t<meta property=\"og:image:type\" content=\"image\/jpeg\" \/>\n<meta name=\"twitter:card\" content=\"summary_large_image\" \/>\n<script type=\"application\/ld+json\" class=\"yoast-schema-graph\">{\"@context\":\"https:\/\/schema.org\",\"@graph\":[{\"@type\":\"WebPage\",\"@id\":\"https:\/\/www.cercledecompetences.org\/index.php\/produit\/seminaire-parentalite-au-21eme-siecle-inscription-individuelle\/\",\"url\":\"https:\/\/www.cercledecompetences.org\/index.php\/produit\/seminaire-parentalite-au-21eme-siecle-inscription-individuelle\/\",\"name\":\"S\u00e9minaire Parentalit\u00e9 au 21\u00e8me si\u00e8cle - Inscription Individuelle - Cercle de comp\u00e9tences\",\"isPartOf\":{\"@id\":\"https:\/\/www.cercledecompetences.org\/#website\"},\"primaryImageOfPage\":{\"@id\":\"https:\/\/www.cercledecompetences.org\/index.php\/produit\/seminaire-parentalite-au-21eme-siecle-inscription-individuelle\/#primaryimage\"},\"image\":{\"@id\":\"https:\/\/www.cercledecompetences.org\/index.php\/produit\/seminaire-parentalite-au-21eme-siecle-inscription-individuelle\/#primaryimage\"},\"thumbnailUrl\":\"https:\/\/www.cercledecompetences.org\/wp-content\/uploads\/2022\/12\/parentalite-510x340-2.jpg\",\"datePublished\":\"2023-02-20T03:52:10+00:00\",\"dateModified\":\"2023-02-20T03:57:24+00:00\",\"breadcrumb\":{\"@id\":\"https:\/\/www.cercledecompetences.org\/index.php\/produit\/seminaire-parentalite-au-21eme-siecle-inscription-individuelle\/#breadcrumb\"},\"inLanguage\":\"fr-FR\",\"potentialAction\":[{\"@type\":\"ReadAction\",\"target\":[\"https:\/\/www.cercledecompetences.org\/index.php\/produit\/seminaire-parentalite-au-21eme-siecle-inscription-individuelle\/\"]}]},{\"@type\":\"ImageObject\",\"inLanguage\":\"fr-FR\",\"@id\":\"https:\/\/www.cercledecompetences.org\/index.php\/produit\/seminaire-parentalite-au-21eme-siecle-inscription-individuelle\/#primaryimage\",\"url\":\"https:\/\/www.cercledecompetences.org\/wp-content\/uploads\/2022\/12\/parentalite-510x340-2.jpg\",\"contentUrl\":\"https:\/\/www.cercledecompetences.org\/wp-content\/uploads\/2022\/12\/parentalite-510x340-2.jpg\",\"width\":510,\"height\":340},{\"@type\":\"BreadcrumbList\",\"@id\":\"https:\/\/www.cercledecompetences.org\/index.php\/produit\/seminaire-parentalite-au-21eme-siecle-inscription-individuelle\/#breadcrumb\",\"itemListElement\":[{\"@type\":\"ListItem\",\"position\":1,\"name\":\"Accueil\",\"item\":\"https:\/\/www.cercledecompetences.org\/\"},{\"@type\":\"ListItem\",\"position\":2,\"name\":\"Boutique\",\"item\":\"https:\/\/www.cercledecompetences.org\/index.php\/boutique\/\"},{\"@type\":\"ListItem\",\"position\":3,\"name\":\"S\u00e9minaire Parentalit\u00e9 au 21\u00e8me si\u00e8cle &#8211; Inscription Individuelle\"}]},{\"@type\":\"WebSite\",\"@id\":\"https:\/\/www.cercledecompetences.org\/#website\",\"url\":\"https:\/\/www.cercledecompetences.org\/\",\"name\":\"Cercle de comp\u00e9tences\",\"description\":\"Organisme de formation associatif\",\"publisher\":{\"@id\":\"https:\/\/www.cercledecompetences.org\/#organization\"},\"potentialAction\":[{\"@type\":\"SearchAction\",\"target\":{\"@type\":\"EntryPoint\",\"urlTemplate\":\"https:\/\/www.cercledecompetences.org\/?s={search_term_string}\"},\"query-input\":{\"@type\":\"PropertyValueSpecification\",\"valueRequired\":true,\"valueName\":\"search_term_string\"}}],\"inLanguage\":\"fr-FR\"},{\"@type\":\"Organization\",\"@id\":\"https:\/\/www.cercledecompetences.org\/#organization\",\"name\":\"Cercle de comp\u00e9tences\",\"url\":\"https:\/\/www.cercledecompetences.org\/\",\"logo\":{\"@type\":\"ImageObject\",\"inLanguage\":\"fr-FR\",\"@id\":\"https:\/\/www.cercledecompetences.org\/#\/schema\/logo\/image\/\",\"url\":\"https:\/\/www.cercledecompetences.org\/wp-content\/uploads\/2019\/01\/logo-rond.gif\",\"contentUrl\":\"https:\/\/www.cercledecompetences.org\/wp-content\/uploads\/2019\/01\/logo-rond.gif\",\"width\":863,\"height\":1137,\"caption\":\"Cercle de comp\u00e9tences\"},\"image\":{\"@id\":\"https:\/\/www.cercledecompetences.org\/#\/schema\/logo\/image\/\"},\"sameAs\":[\"https:\/\/www.facebook.com\/cercledecompetences.Bretagne.et.Lyon\/\",\"https:\/\/www.linkedin.com\/company\/cercle-de-competences\/\"]}]}<\/script>\n<!-- \/ Yoast SEO plugin. -->","yoast_head_json":{"title":"S\u00e9minaire Parentalit\u00e9 au 21\u00e8me si\u00e8cle - Inscription Individuelle - Cercle de comp\u00e9tences","robots":{"index":"index","follow":"follow","max-snippet":"max-snippet:-1","max-image-preview":"max-image-preview:large","max-video-preview":"max-video-preview:-1"},"canonical":"https:\/\/www.cercledecompetences.org\/index.php\/produit\/seminaire-parentalite-au-21eme-siecle-inscription-individuelle\/","og_locale":"fr_FR","og_type":"article","og_title":"S\u00e9minaire Parentalit\u00e9 au 21\u00e8me si\u00e8cle - Inscription Individuelle - Cercle de comp\u00e9tences","og_description":"14 et 15 avril 2023 \u2013 Lyon  Vendredi 14 : 9h30 \u2013 17h30 Samedi 15 : 9h00 \u2013 16h30  Lieu : Oullins \u2013 Lyon sud  Formatrice : Francesca Suardi","og_url":"https:\/\/www.cercledecompetences.org\/index.php\/produit\/seminaire-parentalite-au-21eme-siecle-inscription-individuelle\/","og_site_name":"Cercle de comp\u00e9tences","article_publisher":"https:\/\/www.facebook.com\/cercledecompetences.Bretagne.et.Lyon\/","article_modified_time":"2023-02-20T03:57:24+00:00","og_image":[{"width":510,"height":340,"url":"https:\/\/www.cercledecompetences.org\/wp-content\/uploads\/2022\/12\/parentalite-510x340-2.jpg","type":"image\/jpeg"}],"twitter_card":"summary_large_image","schema":{"@context":"https:\/\/schema.org","@graph":[{"@type":"WebPage","@id":"https:\/\/www.cercledecompetences.org\/index.php\/produit\/seminaire-parentalite-au-21eme-siecle-inscription-individuelle\/","url":"https:\/\/www.cercledecompetences.org\/index.php\/produit\/seminaire-parentalite-au-21eme-siecle-inscription-individuelle\/","name":"S\u00e9minaire Parentalit\u00e9 au 21\u00e8me si\u00e8cle - Inscription Individuelle - Cercle de comp\u00e9tences","isPartOf":{"@id":"https:\/\/www.cercledecompetences.org\/#website"},"primaryImageOfPage":{"@id":"https:\/\/www.cercledecompetences.org\/index.php\/produit\/seminaire-parentalite-au-21eme-siecle-inscription-individuelle\/#primaryimage"},"image":{"@id":"https:\/\/www.cercledecompetences.org\/index.php\/produit\/seminaire-parentalite-au-21eme-siecle-inscription-individuelle\/#primaryimage"},"thumbnailUrl":"https:\/\/www.cercledecompetences.org\/wp-content\/uploads\/2022\/12\/parentalite-510x340-2.jpg","datePublished":"2023-02-20T03:52:10+00:00","dateModified":"2023-02-20T03:57:24+00:00","breadcrumb":{"@id":"https:\/\/www.cercledecompetences.org\/index.php\/produit\/seminaire-parentalite-au-21eme-siecle-inscription-individuelle\/#breadcrumb"},"inLanguage":"fr-FR","potentialAction":[{"@type":"ReadAction","target":["https:\/\/www.cercledecompetences.org\/index.php\/produit\/seminaire-parentalite-au-21eme-siecle-inscription-individuelle\/"]}]},{"@type":"ImageObject","inLanguage":"fr-FR","@id":"https:\/\/www.cercledecompetences.org\/index.php\/produit\/seminaire-parentalite-au-21eme-siecle-inscription-individuelle\/#primaryimage","url":"https:\/\/www.cercledecompetences.org\/wp-content\/uploads\/2022\/12\/parentalite-510x340-2.jpg","contentUrl":"https:\/\/www.cercledecompetences.org\/wp-content\/uploads\/2022\/12\/parentalite-510x340-2.jpg","width":510,"height":340},{"@type":"BreadcrumbList","@id":"https:\/\/www.cercledecompetences.org\/index.php\/produit\/seminaire-parentalite-au-21eme-siecle-inscription-individuelle\/#breadcrumb","itemListElement":[{"@type":"ListItem","position":1,"name":"Accueil","item":"https:\/\/www.cercledecompetences.org\/"},{"@type":"ListItem","position":2,"name":"Boutique","item":"https:\/\/www.cercledecompetences.org\/index.php\/boutique\/"},{"@type":"ListItem","position":3,"name":"S\u00e9minaire Parentalit\u00e9 au 21\u00e8me si\u00e8cle &#8211; Inscription Individuelle"}]},{"@type":"WebSite","@id":"https:\/\/www.cercledecompetences.org\/#website","url":"https:\/\/www.cercledecompetences.org\/","name":"Cercle de comp\u00e9tences","description":"Organisme de formation associatif","publisher":{"@id":"https:\/\/www.cercledecompetences.org\/#organization"},"potentialAction":[{"@type":"SearchAction","target":{"@type":"EntryPoint","urlTemplate":"https:\/\/www.cercledecompetences.org\/?s={search_term_string}"},"query-input":{"@type":"PropertyValueSpecification","valueRequired":true,"valueName":"search_term_string"}}],"inLanguage":"fr-FR"},{"@type":"Organization","@id":"https:\/\/www.cercledecompetences.org\/#organization","name":"Cercle de comp\u00e9tences","url":"https:\/\/www.cercledecompetences.org\/","logo":{"@type":"ImageObject","inLanguage":"fr-FR","@id":"https:\/\/www.cercledecompetences.org\/#\/schema\/logo\/image\/","url":"https:\/\/www.cercledecompetences.org\/wp-content\/uploads\/2019\/01\/logo-rond.gif","contentUrl":"https:\/\/www.cercledecompetences.org\/wp-content\/uploads\/2019\/01\/logo-rond.gif","width":863,"height":1137,"caption":"Cercle de comp\u00e9tences"},"image":{"@id":"https:\/\/www.cercledecompetences.org\/#\/schema\/logo\/image\/"},"sameAs":["https:\/\/www.facebook.com\/cercledecompetences.Bretagne.et.Lyon\/","https:\/\/www.linkedin.com\/company\/cercle-de-competences\/"]}]}},"_links":{"self":[{"href":"https:\/\/www.cercledecompetences.org\/index.php\/wp-json\/wp\/v2\/product\/6585","targetHints":{"allow":["GET"]}}],"collection":[{"href":"https:\/\/www.cercledecompetences.org\/index.php\/wp-json\/wp\/v2\/product"}],"about":[{"href":"https:\/\/www.cercledecompetences.org\/index.php\/wp-json\/wp\/v2\/types\/product"}],"replies":[{"embeddable":true,"href":"https:\/\/www.cercledecompetences.org\/index.php\/wp-json\/wp\/v2\/comments?post=6585"}],"wp:featuredmedia":[{"embeddable":true,"href":"https:\/\/www.cercledecompetences.org\/index.php\/wp-json\/wp\/v2\/media\/6339"}],"wp:attachment":[{"href":"https:\/\/www.cercledecompetences.org\/index.php\/wp-json\/wp\/v2\/media?parent=6585"}],"wp:term":[{"taxonomy":"product_brand","embeddable":true,"href":"https:\/\/www.cercledecompetences.org\/index.php\/wp-json\/wp\/v2\/product_brand?post=6585"},{"taxonomy":"product_cat","embeddable":true,"href":"https:\/\/www.cercledecompetences.org\/index.php\/wp-json\/wp\/v2\/product_cat?post=6585"},{"taxonomy":"product_tag","embeddable":true,"href":"https:\/\/www.cercledecompetences.org\/index.php\/wp-json\/wp\/v2\/product_tag?post=6585"}],"curies":[{"name":"wp","href":"https:\/\/api.w.org\/{rel}","templated":true}]}}