{"id":7302,"date":"2023-06-28T06:57:23","date_gmt":"2023-06-28T04:57:23","guid":{"rendered":"https:\/\/www.cercledecompetences.org\/?post_type=product&#038;p=7302"},"modified":"2023-06-28T07:07:11","modified_gmt":"2023-06-28T05:07:11","slug":"la-prise-en-charge-des-traumatismes-sexuels-chez-les-enfants-et-les-adolescents","status":"publish","type":"product","link":"https:\/\/www.cercledecompetences.org\/index.php\/produit\/la-prise-en-charge-des-traumatismes-sexuels-chez-les-enfants-et-les-adolescents\/","title":{"rendered":"La prise en charge des traumatismes sexuels chez les enfants et les adolescents"},"content":{"rendered":"<p>Comprendre et intervenir efficacement dans les prises en charge d\u2019enfants et adolescents confront\u00e9s \u00e0 des traumatismes notamment sexuels.<\/p>\n","protected":false},"excerpt":{"rendered":"<p><strong><span class=\"mig-agenda-datedebutsession\">8 et 9 f\u00e9vrier 2024<\/span><\/strong><\/p>\n<p>Lieu <strong>:<\/strong> Oullins Lyon sud<\/p>\n<p>Formatrices : Anne-Gaelle Salom\u00e9 et Laurence Dolo<\/p>\n","protected":false},"featured_media":6332,"comment_status":"open","ping_status":"closed","template":"","meta":{"_et_pb_use_builder":"off","_et_pb_old_content":"<strong>Psychotraumatologie centr\u00e9e comp\u00e9tences \u2013 module 1<\/strong>\r\n\r\nCette formation en psychotraumatologie centr\u00e9e comp\u00e9tences mettra l\u2019accent sur une compr\u00e9hension du traumatisme psychique et une stabilisation efficace de toute personne traumatis\u00e9e, m\u00eame les cas r\u00e9put\u00e9s les plus difficiles. L\u2019enseignement portera sur une introduction en psychotraumatologie en lien avec les derni\u00e8res d\u00e9couvertes en neurosciences et en physiologie. Dans cet atelier sera pr\u00e9sent\u00e9 une vue d\u2019ensemble des diff\u00e9rentes possibilit\u00e9s de stabilisation et d\u2019intervention accessibles \u00e0 toute personne souffrant de traumatisme.","_et_gb_content_width":"","_glsr_average":0,"_glsr_ranking":0,"_glsr_reviews":0},"product_brand":[],"product_cat":[27],"product_tag":[],"class_list":{"0":"post-7302","1":"product","2":"type-product","3":"status-publish","4":"has-post-thumbnail","6":"product_cat-la-prise-en-charge-des-traumatismes-sexuels","8":"first","9":"instock","10":"downloadable","11":"shipping-taxable","12":"purchasable","13":"product-type-simple"},"yoast_head":"<!-- This site is optimized with the Yoast SEO plugin v27.0 - https:\/\/yoast.com\/product\/yoast-seo-wordpress\/ -->\n<title>La prise en charge des traumatismes sexuels chez les enfants et les adolescents - Cercle de comp\u00e9tences<\/title>\n<meta name=\"robots\" content=\"index, follow, max-snippet:-1, max-image-preview:large, max-video-preview:-1\" \/>\n<link rel=\"canonical\" href=\"https:\/\/www.cercledecompetences.org\/index.php\/produit\/la-prise-en-charge-des-traumatismes-sexuels-chez-les-enfants-et-les-adolescents\/\" \/>\n<meta property=\"og:locale\" content=\"fr_FR\" \/>\n<meta property=\"og:type\" content=\"article\" \/>\n<meta property=\"og:title\" content=\"La prise en charge des traumatismes sexuels chez les enfants et les adolescents - Cercle de comp\u00e9tences\" \/>\n<meta property=\"og:description\" content=\"8 et 9 f\u00e9vrier 2024  Lieu : Oullins Lyon sud  Formatrices : Anne-Gaelle Salom\u00e9 et Laurence Dolo\" \/>\n<meta property=\"og:url\" content=\"https:\/\/www.cercledecompetences.org\/index.php\/produit\/la-prise-en-charge-des-traumatismes-sexuels-chez-les-enfants-et-les-adolescents\/\" \/>\n<meta property=\"og:site_name\" content=\"Cercle de comp\u00e9tences\" \/>\n<meta property=\"article:publisher\" content=\"https:\/\/www.facebook.com\/cercledecompetences.Bretagne.et.Lyon\/\" \/>\n<meta property=\"article:modified_time\" content=\"2023-06-28T05:07:11+00:00\" \/>\n<meta property=\"og:image\" content=\"https:\/\/www.cercledecompetences.org\/wp-content\/uploads\/2022\/12\/trauma-sexuel-479X300.jpg\" \/>\n\t<meta property=\"og:image:width\" content=\"479\" \/>\n\t<meta property=\"og:image:height\" content=\"300\" \/>\n\t<meta property=\"og:image:type\" content=\"image\/jpeg\" \/>\n<meta name=\"twitter:card\" content=\"summary_large_image\" \/>\n<script type=\"application\/ld+json\" class=\"yoast-schema-graph\">{\"@context\":\"https:\/\/schema.org\",\"@graph\":[{\"@type\":\"WebPage\",\"@id\":\"https:\/\/www.cercledecompetences.org\/index.php\/produit\/la-prise-en-charge-des-traumatismes-sexuels-chez-les-enfants-et-les-adolescents\/\",\"url\":\"https:\/\/www.cercledecompetences.org\/index.php\/produit\/la-prise-en-charge-des-traumatismes-sexuels-chez-les-enfants-et-les-adolescents\/\",\"name\":\"La prise en charge des traumatismes sexuels chez les enfants et les adolescents - Cercle de comp\u00e9tences\",\"isPartOf\":{\"@id\":\"https:\/\/www.cercledecompetences.org\/#website\"},\"primaryImageOfPage\":{\"@id\":\"https:\/\/www.cercledecompetences.org\/index.php\/produit\/la-prise-en-charge-des-traumatismes-sexuels-chez-les-enfants-et-les-adolescents\/#primaryimage\"},\"image\":{\"@id\":\"https:\/\/www.cercledecompetences.org\/index.php\/produit\/la-prise-en-charge-des-traumatismes-sexuels-chez-les-enfants-et-les-adolescents\/#primaryimage\"},\"thumbnailUrl\":\"https:\/\/www.cercledecompetences.org\/wp-content\/uploads\/2022\/12\/trauma-sexuel-479X300.jpg\",\"datePublished\":\"2023-06-28T04:57:23+00:00\",\"dateModified\":\"2023-06-28T05:07:11+00:00\",\"breadcrumb\":{\"@id\":\"https:\/\/www.cercledecompetences.org\/index.php\/produit\/la-prise-en-charge-des-traumatismes-sexuels-chez-les-enfants-et-les-adolescents\/#breadcrumb\"},\"inLanguage\":\"fr-FR\",\"potentialAction\":[{\"@type\":\"ReadAction\",\"target\":[\"https:\/\/www.cercledecompetences.org\/index.php\/produit\/la-prise-en-charge-des-traumatismes-sexuels-chez-les-enfants-et-les-adolescents\/\"]}]},{\"@type\":\"ImageObject\",\"inLanguage\":\"fr-FR\",\"@id\":\"https:\/\/www.cercledecompetences.org\/index.php\/produit\/la-prise-en-charge-des-traumatismes-sexuels-chez-les-enfants-et-les-adolescents\/#primaryimage\",\"url\":\"https:\/\/www.cercledecompetences.org\/wp-content\/uploads\/2022\/12\/trauma-sexuel-479X300.jpg\",\"contentUrl\":\"https:\/\/www.cercledecompetences.org\/wp-content\/uploads\/2022\/12\/trauma-sexuel-479X300.jpg\",\"width\":479,\"height\":300,\"caption\":\"La prise en charge des traumatismes sexuels\"},{\"@type\":\"BreadcrumbList\",\"@id\":\"https:\/\/www.cercledecompetences.org\/index.php\/produit\/la-prise-en-charge-des-traumatismes-sexuels-chez-les-enfants-et-les-adolescents\/#breadcrumb\",\"itemListElement\":[{\"@type\":\"ListItem\",\"position\":1,\"name\":\"Accueil\",\"item\":\"https:\/\/www.cercledecompetences.org\/\"},{\"@type\":\"ListItem\",\"position\":2,\"name\":\"Boutique\",\"item\":\"https:\/\/www.cercledecompetences.org\/index.php\/boutique\/\"},{\"@type\":\"ListItem\",\"position\":3,\"name\":\"La prise en charge des traumatismes sexuels chez les enfants et les adolescents\"}]},{\"@type\":\"WebSite\",\"@id\":\"https:\/\/www.cercledecompetences.org\/#website\",\"url\":\"https:\/\/www.cercledecompetences.org\/\",\"name\":\"Cercle de comp\u00e9tences\",\"description\":\"Organisme de formation associatif\",\"publisher\":{\"@id\":\"https:\/\/www.cercledecompetences.org\/#organization\"},\"potentialAction\":[{\"@type\":\"SearchAction\",\"target\":{\"@type\":\"EntryPoint\",\"urlTemplate\":\"https:\/\/www.cercledecompetences.org\/?s={search_term_string}\"},\"query-input\":{\"@type\":\"PropertyValueSpecification\",\"valueRequired\":true,\"valueName\":\"search_term_string\"}}],\"inLanguage\":\"fr-FR\"},{\"@type\":\"Organization\",\"@id\":\"https:\/\/www.cercledecompetences.org\/#organization\",\"name\":\"Cercle de comp\u00e9tences\",\"url\":\"https:\/\/www.cercledecompetences.org\/\",\"logo\":{\"@type\":\"ImageObject\",\"inLanguage\":\"fr-FR\",\"@id\":\"https:\/\/www.cercledecompetences.org\/#\/schema\/logo\/image\/\",\"url\":\"https:\/\/www.cercledecompetences.org\/wp-content\/uploads\/2019\/01\/logo-rond.gif\",\"contentUrl\":\"https:\/\/www.cercledecompetences.org\/wp-content\/uploads\/2019\/01\/logo-rond.gif\",\"width\":863,\"height\":1137,\"caption\":\"Cercle de comp\u00e9tences\"},\"image\":{\"@id\":\"https:\/\/www.cercledecompetences.org\/#\/schema\/logo\/image\/\"},\"sameAs\":[\"https:\/\/www.facebook.com\/cercledecompetences.Bretagne.et.Lyon\/\",\"https:\/\/www.linkedin.com\/company\/cercle-de-competences\/\"]}]}<\/script>\n<!-- \/ Yoast SEO plugin. -->","yoast_head_json":{"title":"La prise en charge des traumatismes sexuels chez les enfants et les adolescents - Cercle de comp\u00e9tences","robots":{"index":"index","follow":"follow","max-snippet":"max-snippet:-1","max-image-preview":"max-image-preview:large","max-video-preview":"max-video-preview:-1"},"canonical":"https:\/\/www.cercledecompetences.org\/index.php\/produit\/la-prise-en-charge-des-traumatismes-sexuels-chez-les-enfants-et-les-adolescents\/","og_locale":"fr_FR","og_type":"article","og_title":"La prise en charge des traumatismes sexuels chez les enfants et les adolescents - Cercle de comp\u00e9tences","og_description":"8 et 9 f\u00e9vrier 2024  Lieu : Oullins Lyon sud  Formatrices : Anne-Gaelle Salom\u00e9 et Laurence Dolo","og_url":"https:\/\/www.cercledecompetences.org\/index.php\/produit\/la-prise-en-charge-des-traumatismes-sexuels-chez-les-enfants-et-les-adolescents\/","og_site_name":"Cercle de comp\u00e9tences","article_publisher":"https:\/\/www.facebook.com\/cercledecompetences.Bretagne.et.Lyon\/","article_modified_time":"2023-06-28T05:07:11+00:00","og_image":[{"width":479,"height":300,"url":"https:\/\/www.cercledecompetences.org\/wp-content\/uploads\/2022\/12\/trauma-sexuel-479X300.jpg","type":"image\/jpeg"}],"twitter_card":"summary_large_image","schema":{"@context":"https:\/\/schema.org","@graph":[{"@type":"WebPage","@id":"https:\/\/www.cercledecompetences.org\/index.php\/produit\/la-prise-en-charge-des-traumatismes-sexuels-chez-les-enfants-et-les-adolescents\/","url":"https:\/\/www.cercledecompetences.org\/index.php\/produit\/la-prise-en-charge-des-traumatismes-sexuels-chez-les-enfants-et-les-adolescents\/","name":"La prise en charge des traumatismes sexuels chez les enfants et les adolescents - Cercle de comp\u00e9tences","isPartOf":{"@id":"https:\/\/www.cercledecompetences.org\/#website"},"primaryImageOfPage":{"@id":"https:\/\/www.cercledecompetences.org\/index.php\/produit\/la-prise-en-charge-des-traumatismes-sexuels-chez-les-enfants-et-les-adolescents\/#primaryimage"},"image":{"@id":"https:\/\/www.cercledecompetences.org\/index.php\/produit\/la-prise-en-charge-des-traumatismes-sexuels-chez-les-enfants-et-les-adolescents\/#primaryimage"},"thumbnailUrl":"https:\/\/www.cercledecompetences.org\/wp-content\/uploads\/2022\/12\/trauma-sexuel-479X300.jpg","datePublished":"2023-06-28T04:57:23+00:00","dateModified":"2023-06-28T05:07:11+00:00","breadcrumb":{"@id":"https:\/\/www.cercledecompetences.org\/index.php\/produit\/la-prise-en-charge-des-traumatismes-sexuels-chez-les-enfants-et-les-adolescents\/#breadcrumb"},"inLanguage":"fr-FR","potentialAction":[{"@type":"ReadAction","target":["https:\/\/www.cercledecompetences.org\/index.php\/produit\/la-prise-en-charge-des-traumatismes-sexuels-chez-les-enfants-et-les-adolescents\/"]}]},{"@type":"ImageObject","inLanguage":"fr-FR","@id":"https:\/\/www.cercledecompetences.org\/index.php\/produit\/la-prise-en-charge-des-traumatismes-sexuels-chez-les-enfants-et-les-adolescents\/#primaryimage","url":"https:\/\/www.cercledecompetences.org\/wp-content\/uploads\/2022\/12\/trauma-sexuel-479X300.jpg","contentUrl":"https:\/\/www.cercledecompetences.org\/wp-content\/uploads\/2022\/12\/trauma-sexuel-479X300.jpg","width":479,"height":300,"caption":"La prise en charge des traumatismes sexuels"},{"@type":"BreadcrumbList","@id":"https:\/\/www.cercledecompetences.org\/index.php\/produit\/la-prise-en-charge-des-traumatismes-sexuels-chez-les-enfants-et-les-adolescents\/#breadcrumb","itemListElement":[{"@type":"ListItem","position":1,"name":"Accueil","item":"https:\/\/www.cercledecompetences.org\/"},{"@type":"ListItem","position":2,"name":"Boutique","item":"https:\/\/www.cercledecompetences.org\/index.php\/boutique\/"},{"@type":"ListItem","position":3,"name":"La prise en charge des traumatismes sexuels chez les enfants et les adolescents"}]},{"@type":"WebSite","@id":"https:\/\/www.cercledecompetences.org\/#website","url":"https:\/\/www.cercledecompetences.org\/","name":"Cercle de comp\u00e9tences","description":"Organisme de formation associatif","publisher":{"@id":"https:\/\/www.cercledecompetences.org\/#organization"},"potentialAction":[{"@type":"SearchAction","target":{"@type":"EntryPoint","urlTemplate":"https:\/\/www.cercledecompetences.org\/?s={search_term_string}"},"query-input":{"@type":"PropertyValueSpecification","valueRequired":true,"valueName":"search_term_string"}}],"inLanguage":"fr-FR"},{"@type":"Organization","@id":"https:\/\/www.cercledecompetences.org\/#organization","name":"Cercle de comp\u00e9tences","url":"https:\/\/www.cercledecompetences.org\/","logo":{"@type":"ImageObject","inLanguage":"fr-FR","@id":"https:\/\/www.cercledecompetences.org\/#\/schema\/logo\/image\/","url":"https:\/\/www.cercledecompetences.org\/wp-content\/uploads\/2019\/01\/logo-rond.gif","contentUrl":"https:\/\/www.cercledecompetences.org\/wp-content\/uploads\/2019\/01\/logo-rond.gif","width":863,"height":1137,"caption":"Cercle de comp\u00e9tences"},"image":{"@id":"https:\/\/www.cercledecompetences.org\/#\/schema\/logo\/image\/"},"sameAs":["https:\/\/www.facebook.com\/cercledecompetences.Bretagne.et.Lyon\/","https:\/\/www.linkedin.com\/company\/cercle-de-competences\/"]}]}},"_links":{"self":[{"href":"https:\/\/www.cercledecompetences.org\/index.php\/wp-json\/wp\/v2\/product\/7302","targetHints":{"allow":["GET"]}}],"collection":[{"href":"https:\/\/www.cercledecompetences.org\/index.php\/wp-json\/wp\/v2\/product"}],"about":[{"href":"https:\/\/www.cercledecompetences.org\/index.php\/wp-json\/wp\/v2\/types\/product"}],"replies":[{"embeddable":true,"href":"https:\/\/www.cercledecompetences.org\/index.php\/wp-json\/wp\/v2\/comments?post=7302"}],"wp:featuredmedia":[{"embeddable":true,"href":"https:\/\/www.cercledecompetences.org\/index.php\/wp-json\/wp\/v2\/media\/6332"}],"wp:attachment":[{"href":"https:\/\/www.cercledecompetences.org\/index.php\/wp-json\/wp\/v2\/media?parent=7302"}],"wp:term":[{"taxonomy":"product_brand","embeddable":true,"href":"https:\/\/www.cercledecompetences.org\/index.php\/wp-json\/wp\/v2\/product_brand?post=7302"},{"taxonomy":"product_cat","embeddable":true,"href":"https:\/\/www.cercledecompetences.org\/index.php\/wp-json\/wp\/v2\/product_cat?post=7302"},{"taxonomy":"product_tag","embeddable":true,"href":"https:\/\/www.cercledecompetences.org\/index.php\/wp-json\/wp\/v2\/product_tag?post=7302"}],"curies":[{"name":"wp","href":"https:\/\/api.w.org\/{rel}","templated":true}]}}