{"id":8478,"date":"2024-07-01T16:03:09","date_gmt":"2024-07-01T14:03:09","guid":{"rendered":"https:\/\/www.cercledecompetences.org\/?post_type=product&#038;p=8478"},"modified":"2025-03-10T16:13:05","modified_gmt":"2025-03-10T15:13:05","slug":"de-la-prise-en-compte-a-la-prise-en-charge-des-traumatismes-transgenerationnels-inscription-individuelle-2025","status":"publish","type":"product","link":"https:\/\/www.cercledecompetences.org\/index.php\/produit\/de-la-prise-en-compte-a-la-prise-en-charge-des-traumatismes-transgenerationnels-inscription-individuelle-2025\/","title":{"rendered":"De la prise en compte \u00e0 la prise en charge des traumatismes transg\u00e9n\u00e9rationnels &#8211; Inscription Individuelle &#8211; 2025"},"content":{"rendered":"<p>La transmission transg\u00e9n\u00e9rationnelle des psychotraumatismes est aujourd\u2019hui bien connue. Des personnes qui n\u2019ont pas v\u00e9cu elles-m\u00eames une traumatisation donn\u00e9e, peuvent n\u00e9anmoins en ressentir les \u00e9prouv\u00e9s, produisant des sympt\u00f4mes post-traumatiques, voire dissociatifs, perturbant les liens intra-familiaux, faisant appara\u00eetre des secrets, des r\u00e9p\u00e9titions, des blocages.<\/p>\n","protected":false},"excerpt":{"rendered":"<p><strong>6, 7, 8 novembre 2025, Lyon<\/strong><\/p>\n<p align=\"JUSTIFY\">Jeudi 6 : 9h30 \u2013 18h30<br \/>\nVendredi 7 : 9h00\u201317h30<br \/>\nSamedi 8 : 9h00\u201316h00<\/p>\n<p>Formatrice : H\u00e9l\u00e8ne Dellucci<\/p>\n","protected":false},"featured_media":1316,"comment_status":"open","ping_status":"closed","template":"","meta":{"_et_pb_use_builder":"off","_et_pb_old_content":"<strong>Psychotraumatologie centr\u00e9e comp\u00e9tences \u2013 module 1<\/strong>\r\n\r\nCette formation en psychotraumatologie centr\u00e9e comp\u00e9tences mettra l\u2019accent sur une compr\u00e9hension du traumatisme psychique et une stabilisation efficace de toute personne traumatis\u00e9e, m\u00eame les cas r\u00e9put\u00e9s les plus difficiles. L\u2019enseignement portera sur une introduction en psychotraumatologie en lien avec les derni\u00e8res d\u00e9couvertes en neurosciences et en physiologie. Dans cet atelier sera pr\u00e9sent\u00e9 une vue d\u2019ensemble des diff\u00e9rentes possibilit\u00e9s de stabilisation et d\u2019intervention accessibles \u00e0 toute personne souffrant de traumatisme.","_et_gb_content_width":"","_glsr_average":0,"_glsr_ranking":0,"_glsr_reviews":0},"product_brand":[],"product_cat":[32,25],"product_tag":[],"class_list":{"0":"post-8478","1":"product","2":"type-product","3":"status-publish","4":"has-post-thumbnail","6":"product_cat-de-la-prise-en-compte-a-la-prise-en-charge-des-traumatismes-transgenerationnels","7":"product_cat-formations","9":"first","10":"instock","11":"downloadable","12":"shipping-taxable","13":"purchasable","14":"product-type-simple"},"yoast_head":"<!-- This site is optimized with the Yoast SEO plugin v27.0 - https:\/\/yoast.com\/product\/yoast-seo-wordpress\/ -->\n<title>De la prise en compte \u00e0 la prise en charge des traumatismes transg\u00e9n\u00e9rationnels - Inscription Individuelle - 2025 - Cercle de comp\u00e9tences<\/title>\n<meta name=\"robots\" content=\"index, follow, max-snippet:-1, max-image-preview:large, max-video-preview:-1\" \/>\n<link rel=\"canonical\" href=\"https:\/\/www.cercledecompetences.org\/index.php\/produit\/de-la-prise-en-compte-a-la-prise-en-charge-des-traumatismes-transgenerationnels-inscription-individuelle-2025\/\" \/>\n<meta property=\"og:locale\" content=\"fr_FR\" \/>\n<meta property=\"og:type\" content=\"article\" \/>\n<meta property=\"og:title\" content=\"De la prise en compte \u00e0 la prise en charge des traumatismes transg\u00e9n\u00e9rationnels - Inscription Individuelle - 2025 - Cercle de comp\u00e9tences\" \/>\n<meta property=\"og:description\" content=\"6, 7, 8 novembre 2025, Lyon Jeudi 6 : 9h30 \u2013 18h30 Vendredi 7 : 9h00\u201317h30 Samedi 8 : 9h00\u201316h00 Formatrice : H\u00e9l\u00e8ne Dellucci\" \/>\n<meta property=\"og:url\" content=\"https:\/\/www.cercledecompetences.org\/index.php\/produit\/de-la-prise-en-compte-a-la-prise-en-charge-des-traumatismes-transgenerationnels-inscription-individuelle-2025\/\" \/>\n<meta property=\"og:site_name\" content=\"Cercle de comp\u00e9tences\" \/>\n<meta property=\"article:publisher\" content=\"https:\/\/www.facebook.com\/cercledecompetences.Bretagne.et.Lyon\/\" \/>\n<meta property=\"article:modified_time\" content=\"2025-03-10T15:13:05+00:00\" \/>\n<meta property=\"og:image\" content=\"https:\/\/www.cercledecompetences.org\/wp-content\/uploads\/2019\/02\/hands-918774_1920-1.jpg\" \/>\n\t<meta property=\"og:image:width\" content=\"1920\" \/>\n\t<meta property=\"og:image:height\" content=\"1440\" \/>\n\t<meta property=\"og:image:type\" content=\"image\/jpeg\" \/>\n<meta name=\"twitter:card\" content=\"summary_large_image\" \/>\n<script type=\"application\/ld+json\" class=\"yoast-schema-graph\">{\"@context\":\"https:\/\/schema.org\",\"@graph\":[{\"@type\":\"WebPage\",\"@id\":\"https:\/\/www.cercledecompetences.org\/index.php\/produit\/de-la-prise-en-compte-a-la-prise-en-charge-des-traumatismes-transgenerationnels-inscription-individuelle-2025\/\",\"url\":\"https:\/\/www.cercledecompetences.org\/index.php\/produit\/de-la-prise-en-compte-a-la-prise-en-charge-des-traumatismes-transgenerationnels-inscription-individuelle-2025\/\",\"name\":\"De la prise en compte \u00e0 la prise en charge des traumatismes transg\u00e9n\u00e9rationnels - Inscription Individuelle - 2025 - Cercle de comp\u00e9tences\",\"isPartOf\":{\"@id\":\"https:\/\/www.cercledecompetences.org\/#website\"},\"primaryImageOfPage\":{\"@id\":\"https:\/\/www.cercledecompetences.org\/index.php\/produit\/de-la-prise-en-compte-a-la-prise-en-charge-des-traumatismes-transgenerationnels-inscription-individuelle-2025\/#primaryimage\"},\"image\":{\"@id\":\"https:\/\/www.cercledecompetences.org\/index.php\/produit\/de-la-prise-en-compte-a-la-prise-en-charge-des-traumatismes-transgenerationnels-inscription-individuelle-2025\/#primaryimage\"},\"thumbnailUrl\":\"https:\/\/www.cercledecompetences.org\/wp-content\/uploads\/2019\/02\/hands-918774_1920-1.jpg\",\"datePublished\":\"2024-07-01T14:03:09+00:00\",\"dateModified\":\"2025-03-10T15:13:05+00:00\",\"breadcrumb\":{\"@id\":\"https:\/\/www.cercledecompetences.org\/index.php\/produit\/de-la-prise-en-compte-a-la-prise-en-charge-des-traumatismes-transgenerationnels-inscription-individuelle-2025\/#breadcrumb\"},\"inLanguage\":\"fr-FR\",\"potentialAction\":[{\"@type\":\"ReadAction\",\"target\":[\"https:\/\/www.cercledecompetences.org\/index.php\/produit\/de-la-prise-en-compte-a-la-prise-en-charge-des-traumatismes-transgenerationnels-inscription-individuelle-2025\/\"]}]},{\"@type\":\"ImageObject\",\"inLanguage\":\"fr-FR\",\"@id\":\"https:\/\/www.cercledecompetences.org\/index.php\/produit\/de-la-prise-en-compte-a-la-prise-en-charge-des-traumatismes-transgenerationnels-inscription-individuelle-2025\/#primaryimage\",\"url\":\"https:\/\/www.cercledecompetences.org\/wp-content\/uploads\/2019\/02\/hands-918774_1920-1.jpg\",\"contentUrl\":\"https:\/\/www.cercledecompetences.org\/wp-content\/uploads\/2019\/02\/hands-918774_1920-1.jpg\",\"width\":1920,\"height\":1440,\"caption\":\"Helene Dellucci\"},{\"@type\":\"BreadcrumbList\",\"@id\":\"https:\/\/www.cercledecompetences.org\/index.php\/produit\/de-la-prise-en-compte-a-la-prise-en-charge-des-traumatismes-transgenerationnels-inscription-individuelle-2025\/#breadcrumb\",\"itemListElement\":[{\"@type\":\"ListItem\",\"position\":1,\"name\":\"Accueil\",\"item\":\"https:\/\/www.cercledecompetences.org\/\"},{\"@type\":\"ListItem\",\"position\":2,\"name\":\"Boutique\",\"item\":\"https:\/\/www.cercledecompetences.org\/index.php\/boutique\/\"},{\"@type\":\"ListItem\",\"position\":3,\"name\":\"De la prise en compte \u00e0 la prise en charge des traumatismes transg\u00e9n\u00e9rationnels &#8211; Inscription Individuelle &#8211; 2025\"}]},{\"@type\":\"WebSite\",\"@id\":\"https:\/\/www.cercledecompetences.org\/#website\",\"url\":\"https:\/\/www.cercledecompetences.org\/\",\"name\":\"Cercle de comp\u00e9tences\",\"description\":\"Organisme de formation associatif\",\"publisher\":{\"@id\":\"https:\/\/www.cercledecompetences.org\/#organization\"},\"potentialAction\":[{\"@type\":\"SearchAction\",\"target\":{\"@type\":\"EntryPoint\",\"urlTemplate\":\"https:\/\/www.cercledecompetences.org\/?s={search_term_string}\"},\"query-input\":{\"@type\":\"PropertyValueSpecification\",\"valueRequired\":true,\"valueName\":\"search_term_string\"}}],\"inLanguage\":\"fr-FR\"},{\"@type\":\"Organization\",\"@id\":\"https:\/\/www.cercledecompetences.org\/#organization\",\"name\":\"Cercle de comp\u00e9tences\",\"url\":\"https:\/\/www.cercledecompetences.org\/\",\"logo\":{\"@type\":\"ImageObject\",\"inLanguage\":\"fr-FR\",\"@id\":\"https:\/\/www.cercledecompetences.org\/#\/schema\/logo\/image\/\",\"url\":\"https:\/\/www.cercledecompetences.org\/wp-content\/uploads\/2019\/01\/logo-rond.gif\",\"contentUrl\":\"https:\/\/www.cercledecompetences.org\/wp-content\/uploads\/2019\/01\/logo-rond.gif\",\"width\":863,\"height\":1137,\"caption\":\"Cercle de comp\u00e9tences\"},\"image\":{\"@id\":\"https:\/\/www.cercledecompetences.org\/#\/schema\/logo\/image\/\"},\"sameAs\":[\"https:\/\/www.facebook.com\/cercledecompetences.Bretagne.et.Lyon\/\",\"https:\/\/www.linkedin.com\/company\/cercle-de-competences\/\"]}]}<\/script>\n<!-- \/ Yoast SEO plugin. -->","yoast_head_json":{"title":"De la prise en compte \u00e0 la prise en charge des traumatismes transg\u00e9n\u00e9rationnels - Inscription Individuelle - 2025 - Cercle de comp\u00e9tences","robots":{"index":"index","follow":"follow","max-snippet":"max-snippet:-1","max-image-preview":"max-image-preview:large","max-video-preview":"max-video-preview:-1"},"canonical":"https:\/\/www.cercledecompetences.org\/index.php\/produit\/de-la-prise-en-compte-a-la-prise-en-charge-des-traumatismes-transgenerationnels-inscription-individuelle-2025\/","og_locale":"fr_FR","og_type":"article","og_title":"De la prise en compte \u00e0 la prise en charge des traumatismes transg\u00e9n\u00e9rationnels - Inscription Individuelle - 2025 - Cercle de comp\u00e9tences","og_description":"6, 7, 8 novembre 2025, Lyon Jeudi 6 : 9h30 \u2013 18h30 Vendredi 7 : 9h00\u201317h30 Samedi 8 : 9h00\u201316h00 Formatrice : H\u00e9l\u00e8ne Dellucci","og_url":"https:\/\/www.cercledecompetences.org\/index.php\/produit\/de-la-prise-en-compte-a-la-prise-en-charge-des-traumatismes-transgenerationnels-inscription-individuelle-2025\/","og_site_name":"Cercle de comp\u00e9tences","article_publisher":"https:\/\/www.facebook.com\/cercledecompetences.Bretagne.et.Lyon\/","article_modified_time":"2025-03-10T15:13:05+00:00","og_image":[{"width":1920,"height":1440,"url":"https:\/\/www.cercledecompetences.org\/wp-content\/uploads\/2019\/02\/hands-918774_1920-1.jpg","type":"image\/jpeg"}],"twitter_card":"summary_large_image","schema":{"@context":"https:\/\/schema.org","@graph":[{"@type":"WebPage","@id":"https:\/\/www.cercledecompetences.org\/index.php\/produit\/de-la-prise-en-compte-a-la-prise-en-charge-des-traumatismes-transgenerationnels-inscription-individuelle-2025\/","url":"https:\/\/www.cercledecompetences.org\/index.php\/produit\/de-la-prise-en-compte-a-la-prise-en-charge-des-traumatismes-transgenerationnels-inscription-individuelle-2025\/","name":"De la prise en compte \u00e0 la prise en charge des traumatismes transg\u00e9n\u00e9rationnels - Inscription Individuelle - 2025 - Cercle de comp\u00e9tences","isPartOf":{"@id":"https:\/\/www.cercledecompetences.org\/#website"},"primaryImageOfPage":{"@id":"https:\/\/www.cercledecompetences.org\/index.php\/produit\/de-la-prise-en-compte-a-la-prise-en-charge-des-traumatismes-transgenerationnels-inscription-individuelle-2025\/#primaryimage"},"image":{"@id":"https:\/\/www.cercledecompetences.org\/index.php\/produit\/de-la-prise-en-compte-a-la-prise-en-charge-des-traumatismes-transgenerationnels-inscription-individuelle-2025\/#primaryimage"},"thumbnailUrl":"https:\/\/www.cercledecompetences.org\/wp-content\/uploads\/2019\/02\/hands-918774_1920-1.jpg","datePublished":"2024-07-01T14:03:09+00:00","dateModified":"2025-03-10T15:13:05+00:00","breadcrumb":{"@id":"https:\/\/www.cercledecompetences.org\/index.php\/produit\/de-la-prise-en-compte-a-la-prise-en-charge-des-traumatismes-transgenerationnels-inscription-individuelle-2025\/#breadcrumb"},"inLanguage":"fr-FR","potentialAction":[{"@type":"ReadAction","target":["https:\/\/www.cercledecompetences.org\/index.php\/produit\/de-la-prise-en-compte-a-la-prise-en-charge-des-traumatismes-transgenerationnels-inscription-individuelle-2025\/"]}]},{"@type":"ImageObject","inLanguage":"fr-FR","@id":"https:\/\/www.cercledecompetences.org\/index.php\/produit\/de-la-prise-en-compte-a-la-prise-en-charge-des-traumatismes-transgenerationnels-inscription-individuelle-2025\/#primaryimage","url":"https:\/\/www.cercledecompetences.org\/wp-content\/uploads\/2019\/02\/hands-918774_1920-1.jpg","contentUrl":"https:\/\/www.cercledecompetences.org\/wp-content\/uploads\/2019\/02\/hands-918774_1920-1.jpg","width":1920,"height":1440,"caption":"Helene Dellucci"},{"@type":"BreadcrumbList","@id":"https:\/\/www.cercledecompetences.org\/index.php\/produit\/de-la-prise-en-compte-a-la-prise-en-charge-des-traumatismes-transgenerationnels-inscription-individuelle-2025\/#breadcrumb","itemListElement":[{"@type":"ListItem","position":1,"name":"Accueil","item":"https:\/\/www.cercledecompetences.org\/"},{"@type":"ListItem","position":2,"name":"Boutique","item":"https:\/\/www.cercledecompetences.org\/index.php\/boutique\/"},{"@type":"ListItem","position":3,"name":"De la prise en compte \u00e0 la prise en charge des traumatismes transg\u00e9n\u00e9rationnels &#8211; Inscription Individuelle &#8211; 2025"}]},{"@type":"WebSite","@id":"https:\/\/www.cercledecompetences.org\/#website","url":"https:\/\/www.cercledecompetences.org\/","name":"Cercle de comp\u00e9tences","description":"Organisme de formation associatif","publisher":{"@id":"https:\/\/www.cercledecompetences.org\/#organization"},"potentialAction":[{"@type":"SearchAction","target":{"@type":"EntryPoint","urlTemplate":"https:\/\/www.cercledecompetences.org\/?s={search_term_string}"},"query-input":{"@type":"PropertyValueSpecification","valueRequired":true,"valueName":"search_term_string"}}],"inLanguage":"fr-FR"},{"@type":"Organization","@id":"https:\/\/www.cercledecompetences.org\/#organization","name":"Cercle de comp\u00e9tences","url":"https:\/\/www.cercledecompetences.org\/","logo":{"@type":"ImageObject","inLanguage":"fr-FR","@id":"https:\/\/www.cercledecompetences.org\/#\/schema\/logo\/image\/","url":"https:\/\/www.cercledecompetences.org\/wp-content\/uploads\/2019\/01\/logo-rond.gif","contentUrl":"https:\/\/www.cercledecompetences.org\/wp-content\/uploads\/2019\/01\/logo-rond.gif","width":863,"height":1137,"caption":"Cercle de comp\u00e9tences"},"image":{"@id":"https:\/\/www.cercledecompetences.org\/#\/schema\/logo\/image\/"},"sameAs":["https:\/\/www.facebook.com\/cercledecompetences.Bretagne.et.Lyon\/","https:\/\/www.linkedin.com\/company\/cercle-de-competences\/"]}]}},"_links":{"self":[{"href":"https:\/\/www.cercledecompetences.org\/index.php\/wp-json\/wp\/v2\/product\/8478","targetHints":{"allow":["GET"]}}],"collection":[{"href":"https:\/\/www.cercledecompetences.org\/index.php\/wp-json\/wp\/v2\/product"}],"about":[{"href":"https:\/\/www.cercledecompetences.org\/index.php\/wp-json\/wp\/v2\/types\/product"}],"replies":[{"embeddable":true,"href":"https:\/\/www.cercledecompetences.org\/index.php\/wp-json\/wp\/v2\/comments?post=8478"}],"wp:featuredmedia":[{"embeddable":true,"href":"https:\/\/www.cercledecompetences.org\/index.php\/wp-json\/wp\/v2\/media\/1316"}],"wp:attachment":[{"href":"https:\/\/www.cercledecompetences.org\/index.php\/wp-json\/wp\/v2\/media?parent=8478"}],"wp:term":[{"taxonomy":"product_brand","embeddable":true,"href":"https:\/\/www.cercledecompetences.org\/index.php\/wp-json\/wp\/v2\/product_brand?post=8478"},{"taxonomy":"product_cat","embeddable":true,"href":"https:\/\/www.cercledecompetences.org\/index.php\/wp-json\/wp\/v2\/product_cat?post=8478"},{"taxonomy":"product_tag","embeddable":true,"href":"https:\/\/www.cercledecompetences.org\/index.php\/wp-json\/wp\/v2\/product_tag?post=8478"}],"curies":[{"name":"wp","href":"https:\/\/api.w.org\/{rel}","templated":true}]}}