{"id":8501,"date":"2024-07-01T18:56:04","date_gmt":"2024-07-01T16:56:04","guid":{"rendered":"https:\/\/www.cercledecompetences.org\/?post_type=product&#038;p=8501"},"modified":"2025-03-15T18:25:17","modified_gmt":"2025-03-15T17:25:17","slug":"exploration-approfondie-des-etats-du-moi-2024","status":"publish","type":"product","link":"https:\/\/www.cercledecompetences.org\/index.php\/produit\/exploration-approfondie-des-etats-du-moi-2024\/","title":{"rendered":"Exploration approfondie des \u00e9tats du moi \u00e0 travers le prisme de la psychotraumatologie et du cahier cr\u00e9atif."},"content":{"rendered":"<p>[et_pb_section fb_built=\u00a0\u00bb1&Prime; _builder_version=\u00a0\u00bb4.16&Prime; custom_padding=\u00a0\u00bb0px||||false|false\u00a0\u00bb global_colors_info=\u00a0\u00bb{}\u00a0\u00bb][et_pb_row _builder_version=\u00a0\u00bb4.16&Prime; background_size=\u00a0\u00bbinitial\u00a0\u00bb background_position=\u00a0\u00bbtop_left\u00a0\u00bb background_repeat=\u00a0\u00bbrepeat\u00a0\u00bb width=\u00a0\u00bb100%\u00a0\u00bb custom_padding=\u00a0\u00bb0px||0px||false|false\u00a0\u00bb global_colors_info=\u00a0\u00bb{}\u00a0\u00bb][et_pb_column type=\u00a0\u00bb4_4&Prime; _builder_version=\u00a0\u00bb4.16&Prime; custom_padding=\u00a0\u00bb|||\u00a0\u00bb global_colors_info=\u00a0\u00bb{}\u00a0\u00bb custom_padding__hover=\u00a0\u00bb|||\u00a0\u00bb][et_pb_wc_breadcrumb _builder_version=\u00a0\u00bb4.16&Prime; global_colors_info=\u00a0\u00bb{}\u00a0\u00bb][\/et_pb_wc_breadcrumb][et_pb_wc_cart_notice _builder_version=\u00a0\u00bb4.16&Prime; global_colors_info=\u00a0\u00bb{}\u00a0\u00bb][\/et_pb_wc_cart_notice][\/et_pb_column][\/et_pb_row][et_pb_row _builder_version=\u00a0\u00bb4.16&Prime; background_size=\u00a0\u00bbinitial\u00a0\u00bb background_position=\u00a0\u00bbtop_left\u00a0\u00bb background_repeat=\u00a0\u00bbrepeat\u00a0\u00bb width=\u00a0\u00bb100%\u00a0\u00bb custom_padding=\u00a0\u00bb0px||||false|false\u00a0\u00bb global_colors_info=\u00a0\u00bb{}\u00a0\u00bb column_structure=\u00a0\u00bb1_2,1_2&Prime;][et_pb_column type=\u00a0\u00bb1_2&Prime; _builder_version=\u00a0\u00bb4.16&Prime; custom_padding=\u00a0\u00bb|||\u00a0\u00bb global_colors_info=\u00a0\u00bb{}\u00a0\u00bb custom_padding__hover=\u00a0\u00bb|||\u00a0\u00bb][et_pb_wc_images _builder_version=\u00a0\u00bb4.16&Prime; global_colors_info=\u00a0\u00bb{}\u00a0\u00bb][\/et_pb_wc_images][\/et_pb_column][et_pb_column type=\u00a0\u00bb1_2&Prime; _builder_version=\u00a0\u00bb4.16&Prime; custom_padding=\u00a0\u00bb|||\u00a0\u00bb global_colors_info=\u00a0\u00bb{}\u00a0\u00bb custom_padding__hover=\u00a0\u00bb|||\u00a0\u00bb][et_pb_wc_title _builder_version=\u00a0\u00bb4.16&Prime; global_colors_info=\u00a0\u00bb{}\u00a0\u00bb][\/et_pb_wc_title][et_pb_wc_rating _builder_version=\u00a0\u00bb4.16&Prime; global_colors_info=\u00a0\u00bb{}\u00a0\u00bb][\/et_pb_wc_rating][et_pb_wc_price _builder_version=\u00a0\u00bb4.16&Prime; global_colors_info=\u00a0\u00bb{}\u00a0\u00bb][\/et_pb_wc_price][et_pb_wc_description _builder_version=\u00a0\u00bb4.16&Prime; global_colors_info=\u00a0\u00bb{}\u00a0\u00bb][\/et_pb_wc_description][et_pb_wc_add_to_cart _builder_version=\u00a0\u00bb4.16&Prime; global_colors_info=\u00a0\u00bb{}\u00a0\u00bb][\/et_pb_wc_add_to_cart][et_pb_wc_meta _builder_version=\u00a0\u00bb4.16&Prime; global_colors_info=\u00a0\u00bb{}\u00a0\u00bb][\/et_pb_wc_meta][\/et_pb_column][\/et_pb_row][et_pb_row _builder_version=\u00a0\u00bb4.16&Prime; background_size=\u00a0\u00bbinitial\u00a0\u00bb background_position=\u00a0\u00bbtop_left\u00a0\u00bb background_repeat=\u00a0\u00bbrepeat\u00a0\u00bb width=\u00a0\u00bb100%\u00a0\u00bb global_colors_info=\u00a0\u00bb{}\u00a0\u00bb][et_pb_column type=\u00a0\u00bb4_4&Prime; _builder_version=\u00a0\u00bb4.16&Prime; custom_padding=\u00a0\u00bb|||\u00a0\u00bb global_colors_info=\u00a0\u00bb{}\u00a0\u00bb custom_padding__hover=\u00a0\u00bb|||\u00a0\u00bb][et_pb_wc_tabs _builder_version=\u00a0\u00bb4.16&Prime; global_colors_info=\u00a0\u00bb{}\u00a0\u00bb]\t\t\t\t\t[\/et_pb_wc_tabs][et_pb_wc_upsells _builder_version=\u00a0\u00bb4.16&Prime; global_colors_info=\u00a0\u00bb{}\u00a0\u00bb][\/et_pb_wc_upsells][et_pb_wc_related_products _builder_version=\u00a0\u00bb4.16&Prime; global_colors_info=\u00a0\u00bb{}\u00a0\u00bb][\/et_pb_wc_related_products][\/et_pb_column][\/et_pb_row][\/et_pb_section]<\/p>\n","protected":false},"excerpt":{"rendered":"<p align=\"JUSTIFY\"><strong>BRETAGNE<\/strong><\/p>\n<p align=\"JUSTIFY\"><strong><span class=\"mig-agenda-datedebutsession\">2-3-4 Avril 2026<\/span><\/strong><\/p>\n<p align=\"JUSTIFY\">Jeudi 2 Avril : 9h15 \u2013 18h30<br \/>\nVendredi 3 Avril : 9h00\u201317h30<br \/>\nSamedi 4 Avril : 9h00\u201316h00<\/p>\n<p><strong>Intervenantes<\/strong><\/p>\n<p>Ana\u00efs DOUILLARD et C\u00e9cile BERTRAND : Psychologues Cliniciennes<\/p>\n","protected":false},"featured_media":8506,"comment_status":"open","ping_status":"closed","template":"","meta":{"_et_pb_use_builder":"on","_et_pb_old_content":"Les \u00c9tats du Moi sont des aspects distincts de notre personnalit\u00e9, chacun poss\u00e9dant ses propres \u00e9motions, pens\u00e9es, comportements et souvenirs. N\u00e9s de nos interactions avec l\u2019environnement, ils se d\u00e9veloppent pour r\u00e9soudre des probl\u00e8mes ou des conflits sp\u00e9cifiques. Comprendre et travailler avec ces \u00e9tats permet de naviguer efficacement \u00e0 travers les dynamiques \u00e9motionnelles complexes, notamment celles issues de traumatismes. En identifiant et en int\u00e9grant ces diff\u00e9rentes parts de soi, il est possible de favoriser une gu\u00e9rison profonde et une meilleure r\u00e9gulation \u00e9motionnelle.","_et_gb_content_width":"","_glsr_average":0,"_glsr_ranking":0,"_glsr_reviews":0},"product_brand":[],"product_cat":[32,25],"product_tag":[],"class_list":{"0":"post-8501","1":"product","2":"type-product","3":"status-publish","4":"has-post-thumbnail","6":"product_cat-de-la-prise-en-compte-a-la-prise-en-charge-des-traumatismes-transgenerationnels","7":"product_cat-formations","9":"first","10":"instock","11":"downloadable","12":"shipping-taxable","13":"purchasable","14":"product-type-simple"},"yoast_head":"<!-- This site is optimized with the Yoast SEO plugin v27.0 - https:\/\/yoast.com\/product\/yoast-seo-wordpress\/ -->\n<title>Exploration approfondie des \u00e9tats du moi \u00e0 travers le prisme de la psychotraumatologie et du cahier cr\u00e9atif. - Cercle de comp\u00e9tences<\/title>\n<meta name=\"robots\" content=\"index, follow, max-snippet:-1, max-image-preview:large, max-video-preview:-1\" \/>\n<link rel=\"canonical\" href=\"https:\/\/www.cercledecompetences.org\/index.php\/produit\/exploration-approfondie-des-etats-du-moi-2024\/\" \/>\n<meta property=\"og:locale\" content=\"fr_FR\" \/>\n<meta property=\"og:type\" content=\"article\" \/>\n<meta property=\"og:title\" content=\"Exploration approfondie des \u00e9tats du moi \u00e0 travers le prisme de la psychotraumatologie et du cahier cr\u00e9atif. - Cercle de comp\u00e9tences\" \/>\n<meta property=\"og:description\" content=\"BRETAGNE 2-3-4 Avril 2026 Jeudi 2 Avril : 9h15 \u2013 18h30 Vendredi 3 Avril : 9h00\u201317h30 Samedi 4 Avril : 9h00\u201316h00 Intervenantes  Ana\u00efs DOUILLARD et C\u00e9cile BERTRAND : Psychologues Cliniciennes\" \/>\n<meta property=\"og:url\" content=\"https:\/\/www.cercledecompetences.org\/index.php\/produit\/exploration-approfondie-des-etats-du-moi-2024\/\" \/>\n<meta property=\"og:site_name\" content=\"Cercle de comp\u00e9tences\" \/>\n<meta property=\"article:publisher\" content=\"https:\/\/www.facebook.com\/cercledecompetences.Bretagne.et.Lyon\/\" \/>\n<meta property=\"article:modified_time\" content=\"2025-03-15T17:25:17+00:00\" \/>\n<meta property=\"og:image\" content=\"https:\/\/www.cercledecompetences.org\/wp-content\/uploads\/2024\/07\/DALL\u00b7E-2024-07-01-19.06.02-Create-an-abstract-artwork-representing-an-in-depth-exploration-of-self-states-through-the-lens-of-psychotraumatology-and-the-creative-journal-in-a-6_.webp\" \/>\n\t<meta property=\"og:image:width\" content=\"1024\" \/>\n\t<meta property=\"og:image:height\" content=\"1024\" \/>\n\t<meta property=\"og:image:type\" content=\"image\/webp\" \/>\n<meta name=\"twitter:card\" content=\"summary_large_image\" \/>\n<meta name=\"twitter:label1\" content=\"Dur\u00e9e de lecture estim\u00e9e\" \/>\n\t<meta name=\"twitter:data1\" content=\"2 minutes\" \/>\n<script type=\"application\/ld+json\" class=\"yoast-schema-graph\">{\"@context\":\"https:\/\/schema.org\",\"@graph\":[{\"@type\":\"WebPage\",\"@id\":\"https:\/\/www.cercledecompetences.org\/index.php\/produit\/exploration-approfondie-des-etats-du-moi-2024\/\",\"url\":\"https:\/\/www.cercledecompetences.org\/index.php\/produit\/exploration-approfondie-des-etats-du-moi-2024\/\",\"name\":\"Exploration approfondie des \u00e9tats du moi \u00e0 travers le prisme de la psychotraumatologie et du cahier cr\u00e9atif. - Cercle de comp\u00e9tences\",\"isPartOf\":{\"@id\":\"https:\/\/www.cercledecompetences.org\/#website\"},\"primaryImageOfPage\":{\"@id\":\"https:\/\/www.cercledecompetences.org\/index.php\/produit\/exploration-approfondie-des-etats-du-moi-2024\/#primaryimage\"},\"image\":{\"@id\":\"https:\/\/www.cercledecompetences.org\/index.php\/produit\/exploration-approfondie-des-etats-du-moi-2024\/#primaryimage\"},\"thumbnailUrl\":\"https:\/\/www.cercledecompetences.org\/wp-content\/uploads\/2024\/07\/DALL\u00b7E-2024-07-01-19.06.02-Create-an-abstract-artwork-representing-an-in-depth-exploration-of-self-states-through-the-lens-of-psychotraumatology-and-the-creative-journal-in-a-6_.webp\",\"datePublished\":\"2024-07-01T16:56:04+00:00\",\"dateModified\":\"2025-03-15T17:25:17+00:00\",\"breadcrumb\":{\"@id\":\"https:\/\/www.cercledecompetences.org\/index.php\/produit\/exploration-approfondie-des-etats-du-moi-2024\/#breadcrumb\"},\"inLanguage\":\"fr-FR\",\"potentialAction\":[{\"@type\":\"ReadAction\",\"target\":[\"https:\/\/www.cercledecompetences.org\/index.php\/produit\/exploration-approfondie-des-etats-du-moi-2024\/\"]}]},{\"@type\":\"ImageObject\",\"inLanguage\":\"fr-FR\",\"@id\":\"https:\/\/www.cercledecompetences.org\/index.php\/produit\/exploration-approfondie-des-etats-du-moi-2024\/#primaryimage\",\"url\":\"https:\/\/www.cercledecompetences.org\/wp-content\/uploads\/2024\/07\/DALL\u00b7E-2024-07-01-19.06.02-Create-an-abstract-artwork-representing-an-in-depth-exploration-of-self-states-through-the-lens-of-psychotraumatology-and-the-creative-journal-in-a-6_.webp\",\"contentUrl\":\"https:\/\/www.cercledecompetences.org\/wp-content\/uploads\/2024\/07\/DALL\u00b7E-2024-07-01-19.06.02-Create-an-abstract-artwork-representing-an-in-depth-exploration-of-self-states-through-the-lens-of-psychotraumatology-and-the-creative-journal-in-a-6_.webp\",\"width\":1024,\"height\":1024},{\"@type\":\"BreadcrumbList\",\"@id\":\"https:\/\/www.cercledecompetences.org\/index.php\/produit\/exploration-approfondie-des-etats-du-moi-2024\/#breadcrumb\",\"itemListElement\":[{\"@type\":\"ListItem\",\"position\":1,\"name\":\"Accueil\",\"item\":\"https:\/\/www.cercledecompetences.org\/\"},{\"@type\":\"ListItem\",\"position\":2,\"name\":\"Boutique\",\"item\":\"https:\/\/www.cercledecompetences.org\/index.php\/boutique\/\"},{\"@type\":\"ListItem\",\"position\":3,\"name\":\"Exploration approfondie des \u00e9tats du moi \u00e0 travers le prisme de la psychotraumatologie et du cahier cr\u00e9atif.\"}]},{\"@type\":\"WebSite\",\"@id\":\"https:\/\/www.cercledecompetences.org\/#website\",\"url\":\"https:\/\/www.cercledecompetences.org\/\",\"name\":\"Cercle de comp\u00e9tences\",\"description\":\"Organisme de formation associatif\",\"publisher\":{\"@id\":\"https:\/\/www.cercledecompetences.org\/#organization\"},\"potentialAction\":[{\"@type\":\"SearchAction\",\"target\":{\"@type\":\"EntryPoint\",\"urlTemplate\":\"https:\/\/www.cercledecompetences.org\/?s={search_term_string}\"},\"query-input\":{\"@type\":\"PropertyValueSpecification\",\"valueRequired\":true,\"valueName\":\"search_term_string\"}}],\"inLanguage\":\"fr-FR\"},{\"@type\":\"Organization\",\"@id\":\"https:\/\/www.cercledecompetences.org\/#organization\",\"name\":\"Cercle de comp\u00e9tences\",\"url\":\"https:\/\/www.cercledecompetences.org\/\",\"logo\":{\"@type\":\"ImageObject\",\"inLanguage\":\"fr-FR\",\"@id\":\"https:\/\/www.cercledecompetences.org\/#\/schema\/logo\/image\/\",\"url\":\"https:\/\/www.cercledecompetences.org\/wp-content\/uploads\/2019\/01\/logo-rond.gif\",\"contentUrl\":\"https:\/\/www.cercledecompetences.org\/wp-content\/uploads\/2019\/01\/logo-rond.gif\",\"width\":863,\"height\":1137,\"caption\":\"Cercle de comp\u00e9tences\"},\"image\":{\"@id\":\"https:\/\/www.cercledecompetences.org\/#\/schema\/logo\/image\/\"},\"sameAs\":[\"https:\/\/www.facebook.com\/cercledecompetences.Bretagne.et.Lyon\/\",\"https:\/\/www.linkedin.com\/company\/cercle-de-competences\/\"]}]}<\/script>\n<!-- \/ Yoast SEO plugin. -->","yoast_head_json":{"title":"Exploration approfondie des \u00e9tats du moi \u00e0 travers le prisme de la psychotraumatologie et du cahier cr\u00e9atif. - Cercle de comp\u00e9tences","robots":{"index":"index","follow":"follow","max-snippet":"max-snippet:-1","max-image-preview":"max-image-preview:large","max-video-preview":"max-video-preview:-1"},"canonical":"https:\/\/www.cercledecompetences.org\/index.php\/produit\/exploration-approfondie-des-etats-du-moi-2024\/","og_locale":"fr_FR","og_type":"article","og_title":"Exploration approfondie des \u00e9tats du moi \u00e0 travers le prisme de la psychotraumatologie et du cahier cr\u00e9atif. - Cercle de comp\u00e9tences","og_description":"BRETAGNE 2-3-4 Avril 2026 Jeudi 2 Avril : 9h15 \u2013 18h30 Vendredi 3 Avril : 9h00\u201317h30 Samedi 4 Avril : 9h00\u201316h00 Intervenantes  Ana\u00efs DOUILLARD et C\u00e9cile BERTRAND : Psychologues Cliniciennes","og_url":"https:\/\/www.cercledecompetences.org\/index.php\/produit\/exploration-approfondie-des-etats-du-moi-2024\/","og_site_name":"Cercle de comp\u00e9tences","article_publisher":"https:\/\/www.facebook.com\/cercledecompetences.Bretagne.et.Lyon\/","article_modified_time":"2025-03-15T17:25:17+00:00","og_image":[{"width":1024,"height":1024,"url":"https:\/\/www.cercledecompetences.org\/wp-content\/uploads\/2024\/07\/DALL\u00b7E-2024-07-01-19.06.02-Create-an-abstract-artwork-representing-an-in-depth-exploration-of-self-states-through-the-lens-of-psychotraumatology-and-the-creative-journal-in-a-6_.webp","type":"image\/webp"}],"twitter_card":"summary_large_image","twitter_misc":{"Dur\u00e9e de lecture estim\u00e9e":"2 minutes"},"schema":{"@context":"https:\/\/schema.org","@graph":[{"@type":"WebPage","@id":"https:\/\/www.cercledecompetences.org\/index.php\/produit\/exploration-approfondie-des-etats-du-moi-2024\/","url":"https:\/\/www.cercledecompetences.org\/index.php\/produit\/exploration-approfondie-des-etats-du-moi-2024\/","name":"Exploration approfondie des \u00e9tats du moi \u00e0 travers le prisme de la psychotraumatologie et du cahier cr\u00e9atif. - Cercle de comp\u00e9tences","isPartOf":{"@id":"https:\/\/www.cercledecompetences.org\/#website"},"primaryImageOfPage":{"@id":"https:\/\/www.cercledecompetences.org\/index.php\/produit\/exploration-approfondie-des-etats-du-moi-2024\/#primaryimage"},"image":{"@id":"https:\/\/www.cercledecompetences.org\/index.php\/produit\/exploration-approfondie-des-etats-du-moi-2024\/#primaryimage"},"thumbnailUrl":"https:\/\/www.cercledecompetences.org\/wp-content\/uploads\/2024\/07\/DALL\u00b7E-2024-07-01-19.06.02-Create-an-abstract-artwork-representing-an-in-depth-exploration-of-self-states-through-the-lens-of-psychotraumatology-and-the-creative-journal-in-a-6_.webp","datePublished":"2024-07-01T16:56:04+00:00","dateModified":"2025-03-15T17:25:17+00:00","breadcrumb":{"@id":"https:\/\/www.cercledecompetences.org\/index.php\/produit\/exploration-approfondie-des-etats-du-moi-2024\/#breadcrumb"},"inLanguage":"fr-FR","potentialAction":[{"@type":"ReadAction","target":["https:\/\/www.cercledecompetences.org\/index.php\/produit\/exploration-approfondie-des-etats-du-moi-2024\/"]}]},{"@type":"ImageObject","inLanguage":"fr-FR","@id":"https:\/\/www.cercledecompetences.org\/index.php\/produit\/exploration-approfondie-des-etats-du-moi-2024\/#primaryimage","url":"https:\/\/www.cercledecompetences.org\/wp-content\/uploads\/2024\/07\/DALL\u00b7E-2024-07-01-19.06.02-Create-an-abstract-artwork-representing-an-in-depth-exploration-of-self-states-through-the-lens-of-psychotraumatology-and-the-creative-journal-in-a-6_.webp","contentUrl":"https:\/\/www.cercledecompetences.org\/wp-content\/uploads\/2024\/07\/DALL\u00b7E-2024-07-01-19.06.02-Create-an-abstract-artwork-representing-an-in-depth-exploration-of-self-states-through-the-lens-of-psychotraumatology-and-the-creative-journal-in-a-6_.webp","width":1024,"height":1024},{"@type":"BreadcrumbList","@id":"https:\/\/www.cercledecompetences.org\/index.php\/produit\/exploration-approfondie-des-etats-du-moi-2024\/#breadcrumb","itemListElement":[{"@type":"ListItem","position":1,"name":"Accueil","item":"https:\/\/www.cercledecompetences.org\/"},{"@type":"ListItem","position":2,"name":"Boutique","item":"https:\/\/www.cercledecompetences.org\/index.php\/boutique\/"},{"@type":"ListItem","position":3,"name":"Exploration approfondie des \u00e9tats du moi \u00e0 travers le prisme de la psychotraumatologie et du cahier cr\u00e9atif."}]},{"@type":"WebSite","@id":"https:\/\/www.cercledecompetences.org\/#website","url":"https:\/\/www.cercledecompetences.org\/","name":"Cercle de comp\u00e9tences","description":"Organisme de formation associatif","publisher":{"@id":"https:\/\/www.cercledecompetences.org\/#organization"},"potentialAction":[{"@type":"SearchAction","target":{"@type":"EntryPoint","urlTemplate":"https:\/\/www.cercledecompetences.org\/?s={search_term_string}"},"query-input":{"@type":"PropertyValueSpecification","valueRequired":true,"valueName":"search_term_string"}}],"inLanguage":"fr-FR"},{"@type":"Organization","@id":"https:\/\/www.cercledecompetences.org\/#organization","name":"Cercle de comp\u00e9tences","url":"https:\/\/www.cercledecompetences.org\/","logo":{"@type":"ImageObject","inLanguage":"fr-FR","@id":"https:\/\/www.cercledecompetences.org\/#\/schema\/logo\/image\/","url":"https:\/\/www.cercledecompetences.org\/wp-content\/uploads\/2019\/01\/logo-rond.gif","contentUrl":"https:\/\/www.cercledecompetences.org\/wp-content\/uploads\/2019\/01\/logo-rond.gif","width":863,"height":1137,"caption":"Cercle de comp\u00e9tences"},"image":{"@id":"https:\/\/www.cercledecompetences.org\/#\/schema\/logo\/image\/"},"sameAs":["https:\/\/www.facebook.com\/cercledecompetences.Bretagne.et.Lyon\/","https:\/\/www.linkedin.com\/company\/cercle-de-competences\/"]}]}},"_links":{"self":[{"href":"https:\/\/www.cercledecompetences.org\/index.php\/wp-json\/wp\/v2\/product\/8501","targetHints":{"allow":["GET"]}}],"collection":[{"href":"https:\/\/www.cercledecompetences.org\/index.php\/wp-json\/wp\/v2\/product"}],"about":[{"href":"https:\/\/www.cercledecompetences.org\/index.php\/wp-json\/wp\/v2\/types\/product"}],"replies":[{"embeddable":true,"href":"https:\/\/www.cercledecompetences.org\/index.php\/wp-json\/wp\/v2\/comments?post=8501"}],"wp:featuredmedia":[{"embeddable":true,"href":"https:\/\/www.cercledecompetences.org\/index.php\/wp-json\/wp\/v2\/media\/8506"}],"wp:attachment":[{"href":"https:\/\/www.cercledecompetences.org\/index.php\/wp-json\/wp\/v2\/media?parent=8501"}],"wp:term":[{"taxonomy":"product_brand","embeddable":true,"href":"https:\/\/www.cercledecompetences.org\/index.php\/wp-json\/wp\/v2\/product_brand?post=8501"},{"taxonomy":"product_cat","embeddable":true,"href":"https:\/\/www.cercledecompetences.org\/index.php\/wp-json\/wp\/v2\/product_cat?post=8501"},{"taxonomy":"product_tag","embeddable":true,"href":"https:\/\/www.cercledecompetences.org\/index.php\/wp-json\/wp\/v2\/product_tag?post=8501"}],"curies":[{"name":"wp","href":"https:\/\/api.w.org\/{rel}","templated":true}]}}