{"id":9136,"date":"2025-03-17T20:27:51","date_gmt":"2025-03-17T19:27:51","guid":{"rendered":"https:\/\/www.cercledecompetences.org\/?post_type=product&#038;p=9136"},"modified":"2025-03-28T18:53:23","modified_gmt":"2025-03-28T17:53:23","slug":"psychotraumatologie-centree-competences-module-2-inscription-individuelle-2025-2","status":"publish","type":"product","link":"https:\/\/www.cercledecompetences.org\/index.php\/produit\/psychotraumatologie-centree-competences-module-2-inscription-individuelle-2025-2\/","title":{"rendered":"Travailler avec les traumatismes en toute s\u00e9curit\u00e9: outils de confrontation douce pour g\u00e9rer le stress aigu et aborder les exp\u00e9riences traumatiques &#8211; Inscription Individuelle 2025 (visio ou pr\u00e9sentiel)"},"content":{"rendered":"<p>Comment accompagner les personnes traumatis\u00e9es qui souhaitent se d\u00e9barrasser de leurs souffrances sans en causer davantage ? Comment \u00e9valuer correctement le risque de d\u00e9stabilisation, s\u2019ajuster tout en restant dans une fen\u00eatre de tol\u00e9rance o\u00f9 le travail est efficace ? Ce second module abordera des outils de confrontations simples et non d\u00e9stabilisants afin de travailler le traumatisme en toute s\u00e9curit\u00e9. Nous aborderons les sp\u00e9cificit\u00e9s du travail lors de situations aig\u00fces apr\u00e8s un \u00e9v\u00e9nement majeur, en particulier aupr\u00e8s de groupes, familles, ou couples.<\/p>\n","protected":false},"excerpt":{"rendered":"<p style=\"text-align: left;\"><strong><span style=\"color: #004b5e;\"><span style=\"color: #bd3129; font-size: large;\">Lyon <\/span><\/span><\/strong><\/p>\n<p style=\"text-align: left;\"><strong><span style=\"color: #004b5e;\"><span style=\"color: #bd3129; font-size: large;\">12, 13, 14 juin 2025<\/span><\/span><\/strong><\/p>\n<p style=\"text-align: left;\"><span style=\"color: #074b5f;\">Jeudi 12 : 9h30 \u2013 18h30<\/span><br \/>\n<span style=\"color: #074b5f;\">Vendredi 13 : 9h00\u201317h30<\/span><br \/>\n<span style=\"color: #074b5f;\">Samedi 14 : 9h00\u201316h00<\/span><\/p>\n<p>Lieu : Lyon<\/p>\n<p><span class=\"mig-agenda-observationsweb-val\">Formatrice : Aude-Isoline Poncet<br \/>\n<\/span><\/p>\n","protected":false},"featured_media":574,"comment_status":"open","ping_status":"closed","template":"","meta":{"_et_pb_use_builder":"off","_et_pb_old_content":"Comment accompagner les personnes traumatis\u00e9es qui souhaitent se d\u00e9barrasser de leurs souffrances sans en causer davantage ? Comment \u00e9valuer correctement le risque de d\u00e9stabilisation, s\u2019ajuster tout en restant dans une fen\u00eatre de tol\u00e9rance o\u00f9 le travail est efficace ? Ce second module abordera des outils de confrontations simples et non d\u00e9stabilisants afin de travailler le traumatisme en toute s\u00e9curit\u00e9. Nous aborderons les sp\u00e9cificit\u00e9s du travail lors de situations aig\u00fces apr\u00e8s un \u00e9v\u00e9nement majeur, en particulier aupr\u00e8s de groupes, familles, ou couples.","_et_gb_content_width":"","_glsr_average":0,"_glsr_ranking":0,"_glsr_reviews":0},"product_brand":[],"product_cat":[25,24],"product_tag":[],"class_list":{"0":"post-9136","1":"product","2":"type-product","3":"status-publish","4":"has-post-thumbnail","6":"product_cat-formations","7":"product_cat-psychotraumatologie-centree-competences","9":"first","10":"instock","11":"downloadable","12":"shipping-taxable","13":"purchasable","14":"product-type-simple"},"yoast_head":"<!-- This site is optimized with the Yoast SEO plugin v27.0 - https:\/\/yoast.com\/product\/yoast-seo-wordpress\/ -->\n<title>Travailler avec les traumatismes en toute s\u00e9curit\u00e9: outils de confrontation douce pour g\u00e9rer le stress aigu et aborder les exp\u00e9riences traumatiques - Inscription Individuelle 2025 (visio ou pr\u00e9sentiel) - Cercle de comp\u00e9tences<\/title>\n<meta name=\"robots\" content=\"index, follow, max-snippet:-1, max-image-preview:large, max-video-preview:-1\" \/>\n<link rel=\"canonical\" href=\"https:\/\/www.cercledecompetences.org\/index.php\/produit\/psychotraumatologie-centree-competences-module-2-inscription-individuelle-2025-2\/\" \/>\n<meta property=\"og:locale\" content=\"fr_FR\" \/>\n<meta property=\"og:type\" content=\"article\" \/>\n<meta property=\"og:title\" content=\"Travailler avec les traumatismes en toute s\u00e9curit\u00e9: outils de confrontation douce pour g\u00e9rer le stress aigu et aborder les exp\u00e9riences traumatiques - Inscription Individuelle 2025 (visio ou pr\u00e9sentiel) - Cercle de comp\u00e9tences\" \/>\n<meta property=\"og:description\" content=\"Lyon  12, 13, 14 juin 2025 Jeudi 12 : 9h30 \u2013 18h30 Vendredi 13 : 9h00\u201317h30 Samedi 14 : 9h00\u201316h00 Lieu : Lyon  Formatrice : Aude-Isoline Poncet\" \/>\n<meta property=\"og:url\" content=\"https:\/\/www.cercledecompetences.org\/index.php\/produit\/psychotraumatologie-centree-competences-module-2-inscription-individuelle-2025-2\/\" \/>\n<meta property=\"og:site_name\" content=\"Cercle de comp\u00e9tences\" \/>\n<meta property=\"article:publisher\" content=\"https:\/\/www.facebook.com\/cercledecompetences.Bretagne.et.Lyon\/\" \/>\n<meta property=\"article:modified_time\" content=\"2025-03-28T17:53:23+00:00\" \/>\n<meta property=\"og:image\" content=\"https:\/\/www.cercledecompetences.org\/wp-content\/uploads\/2019\/02\/flower-3876195_1920.jpg\" \/>\n\t<meta property=\"og:image:width\" content=\"1920\" \/>\n\t<meta property=\"og:image:height\" content=\"1281\" \/>\n\t<meta property=\"og:image:type\" content=\"image\/jpeg\" \/>\n<meta name=\"twitter:card\" content=\"summary_large_image\" \/>\n<script type=\"application\/ld+json\" class=\"yoast-schema-graph\">{\"@context\":\"https:\/\/schema.org\",\"@graph\":[{\"@type\":\"WebPage\",\"@id\":\"https:\/\/www.cercledecompetences.org\/index.php\/produit\/psychotraumatologie-centree-competences-module-2-inscription-individuelle-2025-2\/\",\"url\":\"https:\/\/www.cercledecompetences.org\/index.php\/produit\/psychotraumatologie-centree-competences-module-2-inscription-individuelle-2025-2\/\",\"name\":\"Travailler avec les traumatismes en toute s\u00e9curit\u00e9: outils de confrontation douce pour g\u00e9rer le stress aigu et aborder les exp\u00e9riences traumatiques - Inscription Individuelle 2025 (visio ou pr\u00e9sentiel) - Cercle de comp\u00e9tences\",\"isPartOf\":{\"@id\":\"https:\/\/www.cercledecompetences.org\/#website\"},\"primaryImageOfPage\":{\"@id\":\"https:\/\/www.cercledecompetences.org\/index.php\/produit\/psychotraumatologie-centree-competences-module-2-inscription-individuelle-2025-2\/#primaryimage\"},\"image\":{\"@id\":\"https:\/\/www.cercledecompetences.org\/index.php\/produit\/psychotraumatologie-centree-competences-module-2-inscription-individuelle-2025-2\/#primaryimage\"},\"thumbnailUrl\":\"https:\/\/www.cercledecompetences.org\/wp-content\/uploads\/2019\/02\/flower-3876195_1920.jpg\",\"datePublished\":\"2025-03-17T19:27:51+00:00\",\"dateModified\":\"2025-03-28T17:53:23+00:00\",\"breadcrumb\":{\"@id\":\"https:\/\/www.cercledecompetences.org\/index.php\/produit\/psychotraumatologie-centree-competences-module-2-inscription-individuelle-2025-2\/#breadcrumb\"},\"inLanguage\":\"fr-FR\",\"potentialAction\":[{\"@type\":\"ReadAction\",\"target\":[\"https:\/\/www.cercledecompetences.org\/index.php\/produit\/psychotraumatologie-centree-competences-module-2-inscription-individuelle-2025-2\/\"]}]},{\"@type\":\"ImageObject\",\"inLanguage\":\"fr-FR\",\"@id\":\"https:\/\/www.cercledecompetences.org\/index.php\/produit\/psychotraumatologie-centree-competences-module-2-inscription-individuelle-2025-2\/#primaryimage\",\"url\":\"https:\/\/www.cercledecompetences.org\/wp-content\/uploads\/2019\/02\/flower-3876195_1920.jpg\",\"contentUrl\":\"https:\/\/www.cercledecompetences.org\/wp-content\/uploads\/2019\/02\/flower-3876195_1920.jpg\",\"width\":1920,\"height\":1281},{\"@type\":\"BreadcrumbList\",\"@id\":\"https:\/\/www.cercledecompetences.org\/index.php\/produit\/psychotraumatologie-centree-competences-module-2-inscription-individuelle-2025-2\/#breadcrumb\",\"itemListElement\":[{\"@type\":\"ListItem\",\"position\":1,\"name\":\"Accueil\",\"item\":\"https:\/\/www.cercledecompetences.org\/\"},{\"@type\":\"ListItem\",\"position\":2,\"name\":\"Boutique\",\"item\":\"https:\/\/www.cercledecompetences.org\/index.php\/boutique\/\"},{\"@type\":\"ListItem\",\"position\":3,\"name\":\"Travailler avec les traumatismes en toute s\u00e9curit\u00e9: outils de confrontation douce pour g\u00e9rer le stress aigu et aborder les exp\u00e9riences traumatiques &#8211; Inscription Individuelle 2025 (visio ou pr\u00e9sentiel)\"}]},{\"@type\":\"WebSite\",\"@id\":\"https:\/\/www.cercledecompetences.org\/#website\",\"url\":\"https:\/\/www.cercledecompetences.org\/\",\"name\":\"Cercle de comp\u00e9tences\",\"description\":\"Organisme de formation associatif\",\"publisher\":{\"@id\":\"https:\/\/www.cercledecompetences.org\/#organization\"},\"potentialAction\":[{\"@type\":\"SearchAction\",\"target\":{\"@type\":\"EntryPoint\",\"urlTemplate\":\"https:\/\/www.cercledecompetences.org\/?s={search_term_string}\"},\"query-input\":{\"@type\":\"PropertyValueSpecification\",\"valueRequired\":true,\"valueName\":\"search_term_string\"}}],\"inLanguage\":\"fr-FR\"},{\"@type\":\"Organization\",\"@id\":\"https:\/\/www.cercledecompetences.org\/#organization\",\"name\":\"Cercle de comp\u00e9tences\",\"url\":\"https:\/\/www.cercledecompetences.org\/\",\"logo\":{\"@type\":\"ImageObject\",\"inLanguage\":\"fr-FR\",\"@id\":\"https:\/\/www.cercledecompetences.org\/#\/schema\/logo\/image\/\",\"url\":\"https:\/\/www.cercledecompetences.org\/wp-content\/uploads\/2019\/01\/logo-rond.gif\",\"contentUrl\":\"https:\/\/www.cercledecompetences.org\/wp-content\/uploads\/2019\/01\/logo-rond.gif\",\"width\":863,\"height\":1137,\"caption\":\"Cercle de comp\u00e9tences\"},\"image\":{\"@id\":\"https:\/\/www.cercledecompetences.org\/#\/schema\/logo\/image\/\"},\"sameAs\":[\"https:\/\/www.facebook.com\/cercledecompetences.Bretagne.et.Lyon\/\",\"https:\/\/www.linkedin.com\/company\/cercle-de-competences\/\"]}]}<\/script>\n<!-- \/ Yoast SEO plugin. -->","yoast_head_json":{"title":"Travailler avec les traumatismes en toute s\u00e9curit\u00e9: outils de confrontation douce pour g\u00e9rer le stress aigu et aborder les exp\u00e9riences traumatiques - Inscription Individuelle 2025 (visio ou pr\u00e9sentiel) - Cercle de comp\u00e9tences","robots":{"index":"index","follow":"follow","max-snippet":"max-snippet:-1","max-image-preview":"max-image-preview:large","max-video-preview":"max-video-preview:-1"},"canonical":"https:\/\/www.cercledecompetences.org\/index.php\/produit\/psychotraumatologie-centree-competences-module-2-inscription-individuelle-2025-2\/","og_locale":"fr_FR","og_type":"article","og_title":"Travailler avec les traumatismes en toute s\u00e9curit\u00e9: outils de confrontation douce pour g\u00e9rer le stress aigu et aborder les exp\u00e9riences traumatiques - Inscription Individuelle 2025 (visio ou pr\u00e9sentiel) - Cercle de comp\u00e9tences","og_description":"Lyon  12, 13, 14 juin 2025 Jeudi 12 : 9h30 \u2013 18h30 Vendredi 13 : 9h00\u201317h30 Samedi 14 : 9h00\u201316h00 Lieu : Lyon  Formatrice : Aude-Isoline Poncet","og_url":"https:\/\/www.cercledecompetences.org\/index.php\/produit\/psychotraumatologie-centree-competences-module-2-inscription-individuelle-2025-2\/","og_site_name":"Cercle de comp\u00e9tences","article_publisher":"https:\/\/www.facebook.com\/cercledecompetences.Bretagne.et.Lyon\/","article_modified_time":"2025-03-28T17:53:23+00:00","og_image":[{"width":1920,"height":1281,"url":"https:\/\/www.cercledecompetences.org\/wp-content\/uploads\/2019\/02\/flower-3876195_1920.jpg","type":"image\/jpeg"}],"twitter_card":"summary_large_image","schema":{"@context":"https:\/\/schema.org","@graph":[{"@type":"WebPage","@id":"https:\/\/www.cercledecompetences.org\/index.php\/produit\/psychotraumatologie-centree-competences-module-2-inscription-individuelle-2025-2\/","url":"https:\/\/www.cercledecompetences.org\/index.php\/produit\/psychotraumatologie-centree-competences-module-2-inscription-individuelle-2025-2\/","name":"Travailler avec les traumatismes en toute s\u00e9curit\u00e9: outils de confrontation douce pour g\u00e9rer le stress aigu et aborder les exp\u00e9riences traumatiques - Inscription Individuelle 2025 (visio ou pr\u00e9sentiel) - Cercle de comp\u00e9tences","isPartOf":{"@id":"https:\/\/www.cercledecompetences.org\/#website"},"primaryImageOfPage":{"@id":"https:\/\/www.cercledecompetences.org\/index.php\/produit\/psychotraumatologie-centree-competences-module-2-inscription-individuelle-2025-2\/#primaryimage"},"image":{"@id":"https:\/\/www.cercledecompetences.org\/index.php\/produit\/psychotraumatologie-centree-competences-module-2-inscription-individuelle-2025-2\/#primaryimage"},"thumbnailUrl":"https:\/\/www.cercledecompetences.org\/wp-content\/uploads\/2019\/02\/flower-3876195_1920.jpg","datePublished":"2025-03-17T19:27:51+00:00","dateModified":"2025-03-28T17:53:23+00:00","breadcrumb":{"@id":"https:\/\/www.cercledecompetences.org\/index.php\/produit\/psychotraumatologie-centree-competences-module-2-inscription-individuelle-2025-2\/#breadcrumb"},"inLanguage":"fr-FR","potentialAction":[{"@type":"ReadAction","target":["https:\/\/www.cercledecompetences.org\/index.php\/produit\/psychotraumatologie-centree-competences-module-2-inscription-individuelle-2025-2\/"]}]},{"@type":"ImageObject","inLanguage":"fr-FR","@id":"https:\/\/www.cercledecompetences.org\/index.php\/produit\/psychotraumatologie-centree-competences-module-2-inscription-individuelle-2025-2\/#primaryimage","url":"https:\/\/www.cercledecompetences.org\/wp-content\/uploads\/2019\/02\/flower-3876195_1920.jpg","contentUrl":"https:\/\/www.cercledecompetences.org\/wp-content\/uploads\/2019\/02\/flower-3876195_1920.jpg","width":1920,"height":1281},{"@type":"BreadcrumbList","@id":"https:\/\/www.cercledecompetences.org\/index.php\/produit\/psychotraumatologie-centree-competences-module-2-inscription-individuelle-2025-2\/#breadcrumb","itemListElement":[{"@type":"ListItem","position":1,"name":"Accueil","item":"https:\/\/www.cercledecompetences.org\/"},{"@type":"ListItem","position":2,"name":"Boutique","item":"https:\/\/www.cercledecompetences.org\/index.php\/boutique\/"},{"@type":"ListItem","position":3,"name":"Travailler avec les traumatismes en toute s\u00e9curit\u00e9: outils de confrontation douce pour g\u00e9rer le stress aigu et aborder les exp\u00e9riences traumatiques &#8211; Inscription Individuelle 2025 (visio ou pr\u00e9sentiel)"}]},{"@type":"WebSite","@id":"https:\/\/www.cercledecompetences.org\/#website","url":"https:\/\/www.cercledecompetences.org\/","name":"Cercle de comp\u00e9tences","description":"Organisme de formation associatif","publisher":{"@id":"https:\/\/www.cercledecompetences.org\/#organization"},"potentialAction":[{"@type":"SearchAction","target":{"@type":"EntryPoint","urlTemplate":"https:\/\/www.cercledecompetences.org\/?s={search_term_string}"},"query-input":{"@type":"PropertyValueSpecification","valueRequired":true,"valueName":"search_term_string"}}],"inLanguage":"fr-FR"},{"@type":"Organization","@id":"https:\/\/www.cercledecompetences.org\/#organization","name":"Cercle de comp\u00e9tences","url":"https:\/\/www.cercledecompetences.org\/","logo":{"@type":"ImageObject","inLanguage":"fr-FR","@id":"https:\/\/www.cercledecompetences.org\/#\/schema\/logo\/image\/","url":"https:\/\/www.cercledecompetences.org\/wp-content\/uploads\/2019\/01\/logo-rond.gif","contentUrl":"https:\/\/www.cercledecompetences.org\/wp-content\/uploads\/2019\/01\/logo-rond.gif","width":863,"height":1137,"caption":"Cercle de comp\u00e9tences"},"image":{"@id":"https:\/\/www.cercledecompetences.org\/#\/schema\/logo\/image\/"},"sameAs":["https:\/\/www.facebook.com\/cercledecompetences.Bretagne.et.Lyon\/","https:\/\/www.linkedin.com\/company\/cercle-de-competences\/"]}]}},"_links":{"self":[{"href":"https:\/\/www.cercledecompetences.org\/index.php\/wp-json\/wp\/v2\/product\/9136","targetHints":{"allow":["GET"]}}],"collection":[{"href":"https:\/\/www.cercledecompetences.org\/index.php\/wp-json\/wp\/v2\/product"}],"about":[{"href":"https:\/\/www.cercledecompetences.org\/index.php\/wp-json\/wp\/v2\/types\/product"}],"replies":[{"embeddable":true,"href":"https:\/\/www.cercledecompetences.org\/index.php\/wp-json\/wp\/v2\/comments?post=9136"}],"wp:featuredmedia":[{"embeddable":true,"href":"https:\/\/www.cercledecompetences.org\/index.php\/wp-json\/wp\/v2\/media\/574"}],"wp:attachment":[{"href":"https:\/\/www.cercledecompetences.org\/index.php\/wp-json\/wp\/v2\/media?parent=9136"}],"wp:term":[{"taxonomy":"product_brand","embeddable":true,"href":"https:\/\/www.cercledecompetences.org\/index.php\/wp-json\/wp\/v2\/product_brand?post=9136"},{"taxonomy":"product_cat","embeddable":true,"href":"https:\/\/www.cercledecompetences.org\/index.php\/wp-json\/wp\/v2\/product_cat?post=9136"},{"taxonomy":"product_tag","embeddable":true,"href":"https:\/\/www.cercledecompetences.org\/index.php\/wp-json\/wp\/v2\/product_tag?post=9136"}],"curies":[{"name":"wp","href":"https:\/\/api.w.org\/{rel}","templated":true}]}}